{"id":5754,"date":"2020-11-04T14:33:05","date_gmt":"2020-11-04T13:33:05","guid":{"rendered":"https:\/\/www.otto-keller.de\/home\/"},"modified":"2023-11-06T16:02:28","modified_gmt":"2023-11-06T15:02:28","slug":"home","status":"publish","type":"page","link":"https:\/\/www.otto-keller.de\/da\/","title":{"rendered":"Home"},"content":{"rendered":"<p>[et_pb_section fb_built=&#8221;1&#8243; module_id=&#8221;home&#8221; _builder_version=&#8221;4.16&#8243; _module_preset=&#8221;default&#8221; custom_padding=&#8221;0px|||||&#8221; global_colors_info=&#8221;{}&#8221;][et_pb_row module_class=&#8221;header ganz&#8221; _builder_version=&#8221;4.16&#8243; _module_preset=&#8221;default&#8221; width=&#8221;100%&#8221; max_width=&#8221;100%&#8221; custom_padding=&#8221;0px||||false|false&#8221; global_colors_info=&#8221;{}&#8221;][et_pb_column type=&#8221;4_4&#8243; _builder_version=&#8221;4.16&#8243; _module_preset=&#8221;default&#8221; global_colors_info=&#8221;{}&#8221;][et_pb_slider arrows_custom_color=&#8221;#ffffff&#8221; dot_nav_custom_color=&#8221;rgba(0,0,0,0)&#8221; admin_label=&#8221;Slider&#8221; module_class=&#8221;slidermittext&#8221; _builder_version=&#8221;4.23&#8243; _module_preset=&#8221;default&#8221; height=&#8221;100vh&#8221; height_tablet=&#8221;450px&#8221; height_phone=&#8221;450px&#8221; height_last_edited=&#8221;on|phone&#8221; auto=&#8221;on&#8221; auto_speed=&#8221;6000&#8243; hover_enabled=&#8221;0&#8243; global_colors_info=&#8221;{}&#8221; arrows_custom_color__hover_enabled=&#8221;on|hover&#8221; arrows_custom_color__hover=&#8221;#002658&#8243; sticky_enabled=&#8221;0&#8243;][et_pb_slide _builder_version=&#8221;4.23&#8243; _module_preset=&#8221;default&#8221; background_enable_color=&#8221;off&#8221; background_enable_image=&#8221;off&#8221; background_video_mp4=&#8221;https:\/\/www.otto-keller.de\/wp-content\/uploads\/2021\/10\/Otto_Keller_Slider_01_Sortiment.mp4&#8243; background_enable_video_mp4=&#8221;on&#8221; hover_enabled=&#8221;0&#8243; global_colors_info=&#8221;{}&#8221; sticky_transition=&#8221;on&#8221; sticky_enabled=&#8221;0&#8243;]<\/p>\n<div class=\"slideheadlines\">\n<p>Om Otto Keller<\/p>\n<p><a class=\"mehr-erfahren white-border\" href=\"\/da\/virksomhed\/\"> f\u00e5 mere at vide <\/a><\/p>\n<\/div>\n<p>[\/et_pb_slide][et_pb_slide _builder_version=&#8221;4.23&#8243; _module_preset=&#8221;default&#8221; background_enable_color=&#8221;off&#8221; background_image=&#8221;https:\/\/www.otto-keller.de\/wp-content\/uploads\/2023\/11\/Otto-Keller-Hero-Image-scaled.jpg&#8221; background_enable_image=&#8221;on&#8221; hover_enabled=&#8221;0&#8243; global_colors_info=&#8221;{}&#8221; sticky_transition=&#8221;on&#8221; sticky_enabled=&#8221;0&#8243; title_text=&#8221;Otto Keller Hero Image&#8221;]<\/p>\n<div class=\"slideheadlines \">\n<p>Vores rejset\u00e6ppe<\/p>\n<p><a class=\"mehr-erfahren white-border\" href=\"https:\/\/www.otto-keller.de\/da\/maerket-otto-keller\/#reisedecke\"> f\u00e5 mere at vide <\/a><\/p>\n<\/div>\n<p>[\/et_pb_slide][et_pb_slide _builder_version=&#8221;4.16&#8243; _module_preset=&#8221;default&#8221; background_enable_color=&#8221;off&#8221; background_image=&#8221;https:\/\/www.otto-keller.de\/wp-content\/uploads\/2021\/10\/Otto_Keller_Slider_02_Sortiment.jpg&#8221; background_enable_image=&#8221;on&#8221; global_colors_info=&#8221;{}&#8221; sticky_transition=&#8221;on&#8221;]<\/p>\n<div class=\"slideheadlines\">\n<p>Vores produkter<\/p>\n<p><a class=\"mehr-erfahren white-border\" href=\"https:\/\/www.otto-keller.de\/da\/produkter\/\">L\u00e6r mere<\/a><\/p>\n<\/div>\n<p>[\/et_pb_slide][\/et_pb_slider][\/et_pb_column][\/et_pb_row][et_pb_row module_class=&#8221;text&#8221; _builder_version=&#8221;4.16&#8243; _module_preset=&#8221;default&#8221; width_tablet=&#8221;80%&#8221; width_phone=&#8221;&#8221; width_last_edited=&#8221;on|desktop&#8221; global_colors_info=&#8221;{}&#8221;][et_pb_column type=&#8221;4_4&#8243; _builder_version=&#8221;4.16&#8243; _module_preset=&#8221;default&#8221; global_colors_info=&#8221;{}&#8221;][et_pb_text module_class=&#8221;ueberschrift&#8221; _builder_version=&#8221;4.16&#8243; _module_preset=&#8221;default&#8221; global_colors_info=&#8221;{}&#8221;]<\/p>\n<h1>Otto Keller<br \/> T\u00e6pper og puder af h\u00f8j kvalitet<\/h1>\n<p>[\/et_pb_text][et_pb_text _builder_version=&#8221;4.16&#8243; _module_preset=&#8221;default&#8221; global_colors_info=&#8221;{}&#8221;]<\/p>\n<p>Otto Keller sengefabrik fungerer som producent og producent af senget\u00f8j med h\u00f8je kvalitetsstandarder. I vores sortiment finder du et stort udvalg af forskellige puder og t\u00e6pper, hvad enten det er med fjer eller dunfyld, i forskellige st\u00f8rrelser og med alsidige produktegenskaber. N\u00e5r vi leverer vores Otto Keller sengesengfabrikssenget\u00f8j, fokuserer vi p\u00e5 kundetilfredshed. Vi \u00f8nsker at levere gode puder og dyner til ethvert behov og dermed sikre en behagelig s\u00f8vn til slutkunden. Vi vil g\u00f8re hjemmet endnu mere levende med hyggeligt og behageligt senget\u00f8j!<\/p>\n<p>[\/et_pb_text][\/et_pb_column][\/et_pb_row][et_pb_row _builder_version=&#8221;4.16&#8243; _module_preset=&#8221;default&#8221; background_color=&#8221;#002658&#8243; width=&#8221;100%&#8221; max_width=&#8221;none&#8221; custom_margin=&#8221;65px||65px||false|false&#8221; custom_padding=&#8221;0px||0px||false|false&#8221; global_colors_info=&#8221;{}&#8221;][et_pb_column type=&#8221;4_4&#8243; _builder_version=&#8221;4.16&#8243; _module_preset=&#8221;default&#8221; global_colors_info=&#8221;{}&#8221;][et_pb_text module_class=&#8221;grosseschrift&#8221; _builder_version=&#8221;4.16&#8243; _module_preset=&#8221;default&#8221; text_font=&#8221;|300|||||||&#8221; text_text_color=&#8221;#FFFFFF&#8221; text_font_size=&#8221;28px&#8221; text_line_height=&#8221;36.4px&#8221; background_enable_color=&#8221;off&#8221; text_orientation=&#8221;center&#8221; width=&#8221;80%&#8221; max_width=&#8221;660px&#8221; module_alignment=&#8221;center&#8221; custom_margin=&#8221;||||false|false&#8221; custom_padding=&#8221;116px||116px||false|false&#8221; global_colors_info=&#8221;{}&#8221;]<\/p>\n<p>Har du generelle sp\u00f8rgsm\u00e5l om t\u00e6pper og puder? I vores FAQ besvarer vi de hyppigst stillede sp\u00f8rgsm\u00e5l.<\/p>\n<p>[\/et_pb_text][\/et_pb_column][\/et_pb_row][et_pb_row _builder_version=&#8221;4.16&#8243; _module_preset=&#8221;default&#8221; width=&#8221;50%&#8221; width_tablet=&#8221;80%&#8221; width_phone=&#8221;&#8221; width_last_edited=&#8221;on|tablet&#8221; max_width=&#8221;660px&#8221; module_alignment=&#8221;center&#8221; global_colors_info=&#8221;{}&#8221;][et_pb_column type=&#8221;4_4&#8243; _builder_version=&#8221;4.16&#8243; _module_preset=&#8221;default&#8221; global_colors_info=&#8221;{}&#8221;][et_pb_image src=&#8221;https:\/\/www.otto-keller.de\/wp-content\/uploads\/2020\/11\/M9A8033neu-bearbeitet-august-19_web.jpg&#8221; alt=&#8221;Fertigungsanlage von hochwertigen daunen- und federgef\u00fcllten Bettwaren der Bettfedernfabrik Otto Keller&#8221; title_text=&#8221;M9A8033neu-bearbeitet-august-19_web&#8221; _builder_version=&#8221;4.16&#8243; _module_preset=&#8221;default&#8221; custom_margin=&#8221;||||false|false&#8221; custom_padding=&#8221;||||false|false&#8221; global_colors_info=&#8221;{}&#8221;][\/et_pb_image][et_pb_text module_class=&#8221;text-kasten&#8221; _builder_version=&#8221;4.16&#8243; _module_preset=&#8221;default&#8221; width_tablet=&#8221;100%&#8221; width_phone=&#8221;&#8221; width_last_edited=&#8221;on|tablet&#8221; custom_margin=&#8221;14px||||false|false&#8221; custom_margin_tablet=&#8221;&#8221; custom_margin_phone=&#8221;&#8221; custom_margin_last_edited=&#8221;on|tablet&#8221; text_line_height_tablet=&#8221;1.7em&#8221; text_line_height_phone=&#8221;&#8221; text_line_height_last_edited=&#8221;on|tablet&#8221; text_orientation_tablet=&#8221;center&#8221; text_orientation_phone=&#8221;&#8221; text_orientation_last_edited=&#8221;on|tablet&#8221; global_colors_info=&#8221;{}&#8221;]Fremstilling af store ordrer[\/et_pb_text][\/et_pb_column][\/et_pb_row][et_pb_row module_class=&#8221;text&#8221; _builder_version=&#8221;4.16&#8243; _module_preset=&#8221;default&#8221; width_tablet=&#8221;80%&#8221; width_phone=&#8221;&#8221; width_last_edited=&#8221;on|tablet&#8221; global_colors_info=&#8221;{}&#8221;][et_pb_column type=&#8221;4_4&#8243; _builder_version=&#8221;4.16&#8243; _module_preset=&#8221;default&#8221; global_colors_info=&#8221;{}&#8221;][et_pb_text module_class=&#8221;ueberschrift&#8221; _builder_version=&#8221;4.16&#8243; _module_preset=&#8221;default&#8221; global_colors_info=&#8221;{}&#8221;]<\/p>\n<h2>Om os<br \/>Otto Keller sengefabrik<\/h2>\n<p>[\/et_pb_text][et_pb_text _builder_version=&#8221;4.16&#8243; _module_preset=&#8221;default&#8221; global_colors_info=&#8221;{}&#8221;]<\/p>\n<p>Familievirksomheden Otto Keller fremstiller dun- og fjerfyldt dyner og puder af h\u00f8j kvalitet.<br \/>\nVores klassiske dyner og puder har succes takket v\u00e6re kombinationen af de nyeste maskiner og ansvarlig produktionskompetence. Navnet Otto Keller har i mere end 70 \u00e5r st\u00e5et for den bedste kvalitet \u201cMade in Germany\u201d.<a href=\"https:\/\/www.otto-keller.de\/da\/virksomhed\/\">\u2192 f\u00e5 mere at vide<\/a><\/p>\n<p>[\/et_pb_text][\/et_pb_column][\/et_pb_row][et_pb_row disabled_on=&#8221;on|off|off&#8221; module_class=&#8221;blau&#8221; _builder_version=&#8221;4.16&#8243; _module_preset=&#8221;default&#8221; width=&#8221;90%&#8221; width_tablet=&#8221;100%&#8221; width_phone=&#8221;&#8221; width_last_edited=&#8221;on|tablet&#8221; global_colors_info=&#8221;{}&#8221;][et_pb_column type=&#8221;4_4&#8243; _builder_version=&#8221;4.16&#8243; _module_preset=&#8221;default&#8221; global_colors_info=&#8221;{}&#8221;][et_pb_cta module_class=&#8221;textaufbild&#8221; _builder_version=&#8221;4.16&#8243; _module_preset=&#8221;default&#8221; background_enable_color=&#8221;off&#8221; background_image=&#8221;https:\/\/www.otto-keller.de\/wp-content\/uploads\/2020\/11\/190620_OttoKeller_Header_DeckenKissen_0175_web.jpg&#8221; global_colors_info=&#8221;{}&#8221; transform_styles__hover_enabled=&#8221;on|hover&#8221; transform_scale__hover_enabled=&#8221;on|hover&#8221; transform_translate__hover_enabled=&#8221;on|desktop&#8221; transform_rotate__hover_enabled=&#8221;on|desktop&#8221; transform_skew__hover_enabled=&#8221;on|desktop&#8221; transform_origin__hover_enabled=&#8221;on|desktop&#8221;]<\/p>\n<p >Vores produkter<\/p>\n<h3>T\u00e6pper og pyder<\/h3>\n<p>T\u00e6pper i forskellige v\u00e6gte, puder i forskellige st\u00f8rrelser, fyldt med dun eller fjer: Otto Keller sengefjederfabrik tilbyder dig mange produkter til ethvert behov og enhver smag. Vi stoler p\u00e5 de mest moderne produktionsstandarder med h\u00f8jt kvalificeret h\u00e5ndarbejde og tilbyder dig:<\/p>\n<ul class=\"center\">\n<li>egne Otto Keller sengeforsamlingsfabrikker<\/li>\n<li>brugerdefinerede varem\u00e6rker<\/li>\n<li>Yderligere produkter til professionel pleje af senget\u00f8j<\/li>\n<\/ul>\n<p><a class=\"mehr-erfahren\" href=\"https:\/\/www.otto-keller.de\/da\/produkter\/\"><span>L\u00e6r mere<\/span><\/a>[\/et_pb_cta][et_pb_cta module_class=&#8221;textaufbild weiss&#8221; _builder_version=&#8221;4.16&#8243; _module_preset=&#8221;default&#8221; background_enable_color=&#8221;off&#8221; background_image=&#8221;https:\/\/www.otto-keller.de\/wp-content\/uploads\/2020\/11\/M9A8050neu-bearbeitet-august-19_web.jpg&#8221; global_colors_info=&#8221;{}&#8221;]<\/p>\n<p>Vores service<\/p>\n<h3>Produkter med et hjerte<\/h3>\n<p>Hver dag m\u00e5ler vi os mod vores tidligere succeser, men vi hviler ikke p\u00e5 det og forts\u00e6tter med at udvikle os selv og vores produkter. Fordi tilfredsheden hos vores kunder er h\u00f8jeste prioritet for os p\u00e5 Otto Keller sengefjederfabrik. Vores service imponerer med:<\/p>\n<ul class=\"center\">\n<li>korte produktions- og behandlingstider<\/li>\n<li>st\u00e6rk produktekspertise<\/li>\n<li>p\u00e5lidelige logistiknetv\u00e6rk<\/li>\n<\/ul>\n<p><a class=\"mehr-erfahren white-border\" href=\"https:\/\/www.otto-keller.de\/da\/service-2\/\"><span>L\u00e6r mere<\/span><\/a>[\/et_pb_cta][\/et_pb_column][\/et_pb_row][et_pb_row disabled_on=&#8221;off|on|on&#8221; module_class=&#8221;zwei elemente&#8221; _builder_version=&#8221;4.16&#8243; _module_preset=&#8221;default&#8221; width_tablet=&#8221;75%&#8221; width_phone=&#8221;&#8221; width_last_edited=&#8221;on|tablet&#8221; global_colors_info=&#8221;{}&#8221;][et_pb_column type=&#8221;4_4&#8243; _builder_version=&#8221;4.16&#8243; _module_preset=&#8221;default&#8221; global_colors_info=&#8221;{}&#8221;][et_pb_cta module_class=&#8221;textaufbild&#8221; _builder_version=&#8221;4.16&#8243; _module_preset=&#8221;default&#8221; background_enable_color=&#8221;off&#8221; background_image=&#8221;https:\/\/www.otto-keller.de\/wp-content\/uploads\/2020\/11\/190620_OttoKeller_Header_DeckenKissen_0175_web.jpg&#8221; global_colors_info=&#8221;{}&#8221; transform_styles__hover_enabled=&#8221;on|hover&#8221; transform_scale__hover_enabled=&#8221;on|hover&#8221; transform_translate__hover_enabled=&#8221;on|desktop&#8221; transform_rotate__hover_enabled=&#8221;on|desktop&#8221; transform_skew__hover_enabled=&#8221;on|desktop&#8221; transform_origin__hover_enabled=&#8221;on|desktop&#8221;][\/et_pb_cta][et_pb_text _builder_version=&#8221;4.16&#8243; _module_preset=&#8221;default&#8221; custom_padding_tablet=&#8221;&#8221; custom_padding_phone=&#8221;||40px||false|false&#8221; custom_padding_last_edited=&#8221;on|phone&#8221; global_colors_info=&#8221;{}&#8221;]<\/p>\n<p >Vores produkter<\/p>\n<h3>T\u00e6pper og pyder<\/h3>\n<p>T\u00e6pper i forskellige v\u00e6gte, puder i forskellige st\u00f8rrelser, fyldt med dun eller fjer: Otto Keller sengefjederfabrik tilbyder dig mange produkter til ethvert behov og enhver smag. Vi stoler p\u00e5 de mest moderne produktionsstandarder med h\u00f8jt kvalificeret h\u00e5ndarbejde og tilbyder dig:<\/p>\n<ul class=\"center\">\n<li>egne Otto Keller sengeforsamlingsfabrikker<\/li>\n<li>brugerdefinerede varem\u00e6rker<\/li>\n<li>Yderligere produkter til professionel pleje af senget\u00f8j<\/li>\n<\/ul>\n<p><a class=\"mehr-erfahren\" href=\"https:\/\/www.otto-keller.de\/da\/produkter\/\"><span>L\u00e6r mere<\/span><\/a>[\/et_pb_text][et_pb_cta module_class=&#8221;textaufbild weiss&#8221; _builder_version=&#8221;4.16&#8243; _module_preset=&#8221;default&#8221; background_enable_color=&#8221;off&#8221; background_image=&#8221;https:\/\/www.otto-keller.de\/wp-content\/uploads\/2020\/11\/M9A8050neu-bearbeitet-august-19_web.jpg&#8221; global_colors_info=&#8221;{}&#8221;][\/et_pb_cta][et_pb_text _builder_version=&#8221;4.16&#8243; _module_preset=&#8221;default&#8221; global_colors_info=&#8221;{}&#8221;]<\/p>\n<p>Vores service<\/p>\n<h3>Produkter med et hjerte<\/h3>\n<p>Hver dag m\u00e5ler vi os mod vores tidligere succeser, men vi hviler ikke p\u00e5 det og forts\u00e6tter med at udvikle os selv og vores produkter. Fordi tilfredsheden hos vores kunder er h\u00f8jeste prioritet for os p\u00e5 Otto Keller sengefjederfabrik. Vores service imponerer med:<\/p>\n<ul class=\"center\">\n<li>korte produktions- og behandlingstider<\/li>\n<li>st\u00e6rk produktekspertise<\/li>\n<li>p\u00e5lidelige logistiknetv\u00e6rk<\/li>\n<\/ul>\n<p><a class=\"mehr-erfahren white-border\" href=\"https:\/\/www.otto-keller.de\/da\/service-2\/\"><span>L\u00e6r mere<\/span><\/a>[\/et_pb_text][\/et_pb_column][\/et_pb_row][et_pb_row column_structure=&#8221;1_4,1_2,1_4&#8243; _builder_version=&#8221;4.16&#8243; _module_preset=&#8221;default&#8221; global_colors_info=&#8221;{}&#8221;][et_pb_column type=&#8221;1_4&#8243; _builder_version=&#8221;4.16&#8243; _module_preset=&#8221;default&#8221; global_colors_info=&#8221;{}&#8221;][\/et_pb_column][et_pb_column type=&#8221;1_2&#8243; _builder_version=&#8221;4.16&#8243; _module_preset=&#8221;default&#8221; global_colors_info=&#8221;{}&#8221;][et_pb_image src=&#8221;https:\/\/www.otto-keller.de\/wp-content\/uploads\/2020\/11\/M2A6655neu-bearbeitet-august-19_web.jpg&#8221; align=&#8221;center&#8221; _builder_version=&#8221;4.16&#8243; _module_preset=&#8221;default&#8221; max_width=&#8221;80%&#8221; module_alignment=&#8221;center&#8221; global_colors_info=&#8221;{}&#8221;][\/et_pb_image][\/et_pb_column][et_pb_column type=&#8221;1_4&#8243; _builder_version=&#8221;4.16&#8243; _module_preset=&#8221;default&#8221; global_colors_info=&#8221;{}&#8221;][\/et_pb_column][\/et_pb_row][et_pb_row module_class=&#8221;text&#8221; _builder_version=&#8221;4.16&#8243; _module_preset=&#8221;default&#8221; width_tablet=&#8221;80%&#8221; width_phone=&#8221;&#8221; width_last_edited=&#8221;on|tablet&#8221; global_colors_info=&#8221;{}&#8221;][et_pb_column type=&#8221;4_4&#8243; _builder_version=&#8221;4.16&#8243; _module_preset=&#8221;default&#8221; global_colors_info=&#8221;{}&#8221;][et_pb_text module_class=&#8221;ueberschrift&#8221; _builder_version=&#8221;4.16&#8243; _module_preset=&#8221;default&#8221; text_orientation=&#8221;center&#8221; global_colors_info=&#8221;{}&#8221;]<\/p>\n<h2>B\u00e6redygtighed p\u00e5 Otto Keller sengefabrik<\/h2>\n<p>[\/et_pb_text][et_pb_text _builder_version=&#8221;4.16&#8243; _module_preset=&#8221;default&#8221; text_orientation=&#8221;center&#8221; global_colors_info=&#8221;{}&#8221;]Vores dunsenget\u00f8j er et rent naturprodukt og med passende pleje lover vi en lang levetid. Vores m\u00e5l er st\u00f8t at reducere vores eget \u00f8kologiske fodaftryk. Derfor genererer vi p\u00e5 Otto Keller sengekildefabrik elektricitet fra vores eget solsystem. Som et resultat reducerer vi kontinuerligt vores affald og erkl\u00e6rer krig mod plast og andre d\u00e5rligt genanvendelige materialer.<\/p>\n<p><a href=\"https:\/\/www.otto-keller.de\/da\/kvalitet\/#sustain\">L\u00e6r mere<\/a>[\/et_pb_text][\/et_pb_column][\/et_pb_row][et_pb_row module_class=&#8221;ganz&#8221; _builder_version=&#8221;4.16&#8243; _module_preset=&#8221;default&#8221; width=&#8221;100%&#8221; max_width=&#8221;100%&#8221; global_colors_info=&#8221;{}&#8221;][et_pb_column type=&#8221;4_4&#8243; _builder_version=&#8221;4.16&#8243; _module_preset=&#8221;default&#8221; global_colors_info=&#8221;{}&#8221;][et_pb_cta module_class=&#8221;bildmittext zu-tief&#8221; _builder_version=&#8221;4.16&#8243; _module_preset=&#8221;default&#8221; background_enable_color=&#8221;off&#8221; background_image=&#8221;https:\/\/www.otto-keller.de\/wp-content\/uploads\/2020\/11\/06_Otto_Keller_Die_Historie_QF_web.jpg&#8221; global_colors_info=&#8221;{}&#8221; transform_styles__hover_enabled=&#8221;on|hover&#8221; transform_scale__hover_enabled=&#8221;on|hover&#8221; transform_translate__hover_enabled=&#8221;on|desktop&#8221; transform_rotate__hover_enabled=&#8221;on|desktop&#8221; transform_skew__hover_enabled=&#8221;on|desktop&#8221; transform_origin__hover_enabled=&#8221;on|desktop&#8221;]<\/p>\n<p style=\"text-align: left;\" class=\"desktop\"><span>Vores<br \/> virksomhedshistorie<\/span><\/p>\n<p style=\"text-align: left;\" class=\"mobile\"><span>Vores<br \/> virksomhedshistorie<\/span><\/p>\n<p style=\"text-align: left;\">F\u00f8lg stationerne i Otto Keller Federnfabriks <a href=\"https:\/\/www.otto-keller.de\/da\/virksomhed\/#sewing\">virksomhedshistorie<\/a> i billeder.<\/p>\n<p style=\"text-align: left;\"><a class=\"mehr-erfahren white-border\" href=\"https:\/\/www.otto-keller.de\/da\/virksomhed\/#sewing\"><span>L\u00e6r mere<\/span><\/a><\/p>\n<p>[\/et_pb_cta][\/et_pb_column][\/et_pb_row][et_pb_row column_structure=&#8221;1_2,1_2&#8243; disabled_on=&#8221;on|off|off&#8221; module_class=&#8221;zwei elemente&#8221; _builder_version=&#8221;4.16&#8243; _module_preset=&#8221;default&#8221; width_tablet=&#8221;90%&#8221; width_phone=&#8221;&#8221; width_last_edited=&#8221;on|tablet&#8221; global_colors_info=&#8221;{}&#8221;][et_pb_column type=&#8221;1_2&#8243; _builder_version=&#8221;4.16&#8243; _module_preset=&#8221;default&#8221; global_colors_info=&#8221;{}&#8221;][et_pb_text module_class=&#8221;home-service&#8221; _builder_version=&#8221;4.16&#8243; _module_preset=&#8221;default&#8221; background_color=&#8221;#BAD6EF&#8221; background_image=&#8221;https:\/\/www.otto-keller.de\/wp-content\/uploads\/2021\/02\/Otto_Keller_Pflegeseite_TN.jpg&#8221; custom_padding=&#8221;136px|15%|116px|15%|false|false&#8221; custom_padding_tablet=&#8221;136px|60px|116px|60px|false|false&#8221; custom_padding_last_edited=&#8221;off|desktop&#8221; global_colors_info=&#8221;{}&#8221;]<\/p>\n<p>Vores service<\/p>\n<h2>Otto Keller plejeportal<\/h2>\n<p>Hver dag m\u00e5ler vi os mod vores tidligere succeser, men vi hviler ikke p\u00e5 det og forts\u00e6tter med at udvikle os selv og vores produkter. Fordi tilfredsheden hos vores kunder er h\u00f8jeste prioritet for os p\u00e5 Otto Keller sengefjederfabrik. Vores service imponerer med:<\/p>\n<p><a class=\"mehr-erfahren\" href=\"https:\/\/www.otto-keller.de\/da\/daunenpflege\/\"><span>L\u00e6r mere<\/span><\/a>[\/et_pb_text][\/et_pb_column][et_pb_column type=&#8221;1_2&#8243; _builder_version=&#8221;4.16&#8243; _module_preset=&#8221;default&#8221; global_colors_info=&#8221;{}&#8221;][et_pb_text module_class=&#8221;home-service&#8221; _builder_version=&#8221;4.21.0&#8243; _module_preset=&#8221;default&#8221; text_text_color=&#8221;#ffffff&#8221; header_text_color=&#8221;#ffffff&#8221; background_color=&#8221;#BAD6EF&#8221; background_image=&#8221;https:\/\/www.otto-keller.de\/wp-content\/uploads\/2021\/02\/Otto_Keller_Peter-Wolff_Otto_tn_02.jpg&#8221; background_layout=&#8221;dark&#8221; custom_padding=&#8221;136px|15%|116px|15%|false|false&#8221; custom_padding_tablet=&#8221;136px|15%|116px|15%|false|false&#8221; custom_padding_phone=&#8221;&#8221; custom_padding_last_edited=&#8221;on|tablet&#8221; global_colors_info=&#8221;{}&#8221;]<\/p>\n<p>Vores blog<\/p>\n<h2>Magasin for en bedre livskvalitet<\/h2>\n<p>Hver dag m\u00e5ler vi os mod vores tidligere succeser, men vi hviler ikke p\u00e5 det og forts\u00e6tter med at udvikle os selv og vores produkter. Fordi tilfredsheden hos vores kunder er h\u00f8jeste prioritet for os p\u00e5 Otto Keller sengefjederfabrik. Vores service imponerer med:<\/p>\n<p><a class=\"mehr-erfahren white-border\" href=\"https:\/\/shop.otto-keller.de\/blogs\/magazin\" style=\"color:#fff;\">L\u00e6r mere<\/a><\/p>\n<p>[\/et_pb_text][\/et_pb_column][\/et_pb_row][et_pb_row disabled_on=&#8221;off|on|on&#8221; module_class=&#8221;zwei elemente&#8221; _builder_version=&#8221;4.16&#8243; _module_preset=&#8221;default&#8221; width_tablet=&#8221;75%&#8221; width_phone=&#8221;&#8221; width_last_edited=&#8221;on|tablet&#8221; global_colors_info=&#8221;{}&#8221;][et_pb_column type=&#8221;4_4&#8243; _builder_version=&#8221;4.16&#8243; _module_preset=&#8221;default&#8221; global_colors_info=&#8221;{}&#8221;][et_pb_text module_class=&#8221;home-service&#8221; _builder_version=&#8221;4.16&#8243; _module_preset=&#8221;default&#8221; background_color=&#8221;#BAD6EF&#8221; background_image=&#8221;https:\/\/www.otto-keller.de\/wp-content\/uploads\/2021\/02\/Otto_Keller_Pflegeseite_TN.jpg&#8221; custom_padding=&#8221;136px|15%|116px|15%|false|false&#8221; custom_padding_tablet=&#8221;136px|60px|116px|60px|false|false&#8221; custom_padding_last_edited=&#8221;off|desktop&#8221; global_colors_info=&#8221;{}&#8221;][\/et_pb_text][et_pb_text module_class=&#8221;home-service&#8221; _builder_version=&#8221;4.16&#8243; _module_preset=&#8221;default&#8221; text_text_color=&#8221;#002658&#8243; header_text_color=&#8221;#002658&#8243; header_2_text_color=&#8221;#002658&#8243; background_enable_color=&#8221;off&#8221; background_enable_image=&#8221;off&#8221; background_layout=&#8221;dark&#8221; custom_padding=&#8221;||||false|false&#8221; custom_padding_tablet=&#8221;136px|15%|116px|15%|false|false&#8221; custom_padding_phone=&#8221;20px|0%|40px|0%|false|false&#8221; custom_padding_last_edited=&#8221;on|phone&#8221; global_colors_info=&#8221;{}&#8221;]<\/p>\n<p>Vores service<\/p>\n<h2>Otto Keller plejeportal<\/h2>\n<p>Hver dag m\u00e5ler vi os mod vores tidligere succeser, men vi hviler ikke p\u00e5 det og forts\u00e6tter med at udvikle os selv og vores produkter. Fordi tilfredsheden hos vores kunder er h\u00f8jeste prioritet for os p\u00e5 Otto Keller sengefjederfabrik. Vores service imponerer med:<\/p>\n<p><a class=\"mehr-erfahren\" href=\"https:\/\/www.otto-keller.de\/da\/daunenpflege\/\"><span>L\u00e6r mere<\/span><\/a>[\/et_pb_text][et_pb_text module_class=&#8221;home-service&#8221; _builder_version=&#8221;4.16&#8243; _module_preset=&#8221;default&#8221; text_text_color=&#8221;#ffffff&#8221; header_text_color=&#8221;#ffffff&#8221; background_color=&#8221;#BAD6EF&#8221; background_image=&#8221;https:\/\/www.otto-keller.de\/wp-content\/uploads\/2021\/02\/Otto_Keller_Peter-Wolff_Otto_tn_02.jpg&#8221; background_layout=&#8221;dark&#8221; custom_padding=&#8221;136px|15%|116px|15%|false|false&#8221; custom_padding_tablet=&#8221;136px|15%|116px|15%|false|false&#8221; custom_padding_phone=&#8221;&#8221; custom_padding_last_edited=&#8221;on|tablet&#8221; global_colors_info=&#8221;{}&#8221;][\/et_pb_text][et_pb_text module_class=&#8221;home-service&#8221; _builder_version=&#8221;4.21.0&#8243; _module_preset=&#8221;default&#8221; text_text_color=&#8221;#002658&#8243; header_text_color=&#8221;#002658&#8243; header_2_text_color=&#8221;#002658&#8243; background_enable_color=&#8221;off&#8221; background_enable_image=&#8221;off&#8221; background_layout=&#8221;dark&#8221; custom_padding=&#8221;||||false|false&#8221; custom_padding_tablet=&#8221;136px|15%|116px|15%|false|false&#8221; custom_padding_phone=&#8221;20px|0%|40px|0%|false|false&#8221; custom_padding_last_edited=&#8221;on|phone&#8221; global_colors_info=&#8221;{}&#8221;]<\/p>\n<p>Vores blog<\/p>\n<h2>Magasin for en bedre livskvalitet<\/h2>\n<p>Hver dag m\u00e5ler vi os mod vores tidligere succeser, men vi hviler ikke p\u00e5 det og forts\u00e6tter med at udvikle os selv og vores produkter. Fordi tilfredsheden hos vores kunder er h\u00f8jeste prioritet for os p\u00e5 Otto Keller sengefjederfabrik. Vores service imponerer med:<\/p>\n<p><a class=\"mehr-erfahren white-border\" href=\"https:\/\/shop.otto-keller.de\/blogs\/magazin\" style=\"color:#fff;\">L\u00e6r mere<\/a><\/p>\n<p>[\/et_pb_text][\/et_pb_column][\/et_pb_row][et_pb_row column_structure=&#8221;1_5,3_5,1_5&#8243; module_class=&#8221;ansprechpartner&#8221; _builder_version=&#8221;4.16&#8243; _module_preset=&#8221;default&#8221; global_colors_info=&#8221;{}&#8221;][et_pb_column type=&#8221;1_5&#8243; _builder_version=&#8221;4.16&#8243; _module_preset=&#8221;default&#8221; global_colors_info=&#8221;{}&#8221;][\/et_pb_column][et_pb_column type=&#8221;3_5&#8243; _builder_version=&#8221;4.16&#8243; _module_preset=&#8221;default&#8221; global_colors_info=&#8221;{}&#8221;][et_pb_team_member name=&#8221;Din kontaktperson&#8221; image_url=&#8221;https:\/\/www.otto-keller.de\/wp-content\/uploads\/2020\/11\/M2A7810-Bearbeitetneu-bearbeitet-august-19_web.jpg&#8221; module_class=&#8221;ansprechpartner&#8221; _builder_version=&#8221;4.16&#8243; _module_preset=&#8221;default&#8221; header_level=&#8221;h2&#8243; border_radii_image=&#8221;on|50%|50%|50%|50%&#8221; global_colors_info=&#8221;{}&#8221;]<\/p>\n<p>Du kan ringe til os fra mandag til fredag mellem klokken 8 og 16.30, hvor vi besvarer dine sp\u00f8rgsm\u00e5l.<\/p>\n<p>T:\u00a0<span>+49 (0) 2505 9337-0<\/span><br \/> F: +49 (0) 2505 9337-77<br \/> <span>M:\u00a0<a href=\"mailto:info@otto-keller.de\">info@otto-keller.de<\/a><\/span><\/p>\n<p>[\/et_pb_team_member][\/et_pb_column][et_pb_column type=&#8221;1_5&#8243; _builder_version=&#8221;4.16&#8243; _module_preset=&#8221;default&#8221; global_colors_info=&#8221;{}&#8221;][\/et_pb_column][\/et_pb_row][\/et_pb_section]<\/p>\n","protected":false},"excerpt":{"rendered":"<p>Om Otto Keller f\u00e5 mere at vide Vores rejset\u00e6ppe f\u00e5 mere at vide Vores produkter L\u00e6r mere Otto Keller T\u00e6pper og puder af h\u00f8j kvalitetOtto Keller sengefabrik fungerer som producent og producent af senget\u00f8j med h\u00f8je kvalitetsstandarder. I vores sortiment finder du et stort udvalg af forskellige puder og t\u00e6pper, hvad enten det er med [&hellip;]<\/p>\n","protected":false},"author":1,"featured_media":0,"parent":0,"menu_order":0,"comment_status":"closed","ping_status":"closed","template":"","meta":{"_et_pb_use_builder":"on","_et_pb_old_content":"","_et_gb_content_width":"","inline_featured_image":false,"footnotes":""},"class_list":["post-5754","page","type-page","status-publish","hentry"],"yoast_head":"<!-- This site is optimized with the Yoast SEO plugin v26.6 - https:\/\/yoast.com\/wordpress\/plugins\/seo\/ -->\n<title>Otto Keller - h\u00f8jkvalitets fjer- og dundyner og -puder<\/title>\n<meta name=\"description\" content=\"Otto Keller | Vi fremstiller en bred vifte af dunprodukter af h\u00f8j kvalitet | Bes\u00f8g os i dag og se selv!\" \/>\n<meta name=\"robots\" content=\"index, follow, max-snippet:-1, max-image-preview:large, max-video-preview:-1\" \/>\n<link rel=\"canonical\" href=\"https:\/\/www.otto-keller.de\/da\/\" \/>\n<meta property=\"og:locale\" content=\"da_DK\" \/>\n<meta property=\"og:type\" content=\"article\" \/>\n<meta property=\"og:title\" content=\"Otto Keller - h\u00f8jkvalitets fjer- og dundyner og -puder\" \/>\n<meta property=\"og:description\" content=\"Otto Keller | Vi fremstiller en bred vifte af dunprodukter af h\u00f8j kvalitet | Bes\u00f8g os i dag og se selv!\" \/>\n<meta property=\"og:url\" content=\"https:\/\/www.otto-keller.de\/da\/\" \/>\n<meta property=\"og:site_name\" content=\"otto-keller.de\" \/>\n<meta property=\"article:modified_time\" content=\"2023-11-06T15:02:28+00:00\" \/>\n<meta property=\"og:image\" content=\"https:\/\/www.otto-keller.de\/wp-content\/uploads\/2021\/01\/otto-keller-og-image.jpg\" \/>\n\t<meta property=\"og:image:width\" content=\"1200\" \/>\n\t<meta property=\"og:image:height\" content=\"1200\" \/>\n\t<meta property=\"og:image:type\" content=\"image\/jpeg\" \/>\n<meta name=\"twitter:card\" content=\"summary_large_image\" \/>\n<meta name=\"twitter:label1\" content=\"Estimeret l\u00e6setid\" \/>\n\t<meta name=\"twitter:data1\" content=\"6 minutter\" \/>\n<script type=\"application\/ld+json\" class=\"yoast-schema-graph\">{\"@context\":\"https:\/\/schema.org\",\"@graph\":[{\"@type\":\"WebPage\",\"@id\":\"https:\/\/www.otto-keller.de\/da\/\",\"url\":\"https:\/\/www.otto-keller.de\/da\/\",\"name\":\"Otto Keller - h\u00f8jkvalitets fjer- og dundyner og -puder\",\"isPartOf\":{\"@id\":\"https:\/\/www.otto-keller.de\/da\/#website\"},\"datePublished\":\"2020-11-04T13:33:05+00:00\",\"dateModified\":\"2023-11-06T15:02:28+00:00\",\"description\":\"Otto Keller | Vi fremstiller en bred vifte af dunprodukter af h\u00f8j kvalitet | Bes\u00f8g os i dag og se selv!\",\"breadcrumb\":{\"@id\":\"https:\/\/www.otto-keller.de\/da\/#breadcrumb\"},\"inLanguage\":\"da-DK\",\"potentialAction\":[{\"@type\":\"ReadAction\",\"target\":[\"https:\/\/www.otto-keller.de\/da\/\"]}]},{\"@type\":\"BreadcrumbList\",\"@id\":\"https:\/\/www.otto-keller.de\/da\/#breadcrumb\",\"itemListElement\":[{\"@type\":\"ListItem\",\"position\":1,\"name\":\"Startseite\",\"item\":\"https:\/\/www.otto-keller.de\/da\/\"},{\"@type\":\"ListItem\",\"position\":2,\"name\":\"Home\"}]},{\"@type\":\"WebSite\",\"@id\":\"https:\/\/www.otto-keller.de\/da\/#website\",\"url\":\"https:\/\/www.otto-keller.de\/da\/\",\"name\":\"otto-keller.de\",\"description\":\"Hochwertige Feder- und Daunendecken\",\"publisher\":{\"@id\":\"https:\/\/www.otto-keller.de\/da\/#organization\"},\"potentialAction\":[{\"@type\":\"SearchAction\",\"target\":{\"@type\":\"EntryPoint\",\"urlTemplate\":\"https:\/\/www.otto-keller.de\/da\/?s={search_term_string}\"},\"query-input\":{\"@type\":\"PropertyValueSpecification\",\"valueRequired\":true,\"valueName\":\"search_term_string\"}}],\"inLanguage\":\"da-DK\"},{\"@type\":\"Organization\",\"@id\":\"https:\/\/www.otto-keller.de\/da\/#organization\",\"name\":\"Bettfedernfabrik Otto Keller GmbH & Co. KG\",\"url\":\"https:\/\/www.otto-keller.de\/da\/\",\"logo\":{\"@type\":\"ImageObject\",\"inLanguage\":\"da-DK\",\"@id\":\"https:\/\/www.otto-keller.de\/da\/#\/schema\/logo\/image\/\",\"url\":\"https:\/\/www.otto-keller.de\/wp-content\/uploads\/2021\/01\/otto_keller_logo_rgb_schwarz.svg\",\"contentUrl\":\"https:\/\/www.otto-keller.de\/wp-content\/uploads\/2021\/01\/otto_keller_logo_rgb_schwarz.svg\",\"width\":1,\"height\":1,\"caption\":\"Bettfedernfabrik Otto Keller GmbH & Co. KG\"},\"image\":{\"@id\":\"https:\/\/www.otto-keller.de\/da\/#\/schema\/logo\/image\/\"}}]}<\/script>\n<!-- \/ Yoast SEO plugin. -->","yoast_head_json":{"title":"Otto Keller - h\u00f8jkvalitets fjer- og dundyner og -puder","description":"Otto Keller | Vi fremstiller en bred vifte af dunprodukter af h\u00f8j kvalitet | Bes\u00f8g os i dag og se selv!","robots":{"index":"index","follow":"follow","max-snippet":"max-snippet:-1","max-image-preview":"max-image-preview:large","max-video-preview":"max-video-preview:-1"},"canonical":"https:\/\/www.otto-keller.de\/da\/","og_locale":"da_DK","og_type":"article","og_title":"Otto Keller - h\u00f8jkvalitets fjer- og dundyner og -puder","og_description":"Otto Keller | Vi fremstiller en bred vifte af dunprodukter af h\u00f8j kvalitet | Bes\u00f8g os i dag og se selv!","og_url":"https:\/\/www.otto-keller.de\/da\/","og_site_name":"otto-keller.de","article_modified_time":"2023-11-06T15:02:28+00:00","og_image":[{"width":1200,"height":1200,"url":"https:\/\/www.otto-keller.de\/wp-content\/uploads\/2021\/01\/otto-keller-og-image.jpg","type":"image\/jpeg"}],"twitter_card":"summary_large_image","twitter_misc":{"Estimeret l\u00e6setid":"6 minutter"},"schema":{"@context":"https:\/\/schema.org","@graph":[{"@type":"WebPage","@id":"https:\/\/www.otto-keller.de\/da\/","url":"https:\/\/www.otto-keller.de\/da\/","name":"Otto Keller - h\u00f8jkvalitets fjer- og dundyner og -puder","isPartOf":{"@id":"https:\/\/www.otto-keller.de\/da\/#website"},"datePublished":"2020-11-04T13:33:05+00:00","dateModified":"2023-11-06T15:02:28+00:00","description":"Otto Keller | Vi fremstiller en bred vifte af dunprodukter af h\u00f8j kvalitet | Bes\u00f8g os i dag og se selv!","breadcrumb":{"@id":"https:\/\/www.otto-keller.de\/da\/#breadcrumb"},"inLanguage":"da-DK","potentialAction":[{"@type":"ReadAction","target":["https:\/\/www.otto-keller.de\/da\/"]}]},{"@type":"BreadcrumbList","@id":"https:\/\/www.otto-keller.de\/da\/#breadcrumb","itemListElement":[{"@type":"ListItem","position":1,"name":"Startseite","item":"https:\/\/www.otto-keller.de\/da\/"},{"@type":"ListItem","position":2,"name":"Home"}]},{"@type":"WebSite","@id":"https:\/\/www.otto-keller.de\/da\/#website","url":"https:\/\/www.otto-keller.de\/da\/","name":"otto-keller.de","description":"Hochwertige Feder- und Daunendecken","publisher":{"@id":"https:\/\/www.otto-keller.de\/da\/#organization"},"potentialAction":[{"@type":"SearchAction","target":{"@type":"EntryPoint","urlTemplate":"https:\/\/www.otto-keller.de\/da\/?s={search_term_string}"},"query-input":{"@type":"PropertyValueSpecification","valueRequired":true,"valueName":"search_term_string"}}],"inLanguage":"da-DK"},{"@type":"Organization","@id":"https:\/\/www.otto-keller.de\/da\/#organization","name":"Bettfedernfabrik Otto Keller GmbH & Co. KG","url":"https:\/\/www.otto-keller.de\/da\/","logo":{"@type":"ImageObject","inLanguage":"da-DK","@id":"https:\/\/www.otto-keller.de\/da\/#\/schema\/logo\/image\/","url":"https:\/\/www.otto-keller.de\/wp-content\/uploads\/2021\/01\/otto_keller_logo_rgb_schwarz.svg","contentUrl":"https:\/\/www.otto-keller.de\/wp-content\/uploads\/2021\/01\/otto_keller_logo_rgb_schwarz.svg","width":1,"height":1,"caption":"Bettfedernfabrik Otto Keller GmbH & Co. KG"},"image":{"@id":"https:\/\/www.otto-keller.de\/da\/#\/schema\/logo\/image\/"}}]}},"_links":{"self":[{"href":"https:\/\/www.otto-keller.de\/da\/wp-json\/wp\/v2\/pages\/5754","targetHints":{"allow":["GET"]}}],"collection":[{"href":"https:\/\/www.otto-keller.de\/da\/wp-json\/wp\/v2\/pages"}],"about":[{"href":"https:\/\/www.otto-keller.de\/da\/wp-json\/wp\/v2\/types\/page"}],"author":[{"embeddable":true,"href":"https:\/\/www.otto-keller.de\/da\/wp-json\/wp\/v2\/users\/1"}],"replies":[{"embeddable":true,"href":"https:\/\/www.otto-keller.de\/da\/wp-json\/wp\/v2\/comments?post=5754"}],"version-history":[{"count":0,"href":"https:\/\/www.otto-keller.de\/da\/wp-json\/wp\/v2\/pages\/5754\/revisions"}],"wp:attachment":[{"href":"https:\/\/www.otto-keller.de\/da\/wp-json\/wp\/v2\/media?parent=5754"}],"curies":[{"name":"wp","href":"https:\/\/api.w.org\/{rel}","templated":true}]}}