{"id":5879,"date":"2020-11-19T17:48:31","date_gmt":"2020-11-19T16:48:31","guid":{"rendered":"https:\/\/www.otto-keller.de\/weitere-produkte\/"},"modified":"2021-10-27T13:54:32","modified_gmt":"2021-10-27T11:54:32","slug":"andre-produkter","status":"publish","type":"page","link":"https:\/\/www.otto-keller.de\/da\/produkter\/andre-produkter\/","title":{"rendered":"Andre Produkter"},"content":{"rendered":"<p>[et_pb_section fb_built=&#8221;1&#8243; _builder_version=&#8221;4.7.3&#8243; _module_preset=&#8221;default&#8221; global_colors_info=&#8221;{}&#8221;][et_pb_row module_class=&#8221;header ganz&#8221; _builder_version=&#8221;4.6.6&#8243; _module_preset=&#8221;default&#8221; width=&#8221;100%&#8221; max_width=&#8221;100%&#8221; custom_padding=&#8221;0px||||false|false&#8221; global_colors_info=&#8221;{}&#8221;][et_pb_column type=&#8221;4_4&#8243; _builder_version=&#8221;4.6.6&#8243; _module_preset=&#8221;default&#8221; global_colors_info=&#8221;{}&#8221;][et_pb_slider module_class=&#8221;slidermittext&#8221; _builder_version=&#8221;4.9.0&#8243; _module_preset=&#8221;default&#8221; height=&#8221;100vh&#8221; height_last_edited=&#8221;off|desktop&#8221; auto=&#8221;on&#8221; auto_speed=&#8221;4000&#8243; global_colors_info=&#8221;{}&#8221;][et_pb_slide _builder_version=&#8221;4.7.3&#8243; _module_preset=&#8221;default&#8221; background_image=&#8221;https:\/\/www.otto-keller.de\/wp-content\/uploads\/2020\/12\/01_Otto_Keller_Kinderartikel_01_HF.jpg&#8221; background_enable_image=&#8221;on&#8221; global_colors_info=&#8221;{}&#8221; sticky_transition=&#8221;on&#8221;][\/et_pb_slide][et_pb_slide _builder_version=&#8221;4.7.3&#8243; _module_preset=&#8221;default&#8221; background_image=&#8221;https:\/\/www.otto-keller.de\/wp-content\/uploads\/2020\/12\/04_Otto_Keller_Kinderartikel_04_QF.jpg&#8221; background_enable_image=&#8221;on&#8221; global_colors_info=&#8221;{}&#8221; sticky_transition=&#8221;on&#8221;][\/et_pb_slide][et_pb_slide _builder_version=&#8221;4.7.3&#8243; _module_preset=&#8221;default&#8221; background_image=&#8221;https:\/\/www.otto-keller.de\/wp-content\/uploads\/2020\/12\/03_Otto_Keller_Kinderartikel_03_QF.jpg&#8221; background_enable_image=&#8221;on&#8221; global_colors_info=&#8221;{}&#8221; sticky_transition=&#8221;on&#8221;][\/et_pb_slide][\/et_pb_slider][\/et_pb_column][\/et_pb_row][et_pb_row module_class=&#8221;text&#8221; _builder_version=&#8221;4.7.3&#8243; _module_preset=&#8221;default&#8221; global_colors_info=&#8221;{}&#8221;][et_pb_column type=&#8221;4_4&#8243; _builder_version=&#8221;4.6.6&#8243; _module_preset=&#8221;default&#8221; global_colors_info=&#8221;{}&#8221;][et_pb_text module_class=&#8221;ueberschrift&#8221; _builder_version=&#8221;4.7.3&#8243; _module_preset=&#8221;default&#8221; global_colors_info=&#8221;{}&#8221;]<\/p>\n<h1>Andre Produkter<\/h1>\n<p>[\/et_pb_text][et_pb_text _builder_version=&#8221;4.7.3&#8243; _module_preset=&#8221;default&#8221; global_colors_info=&#8221;{}&#8221;]<\/p>\n<p><span>Fordi vi t\u00e6nker holistisk p\u00e5 sovekomfort, har vi udvidet vores omfattende udvalg af dyner og puder med nogle udvalgte varer. I de f\u00f8lgende produktkategorier kan den kr\u00e6vende kunde finde alt, hvad han eller hun skal bruge til en afslappende nattes\u00f8vn for hele familien og til den ideelle pleje af vores produkter.<\/p>\n<p>[\/et_pb_text][\/et_pb_column][\/et_pb_row][et_pb_row module_class=&#8221;text&#8221; _builder_version=&#8221;4.7.3&#8243; _module_preset=&#8221;default&#8221; global_colors_info=&#8221;{}&#8221;][et_pb_column type=&#8221;4_4&#8243; _builder_version=&#8221;4.7.3&#8243; _module_preset=&#8221;default&#8221; global_colors_info=&#8221;{}&#8221;][et_pb_text _builder_version=&#8221;4.7.3&#8243; _module_preset=&#8221;default&#8221; global_colors_info=&#8221;{}&#8221;]<\/p>\n<h2>B\u00f8rnevarer<\/h2>\n<p>[\/et_pb_text][et_pb_text _builder_version=&#8221;4.7.3&#8243; _module_preset=&#8221;default&#8221; global_colors_info=&#8221;{}&#8221;]<\/p>\n<p><span>Det er s\u00e6rligt vigtigt for b\u00f8rn at f\u00e5 en afslappende s\u00f8vn, da dette danner grundlag for en sund v\u00e6kst. Vores b\u00f8rneprogram tilbyder vidunderligt bl\u00f8de puder, dyner og soveposer af bedste kvalitet med en behagelig lav v\u00e6gt.Varerne f\u00e5s i forskellige st\u00f8rrelser og farver til babyer og sm\u00e5b\u00f8rn i alle aldre. M\u00e5l og fyldm\u00e6ngde skal altid tilpasses barnets st\u00f8rrelse.<\/span><\/p>\n<p>[\/et_pb_text][\/et_pb_column][\/et_pb_row][\/et_pb_section][et_pb_section fb_built=&#8221;1&#8243; fullwidth=&#8221;on&#8221; _builder_version=&#8221;4.7.3&#8243; _module_preset=&#8221;default&#8221; global_colors_info=&#8221;{}&#8221;][et_pb_fullwidth_slider module_class=&#8221;slidermittext&#8221; _builder_version=&#8221;4.9.0&#8243; _module_preset=&#8221;default&#8221; height=&#8221;100vh&#8221; auto=&#8221;on&#8221; auto_speed=&#8221;4000&#8243; global_colors_info=&#8221;{}&#8221;][et_pb_slide _builder_version=&#8221;4.7.3&#8243; _module_preset=&#8221;default&#8221; background_enable_color=&#8221;off&#8221; background_image=&#8221;https:\/\/www.otto-keller.de\/wp-content\/uploads\/2020\/12\/02_Otto_Keller_Lose_Ware_01_QF.jpg&#8221; background_enable_image=&#8221;on&#8221; global_colors_info=&#8221;{}&#8221; sticky_transition=&#8221;on&#8221;][\/et_pb_slide][et_pb_slide _builder_version=&#8221;4.7.3&#8243; _module_preset=&#8221;default&#8221; background_enable_color=&#8221;off&#8221; background_image=&#8221;https:\/\/www.otto-keller.de\/wp-content\/uploads\/2020\/12\/03_Otto_Keller_Lose_Ware_03_QF.jpg&#8221; background_enable_image=&#8221;on&#8221; global_colors_info=&#8221;{}&#8221; sticky_transition=&#8221;on&#8221;][\/et_pb_slide][et_pb_slide _builder_version=&#8221;4.7.3&#8243; _module_preset=&#8221;default&#8221; background_enable_color=&#8221;off&#8221; background_image=&#8221;https:\/\/www.otto-keller.de\/wp-content\/uploads\/2020\/12\/02_Otto_Keller_Lose_Ware_02_QF.jpg&#8221; background_enable_image=&#8221;on&#8221; global_colors_info=&#8221;{}&#8221; sticky_transition=&#8221;on&#8221;][\/et_pb_slide][\/et_pb_fullwidth_slider][\/et_pb_section][et_pb_section fb_built=&#8221;1&#8243; _builder_version=&#8221;4.6.6&#8243; _module_preset=&#8221;default&#8221; custom_padding=&#8221;0px|||||&#8221; global_colors_info=&#8221;{}&#8221;][et_pb_row module_class=&#8221;text&#8221; _builder_version=&#8221;4.7.3&#8243; _module_preset=&#8221;default&#8221; global_colors_info=&#8221;{}&#8221;][et_pb_column type=&#8221;4_4&#8243; _builder_version=&#8221;4.6.6&#8243; _module_preset=&#8221;default&#8221; global_colors_info=&#8221;{}&#8221;][et_pb_text module_class=&#8221;ueberschrift&#8221; _builder_version=&#8221;4.7.3&#8243; _module_preset=&#8221;default&#8221; global_colors_info=&#8221;{}&#8221;]<\/p>\n<h2>L\u00f8svarer<\/h2>\n<p>[\/et_pb_text][et_pb_text _builder_version=&#8221;4.7.3&#8243; _module_preset=&#8221;default&#8221; custom_margin=&#8221;||90px|||&#8221; global_colors_info=&#8221;{}&#8221;]<\/p>\n<p><span>Udover f\u00e6rdige produkter tilbyder vi ogs\u00e5 vores fyld i l\u00f8s form. P\u00e5 anmodning kan man k\u00f8be en bred vifte af dun og fjer af h\u00f8j kvalitet.<\/span><\/p>\n<p>[\/et_pb_text][\/et_pb_column][\/et_pb_row][et_pb_row module_class=&#8221;text&#8221; _builder_version=&#8221;4.7.3&#8243; _module_preset=&#8221;default&#8221; global_colors_info=&#8221;{}&#8221;][et_pb_column type=&#8221;4_4&#8243; _builder_version=&#8221;4.6.6&#8243; _module_preset=&#8221;default&#8221; global_colors_info=&#8221;{}&#8221;][et_pb_image src=&#8221;https:\/\/www.otto-keller.de\/wp-content\/uploads\/2020\/12\/190620_OttoKeller_Waschmittel_0247_web.jpg&#8221; alt=&#8221;Dauni das Daunenwaschmittel von Otto Keller&#8221; align=&#8221;center&#8221; _builder_version=&#8221;4.10.7&#8243; _module_preset=&#8221;default&#8221; global_colors_info=&#8221;{}&#8221;][\/et_pb_image][et_pb_text module_class=&#8221;ueberschrift&#8221; _builder_version=&#8221;4.7.3&#8243; _module_preset=&#8221;default&#8221; global_colors_info=&#8221;{}&#8221;]<\/p>\n<h2>Vaskemiddel<\/h2>\n<p>[\/et_pb_text][et_pb_text _builder_version=&#8221;4.7.3&#8243; _module_preset=&#8221;default&#8221; custom_margin=&#8221;||23px|||&#8221; global_colors_info=&#8221;{}&#8221;]<\/p>\n<p>For langsigtet bl\u00f8dhed, renhed helt ned i porerne og naturvenlighed har vi udviklet vaskemidlet Dauni. Det er 100 % baseret p\u00e5 b\u00e6redygtige tensider fra hvede-, majs- og kartoffelstivelse. Dauni er fosfatfri, pH-neutral, \u00f8kologisk harml\u00f8st, og kan f\u00e5s uden optiske blegemidler.<\/p>\n<p>En forklaring af ingredienserne kan findes<span>\u00a0<\/span><a href=\"https:\/\/ec.europa.eu\/growth\/tools-databases\/cosing\/index.cfm?fuseaction=search.simple\" target=\"_blank\" rel=\"noopener noreferrer\"><u>her<\/u><\/a><span>\u00a0<\/span>, og databladene er tilg\u00e6ngelige p\u00e5 f\u00f8lgende links:<\/p>\n<p>[\/et_pb_text][et_pb_text _builder_version=&#8221;4.9.0&#8243; _module_preset=&#8221;default&#8221; custom_margin=&#8221;45px||75px|||&#8221; custom_padding=&#8221;|||40px||&#8221; global_colors_info=&#8221;{}&#8221;]<\/p>\n<p>\u2192 <a href=\"https:\/\/www.otto-keller.de\/wp-content\/uploads\/2021\/03\/DSP_15_869_Aqua_Syn_DE.pdf\" target=\"_blank\" rel=\"noopener\">Aqua Syn<\/a><br \/>\u2192 <a href=\"https:\/\/www.otto-keller.de\/wp-content\/uploads\/2021\/03\/DSP_15_869_Aqua_Clean_DE.pdf\" target=\"_blank\" rel=\"noopener\">Aqua Clean<\/a><br \/>\u2192 <a href=\"https:\/\/www.otto-keller.de\/wp-content\/uploads\/2021\/03\/DSP_15_869_Dauni_DE.pdf\" target=\"_blank\" rel=\"noopener\">Dauni<\/a><\/p>\n<p>[\/et_pb_text][\/et_pb_column][\/et_pb_row][et_pb_row module_class=&#8221;text&#8221; _builder_version=&#8221;4.7.3&#8243; _module_preset=&#8221;default&#8221; global_colors_info=&#8221;{}&#8221;][et_pb_column type=&#8221;4_4&#8243; _builder_version=&#8221;4.6.6&#8243; _module_preset=&#8221;default&#8221; global_colors_info=&#8221;{}&#8221;][et_pb_image src=&#8221;https:\/\/www.otto-keller.de\/wp-content\/uploads\/2020\/12\/04_Otto_Keller_Schlafsack_QF.jpg&#8221; align=&#8221;center&#8221; _builder_version=&#8221;4.10.7&#8243; _module_preset=&#8221;default&#8221; module_alignment=&#8221;center&#8221; hover_enabled=&#8221;0&#8243; global_colors_info=&#8221;{}&#8221; alt=&#8221;Babyschlafsack von Otto Keller mit der gewohnten Daunenqualit\u00e4t&#8221; sticky_enabled=&#8221;0&#8243;][\/et_pb_image][et_pb_text module_class=&#8221;ueberschrift&#8221; _builder_version=&#8221;4.7.3&#8243; _module_preset=&#8221;default&#8221; global_colors_info=&#8221;{}&#8221;]<\/p>\n<h2>Soveposer<\/h2>\n<p>[\/et_pb_text][et_pb_text _builder_version=&#8221;4.7.3&#8243; _module_preset=&#8221;default&#8221; custom_margin=&#8221;||90px|||&#8221; global_colors_info=&#8221;{}&#8221;]<\/p>\n<p><span>Vi anbefaler babysoveposer til livets f\u00f8rste m\u00e5neder. De f\u00e5s i l\u00e6ngderne 70, 90 og 110 cm samt i forskellige farvevarianter.<\/span><\/p>\n<p>[\/et_pb_text][\/et_pb_column][\/et_pb_row][et_pb_row module_class=&#8221;text&#8221; _builder_version=&#8221;4.7.3&#8243; _module_preset=&#8221;default&#8221; global_colors_info=&#8221;{}&#8221;][et_pb_column type=&#8221;4_4&#8243; _builder_version=&#8221;4.6.6&#8243; _module_preset=&#8221;default&#8221; global_colors_info=&#8221;{}&#8221;][et_pb_image src=&#8221;https:\/\/www.otto-keller.de\/wp-content\/uploads\/2020\/12\/05_Otto_Keller_Stillkissen_QF.jpg&#8221; align=&#8221;center&#8221; _builder_version=&#8221;4.10.7&#8243; _module_preset=&#8221;default&#8221; hover_enabled=&#8221;0&#8243; global_colors_info=&#8221;{}&#8221; alt=&#8221;Stillkissen von Otto Keller f\u00fcr perfekten Halt und kuschelige W\u00e4rme f\u00fcr die Kleinsten.&#8221; sticky_enabled=&#8221;0&#8243;][\/et_pb_image][et_pb_text module_class=&#8221;ueberschrift&#8221; _builder_version=&#8221;4.7.3&#8243; _module_preset=&#8221;default&#8221; global_colors_info=&#8221;{}&#8221;]<\/p>\n<h2>Ammepuder<\/h2>\n<p>[\/et_pb_text][et_pb_text _builder_version=&#8221;4.7.3&#8243; _module_preset=&#8221;default&#8221; global_colors_info=&#8221;{}&#8221;]<\/p>\n<p><span>Disse halvcirkelformede puder er skr\u00e6ddersyet til de s\u00e6rlige behov under graviditet og amning. De hj\u00e6lper forventningsfulde m\u00f8dre med at f\u00e5 en mere afslappet s\u00f8vn og letter forskellige ligge- og ammestillinger.<\/span><\/p>\n<p>[\/et_pb_text][\/et_pb_column][\/et_pb_row][et_pb_row _builder_version=&#8221;4.9.11&#8243; _module_preset=&#8221;default&#8221; global_colors_info=&#8221;{}&#8221;][et_pb_column type=&#8221;4_4&#8243; _builder_version=&#8221;4.9.11&#8243; _module_preset=&#8221;default&#8221; global_colors_info=&#8221;{}&#8221;][et_pb_text _builder_version=&#8221;4.9.11&#8243; _module_preset=&#8221;default&#8221; global_colors_info=&#8221;{}&#8221;]<\/p>\n<h2>Kostenloser Service<\/h2>\n<p>[\/et_pb_text][et_pb_text _builder_version=&#8221;4.9.11&#8243; _module_preset=&#8221;default&#8221; global_colors_info=&#8221;{}&#8221;]F\u00fcr unsere Kunden haben wir auf den Informationsseiten hilfreiche Informationen zusammengestellt. Unter <a href=\"https:\/\/www.otto-keller.de\/daunenpflege\/\">Daunenpflege<\/a> finden Sie n\u00fctzliche Tipps wie Sie die Qualit\u00e4t Ihrer Bettwaren erhalten. Die Seite <a href=\"https:\/\/www.otto-keller.de\/wissenswertes\/\">Wissenswertes<\/a> liefert Ihnen viele Hintergrundinformationen zur Daune und auf der Seite <a href=\"https:\/\/www.otto-keller.de\/qualitaet\/\">Qualit\u00e4t<\/a> stellen wir Ihnen unsere Standards vor nach denen wir unsere Bettwaren produzieren.[\/et_pb_text][\/et_pb_column][\/et_pb_row][et_pb_row column_structure=&#8221;1_5,3_5,1_5&#8243; module_class=&#8221;ansprechpartner&#8221; _builder_version=&#8221;4.6.6&#8243; _module_preset=&#8221;default&#8221; custom_padding=&#8221;90px||90px|||&#8221; global_colors_info=&#8221;{}&#8221;][et_pb_column type=&#8221;1_5&#8243; _builder_version=&#8221;4.6.6&#8243; _module_preset=&#8221;default&#8221; global_colors_info=&#8221;{}&#8221;][\/et_pb_column][et_pb_column type=&#8221;3_5&#8243; _builder_version=&#8221;4.6.6&#8243; _module_preset=&#8221;default&#8221; global_colors_info=&#8221;{}&#8221;][et_pb_team_member name=&#8221;Din kontaktperson&#8221; image_url=&#8221;https:\/\/www.otto-keller.de\/wp-content\/uploads\/2020\/11\/Covers_-furtherproducts_OK_Mitarbeiter_Prtraits_Web_7.jpg&#8221; module_class=&#8221;kleinesbild&#8221; _builder_version=&#8221;4.7.3&#8243; _module_preset=&#8221;default&#8221; header_level=&#8221;h2&#8243; border_radii_image=&#8221;on|50%|50%|50%|50%&#8221; global_colors_info=&#8221;{}&#8221;]Thomas Reinermann<\/p>\n<p>Du kan ringe til os fra mandag til fredag mellem klokken 8 og 16.30, hvor vi besvarer dine sp\u00f8rgsm\u00e5l.<\/p>\n<p>T:\u00a0+49 (0) 2505 9337-16<br \/>\nF: +49 (0) 2505 9337-77<br \/>\nM:\u00a0<a href=\"mailto:info@otto-keller.de\">t.reinermann@otto-keller.de<\/a><\/p>\n<p>[\/et_pb_team_member][\/et_pb_column][et_pb_column type=&#8221;1_5&#8243; _builder_version=&#8221;4.6.6&#8243; _module_preset=&#8221;default&#8221; global_colors_info=&#8221;{}&#8221;][\/et_pb_column][\/et_pb_row][\/et_pb_section]<\/p>\n","protected":false},"excerpt":{"rendered":"<p>Andre ProdukterFordi vi t\u00e6nker holistisk p\u00e5 sovekomfort, har vi udvidet vores omfattende udvalg af dyner og puder med nogle udvalgte varer. I de f\u00f8lgende produktkategorier kan den kr\u00e6vende kunde finde alt, hvad han eller hun skal bruge til en afslappende nattes\u00f8vn for hele familien og til den ideelle pleje af vores produkter.B\u00f8rnevarerDet er s\u00e6rligt vigtigt [&hellip;]<\/p>\n","protected":false},"author":1,"featured_media":0,"parent":7359,"menu_order":0,"comment_status":"closed","ping_status":"closed","template":"","meta":{"_et_pb_use_builder":"on","_et_pb_old_content":"","_et_gb_content_width":"","inline_featured_image":false,"footnotes":""},"class_list":["post-5879","page","type-page","status-publish","hentry"],"yoast_head":"<!-- This site is optimized with the Yoast SEO plugin v26.6 - https:\/\/yoast.com\/wordpress\/plugins\/seo\/ -->\n<title>H\u00f8jkvalitets dunsenget\u00f8j fra Tyskland | Otto Keller<\/title>\n<meta name=\"description\" content=\"Udover vores puder og t\u00e6pper tilbyder vi mange andre produkter til en god nats s\u00f8vn. Bes\u00f8g os i dag og se selv!\" \/>\n<meta name=\"robots\" content=\"index, follow, max-snippet:-1, max-image-preview:large, max-video-preview:-1\" \/>\n<link rel=\"canonical\" href=\"https:\/\/www.otto-keller.de\/da\/produkter\/andre-produkter\/\" \/>\n<meta property=\"og:locale\" content=\"da_DK\" \/>\n<meta property=\"og:type\" content=\"article\" \/>\n<meta property=\"og:title\" content=\"H\u00f8jkvalitets dunsenget\u00f8j fra Tyskland | Otto Keller\" \/>\n<meta property=\"og:description\" content=\"Udover vores puder og t\u00e6pper tilbyder vi mange andre produkter til en god nats s\u00f8vn. Bes\u00f8g os i dag og se selv!\" \/>\n<meta property=\"og:url\" content=\"https:\/\/www.otto-keller.de\/da\/produkter\/andre-produkter\/\" \/>\n<meta property=\"og:site_name\" content=\"otto-keller.de\" \/>\n<meta property=\"article:modified_time\" content=\"2021-10-27T11:54:32+00:00\" \/>\n<meta property=\"og:image\" content=\"https:\/\/www.otto-keller.de\/wp-content\/uploads\/2021\/01\/otto-keller-og-image.jpg\" \/>\n\t<meta property=\"og:image:width\" content=\"1200\" \/>\n\t<meta property=\"og:image:height\" content=\"1200\" \/>\n\t<meta property=\"og:image:type\" content=\"image\/jpeg\" \/>\n<meta name=\"twitter:card\" content=\"summary_large_image\" \/>\n<meta name=\"twitter:label1\" content=\"Estimeret l\u00e6setid\" \/>\n\t<meta name=\"twitter:data1\" content=\"7 minutter\" \/>\n<script type=\"application\/ld+json\" class=\"yoast-schema-graph\">{\"@context\":\"https:\/\/schema.org\",\"@graph\":[{\"@type\":\"WebPage\",\"@id\":\"https:\/\/www.otto-keller.de\/da\/produkter\/andre-produkter\/\",\"url\":\"https:\/\/www.otto-keller.de\/da\/produkter\/andre-produkter\/\",\"name\":\"H\u00f8jkvalitets dunsenget\u00f8j fra Tyskland | Otto Keller\",\"isPartOf\":{\"@id\":\"https:\/\/www.otto-keller.de\/da\/#website\"},\"datePublished\":\"2020-11-19T16:48:31+00:00\",\"dateModified\":\"2021-10-27T11:54:32+00:00\",\"description\":\"Udover vores puder og t\u00e6pper tilbyder vi mange andre produkter til en god nats s\u00f8vn. Bes\u00f8g os i dag og se selv!\",\"breadcrumb\":{\"@id\":\"https:\/\/www.otto-keller.de\/da\/produkter\/andre-produkter\/#breadcrumb\"},\"inLanguage\":\"da-DK\",\"potentialAction\":[{\"@type\":\"ReadAction\",\"target\":[\"https:\/\/www.otto-keller.de\/da\/produkter\/andre-produkter\/\"]}]},{\"@type\":\"BreadcrumbList\",\"@id\":\"https:\/\/www.otto-keller.de\/da\/produkter\/andre-produkter\/#breadcrumb\",\"itemListElement\":[{\"@type\":\"ListItem\",\"position\":1,\"name\":\"Startseite\",\"item\":\"https:\/\/www.otto-keller.de\/da\/\"},{\"@type\":\"ListItem\",\"position\":2,\"name\":\"Produkter\",\"item\":\"https:\/\/www.otto-keller.de\/da\/produkter\/\"},{\"@type\":\"ListItem\",\"position\":3,\"name\":\"Andre Produkter\"}]},{\"@type\":\"WebSite\",\"@id\":\"https:\/\/www.otto-keller.de\/da\/#website\",\"url\":\"https:\/\/www.otto-keller.de\/da\/\",\"name\":\"otto-keller.de\",\"description\":\"Hochwertige Feder- und Daunendecken\",\"publisher\":{\"@id\":\"https:\/\/www.otto-keller.de\/da\/#organization\"},\"potentialAction\":[{\"@type\":\"SearchAction\",\"target\":{\"@type\":\"EntryPoint\",\"urlTemplate\":\"https:\/\/www.otto-keller.de\/da\/?s={search_term_string}\"},\"query-input\":{\"@type\":\"PropertyValueSpecification\",\"valueRequired\":true,\"valueName\":\"search_term_string\"}}],\"inLanguage\":\"da-DK\"},{\"@type\":\"Organization\",\"@id\":\"https:\/\/www.otto-keller.de\/da\/#organization\",\"name\":\"Bettfedernfabrik Otto Keller GmbH & Co. KG\",\"url\":\"https:\/\/www.otto-keller.de\/da\/\",\"logo\":{\"@type\":\"ImageObject\",\"inLanguage\":\"da-DK\",\"@id\":\"https:\/\/www.otto-keller.de\/da\/#\/schema\/logo\/image\/\",\"url\":\"https:\/\/www.otto-keller.de\/wp-content\/uploads\/2021\/01\/otto_keller_logo_rgb_schwarz.svg\",\"contentUrl\":\"https:\/\/www.otto-keller.de\/wp-content\/uploads\/2021\/01\/otto_keller_logo_rgb_schwarz.svg\",\"width\":1,\"height\":1,\"caption\":\"Bettfedernfabrik Otto Keller GmbH & Co. KG\"},\"image\":{\"@id\":\"https:\/\/www.otto-keller.de\/da\/#\/schema\/logo\/image\/\"}}]}<\/script>\n<!-- \/ Yoast SEO plugin. -->","yoast_head_json":{"title":"H\u00f8jkvalitets dunsenget\u00f8j fra Tyskland | Otto Keller","description":"Udover vores puder og t\u00e6pper tilbyder vi mange andre produkter til en god nats s\u00f8vn. Bes\u00f8g os i dag og se selv!","robots":{"index":"index","follow":"follow","max-snippet":"max-snippet:-1","max-image-preview":"max-image-preview:large","max-video-preview":"max-video-preview:-1"},"canonical":"https:\/\/www.otto-keller.de\/da\/produkter\/andre-produkter\/","og_locale":"da_DK","og_type":"article","og_title":"H\u00f8jkvalitets dunsenget\u00f8j fra Tyskland | Otto Keller","og_description":"Udover vores puder og t\u00e6pper tilbyder vi mange andre produkter til en god nats s\u00f8vn. Bes\u00f8g os i dag og se selv!","og_url":"https:\/\/www.otto-keller.de\/da\/produkter\/andre-produkter\/","og_site_name":"otto-keller.de","article_modified_time":"2021-10-27T11:54:32+00:00","og_image":[{"width":1200,"height":1200,"url":"https:\/\/www.otto-keller.de\/wp-content\/uploads\/2021\/01\/otto-keller-og-image.jpg","type":"image\/jpeg"}],"twitter_card":"summary_large_image","twitter_misc":{"Estimeret l\u00e6setid":"7 minutter"},"schema":{"@context":"https:\/\/schema.org","@graph":[{"@type":"WebPage","@id":"https:\/\/www.otto-keller.de\/da\/produkter\/andre-produkter\/","url":"https:\/\/www.otto-keller.de\/da\/produkter\/andre-produkter\/","name":"H\u00f8jkvalitets dunsenget\u00f8j fra Tyskland | Otto Keller","isPartOf":{"@id":"https:\/\/www.otto-keller.de\/da\/#website"},"datePublished":"2020-11-19T16:48:31+00:00","dateModified":"2021-10-27T11:54:32+00:00","description":"Udover vores puder og t\u00e6pper tilbyder vi mange andre produkter til en god nats s\u00f8vn. Bes\u00f8g os i dag og se selv!","breadcrumb":{"@id":"https:\/\/www.otto-keller.de\/da\/produkter\/andre-produkter\/#breadcrumb"},"inLanguage":"da-DK","potentialAction":[{"@type":"ReadAction","target":["https:\/\/www.otto-keller.de\/da\/produkter\/andre-produkter\/"]}]},{"@type":"BreadcrumbList","@id":"https:\/\/www.otto-keller.de\/da\/produkter\/andre-produkter\/#breadcrumb","itemListElement":[{"@type":"ListItem","position":1,"name":"Startseite","item":"https:\/\/www.otto-keller.de\/da\/"},{"@type":"ListItem","position":2,"name":"Produkter","item":"https:\/\/www.otto-keller.de\/da\/produkter\/"},{"@type":"ListItem","position":3,"name":"Andre Produkter"}]},{"@type":"WebSite","@id":"https:\/\/www.otto-keller.de\/da\/#website","url":"https:\/\/www.otto-keller.de\/da\/","name":"otto-keller.de","description":"Hochwertige Feder- und Daunendecken","publisher":{"@id":"https:\/\/www.otto-keller.de\/da\/#organization"},"potentialAction":[{"@type":"SearchAction","target":{"@type":"EntryPoint","urlTemplate":"https:\/\/www.otto-keller.de\/da\/?s={search_term_string}"},"query-input":{"@type":"PropertyValueSpecification","valueRequired":true,"valueName":"search_term_string"}}],"inLanguage":"da-DK"},{"@type":"Organization","@id":"https:\/\/www.otto-keller.de\/da\/#organization","name":"Bettfedernfabrik Otto Keller GmbH & Co. KG","url":"https:\/\/www.otto-keller.de\/da\/","logo":{"@type":"ImageObject","inLanguage":"da-DK","@id":"https:\/\/www.otto-keller.de\/da\/#\/schema\/logo\/image\/","url":"https:\/\/www.otto-keller.de\/wp-content\/uploads\/2021\/01\/otto_keller_logo_rgb_schwarz.svg","contentUrl":"https:\/\/www.otto-keller.de\/wp-content\/uploads\/2021\/01\/otto_keller_logo_rgb_schwarz.svg","width":1,"height":1,"caption":"Bettfedernfabrik Otto Keller GmbH & Co. KG"},"image":{"@id":"https:\/\/www.otto-keller.de\/da\/#\/schema\/logo\/image\/"}}]}},"_links":{"self":[{"href":"https:\/\/www.otto-keller.de\/da\/wp-json\/wp\/v2\/pages\/5879","targetHints":{"allow":["GET"]}}],"collection":[{"href":"https:\/\/www.otto-keller.de\/da\/wp-json\/wp\/v2\/pages"}],"about":[{"href":"https:\/\/www.otto-keller.de\/da\/wp-json\/wp\/v2\/types\/page"}],"author":[{"embeddable":true,"href":"https:\/\/www.otto-keller.de\/da\/wp-json\/wp\/v2\/users\/1"}],"replies":[{"embeddable":true,"href":"https:\/\/www.otto-keller.de\/da\/wp-json\/wp\/v2\/comments?post=5879"}],"version-history":[{"count":0,"href":"https:\/\/www.otto-keller.de\/da\/wp-json\/wp\/v2\/pages\/5879\/revisions"}],"up":[{"embeddable":true,"href":"https:\/\/www.otto-keller.de\/da\/wp-json\/wp\/v2\/pages\/7359"}],"wp:attachment":[{"href":"https:\/\/www.otto-keller.de\/da\/wp-json\/wp\/v2\/media?parent=5879"}],"curies":[{"name":"wp","href":"https:\/\/api.w.org\/{rel}","templated":true}]}}