{"id":7243,"date":"2020-11-19T17:46:09","date_gmt":"2020-11-19T16:46:09","guid":{"rendered":"https:\/\/www.otto-keller.de\/decken\/"},"modified":"2021-11-02T10:47:42","modified_gmt":"2021-11-02T09:47:42","slug":"vores-dyner","status":"publish","type":"page","link":"https:\/\/www.otto-keller.de\/da\/vores-dyner\/","title":{"rendered":"Vores dyner"},"content":{"rendered":"<p>[et_pb_section fb_built=&#8221;1&#8243; module_id=&#8221;decken&#8221; _builder_version=&#8221;4.10.7&#8243; _module_preset=&#8221;default&#8221; global_colors_info=&#8221;{}&#8221;][et_pb_row module_class=&#8221;header ganz&#8221; _builder_version=&#8221;4.6.6&#8243; _module_preset=&#8221;default&#8221; width=&#8221;100%&#8221; max_width=&#8221;100%&#8221; custom_padding=&#8221;0px||||false|false&#8221; global_colors_info=&#8221;{}&#8221;][et_pb_column type=&#8221;4_4&#8243; _builder_version=&#8221;4.6.6&#8243; _module_preset=&#8221;default&#8221; global_colors_info=&#8221;{}&#8221;][et_pb_cta module_class=&#8221;bildmittext sort_hoehe&#8221; _builder_version=&#8221;4.10.7&#8243; _module_preset=&#8221;default&#8221; background_enable_color=&#8221;off&#8221; background_enable_image=&#8221;off&#8221; background_video_mp4=&#8221;https:\/\/www.otto-keller.de\/wp-content\/uploads\/2020\/11\/01_Otto_Keller_Header_Covers_1.mp4&#8243; global_colors_info=&#8221;{}&#8221; transform_styles__hover_enabled=&#8221;on|hover&#8221; transform_scale__hover_enabled=&#8221;on|hover&#8221; transform_translate__hover_enabled=&#8221;on|desktop&#8221; transform_rotate__hover_enabled=&#8221;on|desktop&#8221; transform_skew__hover_enabled=&#8221;on|desktop&#8221; transform_origin__hover_enabled=&#8221;on|desktop&#8221;][\/et_pb_cta][\/et_pb_column][\/et_pb_row][et_pb_row module_id=&#8221;produkt0&#8243; module_class=&#8221;text&#8221; _builder_version=&#8221;4.10.7&#8243; _module_preset=&#8221;default&#8221; locked=&#8221;off&#8221; global_colors_info=&#8221;{}&#8221;][et_pb_column type=&#8221;4_4&#8243; _builder_version=&#8221;4.6.6&#8243; _module_preset=&#8221;default&#8221; global_colors_info=&#8221;{}&#8221;][et_pb_text admin_label=&#8221;Kopfkissen von Otto Keller&#8221; module_class=&#8221;ueberschrift&#8221; _builder_version=&#8221;4.10.7&#8243; _module_preset=&#8221;default&#8221; custom_margin_tablet=&#8221;&#8221; custom_margin_phone=&#8221;||0px||false|false&#8221; custom_margin_last_edited=&#8221;on|phone&#8221; global_colors_info=&#8221;{}&#8221;]<\/p>\n<h1><i><span style=\"font-weight: 400;\">Vores dynekvalitet<\/span><\/i><\/h1>\n<p>[\/et_pb_text][et_pb_text _builder_version=&#8221;4.10.7&#8243; _module_preset=&#8221;default&#8221; global_colors_info=&#8221;{}&#8221;]<\/p>\n<p>Vi tilbyder et stort udvalg af forskellige slags fyld, betr\u00e6k og syninger, s\u00e5 alle f\u00e5r n\u00f8jagtigt den dyne, der passer til deres personlige sovevaner. Vores produkters succes skyldes mange \u00e5rs produktionskompetence og udvalgte materialer, der s\u00f8rger for, at vores dyner forbliver bl\u00f8de. Vores bl\u00f8de og fyldige dunfyldninger s\u00f8rger for en s\u00e6rlig h\u00f8j komfort, da de kombineres med en optimal m\u00e6ngde fyld samt et dynebetr\u00e6k med en passende syning af h\u00f8j kvalitet.<\/p>\n<p>[\/et_pb_text][et_pb_code module_class=&#8221;produkt_navi&#8221; _builder_version=&#8221;4.10.7&#8243; _module_preset=&#8221;default&#8221; locked=&#8221;off&#8221; global_colors_info=&#8221;{}&#8221;]<!-- [et_pb_line_break_holder] --><pee><!-- [et_pb_line_break_holder] -->  <a href=\"#decken_eins\" class=\"category-link\">Fyldkvalitet<\/a><!-- [et_pb_line_break_holder] -->  <a href=\"#decken_zwei\" class=\"category-link\">St\u00f8rrelse<\/a><!-- [et_pb_line_break_holder] -->  <a href=\"#decken_drei\" class=\"category-link\">Syning<\/a><!-- [et_pb_line_break_holder] -->  <a href=\"#decken_vier\" class=\"category-link\">Varmegrad<\/a><!-- [et_pb_line_break_holder] --><\/pee>[\/et_pb_code][\/et_pb_column][\/et_pb_row][\/et_pb_section][et_pb_section fb_built=&#8221;1&#8243; fullwidth=&#8221;on&#8221; module_class=&#8221;marken nachhaltigkeit&#8221; _builder_version=&#8221;4.10.7&#8243; _module_preset=&#8221;default&#8221; locked=&#8221;off&#8221; global_colors_info=&#8221;{}&#8221;][et_pb_fullwidth_slider module_class=&#8221;slidermittext kissen_slider sort_hoehe&#8221; _builder_version=&#8221;4.10.7&#8243; _module_preset=&#8221;default&#8221; height=&#8221;100vh&#8221; auto=&#8221;on&#8221; auto_speed=&#8221;4000&#8243; global_colors_info=&#8221;{}&#8221;][et_pb_slide _builder_version=&#8221;4.10.7&#8243; _module_preset=&#8221;default&#8221; background_enable_color=&#8221;off&#8221; background_image=&#8221;https:\/\/www.otto-keller.de\/wp-content\/uploads\/2021\/10\/Otto-Keller_Decken_01.jpg&#8221; background_enable_image=&#8221;on&#8221; global_colors_info=&#8221;{}&#8221; sticky_transition=&#8221;on&#8221;][\/et_pb_slide][\/et_pb_fullwidth_slider][\/et_pb_section][et_pb_section fb_built=&#8221;1&#8243; disabled_on=&#8221;off|off|off&#8221; module_id=&#8221;service2&#8243; module_class=&#8221;lebensquali&#8221; _builder_version=&#8221;4.10.7&#8243; _module_preset=&#8221;default&#8221; locked=&#8221;off&#8221; global_colors_info=&#8221;{}&#8221;][et_pb_row column_structure=&#8221;1_2,1_2&#8243; use_custom_gutter=&#8221;on&#8221; gutter_width=&#8221;4&#8243; disabled_on=&#8221;on|on|off&#8221; module_id=&#8221;decken_eins&#8221; module_class=&#8221;custom_row strich unternehmen&#8221; _builder_version=&#8221;4.10.7&#8243; _module_preset=&#8221;default&#8221; max_width=&#8221;1100px&#8221; module_alignment=&#8221;center&#8221; custom_margin=&#8221;||||false|false&#8221; custom_padding=&#8221;||||false|false&#8221; locked=&#8221;off&#8221; global_colors_info=&#8221;{}&#8221;][et_pb_column type=&#8221;1_2&#8243; module_class=&#8221;wenig&#8221; _builder_version=&#8221;4.7.3&#8243; _module_preset=&#8221;default&#8221; global_colors_info=&#8221;{}&#8221;][et_pb_image src=&#8221;https:\/\/www.otto-keller.de\/wp-content\/uploads\/2021\/10\/Otto-Keller_Decken_02.jpg&#8221; alt=&#8221;Automatisierte Mehrrohr-F\u00fcllmaschine f\u00fcr Bettdecken&#8221; title_text=&#8221;Otto-Keller_Decken_02&#8243; align=&#8221;center&#8221; _builder_version=&#8221;4.10.7&#8243; _module_preset=&#8221;default&#8221; max_width=&#8221;433px&#8221; max_width_tablet=&#8221;100%&#8221; max_width_phone=&#8221;&#8221; max_width_last_edited=&#8221;on|desktop&#8221; module_alignment=&#8221;center&#8221; custom_margin=&#8221;||0px||false|false&#8221; global_colors_info=&#8221;{}&#8221;][\/et_pb_image][\/et_pb_column][et_pb_column type=&#8221;1_2&#8243; _builder_version=&#8221;4.10.7&#8243; _module_preset=&#8221;default&#8221; global_colors_info=&#8221;{}&#8221;][et_pb_text module_class=&#8221;ueberschrift&#8221; _builder_version=&#8221;4.10.7&#8243; _module_preset=&#8221;default&#8221; max_width=&#8221;434px&#8221; global_colors_info=&#8221;{}&#8221;]<\/p>\n<h2>Fyldkvalitet<\/h2>\n<p>[\/et_pb_text][et_pb_text module_class=&#8221;ueberschrift&#8221; _builder_version=&#8221;4.10.7&#8243; _module_preset=&#8221;default&#8221; max_width=&#8221;434px&#8221; global_colors_info=&#8221;{}&#8221;]<\/p>\n<p>Jo h\u00f8jere andel af dun, jo bl\u00f8dere er dynen. Jo st\u00f8rre dunene er, jo mindre fyldv\u00e6gt er n\u00f8dvendig for at opn\u00e5 den samme varmegrad. Med den rette fyldkombination kan selv lette dyner v\u00e6re ekstremt varme og bl\u00f8de.<\/p>\n<p>[\/et_pb_text][\/et_pb_column][\/et_pb_row][et_pb_row use_custom_gutter=&#8221;on&#8221; gutter_width=&#8221;4&#8243; disabled_on=&#8221;off|off|on&#8221; module_id=&#8221;decken_eins&#8221; module_class=&#8221;custom_row strich unternehmen&#8221; _builder_version=&#8221;4.10.7&#8243; _module_preset=&#8221;default&#8221; max_width=&#8221;1100px&#8221; module_alignment=&#8221;center&#8221; custom_margin=&#8221;||||false|false&#8221; custom_padding=&#8221;||||false|false&#8221; locked=&#8221;off&#8221; global_colors_info=&#8221;{}&#8221;][et_pb_column type=&#8221;4_4&#8243; module_class=&#8221;wenig&#8221; _builder_version=&#8221;4.7.3&#8243; _module_preset=&#8221;default&#8221; global_colors_info=&#8221;{}&#8221;][et_pb_text module_class=&#8221;ueberschrift&#8221; _builder_version=&#8221;4.10.7&#8243; _module_preset=&#8221;default&#8221; text_orientation=&#8221;center&#8221; width=&#8221;90%&#8221; module_alignment=&#8221;center&#8221; global_colors_info=&#8221;{}&#8221;]<\/p>\n<h2>Fyldkvalitet<\/h2>\n<p>[\/et_pb_text][et_pb_image src=&#8221;https:\/\/www.otto-keller.de\/wp-content\/uploads\/2021\/10\/Otto-Keller_Decken_02.jpg&#8221; alt=&#8221;Automatisierte Mehrrohr-F\u00fcllmaschine f\u00fcr Bettdecken&#8221; title_text=&#8221;Otto-Keller_Decken_02&#8243; align=&#8221;center&#8221; _builder_version=&#8221;4.10.7&#8243; _module_preset=&#8221;default&#8221; max_width=&#8221;433px&#8221; max_width_tablet=&#8221;100%&#8221; max_width_phone=&#8221;&#8221; max_width_last_edited=&#8221;on|desktop&#8221; module_alignment=&#8221;center&#8221; custom_margin=&#8221;||0px||false|false&#8221; global_colors_info=&#8221;{}&#8221;][\/et_pb_image][et_pb_text module_class=&#8221;text-kasten&#8221; _builder_version=&#8221;4.10.7&#8243; _module_preset=&#8221;default&#8221; text_orientation=&#8221;center&#8221; max_width=&#8221;434px&#8221; module_alignment=&#8221;center&#8221; global_colors_info=&#8221;{}&#8221;][\/et_pb_text][et_pb_text module_class=&#8221;ueberschrift&#8221; _builder_version=&#8221;4.10.7&#8243; _module_preset=&#8221;default&#8221; width=&#8221;90%&#8221; module_alignment=&#8221;center&#8221; global_colors_info=&#8221;{}&#8221;]<\/p>\n<p>Jo h\u00f8jere andel af dun, jo bl\u00f8dere er dynen. Jo st\u00f8rre dunene er, jo mindre fyldv\u00e6gt er n\u00f8dvendig for at opn\u00e5 den samme varmegrad. Med den rette fyldkombination kan selv lette dyner v\u00e6re ekstremt varme og bl\u00f8de.<\/p>\n<p>[\/et_pb_text][\/et_pb_column][\/et_pb_row][\/et_pb_section][et_pb_section fb_built=&#8221;1&#8243; fullwidth=&#8221;on&#8221; module_class=&#8221;marken nachhaltigkeit&#8221; _builder_version=&#8221;4.10.7&#8243; _module_preset=&#8221;default&#8221; locked=&#8221;off&#8221; global_colors_info=&#8221;{}&#8221;][et_pb_fullwidth_slider module_class=&#8221;slidermittext kissen_slider sort_hoehe&#8221; _builder_version=&#8221;4.10.7&#8243; _module_preset=&#8221;default&#8221; height=&#8221;100vh&#8221; auto=&#8221;on&#8221; auto_speed=&#8221;4000&#8243; global_colors_info=&#8221;{}&#8221;][et_pb_slide _builder_version=&#8221;4.10.7&#8243; _module_preset=&#8221;default&#8221; background_enable_color=&#8221;off&#8221; background_image=&#8221;https:\/\/www.otto-keller.de\/wp-content\/uploads\/2021\/10\/Otto-Keller_Decken_03.jpg&#8221; background_enable_image=&#8221;on&#8221; global_colors_info=&#8221;{}&#8221; sticky_transition=&#8221;on&#8221;][\/et_pb_slide][\/et_pb_fullwidth_slider][\/et_pb_section][et_pb_section fb_built=&#8221;1&#8243; module_id=&#8221;service2&#8243; module_class=&#8221;lebensquali&#8221; _builder_version=&#8221;4.10.7&#8243; _module_preset=&#8221;default&#8221; locked=&#8221;off&#8221; global_colors_info=&#8221;{}&#8221;][et_pb_row column_structure=&#8221;1_2,1_2&#8243; use_custom_gutter=&#8221;on&#8221; gutter_width=&#8221;4&#8243; disabled_on=&#8221;on|on|off&#8221; module_id=&#8221;decken_zwei&#8221; module_class=&#8221;custom_row strich unternehmen&#8221; _builder_version=&#8221;4.10.7&#8243; _module_preset=&#8221;default&#8221; max_width=&#8221;1100px&#8221; custom_margin=&#8221;||||false|false&#8221; custom_padding=&#8221;|||100px|false|false&#8221; locked=&#8221;off&#8221; global_colors_info=&#8221;{}&#8221;][et_pb_column type=&#8221;1_2&#8243; module_class=&#8221;wenig&#8221; _builder_version=&#8221;4.7.3&#8243; _module_preset=&#8221;default&#8221; global_colors_info=&#8221;{}&#8221;][et_pb_text module_class=&#8221;ueberschrift&#8221; _builder_version=&#8221;4.10.7&#8243; _module_preset=&#8221;default&#8221; max_width=&#8221;434px&#8221; module_alignment=&#8221;center&#8221; global_colors_info=&#8221;{}&#8221;]<\/p>\n<h2>St\u00f8rrelse<\/h2>\n<p>&nbsp;<\/p>\n<p>Der er tre standardst\u00f8rrelser for senget\u00f8j i Tyskland:135\u00d7200 cm, 155\u00d7220 cm, 200\u00d7200 cm. For at finde de optimale m\u00e5l p\u00e5 ens egen dyne er det n\u00f8dvendigt at tage ens kropsst\u00f8rrelse i betragtning samt ikke at spare p\u00e5 de ekstra cm. der skal til, for at f\u00e5 den helt ideelle komfort. <strong>Som tommelfingerregel g\u00e6lder: L\u00e6ngde = kropsh\u00f8jde + 20-30 cm.Bredde = kropsomkreds + 30 cm.<\/strong><\/p>\n<p>[\/et_pb_text][\/et_pb_column][et_pb_column type=&#8221;1_2&#8243; _builder_version=&#8221;4.10.7&#8243; _module_preset=&#8221;default&#8221; global_colors_info=&#8221;{}&#8221;][et_pb_image src=&#8221;https:\/\/www.otto-keller.de\/wp-content\/uploads\/2021\/10\/Otto-Keller_Decken_04.jpg&#8221; alt=&#8221;Automatisierte Mehrrohr-F\u00fcllmaschine f\u00fcr Bettdecken&#8221; title_text=&#8221;Otto-Keller_Decken_04&#8243; align=&#8221;center&#8221; _builder_version=&#8221;4.10.7&#8243; _module_preset=&#8221;default&#8221; max_width=&#8221;433px&#8221; max_width_tablet=&#8221;100%&#8221; max_width_phone=&#8221;&#8221; max_width_last_edited=&#8221;on|desktop&#8221; module_alignment=&#8221;center&#8221; custom_margin=&#8221;||0px||false|false&#8221; global_colors_info=&#8221;{}&#8221;][\/et_pb_image][\/et_pb_column][\/et_pb_row][et_pb_row use_custom_gutter=&#8221;on&#8221; gutter_width=&#8221;4&#8243; disabled_on=&#8221;off|off|on&#8221; module_id=&#8221;decken_zwei&#8221; module_class=&#8221;custom_row strich unternehmen&#8221; _builder_version=&#8221;4.10.7&#8243; _module_preset=&#8221;default&#8221; max_width=&#8221;1100px&#8221; custom_margin=&#8221;||||false|false&#8221; custom_padding=&#8221;||||false|false&#8221; locked=&#8221;off&#8221; global_colors_info=&#8221;{}&#8221;][et_pb_column type=&#8221;4_4&#8243; module_class=&#8221;wenig&#8221; _builder_version=&#8221;4.7.3&#8243; _module_preset=&#8221;default&#8221; global_colors_info=&#8221;{}&#8221;][et_pb_text module_class=&#8221;ueberschrift&#8221; _builder_version=&#8221;4.10.7&#8243; _module_preset=&#8221;default&#8221; text_orientation=&#8221;center&#8221; max_width=&#8221;434px&#8221; module_alignment=&#8221;center&#8221; global_colors_info=&#8221;{}&#8221;]<\/p>\n<h2>St\u00f8rrelse<\/h2>\n<p>[\/et_pb_text][et_pb_image src=&#8221;https:\/\/www.otto-keller.de\/wp-content\/uploads\/2021\/10\/Otto-Keller_Decken_04.jpg&#8221; alt=&#8221;Automatisierte Mehrrohr-F\u00fcllmaschine f\u00fcr Bettdecken&#8221; title_text=&#8221;Otto-Keller_Decken_04&#8243; align=&#8221;center&#8221; _builder_version=&#8221;4.10.7&#8243; _module_preset=&#8221;default&#8221; max_width=&#8221;433px&#8221; max_width_tablet=&#8221;100%&#8221; max_width_phone=&#8221;&#8221; max_width_last_edited=&#8221;on|desktop&#8221; module_alignment=&#8221;center&#8221; custom_margin=&#8221;||0px||false|false&#8221; global_colors_info=&#8221;{}&#8221;][\/et_pb_image][et_pb_text module_class=&#8221;text-kasten&#8221; _builder_version=&#8221;4.10.7&#8243; _module_preset=&#8221;default&#8221; text_orientation=&#8221;center&#8221; max_width=&#8221;434px&#8221; module_alignment=&#8221;center&#8221; global_colors_info=&#8221;{}&#8221;][\/et_pb_text][et_pb_text module_class=&#8221;ueberschrift&#8221; _builder_version=&#8221;4.10.7&#8243; _module_preset=&#8221;default&#8221; width=&#8221;90%&#8221; module_alignment=&#8221;center&#8221; global_colors_info=&#8221;{}&#8221;]<\/p>\n<p>Der er tre standardst\u00f8rrelser for senget\u00f8j i Tyskland:135\u00d7200 cm, 155\u00d7220 cm, 200\u00d7200 cm. For at finde de optimale m\u00e5l p\u00e5 ens egen dyne er det n\u00f8dvendigt at tage ens kropsst\u00f8rrelse i betragtning samt ikke at spare p\u00e5 de ekstra cm. der skal til, for at f\u00e5 den helt ideelle komfort. <strong>Som tommelfingerregel g\u00e6lder: L\u00e6ngde = kropsh\u00f8jde + 20-30 cm.Bredde = kropsomkreds + 30 cm.<\/strong><\/p>\n<p>[\/et_pb_text][\/et_pb_column][\/et_pb_row][\/et_pb_section][et_pb_section fb_built=&#8221;1&#8243; fullwidth=&#8221;on&#8221; module_class=&#8221;marken nachhaltigkeit&#8221; _builder_version=&#8221;4.10.7&#8243; _module_preset=&#8221;default&#8221; locked=&#8221;off&#8221; global_colors_info=&#8221;{}&#8221;][et_pb_fullwidth_slider module_class=&#8221;slidermittext kissen_slider sort_hoehe&#8221; _builder_version=&#8221;4.10.7&#8243; _module_preset=&#8221;default&#8221; height=&#8221;100vh&#8221; auto=&#8221;on&#8221; auto_speed=&#8221;4000&#8243; global_colors_info=&#8221;{}&#8221;][et_pb_slide _builder_version=&#8221;4.10.7&#8243; _module_preset=&#8221;default&#8221; background_enable_color=&#8221;off&#8221; background_image=&#8221;https:\/\/www.otto-keller.de\/wp-content\/uploads\/2021\/10\/Otto-Keller_Decken_05.jpg&#8221; background_enable_image=&#8221;on&#8221; global_colors_info=&#8221;{}&#8221; sticky_transition=&#8221;on&#8221;][\/et_pb_slide][\/et_pb_fullwidth_slider][\/et_pb_section][et_pb_section fb_built=&#8221;1&#8243; module_id=&#8221;service2&#8243; module_class=&#8221;lebensquali&#8221; _builder_version=&#8221;4.10.7&#8243; _module_preset=&#8221;default&#8221; locked=&#8221;off&#8221; global_colors_info=&#8221;{}&#8221;][et_pb_row column_structure=&#8221;1_2,1_2&#8243; use_custom_gutter=&#8221;on&#8221; gutter_width=&#8221;4&#8243; disabled_on=&#8221;on|on|off&#8221; module_id=&#8221;decken_drei&#8221; module_class=&#8221;custom_row strich unternehmen&#8221; _builder_version=&#8221;4.10.7&#8243; _module_preset=&#8221;default&#8221; max_width=&#8221;1100px&#8221; module_alignment=&#8221;center&#8221; custom_margin=&#8221;||||false|false&#8221; custom_padding=&#8221;||||false|false&#8221; locked=&#8221;off&#8221; global_colors_info=&#8221;{}&#8221;][et_pb_column type=&#8221;1_2&#8243; module_class=&#8221;wenig&#8221; _builder_version=&#8221;4.7.3&#8243; _module_preset=&#8221;default&#8221; global_colors_info=&#8221;{}&#8221;][et_pb_image src=&#8221;https:\/\/www.otto-keller.de\/wp-content\/uploads\/2021\/10\/Otto-Keller_Decken_06.jpg&#8221; alt=&#8221;Automatisierte Mehrrohr-F\u00fcllmaschine f\u00fcr Bettdecken&#8221; title_text=&#8221;Otto-Keller_Decken_06&#8243; align=&#8221;center&#8221; _builder_version=&#8221;4.10.7&#8243; _module_preset=&#8221;default&#8221; max_width=&#8221;433px&#8221; max_width_tablet=&#8221;100%&#8221; max_width_phone=&#8221;&#8221; max_width_last_edited=&#8221;on|desktop&#8221; module_alignment=&#8221;center&#8221; custom_margin=&#8221;||0px||false|false&#8221; global_colors_info=&#8221;{}&#8221;][\/et_pb_image][\/et_pb_column][et_pb_column type=&#8221;1_2&#8243; _builder_version=&#8221;4.10.7&#8243; _module_preset=&#8221;default&#8221; global_colors_info=&#8221;{}&#8221;][et_pb_text module_class=&#8221;ueberschrift&#8221; _builder_version=&#8221;4.10.7&#8243; _module_preset=&#8221;default&#8221; max_width=&#8221;434px&#8221; module_alignment=&#8221;center&#8221; global_colors_info=&#8221;{}&#8221;]<\/p>\n<h2>Syning<\/h2>\n<p>&nbsp;<\/p>\n<p><span>En dundynes smygbarhed afh\u00e6nger stort set af dens syning. Den rette syning afh\u00e6nger af fyldmateriale og -v\u00e6gt.Forskellige syninger giver forskellige typer af dyner. De popul\u00e6reste er kassettedyner, dunfyldte dyner, samt kammer- og punktsyede dyner.<\/span><\/p>\n<p>[\/et_pb_text][\/et_pb_column][\/et_pb_row][et_pb_row use_custom_gutter=&#8221;on&#8221; gutter_width=&#8221;4&#8243; disabled_on=&#8221;off|off|on&#8221; module_id=&#8221;decken_drei&#8221; module_class=&#8221;custom_row strich unternehmen&#8221; _builder_version=&#8221;4.10.7&#8243; _module_preset=&#8221;default&#8221; max_width=&#8221;1100px&#8221; module_alignment=&#8221;center&#8221; custom_margin=&#8221;||||false|false&#8221; custom_padding=&#8221;||||false|false&#8221; locked=&#8221;off&#8221; global_colors_info=&#8221;{}&#8221;][et_pb_column type=&#8221;4_4&#8243; module_class=&#8221;wenig&#8221; _builder_version=&#8221;4.7.3&#8243; _module_preset=&#8221;default&#8221; global_colors_info=&#8221;{}&#8221;][et_pb_text module_class=&#8221;ueberschrift&#8221; _builder_version=&#8221;4.10.7&#8243; _module_preset=&#8221;default&#8221; text_orientation=&#8221;center&#8221; max_width=&#8221;434px&#8221; module_alignment=&#8221;center&#8221; global_colors_info=&#8221;{}&#8221;]<\/p>\n<h2>Syning<\/h2>\n<p>[\/et_pb_text][et_pb_image src=&#8221;https:\/\/www.otto-keller.de\/wp-content\/uploads\/2021\/10\/Otto-Keller_Decken_06.jpg&#8221; alt=&#8221;Automatisierte Mehrrohr-F\u00fcllmaschine f\u00fcr Bettdecken&#8221; title_text=&#8221;Otto-Keller_Decken_06&#8243; align=&#8221;center&#8221; _builder_version=&#8221;4.10.7&#8243; _module_preset=&#8221;default&#8221; max_width=&#8221;433px&#8221; max_width_tablet=&#8221;100%&#8221; max_width_phone=&#8221;&#8221; max_width_last_edited=&#8221;on|desktop&#8221; module_alignment=&#8221;center&#8221; custom_margin=&#8221;||0px||false|false&#8221; global_colors_info=&#8221;{}&#8221;][\/et_pb_image][et_pb_text module_class=&#8221;text-kasten&#8221; _builder_version=&#8221;4.10.7&#8243; _module_preset=&#8221;default&#8221; text_orientation=&#8221;center&#8221; max_width=&#8221;434px&#8221; module_alignment=&#8221;center&#8221; global_colors_info=&#8221;{}&#8221;][\/et_pb_text][et_pb_text module_class=&#8221;ueberschrift&#8221; _builder_version=&#8221;4.10.7&#8243; _module_preset=&#8221;default&#8221; width=&#8221;90%&#8221; module_alignment=&#8221;center&#8221; global_colors_info=&#8221;{}&#8221;]<\/p>\n<p><span>En dundynes smygbarhed afh\u00e6nger stort set af dens syning. Den rette syning afh\u00e6nger af fyldmateriale og -v\u00e6gt.Forskellige syninger giver forskellige typer af dyner. De popul\u00e6reste er kassettedyner, dunfyldte dyner, samt kammer- og punktsyede dyner.<\/span><\/p>\n<p>[\/et_pb_text][\/et_pb_column][\/et_pb_row][\/et_pb_section][et_pb_section fb_built=&#8221;1&#8243; fullwidth=&#8221;on&#8221; module_class=&#8221;marken nachhaltigkeit&#8221; _builder_version=&#8221;4.10.7&#8243; _module_preset=&#8221;default&#8221; locked=&#8221;off&#8221; global_colors_info=&#8221;{}&#8221;][et_pb_fullwidth_slider module_class=&#8221;slidermittext kissen_slider sort_hoehe&#8221; _builder_version=&#8221;4.10.7&#8243; _module_preset=&#8221;default&#8221; height=&#8221;100vh&#8221; auto=&#8221;on&#8221; auto_speed=&#8221;4000&#8243; global_colors_info=&#8221;{}&#8221;][et_pb_slide _builder_version=&#8221;4.10.7&#8243; _module_preset=&#8221;default&#8221; background_enable_color=&#8221;off&#8221; background_image=&#8221;https:\/\/www.otto-keller.de\/wp-content\/uploads\/2021\/10\/Otto-Keller_Decken_neu_07.jpg&#8221; background_enable_image=&#8221;on&#8221; global_colors_info=&#8221;{}&#8221; sticky_transition=&#8221;on&#8221;][\/et_pb_slide][\/et_pb_fullwidth_slider][\/et_pb_section][et_pb_section fb_built=&#8221;1&#8243; module_id=&#8221;service2&#8243; module_class=&#8221;lebensquali&#8221; _builder_version=&#8221;4.10.7&#8243; _module_preset=&#8221;default&#8221; locked=&#8221;off&#8221; global_colors_info=&#8221;{}&#8221;][et_pb_row column_structure=&#8221;1_2,1_2&#8243; use_custom_gutter=&#8221;on&#8221; gutter_width=&#8221;4&#8243; disabled_on=&#8221;on|on|off&#8221; module_id=&#8221;decken_vier&#8221; module_class=&#8221;custom_row strich unternehmen&#8221; _builder_version=&#8221;4.10.7&#8243; _module_preset=&#8221;default&#8221; max_width=&#8221;1100px&#8221; module_alignment=&#8221;center&#8221; custom_margin=&#8221;||||false|false&#8221; custom_padding=&#8221;||||false|false&#8221; locked=&#8221;off&#8221; global_colors_info=&#8221;{}&#8221;][et_pb_column type=&#8221;1_2&#8243; module_class=&#8221;wenig&#8221; _builder_version=&#8221;4.7.3&#8243; _module_preset=&#8221;default&#8221; global_colors_info=&#8221;{}&#8221;][et_pb_text module_class=&#8221;ueberschrift&#8221; _builder_version=&#8221;4.10.7&#8243; _module_preset=&#8221;default&#8221; max_width=&#8221;434px&#8221; module_alignment=&#8221;center&#8221; global_colors_info=&#8221;{}&#8221;]<\/p>\n<h2>Varmegrad<\/h2>\n<p>&nbsp;<\/p>\n<p><span>Dynens varmegrad b\u00f8r prim\u00e6rt v\u00e6lges ud fra sovev\u00e6relsestemperaturen. Man g\u00e5r almindeligvist ud fra, at den optimale sovev\u00e6relsestemperatur er omkring 18\u00b0C. Udover rumtemperaturen er dine egne sovevaner, individuelle varmebehov og egen kropsvarme vigtige faktorer, n\u00e5r du v\u00e6lger en dyne.<\/span><\/p>\n<p>[\/et_pb_text][\/et_pb_column][et_pb_column type=&#8221;1_2&#8243; _builder_version=&#8221;4.10.7&#8243; _module_preset=&#8221;default&#8221; global_colors_info=&#8221;{}&#8221;][et_pb_image src=&#8221;https:\/\/www.otto-keller.de\/wp-content\/uploads\/2021\/10\/Otto-Keller_Decken_neu_08.jpg&#8221; alt=&#8221;Decken&#8221; title_text=&#8221;Otto-Keller_Decken_08&#8243; align=&#8221;center&#8221; _builder_version=&#8221;4.10.7&#8243; _module_preset=&#8221;default&#8221; max_width=&#8221;433px&#8221; max_width_tablet=&#8221;100%&#8221; max_width_phone=&#8221;&#8221; max_width_last_edited=&#8221;on|desktop&#8221; module_alignment=&#8221;center&#8221; custom_margin=&#8221;||0px||false|false&#8221; global_colors_info=&#8221;{}&#8221;][\/et_pb_image][\/et_pb_column][\/et_pb_row][et_pb_row use_custom_gutter=&#8221;on&#8221; gutter_width=&#8221;4&#8243; disabled_on=&#8221;off|off|on&#8221; module_id=&#8221;decken_vier&#8221; module_class=&#8221;custom_row strich unternehmen&#8221; _builder_version=&#8221;4.10.7&#8243; _module_preset=&#8221;default&#8221; max_width=&#8221;1100px&#8221; module_alignment=&#8221;center&#8221; custom_margin=&#8221;||||false|false&#8221; custom_padding=&#8221;||||false|false&#8221; locked=&#8221;off&#8221; global_colors_info=&#8221;{}&#8221;][et_pb_column type=&#8221;4_4&#8243; module_class=&#8221;wenig&#8221; _builder_version=&#8221;4.7.3&#8243; _module_preset=&#8221;default&#8221; global_colors_info=&#8221;{}&#8221;][et_pb_text module_class=&#8221;ueberschrift&#8221; _builder_version=&#8221;4.10.7&#8243; _module_preset=&#8221;default&#8221; text_orientation=&#8221;center&#8221; max_width=&#8221;434px&#8221; module_alignment=&#8221;center&#8221; global_colors_info=&#8221;{}&#8221;]<\/p>\n<h2>Varmegrad<\/h2>\n<p>[\/et_pb_text][et_pb_image src=&#8221;https:\/\/www.otto-keller.de\/wp-content\/uploads\/2021\/10\/Otto-Keller_Decken_neu_08.jpg&#8221; alt=&#8221;Decken&#8221; title_text=&#8221;Otto-Keller_Decken_08&#8243; align=&#8221;center&#8221; _builder_version=&#8221;4.10.7&#8243; _module_preset=&#8221;default&#8221; max_width=&#8221;433px&#8221; max_width_tablet=&#8221;100%&#8221; max_width_phone=&#8221;&#8221; max_width_last_edited=&#8221;on|desktop&#8221; module_alignment=&#8221;center&#8221; custom_margin=&#8221;||0px||false|false&#8221; global_colors_info=&#8221;{}&#8221;][\/et_pb_image][et_pb_text module_class=&#8221;text-kasten&#8221; _builder_version=&#8221;4.10.7&#8243; _module_preset=&#8221;default&#8221; text_orientation=&#8221;center&#8221; max_width=&#8221;434px&#8221; module_alignment=&#8221;center&#8221; global_colors_info=&#8221;{}&#8221;][\/et_pb_text][et_pb_text module_class=&#8221;ueberschrift&#8221; _builder_version=&#8221;4.10.7&#8243; _module_preset=&#8221;default&#8221; width=&#8221;90%&#8221; module_alignment=&#8221;center&#8221; global_colors_info=&#8221;{}&#8221;]<\/p>\n<p><span>Dynens varmegrad b\u00f8r prim\u00e6rt v\u00e6lges ud fra sovev\u00e6relsestemperaturen. Man g\u00e5r almindeligvist ud fra, at den optimale sovev\u00e6relsestemperatur er omkring 18\u00b0C. Udover rumtemperaturen er dine egne sovevaner, individuelle varmebehov og egen kropsvarme vigtige faktorer, n\u00e5r du v\u00e6lger en dyne.<\/span><\/p>\n<p>[\/et_pb_text][\/et_pb_column][\/et_pb_row][\/et_pb_section][et_pb_section fb_built=&#8221;1&#8243; fullwidth=&#8221;on&#8221; module_class=&#8221;marken nachhaltigkeit&#8221; _builder_version=&#8221;4.10.7&#8243; _module_preset=&#8221;default&#8221; locked=&#8221;off&#8221; global_colors_info=&#8221;{}&#8221;][et_pb_fullwidth_slider module_class=&#8221;slidermittext kissen_slider sort_hoehe&#8221; _builder_version=&#8221;4.10.7&#8243; _module_preset=&#8221;default&#8221; height=&#8221;100vh&#8221; auto=&#8221;on&#8221; auto_speed=&#8221;4000&#8243; global_colors_info=&#8221;{}&#8221;][et_pb_slide _builder_version=&#8221;4.10.7&#8243; _module_preset=&#8221;default&#8221; background_enable_color=&#8221;off&#8221; background_image=&#8221;https:\/\/www.otto-keller.de\/wp-content\/uploads\/2021\/10\/Otto-Keller_Decken_09.jpg&#8221; background_enable_image=&#8221;on&#8221; global_colors_info=&#8221;{}&#8221; sticky_transition=&#8221;on&#8221;][\/et_pb_slide][\/et_pb_fullwidth_slider][\/et_pb_section][et_pb_section fb_built=&#8221;1&#8243; module_id=&#8221;service2&#8243; module_class=&#8221;lebensquali&#8221; _builder_version=&#8221;4.10.7&#8243; _module_preset=&#8221;default&#8221; locked=&#8221;off&#8221; global_colors_info=&#8221;{}&#8221;][et_pb_row column_structure=&#8221;1_2,1_2&#8243; use_custom_gutter=&#8221;on&#8221; gutter_width=&#8221;4&#8243; disabled_on=&#8221;on|on|off&#8221; module_class=&#8221;custom_row strich unternehmen&#8221; _builder_version=&#8221;4.10.7&#8243; _module_preset=&#8221;default&#8221; max_width=&#8221;1100px&#8221; custom_margin=&#8221;||||false|false&#8221; custom_padding=&#8221;||||false|false&#8221; locked=&#8221;off&#8221; global_colors_info=&#8221;{}&#8221;][et_pb_column type=&#8221;1_2&#8243; module_class=&#8221;wenig&#8221; _builder_version=&#8221;4.7.3&#8243; _module_preset=&#8221;default&#8221; global_colors_info=&#8221;{}&#8221;][et_pb_image src=&#8221;https:\/\/www.otto-keller.de\/wp-content\/uploads\/2021\/10\/Otto-Keller_Decken_10.jpg&#8221; alt=&#8221;Automatisierte Mehrrohr-F\u00fcllmaschine f\u00fcr Bettdecken&#8221; title_text=&#8221;Otto-Keller_Decken_10&#8243; align=&#8221;center&#8221; _builder_version=&#8221;4.10.7&#8243; _module_preset=&#8221;default&#8221; max_width=&#8221;433px&#8221; max_width_tablet=&#8221;100%&#8221; max_width_phone=&#8221;&#8221; max_width_last_edited=&#8221;on|desktop&#8221; module_alignment=&#8221;center&#8221; custom_margin=&#8221;||0px||false|false&#8221; global_colors_info=&#8221;{}&#8221;][\/et_pb_image][\/et_pb_column][et_pb_column type=&#8221;1_2&#8243; _builder_version=&#8221;4.10.7&#8243; _module_preset=&#8221;default&#8221; global_colors_info=&#8221;{}&#8221;][et_pb_text module_class=&#8221;ueberschrift&#8221; _builder_version=&#8221;4.10.7&#8243; _module_preset=&#8221;default&#8221; max_width=&#8221;434px&#8221; module_alignment=&#8221;center&#8221; global_colors_info=&#8221;{}&#8221;]<\/p>\n<h2 class=\"tw-data-text tw-text-large XcVN5d tw-ta\" data-placeholder=\"\u00dcbersetzung\" id=\"tw-target-text\" dir=\"ltr\"><span class=\"Y2IQFc\" lang=\"da\">Kvalitet fra Otto Keller<\/span><\/h2>\n<p>&nbsp;<\/p>\n<p class=\"tw-data-text tw-text-large XcVN5d tw-ta\" data-placeholder=\"\u00dcbersetzung\" id=\"tw-target-text\" dir=\"ltr\"><span class=\"Y2IQFc\" lang=\"da\">De mest moderne produktionsstandarder og h\u00f8jt kvalificeret h\u00e5ndv\u00e6rk kombineres i den traditionelle tyske virksomhed med den dokumenterede Otto Keller -kvalitet. De strengeste kvalitetsstandarder g\u00e6lder for vores dyner. S\u00e5 du altid har f\u00f8rsteklasses sovekomfort med din dundyne, finder du nyttige oplysninger om dunpleje her.<\/span><\/p>\n<p>[\/et_pb_text][\/et_pb_column][\/et_pb_row][et_pb_row use_custom_gutter=&#8221;on&#8221; gutter_width=&#8221;4&#8243; disabled_on=&#8221;off|off|on&#8221; module_class=&#8221;custom_row strich unternehmen&#8221; _builder_version=&#8221;4.10.7&#8243; _module_preset=&#8221;default&#8221; max_width=&#8221;1100px&#8221; custom_margin=&#8221;||||false|false&#8221; custom_padding=&#8221;||||false|false&#8221; locked=&#8221;off&#8221; global_colors_info=&#8221;{}&#8221;][et_pb_column type=&#8221;4_4&#8243; module_class=&#8221;wenig&#8221; _builder_version=&#8221;4.7.3&#8243; _module_preset=&#8221;default&#8221; global_colors_info=&#8221;{}&#8221;][et_pb_text module_class=&#8221;ueberschrift&#8221; _builder_version=&#8221;4.10.7&#8243; _module_preset=&#8221;default&#8221; text_orientation=&#8221;center&#8221; max_width=&#8221;434px&#8221; module_alignment=&#8221;center&#8221; global_colors_info=&#8221;{}&#8221;]<\/p>\n<h2 class=\"tw-data-text tw-text-large XcVN5d tw-ta\" data-placeholder=\"\u00dcbersetzung\" id=\"tw-target-text\" dir=\"ltr\"><span class=\"Y2IQFc\" lang=\"da\">Kvalitet fra Otto Keller<\/span><\/h2>\n<p>[\/et_pb_text][et_pb_image src=&#8221;https:\/\/www.otto-keller.de\/wp-content\/uploads\/2021\/10\/Otto-Keller_Decken_10.jpg&#8221; alt=&#8221;Automatisierte Mehrrohr-F\u00fcllmaschine f\u00fcr Bettdecken&#8221; title_text=&#8221;Otto-Keller_Decken_10&#8243; align=&#8221;center&#8221; _builder_version=&#8221;4.10.7&#8243; _module_preset=&#8221;default&#8221; max_width=&#8221;433px&#8221; max_width_tablet=&#8221;100%&#8221; max_width_phone=&#8221;&#8221; max_width_last_edited=&#8221;on|desktop&#8221; module_alignment=&#8221;center&#8221; custom_margin=&#8221;||0px||false|false&#8221; global_colors_info=&#8221;{}&#8221;][\/et_pb_image][et_pb_text module_class=&#8221;text-kasten&#8221; _builder_version=&#8221;4.10.7&#8243; _module_preset=&#8221;default&#8221; text_orientation=&#8221;center&#8221; max_width=&#8221;434px&#8221; module_alignment=&#8221;center&#8221; global_colors_info=&#8221;{}&#8221;][\/et_pb_text][et_pb_text module_class=&#8221;ueberschrift&#8221; _builder_version=&#8221;4.10.7&#8243; _module_preset=&#8221;default&#8221; width=&#8221;90%&#8221; module_alignment=&#8221;center&#8221; global_colors_info=&#8221;{}&#8221;]<\/p>\n<p><span class=\"Y2IQFc\" lang=\"da\">De mest moderne produktionsstandarder og h\u00f8jt kvalificeret h\u00e5ndv\u00e6rk kombineres i den traditionelle tyske virksomhed med den dokumenterede Otto Keller -kvalitet. De strengeste kvalitetsstandarder g\u00e6lder for vores dyner. S\u00e5 du altid har f\u00f8rsteklasses sovekomfort med din dundyne, finder du nyttige oplysninger om dunpleje her.<\/span><\/p>\n<p>[\/et_pb_text][\/et_pb_column][\/et_pb_row][\/et_pb_section][et_pb_section fb_built=&#8221;1&#8243; module_id=&#8221;produkt1&#8243; module_class=&#8221;banner&#8221; _builder_version=&#8221;4.10.7&#8243; _module_preset=&#8221;default&#8221; background_color=&#8221;#dbd5cd&#8221; custom_padding=&#8221;65px||65px||false|false&#8221; locked=&#8221;off&#8221; global_colors_info=&#8221;{}&#8221;][et_pb_row module_class=&#8221;text&#8221; _builder_version=&#8221;4.7.3&#8243; _module_preset=&#8221;default&#8221; background_enable_color=&#8221;off&#8221; custom_padding=&#8221;||||false|false&#8221; animation_style=&#8221;slide&#8221; animation_direction=&#8221;bottom&#8221; animation_duration=&#8221;1500ms&#8221; animation_intensity_slide=&#8221;15%&#8221; global_colors_info=&#8221;{}&#8221;][et_pb_column type=&#8221;4_4&#8243; _builder_version=&#8221;4.6.6&#8243; _module_preset=&#8221;default&#8221; global_colors_info=&#8221;{}&#8221;][et_pb_text _builder_version=&#8221;4.10.7&#8243; _module_preset=&#8221;default&#8221; text_font=&#8221;||||||||&#8221; text_font_size=&#8221;28px&#8221; text_line_height=&#8221;36.4px&#8221; header_3_text_color=&#8221;#ffffff&#8221; header_3_font_size=&#8221;28px&#8221; header_3_line_height=&#8221;1.5em&#8221; text_orientation=&#8221;center&#8221; header_3_font_size_tablet=&#8221;20px&#8221; header_3_font_size_phone=&#8221;&#8221; header_3_font_size_last_edited=&#8221;on|tablet&#8221; global_colors_info=&#8221;{}&#8221;]<\/p>\n<p class=\"tw-data-text tw-text-large XcVN5d tw-ta\" data-placeholder=\"\u00dcbersetzung\" dir=\"ltr\"><span class=\"Y2IQFc\" lang=\"da\">Hvis du vil l\u00e6re mere om vores m\u00e6rker af <\/span><span style=\"font-weight: 400;\"><\/span><span class=\"Y2IQFc\" lang=\"da\">vores dyner<\/span><span style=\"font-weight: 400;\">:\u00a0<\/span><\/p>\n<p><a class=\"mehr-erfahren\" style=\"color: #4c564a; border-bottom: 1px solid #4C564A;\" href=\"\/da\/produkter#marken_anker\/\">Til vores m\u00e6rker<\/a>[\/et_pb_text][\/et_pb_column][\/et_pb_row][\/et_pb_section][et_pb_section fb_built=&#8221;1&#8243; _builder_version=&#8221;4.6.6&#8243; _module_preset=&#8221;default&#8221; custom_padding=&#8221;0px|||||&#8221; global_colors_info=&#8221;{}&#8221;][et_pb_row column_structure=&#8221;1_5,3_5,1_5&#8243; module_class=&#8221;ansprechpartner&#8221; _builder_version=&#8221;4.6.6&#8243; _module_preset=&#8221;default&#8221; global_colors_info=&#8221;{}&#8221;][et_pb_column type=&#8221;1_5&#8243; _builder_version=&#8221;4.6.6&#8243; _module_preset=&#8221;default&#8221; global_colors_info=&#8221;{}&#8221;][\/et_pb_column][et_pb_column type=&#8221;3_5&#8243; _builder_version=&#8221;4.6.6&#8243; _module_preset=&#8221;default&#8221; global_colors_info=&#8221;{}&#8221;][et_pb_team_member name=&#8221;Din kontaktperson&#8221; image_url=&#8221;https:\/\/www.otto-keller.de\/wp-content\/uploads\/2020\/11\/Covers_-furtherproducts_OK_Mitarbeiter_Prtraits_Web_7.jpg&#8221; module_class=&#8221;kleinesbild&#8221; _builder_version=&#8221;4.10.7&#8243; _module_preset=&#8221;default&#8221; header_level=&#8221;h2&#8243; border_radii_image=&#8221;on|50%|50%|50%|50%&#8221; global_colors_info=&#8221;{}&#8221;]<\/p>\n<p>Thomas Reinermann<\/p>\n<p>Du kan ringe til os fra mandag til fredag mellem klokken 8 og 16.30, hvor vi besvarer dine sp\u00f8rgsm\u00e5l.<br \/>T:\u00a0+49 (0) 2505 9337-16<br \/> F: +49 (0) 2505 9337-77<br \/> M: <a href=\"mailto:t.reinermann@otto-keller.de\">t.reinermann@otto-keller.de<\/a><\/p>\n<p>[\/et_pb_team_member][\/et_pb_column][et_pb_column type=&#8221;1_5&#8243; _builder_version=&#8221;4.6.6&#8243; _module_preset=&#8221;default&#8221; global_colors_info=&#8221;{}&#8221;][\/et_pb_column][\/et_pb_row][\/et_pb_section]<\/p>\n","protected":false},"excerpt":{"rendered":"<p>Vores dynekvalitetVi tilbyder et stort udvalg af forskellige slags fyld, betr\u00e6k og syninger, s\u00e5 alle f\u00e5r n\u00f8jagtigt den dyne, der passer til deres personlige sovevaner. Vores produkters succes skyldes mange \u00e5rs produktionskompetence og udvalgte materialer, der s\u00f8rger for, at vores dyner forbliver bl\u00f8de. Vores bl\u00f8de og fyldige dunfyldninger s\u00f8rger for en s\u00e6rlig h\u00f8j komfort, da [&hellip;]<\/p>\n","protected":false},"author":1,"featured_media":0,"parent":0,"menu_order":0,"comment_status":"closed","ping_status":"closed","template":"","meta":{"_et_pb_use_builder":"on","_et_pb_old_content":"","_et_gb_content_width":"","inline_featured_image":false,"footnotes":""},"class_list":["post-7243","page","type-page","status-publish","hentry"],"yoast_head":"<!-- This site is optimized with the Yoast SEO plugin v26.6 - https:\/\/yoast.com\/wordpress\/plugins\/seo\/ -->\n<title>T\u00e6pper | Med vores t\u00e6pper ind i en afslappet s\u00f8vn<\/title>\n<meta name=\"description\" content=\"Leder du efter t\u00e6pper af h\u00f8j kvalitet, der er fyldt med dun, men stadig har en fair pris? S\u00e5 bes\u00f8g os og se selv!\" \/>\n<meta name=\"robots\" content=\"index, follow, max-snippet:-1, max-image-preview:large, max-video-preview:-1\" \/>\n<link rel=\"canonical\" href=\"https:\/\/www.otto-keller.de\/da\/vores-dyner\/\" \/>\n<meta property=\"og:locale\" content=\"da_DK\" \/>\n<meta property=\"og:type\" content=\"article\" \/>\n<meta property=\"og:title\" content=\"T\u00e6pper | Med vores t\u00e6pper ind i en afslappet s\u00f8vn\" \/>\n<meta property=\"og:description\" content=\"Leder du efter t\u00e6pper af h\u00f8j kvalitet, der er fyldt med dun, men stadig har en fair pris? S\u00e5 bes\u00f8g os og se selv!\" \/>\n<meta property=\"og:url\" content=\"https:\/\/www.otto-keller.de\/da\/vores-dyner\/\" \/>\n<meta property=\"og:site_name\" content=\"otto-keller.de\" \/>\n<meta property=\"article:modified_time\" content=\"2021-11-02T09:47:42+00:00\" \/>\n<meta property=\"og:image\" content=\"https:\/\/www.otto-keller.de\/wp-content\/uploads\/2021\/01\/otto-keller-og-image.jpg\" \/>\n\t<meta property=\"og:image:width\" content=\"1200\" \/>\n\t<meta property=\"og:image:height\" content=\"1200\" \/>\n\t<meta property=\"og:image:type\" content=\"image\/jpeg\" \/>\n<meta name=\"twitter:card\" content=\"summary_large_image\" \/>\n<meta name=\"twitter:label1\" content=\"Estimeret l\u00e6setid\" \/>\n\t<meta name=\"twitter:data1\" content=\"18 minutter\" \/>\n<script type=\"application\/ld+json\" class=\"yoast-schema-graph\">{\"@context\":\"https:\/\/schema.org\",\"@graph\":[{\"@type\":\"WebPage\",\"@id\":\"https:\/\/www.otto-keller.de\/da\/vores-dyner\/\",\"url\":\"https:\/\/www.otto-keller.de\/da\/vores-dyner\/\",\"name\":\"T\u00e6pper | Med vores t\u00e6pper ind i en afslappet s\u00f8vn\",\"isPartOf\":{\"@id\":\"https:\/\/www.otto-keller.de\/da\/#website\"},\"datePublished\":\"2020-11-19T16:46:09+00:00\",\"dateModified\":\"2021-11-02T09:47:42+00:00\",\"description\":\"Leder du efter t\u00e6pper af h\u00f8j kvalitet, der er fyldt med dun, men stadig har en fair pris? S\u00e5 bes\u00f8g os og se selv!\",\"breadcrumb\":{\"@id\":\"https:\/\/www.otto-keller.de\/da\/vores-dyner\/#breadcrumb\"},\"inLanguage\":\"da-DK\",\"potentialAction\":[{\"@type\":\"ReadAction\",\"target\":[\"https:\/\/www.otto-keller.de\/da\/vores-dyner\/\"]}]},{\"@type\":\"BreadcrumbList\",\"@id\":\"https:\/\/www.otto-keller.de\/da\/vores-dyner\/#breadcrumb\",\"itemListElement\":[{\"@type\":\"ListItem\",\"position\":1,\"name\":\"Startseite\",\"item\":\"https:\/\/www.otto-keller.de\/da\/\"},{\"@type\":\"ListItem\",\"position\":2,\"name\":\"Vores dyner\"}]},{\"@type\":\"WebSite\",\"@id\":\"https:\/\/www.otto-keller.de\/da\/#website\",\"url\":\"https:\/\/www.otto-keller.de\/da\/\",\"name\":\"otto-keller.de\",\"description\":\"Hochwertige Feder- und Daunendecken\",\"publisher\":{\"@id\":\"https:\/\/www.otto-keller.de\/da\/#organization\"},\"potentialAction\":[{\"@type\":\"SearchAction\",\"target\":{\"@type\":\"EntryPoint\",\"urlTemplate\":\"https:\/\/www.otto-keller.de\/da\/?s={search_term_string}\"},\"query-input\":{\"@type\":\"PropertyValueSpecification\",\"valueRequired\":true,\"valueName\":\"search_term_string\"}}],\"inLanguage\":\"da-DK\"},{\"@type\":\"Organization\",\"@id\":\"https:\/\/www.otto-keller.de\/da\/#organization\",\"name\":\"Bettfedernfabrik Otto Keller GmbH & Co. KG\",\"url\":\"https:\/\/www.otto-keller.de\/da\/\",\"logo\":{\"@type\":\"ImageObject\",\"inLanguage\":\"da-DK\",\"@id\":\"https:\/\/www.otto-keller.de\/da\/#\/schema\/logo\/image\/\",\"url\":\"https:\/\/www.otto-keller.de\/wp-content\/uploads\/2021\/01\/otto_keller_logo_rgb_schwarz.svg\",\"contentUrl\":\"https:\/\/www.otto-keller.de\/wp-content\/uploads\/2021\/01\/otto_keller_logo_rgb_schwarz.svg\",\"width\":1,\"height\":1,\"caption\":\"Bettfedernfabrik Otto Keller GmbH & Co. KG\"},\"image\":{\"@id\":\"https:\/\/www.otto-keller.de\/da\/#\/schema\/logo\/image\/\"}}]}<\/script>\n<!-- \/ Yoast SEO plugin. -->","yoast_head_json":{"title":"T\u00e6pper | Med vores t\u00e6pper ind i en afslappet s\u00f8vn","description":"Leder du efter t\u00e6pper af h\u00f8j kvalitet, der er fyldt med dun, men stadig har en fair pris? S\u00e5 bes\u00f8g os og se selv!","robots":{"index":"index","follow":"follow","max-snippet":"max-snippet:-1","max-image-preview":"max-image-preview:large","max-video-preview":"max-video-preview:-1"},"canonical":"https:\/\/www.otto-keller.de\/da\/vores-dyner\/","og_locale":"da_DK","og_type":"article","og_title":"T\u00e6pper | Med vores t\u00e6pper ind i en afslappet s\u00f8vn","og_description":"Leder du efter t\u00e6pper af h\u00f8j kvalitet, der er fyldt med dun, men stadig har en fair pris? S\u00e5 bes\u00f8g os og se selv!","og_url":"https:\/\/www.otto-keller.de\/da\/vores-dyner\/","og_site_name":"otto-keller.de","article_modified_time":"2021-11-02T09:47:42+00:00","og_image":[{"width":1200,"height":1200,"url":"https:\/\/www.otto-keller.de\/wp-content\/uploads\/2021\/01\/otto-keller-og-image.jpg","type":"image\/jpeg"}],"twitter_card":"summary_large_image","twitter_misc":{"Estimeret l\u00e6setid":"18 minutter"},"schema":{"@context":"https:\/\/schema.org","@graph":[{"@type":"WebPage","@id":"https:\/\/www.otto-keller.de\/da\/vores-dyner\/","url":"https:\/\/www.otto-keller.de\/da\/vores-dyner\/","name":"T\u00e6pper | Med vores t\u00e6pper ind i en afslappet s\u00f8vn","isPartOf":{"@id":"https:\/\/www.otto-keller.de\/da\/#website"},"datePublished":"2020-11-19T16:46:09+00:00","dateModified":"2021-11-02T09:47:42+00:00","description":"Leder du efter t\u00e6pper af h\u00f8j kvalitet, der er fyldt med dun, men stadig har en fair pris? S\u00e5 bes\u00f8g os og se selv!","breadcrumb":{"@id":"https:\/\/www.otto-keller.de\/da\/vores-dyner\/#breadcrumb"},"inLanguage":"da-DK","potentialAction":[{"@type":"ReadAction","target":["https:\/\/www.otto-keller.de\/da\/vores-dyner\/"]}]},{"@type":"BreadcrumbList","@id":"https:\/\/www.otto-keller.de\/da\/vores-dyner\/#breadcrumb","itemListElement":[{"@type":"ListItem","position":1,"name":"Startseite","item":"https:\/\/www.otto-keller.de\/da\/"},{"@type":"ListItem","position":2,"name":"Vores dyner"}]},{"@type":"WebSite","@id":"https:\/\/www.otto-keller.de\/da\/#website","url":"https:\/\/www.otto-keller.de\/da\/","name":"otto-keller.de","description":"Hochwertige Feder- und Daunendecken","publisher":{"@id":"https:\/\/www.otto-keller.de\/da\/#organization"},"potentialAction":[{"@type":"SearchAction","target":{"@type":"EntryPoint","urlTemplate":"https:\/\/www.otto-keller.de\/da\/?s={search_term_string}"},"query-input":{"@type":"PropertyValueSpecification","valueRequired":true,"valueName":"search_term_string"}}],"inLanguage":"da-DK"},{"@type":"Organization","@id":"https:\/\/www.otto-keller.de\/da\/#organization","name":"Bettfedernfabrik Otto Keller GmbH & Co. KG","url":"https:\/\/www.otto-keller.de\/da\/","logo":{"@type":"ImageObject","inLanguage":"da-DK","@id":"https:\/\/www.otto-keller.de\/da\/#\/schema\/logo\/image\/","url":"https:\/\/www.otto-keller.de\/wp-content\/uploads\/2021\/01\/otto_keller_logo_rgb_schwarz.svg","contentUrl":"https:\/\/www.otto-keller.de\/wp-content\/uploads\/2021\/01\/otto_keller_logo_rgb_schwarz.svg","width":1,"height":1,"caption":"Bettfedernfabrik Otto Keller GmbH & Co. KG"},"image":{"@id":"https:\/\/www.otto-keller.de\/da\/#\/schema\/logo\/image\/"}}]}},"_links":{"self":[{"href":"https:\/\/www.otto-keller.de\/da\/wp-json\/wp\/v2\/pages\/7243","targetHints":{"allow":["GET"]}}],"collection":[{"href":"https:\/\/www.otto-keller.de\/da\/wp-json\/wp\/v2\/pages"}],"about":[{"href":"https:\/\/www.otto-keller.de\/da\/wp-json\/wp\/v2\/types\/page"}],"author":[{"embeddable":true,"href":"https:\/\/www.otto-keller.de\/da\/wp-json\/wp\/v2\/users\/1"}],"replies":[{"embeddable":true,"href":"https:\/\/www.otto-keller.de\/da\/wp-json\/wp\/v2\/comments?post=7243"}],"version-history":[{"count":0,"href":"https:\/\/www.otto-keller.de\/da\/wp-json\/wp\/v2\/pages\/7243\/revisions"}],"wp:attachment":[{"href":"https:\/\/www.otto-keller.de\/da\/wp-json\/wp\/v2\/media?parent=7243"}],"curies":[{"name":"wp","href":"https:\/\/api.w.org\/{rel}","templated":true}]}}