{"id":7333,"date":"2021-09-28T11:46:58","date_gmt":"2021-09-28T09:46:58","guid":{"rendered":"https:\/\/www.otto-keller.de\/andeo\/"},"modified":"2021-11-24T11:29:10","modified_gmt":"2021-11-24T10:29:10","slug":"andeo","status":"publish","type":"page","link":"https:\/\/www.otto-keller.de\/da\/andeo\/","title":{"rendered":"Andeo"},"content":{"rendered":"<p>[et_pb_section fb_built=&#8221;1&#8243; module_id=&#8221;kissen&#8221; module_class=&#8221;marken markenseite&#8221; _builder_version=&#8221;4.10.7&#8243; _module_preset=&#8221;default&#8221; global_colors_info=&#8221;{}&#8221;][et_pb_row module_class=&#8221;header ganz&#8221; _builder_version=&#8221;4.6.6&#8243; _module_preset=&#8221;default&#8221; width=&#8221;100%&#8221; max_width=&#8221;100%&#8221; custom_padding=&#8221;0px||||false|false&#8221; global_colors_info=&#8221;{}&#8221;][et_pb_column type=&#8221;4_4&#8243; _builder_version=&#8221;4.6.6&#8243; _module_preset=&#8221;default&#8221; global_colors_info=&#8221;{}&#8221;][et_pb_cta module_class=&#8221;bildmittext sort_hoehe&#8221; _builder_version=&#8221;4.10.7&#8243; _module_preset=&#8221;default&#8221; background_enable_color=&#8221;off&#8221; background_image=&#8221;https:\/\/www.otto-keller.de\/wp-content\/uploads\/2021\/10\/Otto-Keller_andeo_01.jpg&#8221; background_enable_video_mp4=&#8221;off&#8221; global_colors_info=&#8221;{}&#8221; transform_styles__hover_enabled=&#8221;on|hover&#8221; transform_scale__hover_enabled=&#8221;on|hover&#8221; transform_translate__hover_enabled=&#8221;on|desktop&#8221; transform_rotate__hover_enabled=&#8221;on|desktop&#8221; transform_skew__hover_enabled=&#8221;on|desktop&#8221; transform_origin__hover_enabled=&#8221;on|desktop&#8221;][\/et_pb_cta][\/et_pb_column][\/et_pb_row][et_pb_row module_id=&#8221;produkt0&#8243; module_class=&#8221;text&#8221; _builder_version=&#8221;4.10.7&#8243; _module_preset=&#8221;default&#8221; global_colors_info=&#8221;{}&#8221;][et_pb_column type=&#8221;4_4&#8243; _builder_version=&#8221;4.6.6&#8243; _module_preset=&#8221;default&#8221; global_colors_info=&#8221;{}&#8221;][et_pb_text admin_label=&#8221;Kopfkissen von Otto Keller&#8221; module_class=&#8221;ueberschrift&#8221; _builder_version=&#8221;4.13.1&#8243; _module_preset=&#8221;default&#8221; global_colors_info=&#8221;{}&#8221;]<\/p>\n<h1>Andeo-m\u00e6rket &#8211; unikke b\u00e6redygtige dundyner<\/h1>\n<p>[\/et_pb_text][et_pb_text _builder_version=&#8221;4.13.1&#8243; _module_preset=&#8221;default&#8221; global_colors_info=&#8221;{}&#8221;]<\/p>\n<p><span>Milj\u00f8bevidst s\u00f8vn kan v\u00e6re s\u00e5 behagelig. andeo er unik med hensyn til milj\u00f8venlighed: dundyner og dunpuder fra andeo er de f\u00f8rste senget\u00f8jsartikler, der har f\u00e5et tildelt milj\u00f8m\u00e6rket Blue Angel. andeo kombinerer sovekomfort med certificeret b\u00e6redygtig produktion af h\u00f8jkvalitets naturlige materialer. Samspillet mellem dunfyld og et betr\u00e6k af \u00f8kologisk bomuld med funktionel quiltning resulterer i ekstremt lette og s\u00e6rligt k\u00e6lne dundyner og fjerpuder af h\u00f8jeste kvalitet &#8211; for enest\u00e5ende liggekomfort med en god fornemmelse for milj\u00f8et.<\/span><\/p>\n<p>[\/et_pb_text][et_pb_code module_class=&#8221;produkt_navi&#8221; _builder_version=&#8221;4.13.1&#8243; _module_preset=&#8221;default&#8221; locked=&#8221;off&#8221; global_colors_info=&#8221;{}&#8221;]<!-- [et_pb_line_break_holder] --><pee><!-- [et_pb_line_break_holder] -->  <a href=\"#andeo_eins\" class=\"category-link\">Den bl\u00e5 engel<\/a><!-- [et_pb_line_break_holder] -->  <a href=\"#andeo_zwei\" class=\"category-link\">100% \u00f8kologisk bomuld<\/a><!-- [et_pb_line_break_holder] -->  <a href=\"#andeo_drei\" class=\"category-link\">Mine fordele<\/a><!-- [et_pb_line_break_holder] -->  <a href=\"#andeo_vier\" class=\"category-link\">Vores kvalitet<\/a><!-- [et_pb_line_break_holder] --><\/pee>[\/et_pb_code][\/et_pb_column][\/et_pb_row][\/et_pb_section][et_pb_section fb_built=&#8221;1&#8243; fullwidth=&#8221;on&#8221; module_class=&#8221;marken nachhaltigkeit&#8221; _builder_version=&#8221;4.10.7&#8243; _module_preset=&#8221;default&#8221; locked=&#8221;off&#8221; global_colors_info=&#8221;{}&#8221;][et_pb_fullwidth_slider module_class=&#8221;slidermittext kissen_slider sort_hoehe&#8221; _builder_version=&#8221;4.10.7&#8243; _module_preset=&#8221;default&#8221; height=&#8221;100vh&#8221; auto=&#8221;on&#8221; auto_speed=&#8221;4000&#8243; global_colors_info=&#8221;{}&#8221;][et_pb_slide _builder_version=&#8221;4.10.7&#8243; _module_preset=&#8221;default&#8221; background_enable_color=&#8221;off&#8221; background_image=&#8221;https:\/\/www.otto-keller.de\/wp-content\/uploads\/2021\/10\/Otto-Keller_andeo_02.jpg&#8221; background_enable_image=&#8221;on&#8221; global_colors_info=&#8221;{}&#8221; sticky_transition=&#8221;on&#8221;][\/et_pb_slide][\/et_pb_fullwidth_slider][\/et_pb_section][et_pb_section fb_built=&#8221;1&#8243; specialty=&#8221;on&#8221; module_class=&#8221;nachhaltigkeit bilder_desktop&#8221; _builder_version=&#8221;4.10.7&#8243; _module_preset=&#8221;default&#8221; locked=&#8221;off&#8221; global_colors_info=&#8221;{}&#8221;][et_pb_column type=&#8221;1_2&#8243; specialty_columns=&#8221;2&#8243; _builder_version=&#8221;3.25&#8243; custom_padding=&#8221;|||&#8221; global_colors_info=&#8221;{}&#8221; custom_padding__hover=&#8221;|||&#8221;][et_pb_row_inner _builder_version=&#8221;4.10.7&#8243; _module_preset=&#8221;default&#8221; global_colors_info=&#8221;{}&#8221;][et_pb_column_inner saved_specialty_column_type=&#8221;1_2&#8243; _builder_version=&#8221;4.10.7&#8243; _module_preset=&#8221;default&#8221; global_colors_info=&#8221;{}&#8221;][et_pb_image src=&#8221;https:\/\/www.otto-keller.de\/wp-content\/uploads\/\/2021\/10\/Otto-Keller_andeo_03.svg&#8221; alt=&#8221;Otto Keller Andeo Spray&#8221; title_text=&#8221;Otto-Keller_andeo_03&#8243; align=&#8221;center&#8221; _builder_version=&#8221;4.10.7&#8243; _module_preset=&#8221;default&#8221; global_colors_info=&#8221;{}&#8221;][\/et_pb_image][et_pb_text module_class=&#8221;text-kasten&#8221; _builder_version=&#8221;4.10.7&#8243; _module_preset=&#8221;default&#8221; text_orientation=&#8221;center&#8221; max_width=&#8221;434px&#8221; module_alignment=&#8221;center&#8221; global_colors_info=&#8221;{}&#8221;][\/et_pb_text][\/et_pb_column_inner][\/et_pb_row_inner][et_pb_row_inner _builder_version=&#8221;4.10.7&#8243; _module_preset=&#8221;default&#8221; global_colors_info=&#8221;{}&#8221;][et_pb_column_inner saved_specialty_column_type=&#8221;1_2&#8243; _builder_version=&#8221;4.10.7&#8243; _module_preset=&#8221;default&#8221; global_colors_info=&#8221;{}&#8221;][et_pb_image src=&#8221;https:\/\/www.otto-keller.de\/wp-content\/uploads\/2021\/10\/Otto-Keller_andeo_04.jpg&#8221; alt=&#8221;Otto Keller Andeo Spray&#8221; title_text=&#8221;Otto-Keller_andeo_04&#8243; _builder_version=&#8221;4.10.7&#8243; _module_preset=&#8221;default&#8221; global_colors_info=&#8221;{}&#8221;][\/et_pb_image][et_pb_text module_class=&#8221;text-kasten&#8221; _builder_version=&#8221;4.10.7&#8243; _module_preset=&#8221;default&#8221; text_orientation=&#8221;center&#8221; max_width=&#8221;434px&#8221; module_alignment=&#8221;center&#8221; global_colors_info=&#8221;{}&#8221;][\/et_pb_text][\/et_pb_column_inner][\/et_pb_row_inner][et_pb_row_inner _builder_version=&#8221;4.10.7&#8243; _module_preset=&#8221;default&#8221; global_colors_info=&#8221;{}&#8221;][et_pb_column_inner saved_specialty_column_type=&#8221;1_2&#8243; _builder_version=&#8221;4.10.7&#8243; _module_preset=&#8221;default&#8221; global_colors_info=&#8221;{}&#8221;][et_pb_image src=&#8221;https:\/\/www.otto-keller.de\/wp-content\/uploads\/2021\/10\/Otto-Keller_andeo_05.jpg&#8221; alt=&#8221;Otto Keller Andeo Spray&#8221; title_text=&#8221;Otto-Keller_andeo_05&#8243; _builder_version=&#8221;4.10.7&#8243; _module_preset=&#8221;default&#8221; global_colors_info=&#8221;{}&#8221;][\/et_pb_image][et_pb_text module_class=&#8221;text-kasten&#8221; _builder_version=&#8221;4.10.7&#8243; _module_preset=&#8221;default&#8221; text_orientation=&#8221;center&#8221; max_width=&#8221;434px&#8221; module_alignment=&#8221;center&#8221; global_colors_info=&#8221;{}&#8221;][\/et_pb_text][\/et_pb_column_inner][\/et_pb_row_inner][et_pb_row_inner _builder_version=&#8221;4.10.7&#8243; _module_preset=&#8221;default&#8221; global_colors_info=&#8221;{}&#8221;][et_pb_column_inner saved_specialty_column_type=&#8221;1_2&#8243; _builder_version=&#8221;4.10.7&#8243; _module_preset=&#8221;default&#8221; global_colors_info=&#8221;{}&#8221;][et_pb_image src=&#8221;https:\/\/www.otto-keller.de\/wp-content\/uploads\/2021\/10\/Otto-Keller_andeo_06.jpg&#8221; alt=&#8221;Otto Keller Andeo Spray&#8221; title_text=&#8221;Otto-Keller_andeo_06&#8243; _builder_version=&#8221;4.10.7&#8243; _module_preset=&#8221;default&#8221; global_colors_info=&#8221;{}&#8221;][\/et_pb_image][et_pb_text module_class=&#8221;text-kasten&#8221; _builder_version=&#8221;4.10.7&#8243; _module_preset=&#8221;default&#8221; text_orientation=&#8221;center&#8221; max_width=&#8221;434px&#8221; module_alignment=&#8221;center&#8221; global_colors_info=&#8221;{}&#8221;][\/et_pb_text][\/et_pb_column_inner][\/et_pb_row_inner][\/et_pb_column][et_pb_column type=&#8221;1_2&#8243; _builder_version=&#8221;3.25&#8243; custom_padding=&#8221;|||&#8221; global_colors_info=&#8221;{}&#8221; custom_padding__hover=&#8221;|||&#8221;][et_pb_text module_id=&#8221;andeo_eins&#8221; module_class=&#8221;ueberschrift&#8221; _builder_version=&#8221;4.13.1&#8243; _module_preset=&#8221;default&#8221; max_width=&#8221;434px&#8221; module_alignment=&#8221;center&#8221; global_colors_info=&#8221;{}&#8221;]<\/p>\n<h2>Den bl\u00e5 engel &#8211; godkendelsesstemplet for testet milj\u00f8venlighed <\/h2>\n<p>&nbsp;<\/p>\n<p>Den f\u00f8derale regerings milj\u00f8m\u00e6rke st\u00e5r for de h\u00f8jeste krav til milj\u00f8kompatibilitet. andeo modtog den bl\u00e5 engel for s\u00e6rlig milj\u00f8venlig, sundhedsvenlig produktion og materialekvalitet. Certificeret dun, fjer og \u00f8kologisk bomuld kombineret for at skabe h\u00f8jkvalitets, milj\u00f8venlige t\u00e6pper og puder for at f\u00e5 dig til at f\u00f8le dig godt. Godt for naturen og alle, der sover under et andeo-t\u00e6ppe.<br \/> L\u00e6r mere om den certificerede b\u00e6redygtige kvalitet fra andeo &#8211; s\u00e5som certificering af OEKO-TEX\u00ae i henhold til Standard 100, Downpass eller Nomite!<\/p>\n<p>[\/et_pb_text][et_pb_text module_id=&#8221;andeo_zwei&#8221; module_class=&#8221;ueberschrift&#8221; _builder_version=&#8221;4.13.1&#8243; _module_preset=&#8221;default&#8221; max_width=&#8221;434px&#8221; module_alignment=&#8221;center&#8221; global_colors_info=&#8221;{}&#8221;]<\/p>\n<h2>100 % \u00f8kologisk bomuld &#8211; b\u00e6redygtig og super smidig<\/h2>\n<p>&nbsp;<\/p>\n<p>andeo t\u00e6pper og puder har et betr\u00e6k lavet af 100% \u00f8kologisk bomuld. Den \u00f8kologiske bomuld er dyrket uden skadelige kemikalier og pesticider. Dette beskytter ikke kun dit helbred, men ogs\u00e5 milj\u00f8et og sundheden for medarbejderne i produktionsprocessen. Omhyggeligt behandlet overbeviser sagerne fra andeo med en unik k\u00e6len fornemmelse. Den langtidsholdbare kvalitet af det fint spundet \u00f8kologiske bomuld sikrer ogs\u00e5 mange \u00e5rs uafbrudt sovekomfort.<\/p>\n<p>[\/et_pb_text][et_pb_text module_id=&#8221;andeo_drei&#8221; module_class=&#8221;ueberschrift&#8221; _builder_version=&#8221;4.13.1&#8243; _module_preset=&#8221;default&#8221; max_width=&#8221;434px&#8221; module_alignment=&#8221;center&#8221; global_colors_info=&#8221;{}&#8221;]<\/p>\n<h2>Mine fordele<\/h2>\n<p>&nbsp;<\/p>\n<p>Kun dun, fjer og den reneste \u00f8kologiske bomuld &#8211; de bedste ingredienser til en god nats s\u00f8vn. <br \/> Varm, k\u00e6len og behagelig let: Dun og fjer fra certificeret b\u00e6redygtigt landbrug er hjertet i enhver andeo-dyne. Vi udv\u00e6lger de bedste naturlige materialer til dig med den st\u00f8rste omhu &#8211; dette bevises af den bl\u00e5 engel og mange andre kvalitetssegl. Og hvad det betyder for din s\u00f8vn, kan du opleve ved at putte dig ind i din andeo.<\/p>\n<p>[\/et_pb_text][et_pb_text module_id=&#8221;andeo_vier&#8221; module_class=&#8221;ueberschrift&#8221; _builder_version=&#8221;4.13.1&#8243; _module_preset=&#8221;default&#8221; max_width=&#8221;434px&#8221; module_alignment=&#8221;center&#8221; global_colors_info=&#8221;{}&#8221;]<\/p>\n<h2>Vores kvalitet<\/h2>\n<p>&nbsp;<\/p>\n<p>Det bedste dynebetr\u00e6k og dun er b\u00e6redygtigt produceret og certificeret efter de h\u00f8jeste standarder! Disse l\u00f8fter afgives hurtigt. Vi g\u00f8r det gennemsigtigt og informerer dig om alt, hvad du vil vide &#8211; fra dunens oprindelse til t\u00e6ppets fyldev\u00e6gt. Vores certifikater beviser kvaliteten af \u200b\u200bandeo-produkter med et segl.<\/p>\n<p>&nbsp;<\/p>\n<ul>\n<li>Bl\u00e5 engel<\/li>\n<li>Oeko-Tex Standard 100<\/li>\n<li>Nedstigning<\/li>\n<li>Nomite<\/li>\n<li>DIN EN 12934<\/li>\n<li>Fremstillet i Tyskland<\/li>\n<\/ul>\n<p>[\/et_pb_text][\/et_pb_column][\/et_pb_section][et_pb_section fb_built=&#8221;1&#8243; _builder_version=&#8221;4.10.7&#8243; _module_preset=&#8221;default&#8221; locked=&#8221;off&#8221; global_colors_info=&#8221;{}&#8221;][et_pb_row module_class=&#8221;quali-mobile nachhaltig&#8221; _builder_version=&#8221;4.10.7&#8243; _module_preset=&#8221;default&#8221; global_colors_info=&#8221;{}&#8221;][et_pb_column type=&#8221;4_4&#8243; _builder_version=&#8221;4.10.7&#8243; _module_preset=&#8221;default&#8221; global_colors_info=&#8221;{}&#8221;][et_pb_text module_id=&#8221;andeo_eins&#8221; module_class=&#8221;ueberschrift&#8221; _builder_version=&#8221;4.13.1&#8243; _module_preset=&#8221;default&#8221; max_width=&#8221;90%&#8221; module_alignment=&#8221;center&#8221; hover_enabled=&#8221;0&#8243; locked=&#8221;off&#8221; global_colors_info=&#8221;{}&#8221; sticky_enabled=&#8221;0&#8243;]<\/p>\n<h2 style=\"text-align: center;\"> Den bl\u00e5 engel &#8211; godkendelsesstemplet for testet milj\u00f8venlighed <\/h2>\n<p> &nbsp; <\/p>\n<p> Den f\u00f8derale regerings milj\u00f8m\u00e6rke st\u00e5r for de h\u00f8jeste krav til milj\u00f8kompatibilitet. andeo modtog den bl\u00e5 engel for s\u00e6rlig milj\u00f8venlig, sundhedsvenlig produktion og materialekvalitet. Certificeret dun, fjer og \u00f8kologisk bomuld kombineret for at skabe h\u00f8jkvalitets, milj\u00f8venlige t\u00e6pper og puder for at f\u00e5 dig til at f\u00f8le dig godt. Godt for naturen og alle, der sover under et Andeo-t\u00e6ppe. <br \/> L\u00e6r mere om den certificerede b\u00e6redygtige kvalitet fra Andeo &#8211; s\u00e5som certificering af OEKO-TEX\u00ae i henhold til Standard 100, Downpass eller Nomite! <\/p>\n<p>[\/et_pb_text][et_pb_image src=&#8221;https:\/\/www.otto-keller.de\/wp-content\/uploads\/\/2021\/10\/Otto-Keller_andeo_03.svg&#8221; alt=&#8221;Otto Keller Andeo Spray&#8221; title_text=&#8221;Otto-Keller_Fjoedur_03&#8243; align=&#8221;center&#8221; _builder_version=&#8221;4.10.7&#8243; _module_preset=&#8221;default&#8221; locked=&#8221;off&#8221; global_colors_info=&#8221;{}&#8221;][\/et_pb_image][et_pb_text module_class=&#8221;text-kasten&#8221; _builder_version=&#8221;4.10.7&#8243; _module_preset=&#8221;default&#8221; text_orientation=&#8221;center&#8221; max_width=&#8221;434px&#8221; module_alignment=&#8221;center&#8221; hover_enabled=&#8221;0&#8243; global_colors_info=&#8221;{}&#8221; sticky_enabled=&#8221;0&#8243;][\/et_pb_text][et_pb_text module_id=&#8221;andeo_zwei&#8221; module_class=&#8221;ueberschrift marken_text&#8221; _builder_version=&#8221;4.13.1&#8243; _module_preset=&#8221;default&#8221; max_width=&#8221;90%&#8221; module_alignment=&#8221;center&#8221; hover_enabled=&#8221;0&#8243; global_colors_info=&#8221;{}&#8221; sticky_enabled=&#8221;0&#8243;]<\/p>\n<h2 style=\"text-align: center;\"> 100% \u00f8kologisk bomuld &#8211; b\u00e6redygtig og super smidig <\/h2>\n<p> &nbsp; <\/p>\n<p> andeo t\u00e6pper og puder har et betr\u00e6k lavet af 100% \u00f8kologisk bomuld. Den \u00f8kologiske bomuld er dyrket uden skadelige kemikalier og pesticider. Dette beskytter ikke kun dit helbred, men ogs\u00e5 milj\u00f8et og sundheden for medarbejderne i produktionsprocessen. Omhyggeligt behandlet overbeviser sagerne fra andeo med en unik k\u00e6len fornemmelse. Den langtidsholdbare kvalitet af det fint spundet \u00f8kologiske bomuld sikrer ogs\u00e5 mange \u00e5rs uafbrudt sovekomfort.<\/p>\n<p>[\/et_pb_text][et_pb_image src=&#8221;https:\/\/www.otto-keller.de\/wp-content\/uploads\/2021\/10\/Otto-Keller_andeo_04.jpg&#8221; alt=&#8221;Otto Keller Andeo Spray&#8221; title_text=&#8221;Otto-Keller_Fjoedur_04&#8243; _builder_version=&#8221;4.10.7&#8243; _module_preset=&#8221;default&#8221; global_colors_info=&#8221;{}&#8221;][\/et_pb_image][et_pb_text module_class=&#8221;text-kasten&#8221; _builder_version=&#8221;4.13.1&#8243; _module_preset=&#8221;default&#8221; text_orientation=&#8221;center&#8221; max_width=&#8221;434px&#8221; module_alignment=&#8221;center&#8221; hover_enabled=&#8221;0&#8243; global_colors_info=&#8221;{}&#8221; sticky_enabled=&#8221;0&#8243;][\/et_pb_text][et_pb_text module_id=&#8221;andeo_drei&#8221; module_class=&#8221;ueberschrift marken_text&#8221; _builder_version=&#8221;4.13.1&#8243; _module_preset=&#8221;default&#8221; max_width=&#8221;90%&#8221; module_alignment=&#8221;center&#8221; hover_enabled=&#8221;0&#8243; global_colors_info=&#8221;{}&#8221; sticky_enabled=&#8221;0&#8243;]<\/p>\n<h2 style=\"text-align: center;\"> Mine fordele <\/h2>\n<p> &nbsp; <\/p>\n<p> Kun dun, fjer og den reneste \u00f8kologiske bomuld &#8211; de bedste ingredienser til en god nats s\u00f8vn <br \/> Varm, k\u00e6len og behagelig let: Dun og fjer fra certificeret b\u00e6redygtigt landbrug er hjertet i enhver andeo-dyne. Vi udv\u00e6lger de bedste naturlige materialer til dig med den st\u00f8rste omhu &#8211; dette bevises af den bl\u00e5 engel og mange andre kvalitetssegl. Og hvad det betyder for din s\u00f8vn, kan du opleve ved at putte dig ind i din andeo.<\/p>\n<p>[\/et_pb_text][et_pb_image src=&#8221;https:\/\/www.otto-keller.de\/wp-content\/uploads\/2021\/10\/Otto-Keller_andeo_05.jpg&#8221; alt=&#8221;Otto Keller Andeo Spray&#8221; title_text=&#8221;Otto-Keller_Fjoedur_05&#8243; _builder_version=&#8221;4.10.7&#8243; _module_preset=&#8221;default&#8221; global_colors_info=&#8221;{}&#8221;][\/et_pb_image][et_pb_text module_class=&#8221;text-kasten&#8221; _builder_version=&#8221;4.13.1&#8243; _module_preset=&#8221;default&#8221; text_orientation=&#8221;center&#8221; max_width=&#8221;434px&#8221; module_alignment=&#8221;center&#8221; hover_enabled=&#8221;0&#8243; global_colors_info=&#8221;{}&#8221; sticky_enabled=&#8221;0&#8243;][\/et_pb_text][et_pb_text module_id=&#8221;andeo_vier&#8221; module_class=&#8221;ueberschrift marken_text&#8221; _builder_version=&#8221;4.13.1&#8243; _module_preset=&#8221;default&#8221; max_width=&#8221;90%&#8221; module_alignment=&#8221;center&#8221; hover_enabled=&#8221;0&#8243; global_colors_info=&#8221;{}&#8221; sticky_enabled=&#8221;0&#8243;]<\/p>\n<h2 style=\"text-align: center;\"> Vores kvalitet <\/h2>\n<p> &nbsp; <\/p>\n<p> Det bedste dynebetr\u00e6k og dun er b\u00e6redygtigt produceret og certificeret efter de h\u00f8jeste standarder! Disse l\u00f8fter afgives hurtigt. Vi g\u00f8r det gennemsigtigt og informerer dig om alt, hvad du vil vide &#8211; fra dunens oprindelse til t\u00e6ppets fyldev\u00e6gt. Vores certifikater beviser kvaliteten af \u200b\u200bandeo-produkter med et segl. <\/p>\n<p> &nbsp; <\/p>\n<ul>\n<li> Bl\u00e5 engel <\/li>\n<li> Oeko-Tex Standard 100 <\/li>\n<li> Nedstigning <\/li>\n<li> Nomit <\/li>\n<li> DIN EN 12934 <\/li>\n<li> Fremstillet i Tyskland <\/li>\n<\/ul>\n<p>[\/et_pb_text][et_pb_image src=&#8221;https:\/\/www.otto-keller.de\/wp-content\/uploads\/2021\/10\/Otto-Keller_andeo_06.jpg&#8221; alt=&#8221;Otto Keller Andeo Spray&#8221; title_text=&#8221;Otto-Keller_Fjoedur_06&#8243; _builder_version=&#8221;4.10.7&#8243; _module_preset=&#8221;default&#8221; global_colors_info=&#8221;{}&#8221;][\/et_pb_image][et_pb_text module_class=&#8221;text-kasten&#8221; _builder_version=&#8221;4.10.7&#8243; _module_preset=&#8221;default&#8221; text_orientation=&#8221;center&#8221; max_width=&#8221;434px&#8221; module_alignment=&#8221;center&#8221; hover_enabled=&#8221;0&#8243; global_colors_info=&#8221;{}&#8221; sticky_enabled=&#8221;0&#8243;][\/et_pb_text][\/et_pb_column][\/et_pb_row][\/et_pb_section][et_pb_section fb_built=&#8221;1&#8243; module_id=&#8221;produkt1&#8243; module_class=&#8221;banner&#8221; _builder_version=&#8221;4.10.7&#8243; _module_preset=&#8221;default&#8221; background_color=&#8221;#dbd5cd&#8221; custom_padding=&#8221;65px||65px||false|false&#8221; locked=&#8221;off&#8221; global_colors_info=&#8221;{}&#8221;][et_pb_row module_class=&#8221;text&#8221; _builder_version=&#8221;4.7.3&#8243; _module_preset=&#8221;default&#8221; background_enable_color=&#8221;off&#8221; custom_padding=&#8221;||||false|false&#8221; animation_style=&#8221;slide&#8221; animation_direction=&#8221;bottom&#8221; animation_duration=&#8221;1500ms&#8221; animation_intensity_slide=&#8221;15%&#8221; global_colors_info=&#8221;{}&#8221;][et_pb_column type=&#8221;4_4&#8243; _builder_version=&#8221;4.6.6&#8243; _module_preset=&#8221;default&#8221; global_colors_info=&#8221;{}&#8221;][et_pb_text _builder_version=&#8221;4.13.1&#8243; _module_preset=&#8221;default&#8221; text_font=&#8221;||||||||&#8221; text_font_size=&#8221;28px&#8221; text_line_height=&#8221;36.4px&#8221; header_3_text_color=&#8221;#ffffff&#8221; header_3_font_size=&#8221;28px&#8221; header_3_line_height=&#8221;1.5em&#8221; text_orientation=&#8221;center&#8221; header_3_font_size_tablet=&#8221;20px&#8221; header_3_font_size_phone=&#8221;&#8221; header_3_font_size_last_edited=&#8221;on|tablet&#8221; global_colors_info=&#8221;{}&#8221;]<span style=\"font-weight: 400;\">Hvis du er interesseret i <b> andeo <\/b>, s\u00e5 t\u00f8v ikke med at kontakte os. <\/span><\/p>\n<p><a class=\"mehr-erfahren\" style=\"color: #4c564a; border-bottom: 1px solid #4C564A;\" href=\"\/da\/kontakt\/\">Tage kontakt<\/a>[\/et_pb_text][\/et_pb_column][\/et_pb_row][\/et_pb_section][et_pb_section fb_built=&#8221;1&#8243; _builder_version=&#8221;4.6.6&#8243; _module_preset=&#8221;default&#8221; custom_padding=&#8221;0px|||||&#8221; global_colors_info=&#8221;{}&#8221;][et_pb_row column_structure=&#8221;1_5,3_5,1_5&#8243; module_class=&#8221;ansprechpartner&#8221; _builder_version=&#8221;4.6.6&#8243; _module_preset=&#8221;default&#8221; global_colors_info=&#8221;{}&#8221;][et_pb_column type=&#8221;1_5&#8243; _builder_version=&#8221;4.6.6&#8243; _module_preset=&#8221;default&#8221; global_colors_info=&#8221;{}&#8221;][\/et_pb_column][et_pb_column type=&#8221;3_5&#8243; _builder_version=&#8221;4.6.6&#8243; _module_preset=&#8221;default&#8221; global_colors_info=&#8221;{}&#8221;][et_pb_team_member name=&#8221;Din kontaktperson&#8221; image_url=&#8221;https:\/\/www.otto-keller.de\/wp-content\/uploads\/2020\/11\/Services_Pillows_OK_Mitarbeiter_Prtraits_Web_11.jpg&#8221; module_class=&#8221;kleinesbild&#8221; _builder_version=&#8221;4.13.1&#8243; _module_preset=&#8221;default&#8221; header_level=&#8221;h2&#8243; border_radii_image=&#8221;on|50%|50%|50%|50%&#8221; global_colors_info=&#8221;{}&#8221;]<\/p>\n<p style=\"text-align: left;\">Marco Br\u00fcning<\/p>\n<p style=\"text-align: left;\">Vi er tilg\u00e6ngelige p\u00e5 telefon fra mandag til fredag \u200b\u200bfra 8:00 til 16:30 og svarer gerne p\u00e5 dine sp\u00f8rgsm\u00e5l<\/p>\n<p>T:\u00a0+49 (0) 2505 9337-19<br \/> F: +49 (0) 2505 9337-77<br \/> M: <a href=\"mailto:m.bruening@otto-keller.de\">m.bruening@otto-keller.de<\/a><\/p>\n<p>[\/et_pb_team_member][\/et_pb_column][et_pb_column type=&#8221;1_5&#8243; _builder_version=&#8221;4.6.6&#8243; _module_preset=&#8221;default&#8221; global_colors_info=&#8221;{}&#8221;][\/et_pb_column][\/et_pb_row][\/et_pb_section]<\/p>\n","protected":false},"excerpt":{"rendered":"<p>Andeo-m\u00e6rket &#8211; unikke b\u00e6redygtige dundynerMilj\u00f8bevidst s\u00f8vn kan v\u00e6re s\u00e5 behagelig. andeo er unik med hensyn til milj\u00f8venlighed: dundyner og dunpuder fra andeo er de f\u00f8rste senget\u00f8jsartikler, der har f\u00e5et tildelt milj\u00f8m\u00e6rket Blue Angel. andeo kombinerer sovekomfort med certificeret b\u00e6redygtig produktion af h\u00f8jkvalitets naturlige materialer. Samspillet mellem dunfyld og et betr\u00e6k af \u00f8kologisk bomuld med funktionel [&hellip;]<\/p>\n","protected":false},"author":1,"featured_media":0,"parent":0,"menu_order":0,"comment_status":"closed","ping_status":"closed","template":"","meta":{"_et_pb_use_builder":"on","_et_pb_old_content":"","_et_gb_content_width":"","inline_featured_image":false,"footnotes":""},"class_list":["post-7333","page","type-page","status-publish","hentry"],"yoast_head":"<!-- This site is optimized with the Yoast SEO plugin v26.6 - https:\/\/yoast.com\/wordpress\/plugins\/seo\/ -->\n<title>Andeo - otto-keller.de<\/title>\n<meta name=\"description\" content=\"Andeo-m\u00e6rket - unikke b\u00e6redygtige dundyner - testet kvalitet med det bl\u00e5 engle-godkendelsesstempel.\" \/>\n<meta name=\"robots\" content=\"index, follow, max-snippet:-1, max-image-preview:large, max-video-preview:-1\" \/>\n<link rel=\"canonical\" href=\"https:\/\/www.otto-keller.de\/da\/andeo\/\" \/>\n<meta property=\"og:locale\" content=\"da_DK\" \/>\n<meta property=\"og:type\" content=\"article\" \/>\n<meta property=\"og:title\" content=\"Andeo - otto-keller.de\" \/>\n<meta property=\"og:description\" content=\"Andeo-m\u00e6rket - unikke b\u00e6redygtige dundyner - testet kvalitet med det bl\u00e5 engle-godkendelsesstempel.\" \/>\n<meta property=\"og:url\" content=\"https:\/\/www.otto-keller.de\/da\/andeo\/\" \/>\n<meta property=\"og:site_name\" content=\"otto-keller.de\" \/>\n<meta property=\"article:modified_time\" content=\"2021-11-24T10:29:10+00:00\" \/>\n<meta property=\"og:image\" content=\"https:\/\/www.otto-keller.de\/wp-content\/uploads\/2021\/01\/otto-keller-og-image.jpg\" \/>\n\t<meta property=\"og:image:width\" content=\"1200\" \/>\n\t<meta property=\"og:image:height\" content=\"1200\" \/>\n\t<meta property=\"og:image:type\" content=\"image\/jpeg\" \/>\n<meta name=\"twitter:card\" content=\"summary_large_image\" \/>\n<meta name=\"twitter:label1\" content=\"Estimeret l\u00e6setid\" \/>\n\t<meta name=\"twitter:data1\" content=\"12 minutter\" \/>\n<script type=\"application\/ld+json\" class=\"yoast-schema-graph\">{\"@context\":\"https:\/\/schema.org\",\"@graph\":[{\"@type\":\"WebPage\",\"@id\":\"https:\/\/www.otto-keller.de\/da\/andeo\/\",\"url\":\"https:\/\/www.otto-keller.de\/da\/andeo\/\",\"name\":\"Andeo - otto-keller.de\",\"isPartOf\":{\"@id\":\"https:\/\/www.otto-keller.de\/da\/#website\"},\"datePublished\":\"2021-09-28T09:46:58+00:00\",\"dateModified\":\"2021-11-24T10:29:10+00:00\",\"description\":\"Andeo-m\u00e6rket - unikke b\u00e6redygtige dundyner - testet kvalitet med det bl\u00e5 engle-godkendelsesstempel.\",\"breadcrumb\":{\"@id\":\"https:\/\/www.otto-keller.de\/da\/andeo\/#breadcrumb\"},\"inLanguage\":\"da-DK\",\"potentialAction\":[{\"@type\":\"ReadAction\",\"target\":[\"https:\/\/www.otto-keller.de\/da\/andeo\/\"]}]},{\"@type\":\"BreadcrumbList\",\"@id\":\"https:\/\/www.otto-keller.de\/da\/andeo\/#breadcrumb\",\"itemListElement\":[{\"@type\":\"ListItem\",\"position\":1,\"name\":\"Startseite\",\"item\":\"https:\/\/www.otto-keller.de\/da\/\"},{\"@type\":\"ListItem\",\"position\":2,\"name\":\"Andeo\"}]},{\"@type\":\"WebSite\",\"@id\":\"https:\/\/www.otto-keller.de\/da\/#website\",\"url\":\"https:\/\/www.otto-keller.de\/da\/\",\"name\":\"otto-keller.de\",\"description\":\"Hochwertige Feder- und Daunendecken\",\"publisher\":{\"@id\":\"https:\/\/www.otto-keller.de\/da\/#organization\"},\"potentialAction\":[{\"@type\":\"SearchAction\",\"target\":{\"@type\":\"EntryPoint\",\"urlTemplate\":\"https:\/\/www.otto-keller.de\/da\/?s={search_term_string}\"},\"query-input\":{\"@type\":\"PropertyValueSpecification\",\"valueRequired\":true,\"valueName\":\"search_term_string\"}}],\"inLanguage\":\"da-DK\"},{\"@type\":\"Organization\",\"@id\":\"https:\/\/www.otto-keller.de\/da\/#organization\",\"name\":\"Bettfedernfabrik Otto Keller GmbH & Co. KG\",\"url\":\"https:\/\/www.otto-keller.de\/da\/\",\"logo\":{\"@type\":\"ImageObject\",\"inLanguage\":\"da-DK\",\"@id\":\"https:\/\/www.otto-keller.de\/da\/#\/schema\/logo\/image\/\",\"url\":\"https:\/\/www.otto-keller.de\/wp-content\/uploads\/2021\/01\/otto_keller_logo_rgb_schwarz.svg\",\"contentUrl\":\"https:\/\/www.otto-keller.de\/wp-content\/uploads\/2021\/01\/otto_keller_logo_rgb_schwarz.svg\",\"width\":1,\"height\":1,\"caption\":\"Bettfedernfabrik Otto Keller GmbH & Co. KG\"},\"image\":{\"@id\":\"https:\/\/www.otto-keller.de\/da\/#\/schema\/logo\/image\/\"}}]}<\/script>\n<!-- \/ Yoast SEO plugin. -->","yoast_head_json":{"title":"Andeo - otto-keller.de","description":"Andeo-m\u00e6rket - unikke b\u00e6redygtige dundyner - testet kvalitet med det bl\u00e5 engle-godkendelsesstempel.","robots":{"index":"index","follow":"follow","max-snippet":"max-snippet:-1","max-image-preview":"max-image-preview:large","max-video-preview":"max-video-preview:-1"},"canonical":"https:\/\/www.otto-keller.de\/da\/andeo\/","og_locale":"da_DK","og_type":"article","og_title":"Andeo - otto-keller.de","og_description":"Andeo-m\u00e6rket - unikke b\u00e6redygtige dundyner - testet kvalitet med det bl\u00e5 engle-godkendelsesstempel.","og_url":"https:\/\/www.otto-keller.de\/da\/andeo\/","og_site_name":"otto-keller.de","article_modified_time":"2021-11-24T10:29:10+00:00","og_image":[{"width":1200,"height":1200,"url":"https:\/\/www.otto-keller.de\/wp-content\/uploads\/2021\/01\/otto-keller-og-image.jpg","type":"image\/jpeg"}],"twitter_card":"summary_large_image","twitter_misc":{"Estimeret l\u00e6setid":"12 minutter"},"schema":{"@context":"https:\/\/schema.org","@graph":[{"@type":"WebPage","@id":"https:\/\/www.otto-keller.de\/da\/andeo\/","url":"https:\/\/www.otto-keller.de\/da\/andeo\/","name":"Andeo - otto-keller.de","isPartOf":{"@id":"https:\/\/www.otto-keller.de\/da\/#website"},"datePublished":"2021-09-28T09:46:58+00:00","dateModified":"2021-11-24T10:29:10+00:00","description":"Andeo-m\u00e6rket - unikke b\u00e6redygtige dundyner - testet kvalitet med det bl\u00e5 engle-godkendelsesstempel.","breadcrumb":{"@id":"https:\/\/www.otto-keller.de\/da\/andeo\/#breadcrumb"},"inLanguage":"da-DK","potentialAction":[{"@type":"ReadAction","target":["https:\/\/www.otto-keller.de\/da\/andeo\/"]}]},{"@type":"BreadcrumbList","@id":"https:\/\/www.otto-keller.de\/da\/andeo\/#breadcrumb","itemListElement":[{"@type":"ListItem","position":1,"name":"Startseite","item":"https:\/\/www.otto-keller.de\/da\/"},{"@type":"ListItem","position":2,"name":"Andeo"}]},{"@type":"WebSite","@id":"https:\/\/www.otto-keller.de\/da\/#website","url":"https:\/\/www.otto-keller.de\/da\/","name":"otto-keller.de","description":"Hochwertige Feder- und Daunendecken","publisher":{"@id":"https:\/\/www.otto-keller.de\/da\/#organization"},"potentialAction":[{"@type":"SearchAction","target":{"@type":"EntryPoint","urlTemplate":"https:\/\/www.otto-keller.de\/da\/?s={search_term_string}"},"query-input":{"@type":"PropertyValueSpecification","valueRequired":true,"valueName":"search_term_string"}}],"inLanguage":"da-DK"},{"@type":"Organization","@id":"https:\/\/www.otto-keller.de\/da\/#organization","name":"Bettfedernfabrik Otto Keller GmbH & Co. KG","url":"https:\/\/www.otto-keller.de\/da\/","logo":{"@type":"ImageObject","inLanguage":"da-DK","@id":"https:\/\/www.otto-keller.de\/da\/#\/schema\/logo\/image\/","url":"https:\/\/www.otto-keller.de\/wp-content\/uploads\/2021\/01\/otto_keller_logo_rgb_schwarz.svg","contentUrl":"https:\/\/www.otto-keller.de\/wp-content\/uploads\/2021\/01\/otto_keller_logo_rgb_schwarz.svg","width":1,"height":1,"caption":"Bettfedernfabrik Otto Keller GmbH & Co. KG"},"image":{"@id":"https:\/\/www.otto-keller.de\/da\/#\/schema\/logo\/image\/"}}]}},"_links":{"self":[{"href":"https:\/\/www.otto-keller.de\/da\/wp-json\/wp\/v2\/pages\/7333","targetHints":{"allow":["GET"]}}],"collection":[{"href":"https:\/\/www.otto-keller.de\/da\/wp-json\/wp\/v2\/pages"}],"about":[{"href":"https:\/\/www.otto-keller.de\/da\/wp-json\/wp\/v2\/types\/page"}],"author":[{"embeddable":true,"href":"https:\/\/www.otto-keller.de\/da\/wp-json\/wp\/v2\/users\/1"}],"replies":[{"embeddable":true,"href":"https:\/\/www.otto-keller.de\/da\/wp-json\/wp\/v2\/comments?post=7333"}],"version-history":[{"count":0,"href":"https:\/\/www.otto-keller.de\/da\/wp-json\/wp\/v2\/pages\/7333\/revisions"}],"wp:attachment":[{"href":"https:\/\/www.otto-keller.de\/da\/wp-json\/wp\/v2\/media?parent=7333"}],"curies":[{"name":"wp","href":"https:\/\/api.w.org\/{rel}","templated":true}]}}