{"id":7340,"date":"2021-09-28T12:32:17","date_gmt":"2021-09-28T10:32:17","guid":{"rendered":"https:\/\/www.otto-keller.de\/die-marke-otto-keller\/"},"modified":"2021-11-24T11:44:29","modified_gmt":"2021-11-24T10:44:29","slug":"maerket-otto-keller","status":"publish","type":"page","link":"https:\/\/www.otto-keller.de\/da\/maerket-otto-keller\/","title":{"rendered":"M\u00e6rket Otto Keller"},"content":{"rendered":"<p>[et_pb_section fb_built=&#8221;1&#8243; module_id=&#8221;kissen&#8221; module_class=&#8221;marken  markenseite&#8221; _builder_version=&#8221;4.10.7&#8243; _module_preset=&#8221;default&#8221; global_colors_info=&#8221;{}&#8221;][et_pb_row module_class=&#8221;header ganz&#8221; _builder_version=&#8221;4.6.6&#8243; _module_preset=&#8221;default&#8221; width=&#8221;100%&#8221; max_width=&#8221;100%&#8221; custom_padding=&#8221;0px||||false|false&#8221; global_colors_info=&#8221;{}&#8221;][et_pb_column type=&#8221;4_4&#8243; _builder_version=&#8221;4.6.6&#8243; _module_preset=&#8221;default&#8221; global_colors_info=&#8221;{}&#8221;][et_pb_cta module_class=&#8221;bildmittext sort_hoehe&#8221; _builder_version=&#8221;4.10.7&#8243; _module_preset=&#8221;default&#8221; background_enable_color=&#8221;off&#8221; background_image=&#8221;https:\/\/www.otto-keller.de\/wp-content\/uploads\/2021\/10\/Otto-Keller_Marke_Header_01.jpg&#8221; background_enable_video_mp4=&#8221;off&#8221; global_colors_info=&#8221;{}&#8221; transform_styles__hover_enabled=&#8221;on|hover&#8221; transform_scale__hover_enabled=&#8221;on|hover&#8221; transform_translate__hover_enabled=&#8221;on|desktop&#8221; transform_rotate__hover_enabled=&#8221;on|desktop&#8221; transform_skew__hover_enabled=&#8221;on|desktop&#8221; transform_origin__hover_enabled=&#8221;on|desktop&#8221;][\/et_pb_cta][\/et_pb_column][\/et_pb_row][et_pb_row module_id=&#8221;produkt0&#8243; module_class=&#8221;text&#8221; _builder_version=&#8221;4.10.7&#8243; _module_preset=&#8221;default&#8221; global_colors_info=&#8221;{}&#8221;][et_pb_column type=&#8221;4_4&#8243; _builder_version=&#8221;4.6.6&#8243; _module_preset=&#8221;default&#8221; global_colors_info=&#8221;{}&#8221;][et_pb_text admin_label=&#8221;Kopfkissen von Otto Keller&#8221; module_class=&#8221;ueberschrift&#8221; _builder_version=&#8221;4.10.7&#8243; _module_preset=&#8221;default&#8221; global_colors_info=&#8221;{}&#8221;]<\/p>\n<h1> Otto Keller-m\u00e6rket <\/h1>\n<p>[\/et_pb_text][et_pb_text _builder_version=&#8221;4.10.7&#8243; _module_preset=&#8221;default&#8221; global_colors_info=&#8221;{}&#8221;]<span> At \u00f8ge livskvaliteten er en vigtig model for vores familievirksomhed &#8211; i enhver henseende. Sammen med vores h\u00f8je kvalitetsstandarder og vores beliggenhed i Altenberge, Tyskland, danner denne v\u00e6rdi v\u00e6rdierne for vores nye produktlinje <i>Otto Keller-produkter.<\/i><\/span><\/p>\n<p><span> Med disse vil vi gerne l\u00f8bende \u00f8ge trivslen for alle mennesker i vores milj\u00f8. <\/span>[\/et_pb_text][et_pb_code module_class=&#8221;produkt_navi&#8221; _builder_version=&#8221;4.10.7&#8243; _module_preset=&#8221;default&#8221; locked=&#8221;off&#8221; global_colors_info=&#8221;{}&#8221;]<!-- [et_pb_line_break_holder] --><pee><!-- [et_pb_line_break_holder] -->  <a href=\"#schlafspray\" class=\"category-link\"> s\u00f8vnspray <\/a><!-- [et_pb_line_break_holder] -->  <a href=\"#reisedecke\" class=\"category-link\"> rejset\u00e6ppe <\/a><!-- [et_pb_line_break_holder] -->  <a href=\"#waschmittel\" class=\"category-link\"> vaskemiddel <\/a><!-- [et_pb_line_break_holder] --><\/pee>[\/et_pb_code][\/et_pb_column][\/et_pb_row][\/et_pb_section][et_pb_section fb_built=&#8221;1&#8243; fullwidth=&#8221;on&#8221; module_class=&#8221;marken nachhaltigkeit&#8221; _builder_version=&#8221;4.10.7&#8243; _module_preset=&#8221;default&#8221; locked=&#8221;off&#8221; global_colors_info=&#8221;{}&#8221;][et_pb_fullwidth_slider module_class=&#8221;slidermittext kissen_slider sort_hoehe&#8221; _builder_version=&#8221;4.10.7&#8243; _module_preset=&#8221;default&#8221; height=&#8221;100vh&#8221; auto=&#8221;on&#8221; auto_speed=&#8221;4000&#8243; global_colors_info=&#8221;{}&#8221;][et_pb_slide _builder_version=&#8221;4.10.7&#8243; _module_preset=&#8221;default&#8221; background_enable_color=&#8221;off&#8221; background_image=&#8221;https:\/\/www.otto-keller.de\/wp-content\/uploads\/2021\/10\/Otto-Keller_Marke_Schlafspray_01.jpg&#8221; background_enable_image=&#8221;on&#8221; global_colors_info=&#8221;{}&#8221; sticky_transition=&#8221;on&#8221;][\/et_pb_slide][\/et_pb_fullwidth_slider][\/et_pb_section][et_pb_section fb_built=&#8221;1&#8243; specialty=&#8221;on&#8221; module_id=&#8221;schlafspray&#8221; module_class=&#8221;nachhaltigkeit bilder_desktop&#8221; _builder_version=&#8221;4.10.7&#8243; _module_preset=&#8221;default&#8221; locked=&#8221;off&#8221; global_colors_info=&#8221;{}&#8221;][et_pb_column type=&#8221;1_2&#8243; specialty_columns=&#8221;2&#8243; _builder_version=&#8221;3.25&#8243; custom_padding=&#8221;|||&#8221; global_colors_info=&#8221;{}&#8221; custom_padding__hover=&#8221;|||&#8221;][et_pb_row_inner _builder_version=&#8221;4.10.7&#8243; _module_preset=&#8221;default&#8221; global_colors_info=&#8221;{}&#8221;][et_pb_column_inner saved_specialty_column_type=&#8221;1_2&#8243; _builder_version=&#8221;4.10.7&#8243; _module_preset=&#8221;default&#8221; global_colors_info=&#8221;{}&#8221;][et_pb_image src=&#8221;https:\/\/www.otto-keller.de\/wp-content\/uploads\/2021\/10\/Otto-Keller_Marke_Schlafspray_02.jpg&#8221; alt=&#8221;Schlafspray&#8221; title_text=&#8221;Otto-Keller_Marke_Schlafspray_02&#8243; align=&#8221;center&#8221; _builder_version=&#8221;4.10.7&#8243; _module_preset=&#8221;default&#8221; global_colors_info=&#8221;{}&#8221;][\/et_pb_image][et_pb_text module_class=&#8221;text-kasten&#8221; _builder_version=&#8221;4.10.7&#8243; _module_preset=&#8221;default&#8221; text_orientation=&#8221;center&#8221; max_width=&#8221;434px&#8221; module_alignment=&#8221;center&#8221; global_colors_info=&#8221;{}&#8221;][\/et_pb_text][\/et_pb_column_inner][\/et_pb_row_inner][et_pb_row_inner _builder_version=&#8221;4.10.7&#8243; _module_preset=&#8221;default&#8221; global_colors_info=&#8221;{}&#8221;][et_pb_column_inner saved_specialty_column_type=&#8221;1_2&#8243; _builder_version=&#8221;4.10.7&#8243; _module_preset=&#8221;default&#8221; global_colors_info=&#8221;{}&#8221;][et_pb_image src=&#8221;https:\/\/www.otto-keller.de\/wp-content\/uploads\/2021\/10\/Otto-Keller_Marke_Schlafspray_03.jpg&#8221; alt=&#8221;Schlafspray&#8221; title_text=&#8221;Otto-Keller_Marke_Schlafspray_03&#8243; align=&#8221;center&#8221; _builder_version=&#8221;4.10.7&#8243; _module_preset=&#8221;default&#8221; global_colors_info=&#8221;{}&#8221;][\/et_pb_image][et_pb_text module_class=&#8221;text-kasten&#8221; _builder_version=&#8221;4.10.7&#8243; _module_preset=&#8221;default&#8221; text_orientation=&#8221;center&#8221; max_width=&#8221;434px&#8221; module_alignment=&#8221;center&#8221; global_colors_info=&#8221;{}&#8221;][\/et_pb_text][\/et_pb_column_inner][\/et_pb_row_inner][et_pb_row_inner _builder_version=&#8221;4.10.7&#8243; _module_preset=&#8221;default&#8221; global_colors_info=&#8221;{}&#8221;][et_pb_column_inner saved_specialty_column_type=&#8221;1_2&#8243; _builder_version=&#8221;4.10.7&#8243; _module_preset=&#8221;default&#8221; global_colors_info=&#8221;{}&#8221;][et_pb_image src=&#8221;https:\/\/www.otto-keller.de\/wp-content\/uploads\/2021\/10\/Otto-Keller_Marke_Schlafspray_04.jpg&#8221; alt=&#8221;Schlafspray&#8221; title_text=&#8221;Otto-Keller_Marke_Schlafspray_04&#8243; align=&#8221;center&#8221; _builder_version=&#8221;4.10.7&#8243; _module_preset=&#8221;default&#8221; global_colors_info=&#8221;{}&#8221;][\/et_pb_image][et_pb_text module_class=&#8221;text-kasten&#8221; _builder_version=&#8221;4.10.7&#8243; _module_preset=&#8221;default&#8221; text_orientation=&#8221;center&#8221; max_width=&#8221;434px&#8221; module_alignment=&#8221;center&#8221; global_colors_info=&#8221;{}&#8221;][\/et_pb_text][\/et_pb_column_inner][\/et_pb_row_inner][\/et_pb_column][et_pb_column type=&#8221;1_2&#8243; _builder_version=&#8221;3.25&#8243; custom_padding=&#8221;|||&#8221; global_colors_info=&#8221;{}&#8221; custom_padding__hover=&#8221;|||&#8221;][et_pb_text module_id=&#8221;fg_eins&#8221; module_class=&#8221;ueberschrift&#8221; _builder_version=&#8221;4.10.7&#8243; _module_preset=&#8221;default&#8221; max_width=&#8221;434px&#8221; module_alignment=&#8221;center&#8221; global_colors_info=&#8221;{}&#8221;]<\/p>\n<h2>Fald i s\u00f8vn hurtigere og mere behageligt med s\u00f8vnspray fra Otto Keller<\/h2>\n<p>&nbsp;<\/p>\n<p>En spray, der f\u00e5r os til at sove bedre? Det lyder n\u00e6sten for godt til at v\u00e6re sandt. Men det er hverken magi eller markedsf\u00f8ringsgimmick: Med naturens kraft er det faktisk muligt!<\/p>\n<p>Vi er en familiedrevet virksomhed og producent af f\u00f8rsteklasses senget\u00f8j. Vi ved, hvor vigtig god s\u00f8vn er for generel velv\u00e6re og sundhed. Vores kunders s\u00f8vnkvalitet har altid v\u00e6ret en vigtig bekymring for os. Vi underst\u00f8tter derfor ikke kun god s\u00f8vn med vores h\u00f8jkvalitets puder og andet senget\u00f8j, men leder altid efter nye m\u00e5der at forbedre s\u00f8vnen yderligere p\u00e5.<\/p>\n<p>Derfor har vi udviklet en s\u00f8vnspray, der bruger naturlige, \u00e6teriske olier lavet af lavendel, bergamot og appelsin for at hj\u00e6lpe dig med at falde i s\u00f8vn komfortabelt. Duftsammens\u00e6tningen giver en f\u00f8lelse af tryghed og afslapning og lader dig glemme hverdagens stress. Denne f\u00f8lelse af velv\u00e6re er den ideelle foruds\u00e6tning for god s\u00f8vn og bedre livskvalitet.<\/p>\n<p>Vi har testet vores s\u00f8vnspray under videnskabelige forhold med et uafh\u00e6ngigt s\u00f8vnlaboratorium. N\u00e6sten 90 procent af unders\u00f8gelsens deltagere fandt duften behagelig! Som alle vores produkter er sovesprayen lavet i Tyskland og lavet af v\u00e6rdifulde r\u00e5varer.[\/et_pb_text][et_pb_text module_id=&#8221;fg_zwei&#8221; module_class=&#8221;ueberschrift&#8221; _builder_version=&#8221;4.10.7&#8243; _module_preset=&#8221;default&#8221; max_width=&#8221;434px&#8221; module_alignment=&#8221;center&#8221; global_colors_info=&#8221;{}&#8221;]<\/p>\n<h2> Naturlige ingredienser af h\u00f8j kvalitet: lavendel, bergamot og appelsin <\/h2>\n<p>&nbsp;<\/p>\n<p>Fordelene ved \u00e6gte lavendel har l\u00e6nge v\u00e6ret kendt i urtemedicin og aromaterapi. Lavendel bruges mod s\u00f8vnforstyrrelser, nerv\u00f8sitet, indre uro og angst. Den beroligende effekt er blevet bekr\u00e6ftet i videnskabelige unders\u00f8gelser. Ingredienserne i \u00e6gte lavendel, som virker p\u00e5 nervereceptorer i kroppen, er ansvarlige for dette. Det betyder, at der frigives f\u00e6rre stresshormoner s\u00e5som noradrenalin. Dette baner vejen for det hum\u00f8rfremmende lykkehormon serotonin, hvorfra kroppen producerer s\u00f8vnhormonet melatonin.<\/p>\n<p>Den gr\u00f8n-gule citrusfrugt bergamot kaldes ogs\u00e5 &#8220;lysbringeren&#8221;. De indeholdte estere og terpener har en direkte effekt p\u00e5 vores centralnervesystem. De stimulerer produktionen af \u200b\u200bserotonin og encephalin. Encephaliner er kroppens egne smertestillende budbringerstoffer, der har en positiv effekt p\u00e5 hum\u00f8ret. Og solen er gemt i appelsinolie! Den friske og frugtagtige duft afslapper. Det formidler tryghed og sindsro.<\/p>\n<p>Alle ingredienser er rent vegetabilske. I mods\u00e6tning til sovemedicin er der ingen u\u00f8nskede bivirkninger eller endda afh\u00e6ngigheder at frygte.[\/et_pb_text][et_pb_text module_id=&#8221;fg_drei&#8221; module_class=&#8221;ueberschrift&#8221; _builder_version=&#8221;4.10.7&#8243; _module_preset=&#8221;default&#8221; max_width=&#8221;434px&#8221; module_alignment=&#8221;center&#8221; global_colors_info=&#8221;{}&#8221;]<\/p>\n<h2> Brug af s\u00f8vnsprayen <\/h2>\n<p>&nbsp;<\/p>\n<p>P\u00e5f\u00f8r sprayen p\u00e5 din pude eller som rumspray, som du vil. Efter f\u00f8rste brug har s\u00f8vnsprayen en holdbarhed p\u00e5 tolv m\u00e5neder.<\/p>\n<p>S\u00f8vnsprayen er en ideel s\u00f8vnhj\u00e6lp, is\u00e6r n\u00e5r du rejser, fordi mange mennesker har sv\u00e6rere ved at falde i s\u00f8vn i en andens seng end hjemme. S\u00f8vnsprayen giver en velkendt, beroligende duft og hj\u00e6lper dig med at komme frem og slappe af.[\/et_pb_text][\/et_pb_column][\/et_pb_section][et_pb_section fb_built=&#8221;1&#8243; _builder_version=&#8221;4.10.7&#8243; _module_preset=&#8221;default&#8221; locked=&#8221;off&#8221; global_colors_info=&#8221;{}&#8221;][et_pb_row module_id=&#8221;schlafspray&#8221; module_class=&#8221;quali-mobile nachhaltig&#8221; _builder_version=&#8221;4.10.7&#8243; _module_preset=&#8221;default&#8221; global_colors_info=&#8221;{}&#8221;][et_pb_column type=&#8221;4_4&#8243; _builder_version=&#8221;4.10.7&#8243; _module_preset=&#8221;default&#8221; global_colors_info=&#8221;{}&#8221;][et_pb_text module_id=&#8221;fg_eins&#8221; module_class=&#8221;ueberschrift&#8221; _builder_version=&#8221;4.10.7&#8243; _module_preset=&#8221;default&#8221; max_width=&#8221;90%&#8221; module_alignment=&#8221;center&#8221; locked=&#8221;off&#8221; global_colors_info=&#8221;{}&#8221;]<\/p>\n<h2 style = \"text-align: center;\"> Fald i s\u00f8vn hurtigere og mere behageligt med s\u00f8vnspray fra Otto Keller <\/h2>\n<p>&nbsp;<\/p>\n<p>En spray, der f\u00e5r os til at sove bedre? Det lyder n\u00e6sten for godt til at v\u00e6re sandt. Men det er hverken magi eller markedsf\u00f8ringsgimmick: Med naturens kraft er det faktisk muligt!<\/p>\n<p>Vi er en familiedrevet virksomhed og producent af f\u00f8rsteklasses senget\u00f8j. Vi ved, hvor vigtig god s\u00f8vn er for generel velv\u00e6re og sundhed. Vores kunders s\u00f8vnkvalitet har altid v\u00e6ret en vigtig bekymring for os. Vi underst\u00f8tter derfor ikke kun god s\u00f8vn med vores h\u00f8jkvalitets puder og andet senget\u00f8j, men leder altid efter nye m\u00e5der at forbedre s\u00f8vnen yderligere p\u00e5.<\/p>\n<p>Derfor har vi udviklet en s\u00f8vnspray, der bruger naturlige, \u00e6teriske olier lavet af lavendel, bergamot og appelsin for at hj\u00e6lpe dig med at falde i s\u00f8vn komfortabelt. Duftsammens\u00e6tningen giver en f\u00f8lelse af tryghed og afslapning og lader dig glemme hverdagens stress. Denne f\u00f8lelse af velv\u00e6re er den ideelle foruds\u00e6tning for god s\u00f8vn og bedre livskvalitet.<\/p>\n<p>Vi har testet vores s\u00f8vnspray under videnskabelige forhold med et uafh\u00e6ngigt s\u00f8vnlaboratorium. N\u00e6sten 90 procent af unders\u00f8gelsens deltagere fandt duften behagelig! Som alle vores produkter er sovesprayen lavet i Tyskland og lavet af v\u00e6rdifulde r\u00e5varer.[\/et_pb_text][et_pb_image src=&#8221;https:\/\/www.otto-keller.de\/wp-content\/uploads\/2021\/10\/Otto-Keller_Marke_Schlafspray_02.jpg&#8221; alt=&#8221;Otto Keller Andeo Spray&#8221; title_text=&#8221;Otto-Keller_Fjoedur_03&#8243; align=&#8221;center&#8221; _builder_version=&#8221;4.10.7&#8243; _module_preset=&#8221;default&#8221; locked=&#8221;off&#8221; global_colors_info=&#8221;{}&#8221;][\/et_pb_image][et_pb_text module_class=&#8221;text-kasten&#8221; _builder_version=&#8221;4.10.7&#8243; _module_preset=&#8221;default&#8221; text_orientation=&#8221;center&#8221; max_width=&#8221;434px&#8221; module_alignment=&#8221;center&#8221; global_colors_info=&#8221;{}&#8221;][\/et_pb_text][et_pb_text module_id=&#8221;fg_eins&#8221; module_class=&#8221;ueberschrift marken_text&#8221; _builder_version=&#8221;4.10.7&#8243; _module_preset=&#8221;default&#8221; max_width=&#8221;90%&#8221; module_alignment=&#8221;center&#8221; global_colors_info=&#8221;{}&#8221;]<\/p>\n<h2 style = \"text-align: center;\"> Naturlige ingredienser af h\u00f8j kvalitet: lavendel, bergamot og appelsin <\/h2>\n<p>&nbsp;<\/p>\n<p>Fordelene ved \u00e6gte lavendel har l\u00e6nge v\u00e6ret kendt i urtemedicin og aromaterapi. Lavendel bruges mod s\u00f8vnforstyrrelser, nerv\u00f8sitet, indre uro og angst. Den beroligende effekt er blevet bekr\u00e6ftet i videnskabelige unders\u00f8gelser. Ingredienserne i \u00e6gte lavendel, som virker p\u00e5 nervereceptorer i kroppen, er ansvarlige for dette. Det betyder, at der frigives f\u00e6rre stresshormoner s\u00e5som noradrenalin. Dette baner vejen for det hum\u00f8rfremmende lykkehormon serotonin, hvorfra kroppen producerer s\u00f8vnhormonet melatonin.<\/p>\n<p>Den gr\u00f8n-gule citrusfrugt bergamot kaldes ogs\u00e5 &#8220;lysbringeren&#8221;. De indeholdte estere og terpener har en direkte effekt p\u00e5 vores centralnervesystem. De stimulerer produktionen af \u200b\u200bserotonin og encephalin. Encephaliner er kroppens egne smertestillende budbringerstoffer, der har en positiv effekt p\u00e5 hum\u00f8ret. Og solen er gemt i appelsinolie! Den friske og frugtagtige duft afslapper. Det formidler tryghed og sindsro.<\/p>\n<p>Alle ingredienser er rent vegetabilske. I mods\u00e6tning til sovemedicin er der ingen u\u00f8nskede bivirkninger eller endda afh\u00e6ngigheder at frygte.[\/et_pb_text][et_pb_image src=&#8221;https:\/\/www.otto-keller.de\/wp-content\/uploads\/2021\/10\/Otto-Keller_Marke_Schlafspray_03.jpg&#8221; alt=&#8221;Otto Keller Andeo Spray&#8221; title_text=&#8221;Otto-Keller_Fjoedur_04&#8243; _builder_version=&#8221;4.10.7&#8243; _module_preset=&#8221;default&#8221; global_colors_info=&#8221;{}&#8221;][\/et_pb_image][et_pb_text module_class=&#8221;text-kasten&#8221; _builder_version=&#8221;4.10.7&#8243; _module_preset=&#8221;default&#8221; text_orientation=&#8221;center&#8221; max_width=&#8221;434px&#8221; module_alignment=&#8221;center&#8221; global_colors_info=&#8221;{}&#8221;][\/et_pb_text][et_pb_text module_id=&#8221;fg_eins&#8221; module_class=&#8221;ueberschrift marken_text&#8221; _builder_version=&#8221;4.10.7&#8243; _module_preset=&#8221;default&#8221; max_width=&#8221;90%&#8221; module_alignment=&#8221;center&#8221; global_colors_info=&#8221;{}&#8221;]<\/p>\n<h2 style = \"text-align: center;\"> Brug af s\u00f8vnsprayen <\/h2>\n<p>&nbsp;<\/p>\n<p>P\u00e5f\u00f8r sprayen p\u00e5 din pude eller som rumspray, som du vil. Efter f\u00f8rste brug har s\u00f8vnsprayen en holdbarhed p\u00e5 tolv m\u00e5neder.<\/p>\n<p>S\u00f8vnsprayen er en ideel s\u00f8vnhj\u00e6lp, is\u00e6r n\u00e5r du rejser, fordi mange mennesker har sv\u00e6rere ved at falde i s\u00f8vn i en andens seng end hjemme. S\u00f8vnsprayen giver en velkendt, beroligende duft og hj\u00e6lper dig med at komme frem og slappe af.[\/et_pb_text][et_pb_image src=&#8221;https:\/\/www.otto-keller.de\/wp-content\/uploads\/2021\/10\/Otto-Keller_Marke_Schlafspray_04.jpg&#8221; alt=&#8221;Otto Keller Andeo Spray&#8221; title_text=&#8221;Otto-Keller_Fjoedur_05&#8243; _builder_version=&#8221;4.10.7&#8243; _module_preset=&#8221;default&#8221; global_colors_info=&#8221;{}&#8221;][\/et_pb_image][et_pb_text module_class=&#8221;text-kasten&#8221; _builder_version=&#8221;4.10.7&#8243; _module_preset=&#8221;default&#8221; text_orientation=&#8221;center&#8221; max_width=&#8221;434px&#8221; module_alignment=&#8221;center&#8221; global_colors_info=&#8221;{}&#8221;][\/et_pb_text][\/et_pb_column][\/et_pb_row][\/et_pb_section][et_pb_section fb_built=&#8221;1&#8243; module_id=&#8221;produkt1&#8243; module_class=&#8221;banner&#8221; _builder_version=&#8221;4.10.7&#8243; _module_preset=&#8221;default&#8221; background_color=&#8221;#dbd5cd&#8221; custom_padding=&#8221;65px||65px||false|false&#8221; locked=&#8221;off&#8221; global_colors_info=&#8221;{}&#8221;][et_pb_row module_class=&#8221;text&#8221; _builder_version=&#8221;4.7.3&#8243; _module_preset=&#8221;default&#8221; background_enable_color=&#8221;off&#8221; custom_padding=&#8221;||||false|false&#8221; animation_style=&#8221;slide&#8221; animation_direction=&#8221;bottom&#8221; animation_duration=&#8221;1500ms&#8221; animation_intensity_slide=&#8221;15%&#8221; global_colors_info=&#8221;{}&#8221;][et_pb_column type=&#8221;4_4&#8243; _builder_version=&#8221;4.6.6&#8243; _module_preset=&#8221;default&#8221; global_colors_info=&#8221;{}&#8221;][et_pb_text _builder_version=&#8221;4.13.1&#8243; _module_preset=&#8221;default&#8221; text_font=&#8221;||||||||&#8221; text_font_size=&#8221;28px&#8221; text_line_height=&#8221;36.4px&#8221; header_3_text_color=&#8221;#ffffff&#8221; header_3_font_size=&#8221;28px&#8221; header_3_line_height=&#8221;1.5em&#8221; text_orientation=&#8221;center&#8221; hover_enabled=&#8221;0&#8243; header_3_font_size_tablet=&#8221;20px&#8221; header_3_font_size_phone=&#8221;&#8221; header_3_font_size_last_edited=&#8221;on|tablet&#8221; global_colors_info=&#8221;{}&#8221; sticky_enabled=&#8221;0&#8243;]<span style=\"font-weight: 400;\"> Hvis du er interesseret i vores <b> s\u00f8vnspray <\/b>, s\u00e5 t\u00f8v ikke med at kontakte os. <\/span><\/p>\n<p><a class=\"mehr-erfahren\" style=\"color: #4c564a; border-bottom: 1px solid #4C564A;\" href=\"\/da\/kontakt\/\"> Tage kontakt <\/a>[\/et_pb_text][\/et_pb_column][\/et_pb_row][\/et_pb_section][et_pb_section fb_built=&#8221;1&#8243; fullwidth=&#8221;on&#8221; module_class=&#8221;marken nachhaltigkeit&#8221; _builder_version=&#8221;4.10.7&#8243; _module_preset=&#8221;default&#8221; locked=&#8221;off&#8221; global_colors_info=&#8221;{}&#8221;][et_pb_fullwidth_slider module_class=&#8221;slidermittext kissen_slider sort_hoehe&#8221; _builder_version=&#8221;4.10.7&#8243; _module_preset=&#8221;default&#8221; height=&#8221;100vh&#8221; auto=&#8221;on&#8221; auto_speed=&#8221;4000&#8243; global_colors_info=&#8221;{}&#8221;][et_pb_slide _builder_version=&#8221;4.10.7&#8243; _module_preset=&#8221;default&#8221; background_enable_color=&#8221;off&#8221; background_image=&#8221;https:\/\/www.otto-keller.de\/wp-content\/uploads\/2021\/10\/Otto-Keller_Marke_Reisedecke_01.jpg&#8221; background_enable_image=&#8221;on&#8221; global_colors_info=&#8221;{}&#8221; sticky_transition=&#8221;on&#8221;][\/et_pb_slide][\/et_pb_fullwidth_slider][\/et_pb_section][et_pb_section fb_built=&#8221;1&#8243; specialty=&#8221;on&#8221; module_id=&#8221;reisedecke&#8221; module_class=&#8221;nachhaltigkeit bilder_desktop&#8221; _builder_version=&#8221;4.10.7&#8243; _module_preset=&#8221;default&#8221; locked=&#8221;off&#8221; global_colors_info=&#8221;{}&#8221;][et_pb_column type=&#8221;1_2&#8243; specialty_columns=&#8221;2&#8243; _builder_version=&#8221;3.25&#8243; custom_padding=&#8221;|||&#8221; global_colors_info=&#8221;{}&#8221; custom_padding__hover=&#8221;|||&#8221;][et_pb_row_inner _builder_version=&#8221;4.10.7&#8243; _module_preset=&#8221;default&#8221; global_colors_info=&#8221;{}&#8221;][et_pb_column_inner saved_specialty_column_type=&#8221;1_2&#8243; _builder_version=&#8221;4.10.7&#8243; _module_preset=&#8221;default&#8221; global_colors_info=&#8221;{}&#8221;][et_pb_image src=&#8221;https:\/\/www.otto-keller.de\/wp-content\/uploads\/2021\/10\/Otto-Keller_Marke_Reisedecke_02.jpg&#8221; alt=&#8221;Schlafspray&#8221; title_text=&#8221;Otto-Keller_Marke_Reisedecke_02&#8243; align=&#8221;center&#8221; _builder_version=&#8221;4.10.7&#8243; _module_preset=&#8221;default&#8221; global_colors_info=&#8221;{}&#8221;][\/et_pb_image][et_pb_text module_class=&#8221;text-kasten&#8221; _builder_version=&#8221;4.10.7&#8243; _module_preset=&#8221;default&#8221; text_orientation=&#8221;center&#8221; max_width=&#8221;434px&#8221; module_alignment=&#8221;center&#8221; global_colors_info=&#8221;{}&#8221;][\/et_pb_text][\/et_pb_column_inner][\/et_pb_row_inner][et_pb_row_inner _builder_version=&#8221;4.10.7&#8243; _module_preset=&#8221;default&#8221; global_colors_info=&#8221;{}&#8221;][et_pb_column_inner saved_specialty_column_type=&#8221;1_2&#8243; _builder_version=&#8221;4.10.7&#8243; _module_preset=&#8221;default&#8221; global_colors_info=&#8221;{}&#8221;][et_pb_image src=&#8221;https:\/\/www.otto-keller.de\/wp-content\/uploads\/2021\/10\/Otto-Keller_Marke_Reisedecke_03.jpg&#8221; alt=&#8221;Schlafspray&#8221; title_text=&#8221;Otto-Keller_Marke_Reisedecke_03&#8243; align=&#8221;center&#8221; _builder_version=&#8221;4.10.7&#8243; _module_preset=&#8221;default&#8221; global_colors_info=&#8221;{}&#8221;][\/et_pb_image][et_pb_text module_class=&#8221;text-kasten&#8221; _builder_version=&#8221;4.10.7&#8243; _module_preset=&#8221;default&#8221; text_orientation=&#8221;center&#8221; max_width=&#8221;434px&#8221; module_alignment=&#8221;center&#8221; global_colors_info=&#8221;{}&#8221;][\/et_pb_text][\/et_pb_column_inner][\/et_pb_row_inner][\/et_pb_column][et_pb_column type=&#8221;1_2&#8243; _builder_version=&#8221;3.25&#8243; custom_padding=&#8221;|||&#8221; global_colors_info=&#8221;{}&#8221; custom_padding__hover=&#8221;|||&#8221;][et_pb_text module_id=&#8221;fg_eins&#8221; module_class=&#8221;ueberschrift&#8221; _builder_version=&#8221;4.10.7&#8243; _module_preset=&#8221;default&#8221; max_width=&#8221;434px&#8221; module_alignment=&#8221;center&#8221; global_colors_info=&#8221;{}&#8221;]<\/p>\n<h2> Rejset\u00e6ppet fra Otto Keller: den ideelle ledsager til en god nats s\u00f8vn p\u00e5 farten <\/h2>\n<p><b> <\/b><\/p>\n<p><span style = \"font-weight: 400;\"> Uanset om det er p\u00e5 forretningsrejse eller ferie: vi sover ofte d\u00e5rligere udenfor end derhjemme. Og dette selvom god s\u00f8vn ofte er s\u00e6rligt vigtigt, n\u00e5r man rejser &#8211; for eksempel fordi vi har vigtige aftaler, eller fordi vi gerne vil nyde vores velfortjente pause i fulde drag. <\/span><\/p>\n<p><span style = \"font-weight: 400;\"> Som et familiefirma for senget\u00f8j af h\u00f8j kvalitet, er vi fuldt ud forpligtet til at sove. Vi ved, hvad der er vigtigt, s\u00e5 du kan st\u00e5 frisk og frisk op n\u00e6ste morgen. Som en traditionel tysk virksomhed har vi produceret f\u00f8rsteklasses puder og t\u00e6pper til sovev\u00e6relset derhjemme i 75 \u00e5r. <\/span><\/p>\n<p><span style = \"font-weight: 400;\"> Men vi t\u00e6nker ogs\u00e5 meget over, hvordan vi kan sikre god s\u00f8vn i nuet og i fremtiden. Og moderne tider er mere og mere mobile &#8211; uanset om det er p\u00e5 camping, p\u00e5 flyrejser eller p\u00e5 generelt ubehagelige hotelv\u00e6relser. <\/span><\/p>\n<p><span style = \"font-weight: 400;\"> Derfor udviklede vi Otto Keller rejset\u00e6ppet. Det er s\u00e6rligt velegnet til rejser af mange \u00e5rsager: <\/span><\/p>\n<ul>\n<li style = \"font-weight: 400;\" aria-level = \"1\"> <span style = \"font-weight: 400;\"> Den er ekstra let og b\u00e6rer n\u00e6sten ikke nogen v\u00e6gt i bagagen. <\/span> <\/li>\n<li style = \"font-weight: 400;\" aria-level = \"1\"> <span style = \"font-weight: 400;\"> Det er ikke modtageligt for snavs og er nemt at vaske. <\/span> <\/li>\n<li style = \"font-weight: 400;\" aria-level = \"1\"> <span style = \"font-weight: 400;\"> Det er behageligt og sikrer komfort p\u00e5 farten. <\/span> <\/li>\n<li style = \"font-weight: 400;\" aria-level = \"1\"> <span style = \"font-weight: 400;\"> Den leveres med en praktisk b\u00e6retaske lavet af 100 procent bomuld og er derfor s\u00e6rdeles nem at transportere. <\/span> <\/li>\n<li style = \"font-weight: 400;\" aria-level = \"1\"> <span style = \"font-weight: 400;\"> Den kan indstilles variabelt til st\u00f8rrelserne 135 x 200 cm eller 100 x 135 cm med en knapstrimmel. <\/span> <\/li >\n<\/ul>\n<p>[\/et_pb_text][et_pb_text module_id=&#8221;fg_eins&#8221; module_class=&#8221;ueberschrift&#8221; _builder_version=&#8221;4.10.7&#8243; _module_preset=&#8221;default&#8221; max_width=&#8221;434px&#8221; module_alignment=&#8221;center&#8221; global_colors_info=&#8221;{}&#8221;]<\/p>\n<h2> Vores strenge kvalitetsstandarder g\u00e6lder naturligvis ogs\u00e5, n\u00e5r du rejser <\/h2>\n<p>&nbsp;<\/p>\n<p><span style = \"font-weight: 400;\"> Rejset\u00e6ppet er lavet af genbrugsnylon. Det opfylder dermed vores h\u00f8je standarder for b\u00e6redygtighed og genanvendelse af r\u00e5varer. Det nylon, vi bruger, overholder den globale genbrugsstandard GRS. <\/span><\/p>\n<p><span style = \"font-weight: 400;\"> Fyldet best\u00e5r af europ\u00e6isk g\u00e5sedun af h\u00f8j kvalitet, som sikrer komfort og varme til enhver tid, ogs\u00e5 n\u00e5r du er ude. Vores dun og fjer svarer alle til kvalitetsklasse I og kommer fra dyrevelf\u00e6rd. Vi bruger kun DOWNPASS-testede dun og fjer til senget\u00f8jet af h\u00f8j kvalitet. Vi afviser kategorisk levende plukning og unaturlige opfedningsmetoder s\u00e5som foie gras opfedning! <\/span><\/p>\n<p><span style = \"font-weight: 400;\"> Vores senget\u00f8j er et godt alternativ, is\u00e6r for dem, der er allergiske over for husst\u00f8v, da de praktisk talt ikke indeholder husst\u00f8vmider. Alt vores senget\u00f8j opfylder ogs\u00e5 de strenge kriterier for Downafresh greenLine-forseglingen og Standard 100 fra OEKO-TEX. <\/span><\/p>\n<p><span style = \"font-weight: 400;\"> Som altid med vores f\u00f8rsteklasses senget\u00f8j stoler vi ogs\u00e5 p\u00e5 kvalitet lavet i Tyskland til vores rejset\u00e6pper: Vores produkter fremstilles udelukkende p\u00e5 vores lokation i Altenberge, Westfalen, af kompetente og erfarne medarbejdere. Alt senget\u00f8j gennemg\u00e5r adskillige interne kontroller f\u00f8r levering og bliver ogs\u00e5 regelm\u00e6ssigt revideret og kontrolleret af eksterne institutter. <\/span><\/p>\n<p><span style = \"font-weight: 400;\"> Vi giver alt, s\u00e5 du kan sove godt til enhver tid! <\/span>[\/et_pb_text][\/et_pb_column][\/et_pb_section][et_pb_section fb_built=&#8221;1&#8243; _builder_version=&#8221;4.10.7&#8243; _module_preset=&#8221;default&#8221; locked=&#8221;off&#8221; global_colors_info=&#8221;{}&#8221;][et_pb_row module_id=&#8221;reisedecke&#8221; module_class=&#8221;quali-mobile nachhaltig&#8221; _builder_version=&#8221;4.10.7&#8243; _module_preset=&#8221;default&#8221; global_colors_info=&#8221;{}&#8221;][et_pb_column type=&#8221;4_4&#8243; _builder_version=&#8221;4.10.7&#8243; _module_preset=&#8221;default&#8221; global_colors_info=&#8221;{}&#8221;][et_pb_text module_id=&#8221;fg_eins&#8221; module_class=&#8221;ueberschrift&#8221; _builder_version=&#8221;4.10.7&#8243; _module_preset=&#8221;default&#8221; max_width=&#8221;90%&#8221; module_alignment=&#8221;center&#8221; locked=&#8221;off&#8221; global_colors_info=&#8221;{}&#8221;]<\/p>\n<h2 style = \"text-align: center;\"> Rejset\u00e6ppet af Otto Keller: den ideelle ledsager til en god nats s\u00f8vn p\u00e5 farten <\/h2>\n<p><b> <\/b><\/p>\n<p><span style = \"font-weight: 400;\"> Uanset om det er p\u00e5 forretningsrejse eller ferie: vi sover ofte d\u00e5rligere udenfor end derhjemme. Og dette selvom god s\u00f8vn ofte er s\u00e6rligt vigtigt, n\u00e5r man rejser &#8211; for eksempel fordi vi har vigtige aftaler, eller fordi vi gerne vil nyde vores velfortjente pause i fulde drag. <\/span><\/p>\n<p><span style = \"font-weight: 400;\"> Som et familiefirma for senget\u00f8j af h\u00f8j kvalitet, er vi fuldt ud forpligtet til at sove. Vi ved, hvad der er vigtigt, s\u00e5 du kan st\u00e5 frisk og frisk op n\u00e6ste morgen. Som en traditionel tysk virksomhed har vi produceret f\u00f8rsteklasses puder og t\u00e6pper til sovev\u00e6relset derhjemme i 75 \u00e5r. <\/span><\/p>\n<p><span style = \"font-weight: 400;\"> Men vi t\u00e6nker ogs\u00e5 meget over, hvordan vi kan sikre god s\u00f8vn i nuet og i fremtiden. Og moderne tider er mere og mere mobile &#8211; uanset om det er p\u00e5 camping, p\u00e5 flyrejser eller p\u00e5 generelt ubehagelige hotelv\u00e6relser. <\/span><\/p>\n<p><span style = \"font-weight: 400;\"> Derfor udviklede vi Otto Keller rejset\u00e6ppet. Det er s\u00e6rligt velegnet til rejser af mange \u00e5rsager: <\/span><\/p>\n<ul>\n<li style = \"font-weight: 400;\" aria-level = \"1\"> <span style = \"font-weight: 400;\"> Den er ekstra let og b\u00e6rer n\u00e6sten ikke nogen v\u00e6gt i bagagen. <\/span> <\/li>\n<li style = \"font-weight: 400;\" aria-level = \"1\"> <span style = \"font-weight: 400;\"> Det er ikke modtageligt for snavs og er nemt at vaske. <\/span> <\/li>\n<li style = \"font-weight: 400;\" aria-level = \"1\"> <span style = \"font-weight: 400;\"> Det er behageligt og sikrer komfort p\u00e5 farten. <\/span> <\/li>\n<li style = \"font-weight: 400;\" aria-level = \"1\"> <span style = \"font-weight: 400;\"> Den leveres med en praktisk b\u00e6retaske lavet af 100 procent bomuld og er derfor s\u00e6rdeles nem at transportere. <\/span> <\/li>\n<li style = \"font-weight: 400;\" aria-level = \"1\"> <span style = \"font-weight: 400;\"> Den kan indstilles variabelt til st\u00f8rrelserne 135 x 200 cm eller 100 x 135 cm med en knapstrimmel. <\/span> <\/li >\n<\/ul>\n<p>[\/et_pb_text][et_pb_image src=&#8221;https:\/\/www.otto-keller.de\/wp-content\/uploads\/2021\/10\/Otto-Keller_Marke_Reisedecke_02.jpg&#8221; alt=&#8221;Otto Keller Andeo Spray&#8221; title_text=&#8221;Otto-Keller_Fjoedur_03&#8243; align=&#8221;center&#8221; _builder_version=&#8221;4.10.7&#8243; _module_preset=&#8221;default&#8221; locked=&#8221;off&#8221; global_colors_info=&#8221;{}&#8221;][\/et_pb_image][et_pb_text module_class=&#8221;text-kasten&#8221; _builder_version=&#8221;4.10.7&#8243; _module_preset=&#8221;default&#8221; text_orientation=&#8221;center&#8221; max_width=&#8221;434px&#8221; module_alignment=&#8221;center&#8221; global_colors_info=&#8221;{}&#8221;][\/et_pb_text][et_pb_text module_id=&#8221;fg_eins&#8221; module_class=&#8221;ueberschrift&#8221; _builder_version=&#8221;4.10.7&#8243; _module_preset=&#8221;default&#8221; max_width=&#8221;90%&#8221; module_alignment=&#8221;center&#8221; locked=&#8221;off&#8221; global_colors_info=&#8221;{}&#8221;]<\/p>\n<h2 style = \"text-align: center;\"> Vores strenge kvalitetsstandarder g\u00e6lder naturligvis ogs\u00e5, n\u00e5r du rejser <\/h2>\n<p>&nbsp;<\/p>\n<p><span style = \"font-weight: 400;\"> Rejset\u00e6ppet er lavet af genbrugsnylon. Det opfylder dermed vores h\u00f8je standarder for b\u00e6redygtighed og genanvendelse af r\u00e5varer. Det nylon, vi bruger, overholder den globale genbrugsstandard GRS. <\/span><\/p>\n<p><span style = \"font-weight: 400;\"> Fyldet best\u00e5r af europ\u00e6isk g\u00e5sedun af h\u00f8j kvalitet, som sikrer komfort og varme til enhver tid, ogs\u00e5 n\u00e5r du er ude. Vores dun og fjer svarer alle til kvalitetsklasse I og kommer fra dyrevelf\u00e6rd. Vi bruger kun DOWNPASS-testede dun og fjer til senget\u00f8jet af h\u00f8j kvalitet. Vi afviser kategorisk levende plukning og unaturlige opfedningsmetoder s\u00e5som foie gras opfedning! <\/span><\/p>\n<p><span style = \"font-weight: 400;\"> Vores senget\u00f8j er et godt alternativ, is\u00e6r for dem, der er allergiske over for husst\u00f8v, da de praktisk talt ikke indeholder husst\u00f8vmider. Alt vores senget\u00f8j opfylder ogs\u00e5 de strenge kriterier for Downafresh greenLine-forseglingen og Standard 100 fra OEKO-TEX. <\/span><\/p>\n<p><span style = \"font-weight: 400;\"> Som altid med vores f\u00f8rsteklasses senget\u00f8j stoler vi ogs\u00e5 p\u00e5 kvalitet lavet i Tyskland til vores rejset\u00e6pper: Vores produkter fremstilles udelukkende p\u00e5 vores lokation i Altenberge, Westfalen, af kompetente og erfarne medarbejdere. Alt senget\u00f8j gennemg\u00e5r adskillige interne kontroller f\u00f8r levering og bliver ogs\u00e5 regelm\u00e6ssigt revideret og kontrolleret af eksterne institutter. <\/span><\/p>\n<p><span style = \"font-weight: 400;\"> Vi giver alt, s\u00e5 du kan sove godt til enhver tid! <\/span>[\/et_pb_text][et_pb_image src=&#8221;https:\/\/www.otto-keller.de\/wp-content\/uploads\/2021\/10\/Otto-Keller_Marke_Reisedecke_03.jpg&#8221; alt=&#8221;Otto Keller Andeo Spray&#8221; title_text=&#8221;Otto-Keller_Fjoedur_04&#8243; _builder_version=&#8221;4.10.7&#8243; _module_preset=&#8221;default&#8221; global_colors_info=&#8221;{}&#8221;][\/et_pb_image][et_pb_text module_class=&#8221;text-kasten&#8221; _builder_version=&#8221;4.10.7&#8243; _module_preset=&#8221;default&#8221; text_orientation=&#8221;center&#8221; max_width=&#8221;434px&#8221; module_alignment=&#8221;center&#8221; global_colors_info=&#8221;{}&#8221;][\/et_pb_text][\/et_pb_column][\/et_pb_row][\/et_pb_section][et_pb_section fb_built=&#8221;1&#8243; module_id=&#8221;produkt1&#8243; module_class=&#8221;banner&#8221; _builder_version=&#8221;4.10.7&#8243; _module_preset=&#8221;default&#8221; background_color=&#8221;#dbd5cd&#8221; custom_padding=&#8221;65px||65px||false|false&#8221; locked=&#8221;off&#8221; global_colors_info=&#8221;{}&#8221;][et_pb_row module_class=&#8221;text&#8221; _builder_version=&#8221;4.7.3&#8243; _module_preset=&#8221;default&#8221; background_enable_color=&#8221;off&#8221; custom_padding=&#8221;||||false|false&#8221; animation_style=&#8221;slide&#8221; animation_direction=&#8221;bottom&#8221; animation_duration=&#8221;1500ms&#8221; animation_intensity_slide=&#8221;15%&#8221; global_colors_info=&#8221;{}&#8221;][et_pb_column type=&#8221;4_4&#8243; _builder_version=&#8221;4.6.6&#8243; _module_preset=&#8221;default&#8221; global_colors_info=&#8221;{}&#8221;][et_pb_text _builder_version=&#8221;4.13.1&#8243; _module_preset=&#8221;default&#8221; text_font=&#8221;||||||||&#8221; text_font_size=&#8221;28px&#8221; text_line_height=&#8221;36.4px&#8221; header_3_text_color=&#8221;#ffffff&#8221; header_3_font_size=&#8221;28px&#8221; header_3_line_height=&#8221;1.5em&#8221; text_orientation=&#8221;center&#8221; hover_enabled=&#8221;0&#8243; header_3_font_size_tablet=&#8221;20px&#8221; header_3_font_size_phone=&#8221;&#8221; header_3_font_size_last_edited=&#8221;on|tablet&#8221; global_colors_info=&#8221;{}&#8221; sticky_enabled=&#8221;0&#8243;]<span style=\"font-weight: 400;\"> Hvis du er interesseret i vores <b> rejset\u00e6ppe <\/b>, s\u00e5 t\u00f8v ikke med at kontakte os. <\/span><\/p>\n<p><a class=\"mehr-erfahren\" style=\"color: #4c564a; border-bottom: 1px solid #4C564A;\" href=\"\/da\/kontakt\/\"> Tage kontakt <\/a>[\/et_pb_text][\/et_pb_column][\/et_pb_row][\/et_pb_section][et_pb_section fb_built=&#8221;1&#8243; fullwidth=&#8221;on&#8221; module_class=&#8221;marken nachhaltigkeit&#8221; _builder_version=&#8221;4.10.7&#8243; _module_preset=&#8221;default&#8221; locked=&#8221;off&#8221; global_colors_info=&#8221;{}&#8221;][et_pb_fullwidth_slider module_class=&#8221;slidermittext kissen_slider sort_hoehe&#8221; _builder_version=&#8221;4.10.7&#8243; _module_preset=&#8221;default&#8221; height=&#8221;100vh&#8221; auto=&#8221;on&#8221; auto_speed=&#8221;4000&#8243; global_colors_info=&#8221;{}&#8221;][et_pb_slide _builder_version=&#8221;4.10.7&#8243; _module_preset=&#8221;default&#8221; background_enable_color=&#8221;off&#8221; background_image=&#8221;https:\/\/www.otto-keller.de\/wp-content\/uploads\/2021\/10\/Otto-Keller_Marke_Waschmittel_01.jpg&#8221; background_enable_image=&#8221;on&#8221; global_colors_info=&#8221;{}&#8221; sticky_transition=&#8221;on&#8221;][\/et_pb_slide][\/et_pb_fullwidth_slider][\/et_pb_section][et_pb_section fb_built=&#8221;1&#8243; specialty=&#8221;on&#8221; module_id=&#8221;waschmittel&#8221; module_class=&#8221;nachhaltigkeit bilder_desktop&#8221; _builder_version=&#8221;4.10.7&#8243; _module_preset=&#8221;default&#8221; locked=&#8221;off&#8221; global_colors_info=&#8221;{}&#8221;][et_pb_column type=&#8221;1_2&#8243; specialty_columns=&#8221;2&#8243; _builder_version=&#8221;3.25&#8243; custom_padding=&#8221;|||&#8221; global_colors_info=&#8221;{}&#8221; custom_padding__hover=&#8221;|||&#8221;][et_pb_row_inner _builder_version=&#8221;4.10.7&#8243; _module_preset=&#8221;default&#8221; global_colors_info=&#8221;{}&#8221;][et_pb_column_inner saved_specialty_column_type=&#8221;1_2&#8243; _builder_version=&#8221;4.10.7&#8243; _module_preset=&#8221;default&#8221; global_colors_info=&#8221;{}&#8221;][et_pb_image src=&#8221;https:\/\/www.otto-keller.de\/wp-content\/uploads\/2021\/10\/Otto-Keller_Marke_Waschmittel_02.jpg&#8221; alt=&#8221;Schlafspray&#8221; title_text=&#8221;Otto-Keller_Marke_Waschmittel_02&#8243; align=&#8221;center&#8221; _builder_version=&#8221;4.10.7&#8243; _module_preset=&#8221;default&#8221; global_colors_info=&#8221;{}&#8221;][\/et_pb_image][et_pb_text module_class=&#8221;text-kasten&#8221; _builder_version=&#8221;4.10.7&#8243; _module_preset=&#8221;default&#8221; text_orientation=&#8221;center&#8221; max_width=&#8221;434px&#8221; module_alignment=&#8221;center&#8221; global_colors_info=&#8221;{}&#8221;][\/et_pb_text][\/et_pb_column_inner][\/et_pb_row_inner][\/et_pb_column][et_pb_column type=&#8221;1_2&#8243; _builder_version=&#8221;3.25&#8243; custom_padding=&#8221;|||&#8221; global_colors_info=&#8221;{}&#8221; custom_padding__hover=&#8221;|||&#8221;][et_pb_text module_id=&#8221;fg_eins&#8221; module_class=&#8221;ueberschrift&#8221; _builder_version=&#8221;4.10.7&#8243; _module_preset=&#8221;default&#8221; max_width=&#8221;434px&#8221; module_alignment=&#8221;center&#8221; global_colors_info=&#8221;{}&#8221;]<\/p>\n<h2> Otto Keller-vaskemidlerne <\/h2>\n<p>&nbsp;<\/p>\n<p><span style = \"font-weight: 400;\"> Vi har udviklet dunvaskemidlet Aqua Clean fra Otto Keller og det syntetiske vaskemiddel Aqua Syn fra Otto Keller til gavn for langsigtet komfort, renhed i poredybden og for at beskytte naturen . Reng\u00f8ringsevnen i vaskemidlerne er baseret 100 % p\u00e5 b\u00e6redygtige overfladeaktive stoffer fremstillet af hvede, majs og kartoffelstivelse. De kr\u00e6ver ikke m\u00e6rkning, er fosfatfri, pH-neutrale, \u00f8kologisk harml\u00f8se og kr\u00e6ver ikke optiske blegemidler. Med denne naturlige plejekraft bliver milj\u00f8venlig vask let som en fjer &#8211; og du kan sove i fred. <\/span><\/p>\n<p><span style = \"font-weight: 400;\"> <\/span><\/p>\n<ul>\n<li style = \"font-weight: 400;\" aria-level = \"1\"> <span style = \"font-weight: 400;\"> fri for optiske blegemidler <\/span> <\/li>\n<li style = \"font-weight: 400;\" aria-level = \"1\"> <span style = \"font-weight: 400;\"> fosfatfri <\/span> <\/li>\n<li style = \"font-weight: 400;\" aria-level = \"1\"> <span style = \"font-weight: 400;\"> pH-neutral <\/span> <\/li>\n<li style = \"font-weight: 400;\" aria-level = \"1\"> <span style = \"font-weight: 400;\"> \u00f8kologisk harml\u00f8s <\/span> <\/li>\n<\/ul>\n<p>[\/et_pb_text][\/et_pb_column][\/et_pb_section][et_pb_section fb_built=&#8221;1&#8243; _builder_version=&#8221;4.10.7&#8243; _module_preset=&#8221;default&#8221; locked=&#8221;off&#8221; global_colors_info=&#8221;{}&#8221;][et_pb_row module_id=&#8221;waschmittel&#8221; module_class=&#8221;quali-mobile nachhaltig&#8221; _builder_version=&#8221;4.10.7&#8243; _module_preset=&#8221;default&#8221; global_colors_info=&#8221;{}&#8221;][et_pb_column type=&#8221;4_4&#8243; _builder_version=&#8221;4.10.7&#8243; _module_preset=&#8221;default&#8221; global_colors_info=&#8221;{}&#8221;][et_pb_text module_id=&#8221;fg_eins&#8221; module_class=&#8221;ueberschrift&#8221; _builder_version=&#8221;4.10.7&#8243; _module_preset=&#8221;default&#8221; max_width=&#8221;90%&#8221; module_alignment=&#8221;center&#8221; locked=&#8221;off&#8221; global_colors_info=&#8221;{}&#8221;]<\/p>\n<h2 style = \"text-align: center;\"> Otto Keller-vaskemidlerne <\/h2>\n<p>&nbsp;<\/p>\n<p><span style = \"font-weight: 400;\"> Vi har udviklet dunvaskemidlet Aqua Clean fra Otto Keller og det syntetiske vaskemiddel Aqua Syn fra Otto Keller til gavn for langsigtet komfort, renhed i poredybden og for at beskytte naturen . Reng\u00f8ringsevnen i vaskemidlerne er baseret 100 % p\u00e5 b\u00e6redygtige overfladeaktive stoffer fremstillet af hvede, majs og kartoffelstivelse. De kr\u00e6ver ikke m\u00e6rkning, er fosfatfri, pH-neutrale, \u00f8kologisk harml\u00f8se og kr\u00e6ver ikke optiske blegemidler. Med denne naturlige plejekraft bliver milj\u00f8venlig vask let som en fjer &#8211; og du kan sove i fred. <\/span><\/p>\n<p><span style = \"font-weight: 400;\"> <\/span><\/p>\n<ul>\n<li style = \"font-weight: 400;\" aria-level = \"1\"> <span style = \"font-weight: 400;\"> fri for optiske blegemidler <\/span> <\/li>\n<li style = \"font-weight: 400;\" aria-level = \"1\"> <span style = \"font-weight: 400;\"> fosfatfri <\/span> <\/li>\n<li style = \"font-weight: 400;\" aria-level = \"1\"> <span style = \"font-weight: 400;\"> pH-neutral <\/span> <\/li>\n<li style = \"font-weight: 400;\" aria-level = \"1\"> <span style = \"font-weight: 400;\"> \u00f8kologisk harml\u00f8s <\/span> <\/li>\n<\/ul>\n<p>[\/et_pb_text][et_pb_image src=&#8221;https:\/\/www.otto-keller.de\/wp-content\/uploads\/2021\/10\/Otto-Keller_Marke_Waschmittel_02.jpg&#8221; alt=&#8221;Otto Keller Andeo Spray&#8221; title_text=&#8221;Otto-Keller_Fjoedur_03&#8243; align=&#8221;center&#8221; _builder_version=&#8221;4.10.7&#8243; _module_preset=&#8221;default&#8221; locked=&#8221;off&#8221; global_colors_info=&#8221;{}&#8221;][\/et_pb_image][\/et_pb_column][\/et_pb_row][\/et_pb_section][et_pb_section fb_built=&#8221;1&#8243; module_id=&#8221;produkt1&#8243; module_class=&#8221;banner&#8221; _builder_version=&#8221;4.10.7&#8243; _module_preset=&#8221;default&#8221; background_color=&#8221;#dbd5cd&#8221; custom_padding=&#8221;65px||65px||false|false&#8221; locked=&#8221;off&#8221; global_colors_info=&#8221;{}&#8221;][et_pb_row module_class=&#8221;text&#8221; _builder_version=&#8221;4.7.3&#8243; _module_preset=&#8221;default&#8221; background_enable_color=&#8221;off&#8221; custom_padding=&#8221;||||false|false&#8221; animation_style=&#8221;slide&#8221; animation_direction=&#8221;bottom&#8221; animation_duration=&#8221;1500ms&#8221; animation_intensity_slide=&#8221;15%&#8221; global_colors_info=&#8221;{}&#8221;][et_pb_column type=&#8221;4_4&#8243; _builder_version=&#8221;4.6.6&#8243; _module_preset=&#8221;default&#8221; global_colors_info=&#8221;{}&#8221;][et_pb_text _builder_version=&#8221;4.13.1&#8243; _module_preset=&#8221;default&#8221; text_font=&#8221;||||||||&#8221; text_font_size=&#8221;28px&#8221; text_line_height=&#8221;36.4px&#8221; header_3_text_color=&#8221;#ffffff&#8221; header_3_font_size=&#8221;28px&#8221; header_3_line_height=&#8221;1.5em&#8221; text_orientation=&#8221;center&#8221; hover_enabled=&#8221;0&#8243; header_3_font_size_tablet=&#8221;20px&#8221; header_3_font_size_phone=&#8221;&#8221; header_3_font_size_last_edited=&#8221;on|tablet&#8221; global_colors_info=&#8221;{}&#8221; sticky_enabled=&#8221;0&#8243;]<span style=\"font-weight: 400;\"> Hvis du er interesseret i vores <b> reng\u00f8ringsmidler <\/b>, s\u00e5 t\u00f8v ikke med at kontakte os. <\/span><\/p>\n<p><a class=\"mehr-erfahren\" style=\"color: #4c564a; border-bottom: 1px solid #4C564A;\" href=\"\/da\/kontakt\/\"> Tage kontakt <\/a>[\/et_pb_text][\/et_pb_column][\/et_pb_row][\/et_pb_section][et_pb_section fb_built=&#8221;1&#8243; _builder_version=&#8221;4.10.7&#8243; _module_preset=&#8221;default&#8221; global_colors_info=&#8221;{}&#8221;][et_pb_row column_structure=&#8221;1_2,1_2&#8243; use_custom_gutter=&#8221;on&#8221; make_equal=&#8221;on&#8221; module_id=&#8221;produkt4&#8243; _builder_version=&#8221;4.10.7&#8243; _module_preset=&#8221;default&#8221; background_color=&#8221;#849189&#8243; width=&#8221;100%&#8221; max_width=&#8221;none&#8221; max_height=&#8221;800px&#8221; custom_padding=&#8221;0px||0px||false|false&#8221; locked=&#8221;off&#8221; global_colors_info=&#8221;{}&#8221;][et_pb_column type=&#8221;1_2&#8243; _builder_version=&#8221;4.10.7&#8243; _module_preset=&#8221;default&#8221; global_colors_info=&#8221;{}&#8221;][et_pb_text admin_label=&#8221;Sondergr\u00f6\u00dfen&#8221; module_class=&#8221;text-kasten weiss&#8221; _builder_version=&#8221;4.10.7&#8243; _module_preset=&#8221;default&#8221; width=&#8221;60%&#8221; locked=&#8221;off&#8221; global_colors_info=&#8221;{}&#8221;]<\/p>\n<h2> Otto Kellers plejetips <\/h2>\n<p>&nbsp;<\/p>\n<p>Vi \u00f8nsker til enhver tid at give dig ideelle soveforhold. Fordi afslappende s\u00f8vn er det bedste grundlag for et sundt og afbalanceret liv. Derfor fremstiller vi ikke kun vores senget\u00f8j efter de h\u00f8jeste kvalitetsstandarder, men vil ogs\u00e5 gerne p\u00e5pege vigtigheden af \u200b\u200bordentlig pleje.<\/p>\n<p>&nbsp;<\/p>\n<ul>\n<li> Tips <\/li>\n<li> Plejevejledning <\/li>\n<li> Vaskeanvisning <\/li>\n<li> T\u00f8rring <\/li>\n<li> Reng\u00f8ringsmiddel <\/li>\n<\/ul>\n<p>[\/et_pb_text][\/et_pb_column][et_pb_column type=&#8221;1_2&#8243; _builder_version=&#8221;4.10.7&#8243; _module_preset=&#8221;default&#8221; background_enable_image=&#8221;off&#8221; global_colors_info=&#8221;{}&#8221;][et_pb_image src=&#8221;https:\/\/www.otto-keller.de\/wp-content\/uploads\/2021\/10\/Pflegetipps-1.jpg&#8221; title_text=&#8221;Pflegetipps&#8221; align=&#8221;center&#8221; force_fullwidth=&#8221;on&#8221; _builder_version=&#8221;4.10.7&#8243; _module_preset=&#8221;default&#8221; global_colors_info=&#8221;{}&#8221;][\/et_pb_image][\/et_pb_column][\/et_pb_row][\/et_pb_section][et_pb_section fb_built=&#8221;1&#8243; _builder_version=&#8221;4.6.6&#8243; _module_preset=&#8221;default&#8221; custom_padding=&#8221;0px|||||&#8221; global_colors_info=&#8221;{}&#8221;][et_pb_row column_structure=&#8221;1_5,3_5,1_5&#8243; module_class=&#8221;ansprechpartner&#8221; _builder_version=&#8221;4.6.6&#8243; _module_preset=&#8221;default&#8221; global_colors_info=&#8221;{}&#8221;][et_pb_column type=&#8221;1_5&#8243; _builder_version=&#8221;4.6.6&#8243; _module_preset=&#8221;default&#8221; global_colors_info=&#8221;{}&#8221;][\/et_pb_column][et_pb_column type=&#8221;3_5&#8243; _builder_version=&#8221;4.6.6&#8243; _module_preset=&#8221;default&#8221; global_colors_info=&#8221;{}&#8221;][et_pb_team_member name=&#8221;Din kontaktperson&#8221; image_url=&#8221;https:\/\/www.otto-keller.de\/wp-content\/uploads\/2020\/11\/Services_Pillows_OK_Mitarbeiter_Prtraits_Web_11.jpg&#8221; module_class=&#8221;kleinesbild&#8221; _builder_version=&#8221;4.10.7&#8243; _module_preset=&#8221;default&#8221; header_level=&#8221;h2&#8243; border_radii_image=&#8221;on|50%|50%|50%|50%&#8221; global_colors_info=&#8221;{}&#8221;]<\/p>\n<p style=\"text-align: left;\">Marco Br\u00fcning<\/p>\n<p style = \"text-align: left;\"> Vi er tilg\u00e6ngelige p\u00e5 telefon fra mandag til fredag \u200b\u200bfra 8:00 til 16:30 og vil med gl\u00e6de besvare dine sp\u00f8rgsm\u00e5l <\/p>\n<p>T:\u00a0+49 (0) 2505 9337-19<br \/>\nF: +49 (0) 2505 9337-77<br \/>\nM: <a href=\"mailto:m.bruening@otto-keller.de\">m.bruening@otto-keller.de<\/a>[\/et_pb_team_member][\/et_pb_column][et_pb_column type=&#8221;1_5&#8243; _builder_version=&#8221;4.6.6&#8243; _module_preset=&#8221;default&#8221; global_colors_info=&#8221;{}&#8221;][\/et_pb_column][\/et_pb_row][\/et_pb_section]<\/p>\n","protected":false},"excerpt":{"rendered":"<p>Otto Keller-m\u00e6rket At \u00f8ge livskvaliteten er en vigtig model for vores familievirksomhed &#8211; i enhver henseende. Sammen med vores h\u00f8je kvalitetsstandarder og vores beliggenhed i Altenberge, Tyskland, danner denne v\u00e6rdi v\u00e6rdierne for vores nye produktlinje Otto Keller-produkter. Med disse vil vi gerne l\u00f8bende \u00f8ge trivslen for alle mennesker i vores milj\u00f8. Fald i s\u00f8vn hurtigere [&hellip;]<\/p>\n","protected":false},"author":1,"featured_media":0,"parent":0,"menu_order":0,"comment_status":"closed","ping_status":"closed","template":"","meta":{"_et_pb_use_builder":"on","_et_pb_old_content":"","_et_gb_content_width":"","inline_featured_image":false,"footnotes":""},"class_list":["post-7340","page","type-page","status-publish","hentry"],"yoast_head":"<!-- This site is optimized with the Yoast SEO plugin v26.6 - https:\/\/yoast.com\/wordpress\/plugins\/seo\/ -->\n<title>M\u00e6rket Otto Keller - otto-keller.de<\/title>\n<meta name=\"description\" content=\"\u00d8get livskvalitet, h\u00f8je kvalitetsstandarder, beliggenhed i Altenberge, er v\u00e6rdierne af vores Otto Keller Products produktlinje.\" \/>\n<meta name=\"robots\" content=\"index, follow, max-snippet:-1, max-image-preview:large, max-video-preview:-1\" \/>\n<link rel=\"canonical\" href=\"https:\/\/www.otto-keller.de\/da\/maerket-otto-keller\/\" \/>\n<meta property=\"og:locale\" content=\"da_DK\" \/>\n<meta property=\"og:type\" content=\"article\" \/>\n<meta property=\"og:title\" content=\"M\u00e6rket Otto Keller - otto-keller.de\" \/>\n<meta property=\"og:description\" content=\"\u00d8get livskvalitet, h\u00f8je kvalitetsstandarder, beliggenhed i Altenberge, er v\u00e6rdierne af vores Otto Keller Products produktlinje.\" \/>\n<meta property=\"og:url\" content=\"https:\/\/www.otto-keller.de\/da\/maerket-otto-keller\/\" \/>\n<meta property=\"og:site_name\" content=\"otto-keller.de\" \/>\n<meta property=\"article:modified_time\" content=\"2021-11-24T10:44:29+00:00\" \/>\n<meta property=\"og:image\" content=\"https:\/\/www.otto-keller.de\/wp-content\/uploads\/2021\/01\/otto-keller-og-image.jpg\" \/>\n\t<meta property=\"og:image:width\" content=\"1200\" \/>\n\t<meta property=\"og:image:height\" content=\"1200\" \/>\n\t<meta property=\"og:image:type\" content=\"image\/jpeg\" \/>\n<meta name=\"twitter:card\" content=\"summary_large_image\" \/>\n<meta name=\"twitter:label1\" content=\"Estimeret l\u00e6setid\" \/>\n\t<meta name=\"twitter:data1\" content=\"26 minutter\" \/>\n<script type=\"application\/ld+json\" class=\"yoast-schema-graph\">{\"@context\":\"https:\/\/schema.org\",\"@graph\":[{\"@type\":\"WebPage\",\"@id\":\"https:\/\/www.otto-keller.de\/da\/maerket-otto-keller\/\",\"url\":\"https:\/\/www.otto-keller.de\/da\/maerket-otto-keller\/\",\"name\":\"M\u00e6rket Otto Keller - otto-keller.de\",\"isPartOf\":{\"@id\":\"https:\/\/www.otto-keller.de\/da\/#website\"},\"datePublished\":\"2021-09-28T10:32:17+00:00\",\"dateModified\":\"2021-11-24T10:44:29+00:00\",\"description\":\"\u00d8get livskvalitet, h\u00f8je kvalitetsstandarder, beliggenhed i Altenberge, er v\u00e6rdierne af vores Otto Keller Products produktlinje.\",\"breadcrumb\":{\"@id\":\"https:\/\/www.otto-keller.de\/da\/maerket-otto-keller\/#breadcrumb\"},\"inLanguage\":\"da-DK\",\"potentialAction\":[{\"@type\":\"ReadAction\",\"target\":[\"https:\/\/www.otto-keller.de\/da\/maerket-otto-keller\/\"]}]},{\"@type\":\"BreadcrumbList\",\"@id\":\"https:\/\/www.otto-keller.de\/da\/maerket-otto-keller\/#breadcrumb\",\"itemListElement\":[{\"@type\":\"ListItem\",\"position\":1,\"name\":\"Startseite\",\"item\":\"https:\/\/www.otto-keller.de\/da\/\"},{\"@type\":\"ListItem\",\"position\":2,\"name\":\"M\u00e6rket Otto Keller\"}]},{\"@type\":\"WebSite\",\"@id\":\"https:\/\/www.otto-keller.de\/da\/#website\",\"url\":\"https:\/\/www.otto-keller.de\/da\/\",\"name\":\"otto-keller.de\",\"description\":\"Hochwertige Feder- und Daunendecken\",\"publisher\":{\"@id\":\"https:\/\/www.otto-keller.de\/da\/#organization\"},\"potentialAction\":[{\"@type\":\"SearchAction\",\"target\":{\"@type\":\"EntryPoint\",\"urlTemplate\":\"https:\/\/www.otto-keller.de\/da\/?s={search_term_string}\"},\"query-input\":{\"@type\":\"PropertyValueSpecification\",\"valueRequired\":true,\"valueName\":\"search_term_string\"}}],\"inLanguage\":\"da-DK\"},{\"@type\":\"Organization\",\"@id\":\"https:\/\/www.otto-keller.de\/da\/#organization\",\"name\":\"Bettfedernfabrik Otto Keller GmbH & Co. KG\",\"url\":\"https:\/\/www.otto-keller.de\/da\/\",\"logo\":{\"@type\":\"ImageObject\",\"inLanguage\":\"da-DK\",\"@id\":\"https:\/\/www.otto-keller.de\/da\/#\/schema\/logo\/image\/\",\"url\":\"https:\/\/www.otto-keller.de\/wp-content\/uploads\/2021\/01\/otto_keller_logo_rgb_schwarz.svg\",\"contentUrl\":\"https:\/\/www.otto-keller.de\/wp-content\/uploads\/2021\/01\/otto_keller_logo_rgb_schwarz.svg\",\"width\":1,\"height\":1,\"caption\":\"Bettfedernfabrik Otto Keller GmbH & Co. KG\"},\"image\":{\"@id\":\"https:\/\/www.otto-keller.de\/da\/#\/schema\/logo\/image\/\"}}]}<\/script>\n<!-- \/ Yoast SEO plugin. -->","yoast_head_json":{"title":"M\u00e6rket Otto Keller - otto-keller.de","description":"\u00d8get livskvalitet, h\u00f8je kvalitetsstandarder, beliggenhed i Altenberge, er v\u00e6rdierne af vores Otto Keller Products produktlinje.","robots":{"index":"index","follow":"follow","max-snippet":"max-snippet:-1","max-image-preview":"max-image-preview:large","max-video-preview":"max-video-preview:-1"},"canonical":"https:\/\/www.otto-keller.de\/da\/maerket-otto-keller\/","og_locale":"da_DK","og_type":"article","og_title":"M\u00e6rket Otto Keller - otto-keller.de","og_description":"\u00d8get livskvalitet, h\u00f8je kvalitetsstandarder, beliggenhed i Altenberge, er v\u00e6rdierne af vores Otto Keller Products produktlinje.","og_url":"https:\/\/www.otto-keller.de\/da\/maerket-otto-keller\/","og_site_name":"otto-keller.de","article_modified_time":"2021-11-24T10:44:29+00:00","og_image":[{"width":1200,"height":1200,"url":"https:\/\/www.otto-keller.de\/wp-content\/uploads\/2021\/01\/otto-keller-og-image.jpg","type":"image\/jpeg"}],"twitter_card":"summary_large_image","twitter_misc":{"Estimeret l\u00e6setid":"26 minutter"},"schema":{"@context":"https:\/\/schema.org","@graph":[{"@type":"WebPage","@id":"https:\/\/www.otto-keller.de\/da\/maerket-otto-keller\/","url":"https:\/\/www.otto-keller.de\/da\/maerket-otto-keller\/","name":"M\u00e6rket Otto Keller - otto-keller.de","isPartOf":{"@id":"https:\/\/www.otto-keller.de\/da\/#website"},"datePublished":"2021-09-28T10:32:17+00:00","dateModified":"2021-11-24T10:44:29+00:00","description":"\u00d8get livskvalitet, h\u00f8je kvalitetsstandarder, beliggenhed i Altenberge, er v\u00e6rdierne af vores Otto Keller Products produktlinje.","breadcrumb":{"@id":"https:\/\/www.otto-keller.de\/da\/maerket-otto-keller\/#breadcrumb"},"inLanguage":"da-DK","potentialAction":[{"@type":"ReadAction","target":["https:\/\/www.otto-keller.de\/da\/maerket-otto-keller\/"]}]},{"@type":"BreadcrumbList","@id":"https:\/\/www.otto-keller.de\/da\/maerket-otto-keller\/#breadcrumb","itemListElement":[{"@type":"ListItem","position":1,"name":"Startseite","item":"https:\/\/www.otto-keller.de\/da\/"},{"@type":"ListItem","position":2,"name":"M\u00e6rket Otto Keller"}]},{"@type":"WebSite","@id":"https:\/\/www.otto-keller.de\/da\/#website","url":"https:\/\/www.otto-keller.de\/da\/","name":"otto-keller.de","description":"Hochwertige Feder- und Daunendecken","publisher":{"@id":"https:\/\/www.otto-keller.de\/da\/#organization"},"potentialAction":[{"@type":"SearchAction","target":{"@type":"EntryPoint","urlTemplate":"https:\/\/www.otto-keller.de\/da\/?s={search_term_string}"},"query-input":{"@type":"PropertyValueSpecification","valueRequired":true,"valueName":"search_term_string"}}],"inLanguage":"da-DK"},{"@type":"Organization","@id":"https:\/\/www.otto-keller.de\/da\/#organization","name":"Bettfedernfabrik Otto Keller GmbH & Co. KG","url":"https:\/\/www.otto-keller.de\/da\/","logo":{"@type":"ImageObject","inLanguage":"da-DK","@id":"https:\/\/www.otto-keller.de\/da\/#\/schema\/logo\/image\/","url":"https:\/\/www.otto-keller.de\/wp-content\/uploads\/2021\/01\/otto_keller_logo_rgb_schwarz.svg","contentUrl":"https:\/\/www.otto-keller.de\/wp-content\/uploads\/2021\/01\/otto_keller_logo_rgb_schwarz.svg","width":1,"height":1,"caption":"Bettfedernfabrik Otto Keller GmbH & Co. KG"},"image":{"@id":"https:\/\/www.otto-keller.de\/da\/#\/schema\/logo\/image\/"}}]}},"_links":{"self":[{"href":"https:\/\/www.otto-keller.de\/da\/wp-json\/wp\/v2\/pages\/7340","targetHints":{"allow":["GET"]}}],"collection":[{"href":"https:\/\/www.otto-keller.de\/da\/wp-json\/wp\/v2\/pages"}],"about":[{"href":"https:\/\/www.otto-keller.de\/da\/wp-json\/wp\/v2\/types\/page"}],"author":[{"embeddable":true,"href":"https:\/\/www.otto-keller.de\/da\/wp-json\/wp\/v2\/users\/1"}],"replies":[{"embeddable":true,"href":"https:\/\/www.otto-keller.de\/da\/wp-json\/wp\/v2\/comments?post=7340"}],"version-history":[{"count":0,"href":"https:\/\/www.otto-keller.de\/da\/wp-json\/wp\/v2\/pages\/7340\/revisions"}],"wp:attachment":[{"href":"https:\/\/www.otto-keller.de\/da\/wp-json\/wp\/v2\/media?parent=7340"}],"curies":[{"name":"wp","href":"https:\/\/api.w.org\/{rel}","templated":true}]}}