{"id":7349,"date":"2021-09-28T14:16:27","date_gmt":"2021-09-28T12:16:27","guid":{"rendered":"https:\/\/www.otto-keller.de\/nachhaltigkeit\/"},"modified":"2021-11-02T09:49:36","modified_gmt":"2021-11-02T08:49:36","slug":"baeredygtighed","status":"publish","type":"page","link":"https:\/\/www.otto-keller.de\/da\/baeredygtighed\/","title":{"rendered":"B\u00e6redygtighed"},"content":{"rendered":"<p>[et_pb_section fb_built=&#8221;1&#8243; module_id=&#8221;kissen&#8221; module_class=&#8221;marken&#8221; _builder_version=&#8221;4.10.7&#8243; _module_preset=&#8221;default&#8221; global_colors_info=&#8221;{}&#8221;][et_pb_row module_id=&#8221;produkt0&#8243; module_class=&#8221;text nhk_padding&#8221; _builder_version=&#8221;4.10.7&#8243; _module_preset=&#8221;default&#8221; global_colors_info=&#8221;{}&#8221;][et_pb_column type=&#8221;4_4&#8243; _builder_version=&#8221;4.6.6&#8243; _module_preset=&#8221;default&#8221; global_colors_info=&#8221;{}&#8221;][et_pb_text admin_label=&#8221;Kopfkissen von Otto Keller&#8221; module_class=&#8221;ueberschrift&#8221; _builder_version=&#8221;4.10.7&#8243; _module_preset=&#8221;default&#8221; global_colors_info=&#8221;{}&#8221;]<\/p>\n<h1>B\u00e6redygtighed<\/h1>\n<p>[\/et_pb_text][et_pb_text _builder_version=&#8221;4.10.7&#8243; _module_preset=&#8221;default&#8221; global_colors_info=&#8221;{}&#8221;]<span> B\u00e6redygtighed er et slagord, som mange virksomheder smykker sig med i dag. Vores familievirksomhed handlede p\u00e5 en milj\u00f8bevidst m\u00e5de, da b\u00e6redygtighed endnu ikke var &#8220;p\u00e5 mode&#8221;. Det opfatter vi som logisk p\u00e5 grund af vores produktsortiment: Dunsenget\u00f8j er et rent naturprodukt, der har en lang levetid, hvis du passer godt p\u00e5 det. <\/span><\/p>\n<p>Det betyder, at vigtige principper for en b\u00e6redygtig livsstil allerede er fastlagt i vores varer. Denne tilgang forf\u00f8lger vi konsekvent: Vi kontrollerer og forbedrer l\u00f8bende rammebetingelserne i vores virksomhed, produkterne og alle hj\u00e6lpemidler for at holde vores \u00f8kologiske fodaftryk s\u00e5 lavt som muligt. P\u00e5 dette tidspunkt vil vi gerne kort vise dig, hvordan vi implementerer disse hj\u00f8rnesten i en b\u00e6redygtig virksomhedspolitik:[\/et_pb_text][et_pb_code module_class=&#8221;produkt_navi&#8221; _builder_version=&#8221;4.10.7&#8243; _module_preset=&#8221;default&#8221; locked=&#8221;off&#8221; global_colors_info=&#8221;{}&#8221;]<!-- [et_pb_line_break_holder] --><pee><!-- [et_pb_line_break_holder] -->  <a href=\"#nachhaltigkeit_eins\" class=\"category-link\"> I virksomheden <\/a><!-- [et_pb_line_break_holder] -->  <a href=\"#nachhaltigkeit_zwei\" class=\"category-link\"> for produkterne <\/a><!-- [et_pb_line_break_holder] -->  <a href=\"#nachhaltigkeit_drei\" class=\"category-link\"> Med hj\u00e6lpemidlerne <\/a><!-- [et_pb_line_break_holder] --><\/pee>[\/et_pb_code][\/et_pb_column][\/et_pb_row][\/et_pb_section][et_pb_section fb_built=&#8221;1&#8243; fullwidth=&#8221;on&#8221; module_class=&#8221;marken nachhaltigkeit&#8221; _builder_version=&#8221;4.10.7&#8243; _module_preset=&#8221;default&#8221; global_colors_info=&#8221;{}&#8221;][et_pb_fullwidth_slider module_class=&#8221;slidermittext kissen_slider sort_hoehe&#8221; _builder_version=&#8221;4.10.7&#8243; _module_preset=&#8221;default&#8221; height=&#8221;100vh&#8221; auto=&#8221;on&#8221; auto_speed=&#8221;4000&#8243; global_colors_info=&#8221;{}&#8221;][et_pb_slide _builder_version=&#8221;4.10.7&#8243; _module_preset=&#8221;default&#8221; background_enable_color=&#8221;off&#8221; background_image=&#8221;https:\/\/www.otto-keller.de\/wp-content\/uploads\/2021\/10\/Otto-Keller_Nachhaltigkeit_01.jpg&#8221; background_enable_image=&#8221;on&#8221; global_colors_info=&#8221;{}&#8221; sticky_transition=&#8221;on&#8221;][\/et_pb_slide][\/et_pb_fullwidth_slider][\/et_pb_section][et_pb_section fb_built=&#8221;1&#8243; specialty=&#8221;on&#8221; module_class=&#8221;nachhaltigkeit bilder_desktop&#8221; _builder_version=&#8221;4.10.7&#8243; _module_preset=&#8221;default&#8221; inner_max_width=&#8221;none&#8221; global_colors_info=&#8221;{}&#8221;][et_pb_column type=&#8221;1_2&#8243; specialty_columns=&#8221;2&#8243; _builder_version=&#8221;3.25&#8243; custom_padding=&#8221;|||&#8221; global_colors_info=&#8221;{}&#8221; custom_padding__hover=&#8221;|||&#8221;][et_pb_row_inner _builder_version=&#8221;4.10.7&#8243; _module_preset=&#8221;default&#8221; global_colors_info=&#8221;{}&#8221;][et_pb_column_inner saved_specialty_column_type=&#8221;1_2&#8243; _builder_version=&#8221;4.10.7&#8243; _module_preset=&#8221;default&#8221; global_colors_info=&#8221;{}&#8221;][et_pb_image src=&#8221;https:\/\/www.otto-keller.de\/wp-content\/uploads\/2021\/10\/Otto-Keller_Nachhaltigkeit_02.jpg&#8221; alt=&#8221;Otto Keller Andeo Spray&#8221; title_text=&#8221;Otto-Keller_Nachhaltigkeit_02&#8243; _builder_version=&#8221;4.10.7&#8243; _module_preset=&#8221;default&#8221; global_colors_info=&#8221;{}&#8221;][\/et_pb_image][\/et_pb_column_inner][\/et_pb_row_inner][\/et_pb_column][et_pb_column type=&#8221;1_2&#8243; _builder_version=&#8221;3.25&#8243; custom_padding=&#8221;|||&#8221; global_colors_info=&#8221;{}&#8221; custom_padding__hover=&#8221;|||&#8221;][et_pb_text module_id=&#8221;nachhaltigkeit_eins&#8221; module_class=&#8221;ueberschrift&#8221; _builder_version=&#8221;4.10.7&#8243; _module_preset=&#8221;default&#8221; max_width=&#8221;434px&#8221; module_alignment=&#8221;center&#8221; custom_padding=&#8221;||||false|false&#8221; global_colors_info=&#8221;{}&#8221;]<\/p>\n<h2> I virksomheden <\/h2>\n<p>&nbsp;<\/p>\n<p>Vi er afh\u00e6ngige af vedvarende energi: Med et solsystem producerer vi vores egen elektricitet fra solens energi.<\/p>\n<p>Vi arbejder konstant p\u00e5 at reducere spild. Vi fors\u00f8ger s\u00e5 vidt muligt at undg\u00e5 materialer, der ikke er genanvendelige.<\/p>\n<p>Vi investerer i en topmoderne maskinpark, fordi topmoderne maskiner arbejder meget mere effektivt. P\u00e5 den m\u00e5de kan vi spare v\u00e6rdifulde ressourcer.<\/p>\n<p>Fremstillet i Tyskland: Vi producerer udelukkende i Altenberge, Westfalen. P\u00e5 denne m\u00e5de undg\u00e5r vi milj\u00f8skadelige transporter fra andre regioner i verden og kan bedre overv\u00e5ge overholdelsen af \u200b\u200bvores b\u00e6redygtighedsstandarder.<\/p>\n<p>Klimabeskyttelse er ogs\u00e5 vigtig for os i forretningsomr\u00e5der, hvis CO2-relevans ikke umiddelbart er tydelig. Derfor driver vi vores hjemmeside klimaneutralt og udligner de for\u00e5rsagede emissioner.[\/et_pb_text][\/et_pb_column][\/et_pb_section][et_pb_section fb_built=&#8221;1&#8243; module_class=&#8221;quali-mobile nachhaltig&#8221; _builder_version=&#8221;4.10.7&#8243; _module_preset=&#8221;default&#8221; global_colors_info=&#8221;{}&#8221;][et_pb_row module_id=&#8221;nachhaltigkeit_eins&#8221; _builder_version=&#8221;4.10.7&#8243; _module_preset=&#8221;default&#8221; width=&#8221;100%&#8221; global_colors_info=&#8221;{}&#8221;][et_pb_column type=&#8221;4_4&#8243; _builder_version=&#8221;4.10.7&#8243; _module_preset=&#8221;default&#8221; global_colors_info=&#8221;{}&#8221;][et_pb_text module_id=&#8221;unternehmen_eins&#8221; module_class=&#8221;ueberschrift&#8221; _builder_version=&#8221;4.10.7&#8243; _module_preset=&#8221;default&#8221; width=&#8221;90%&#8221; module_alignment=&#8221;center&#8221; global_colors_info=&#8221;{}&#8221;]<\/p>\n<h2 style = \"text-align: center;\"> I virksomheden <\/h2>\n<p>&nbsp;<\/p>\n<p>Vi er afh\u00e6ngige af vedvarende energi: Med et solsystem producerer vi vores egen elektricitet fra solens energi.<\/p>\n<p>Vi arbejder konstant p\u00e5 at reducere spild. Vi fors\u00f8ger s\u00e5 vidt muligt at undg\u00e5 materialer, der ikke er genanvendelige.<\/p>\n<p>Vi investerer i en topmoderne maskinpark, fordi topmoderne maskiner arbejder meget mere effektivt. P\u00e5 den m\u00e5de kan vi spare v\u00e6rdifulde ressourcer.<\/p>\n<p>&nbsp;[\/et_pb_text][et_pb_image src=&#8221;https:\/\/www.otto-keller.de\/wp-content\/uploads\/2021\/10\/Otto-Keller_Nachhaltigkeit_02.jpg&#8221; _builder_version=&#8221;4.10.7&#8243; _module_preset=&#8221;default&#8221; width=&#8221;80%&#8221; global_colors_info=&#8221;{}&#8221;][\/et_pb_image][et_pb_text module_class=&#8221;text-kasten&#8221; _builder_version=&#8221;4.10.7&#8243; _module_preset=&#8221;default&#8221; text_orientation=&#8221;center&#8221; max_width=&#8221;434px&#8221; module_alignment=&#8221;center&#8221; global_colors_info=&#8221;{}&#8221;][\/et_pb_text][et_pb_text module_class=&#8221;ueberschrift&#8221; _builder_version=&#8221;4.10.7&#8243; _module_preset=&#8221;default&#8221; width=&#8221;90%&#8221; module_alignment=&#8221;center&#8221; global_colors_info=&#8221;{}&#8221;]&nbsp;<\/p>\n<p>Fremstillet i Tyskland: Vi producerer udelukkende i Altenberge, Westfalen. P\u00e5 denne m\u00e5de undg\u00e5r vi milj\u00f8skadelige transporter fra andre regioner i verden og kan bedre overv\u00e5ge overholdelsen af \u200b\u200bvores b\u00e6redygtighedsstandarder.<\/p>\n<p>Klimabeskyttelse er ogs\u00e5 vigtig for os i forretningsomr\u00e5der, hvis CO2-relevans ikke umiddelbart er tydelig. Derfor driver vi vores hjemmeside klimaneutralt og udligner de for\u00e5rsagede emissioner.[\/et_pb_text][\/et_pb_column][\/et_pb_row][\/et_pb_section][et_pb_section fb_built=&#8221;1&#8243; fullwidth=&#8221;on&#8221; module_class=&#8221;marken nachhaltigkeit&#8221; _builder_version=&#8221;4.10.7&#8243; _module_preset=&#8221;default&#8221; global_colors_info=&#8221;{}&#8221;][et_pb_fullwidth_slider module_class=&#8221;slidermittext kissen_slider sort_hoehe&#8221; _builder_version=&#8221;4.10.7&#8243; _module_preset=&#8221;default&#8221; height=&#8221;100vh&#8221; auto=&#8221;on&#8221; auto_speed=&#8221;4000&#8243; global_colors_info=&#8221;{}&#8221;][et_pb_slide _builder_version=&#8221;4.10.7&#8243; _module_preset=&#8221;default&#8221; background_enable_color=&#8221;off&#8221; background_image=&#8221;https:\/\/www.otto-keller.de\/wp-content\/uploads\/2021\/10\/Otto-Keller_Nachhaltigkeit_03.jpg&#8221; background_enable_image=&#8221;on&#8221; global_colors_info=&#8221;{}&#8221; sticky_transition=&#8221;on&#8221;][\/et_pb_slide][\/et_pb_fullwidth_slider][\/et_pb_section][et_pb_section fb_built=&#8221;1&#8243; specialty=&#8221;on&#8221; module_class=&#8221;nachhaltigkeit bilder_desktop&#8221; _builder_version=&#8221;4.10.7&#8243; _module_preset=&#8221;default&#8221; global_colors_info=&#8221;{}&#8221;][et_pb_column type=&#8221;1_2&#8243; specialty_columns=&#8221;2&#8243; _builder_version=&#8221;3.25&#8243; custom_padding=&#8221;|||&#8221; global_colors_info=&#8221;{}&#8221; custom_padding__hover=&#8221;|||&#8221;][et_pb_row_inner _builder_version=&#8221;4.10.7&#8243; _module_preset=&#8221;default&#8221; global_colors_info=&#8221;{}&#8221;][et_pb_column_inner saved_specialty_column_type=&#8221;1_2&#8243; _builder_version=&#8221;4.10.7&#8243; _module_preset=&#8221;default&#8221; global_colors_info=&#8221;{}&#8221;][et_pb_image src=&#8221;https:\/\/www.otto-keller.de\/wp-content\/uploads\/2021\/10\/Otto-Keller_Nachhaltigkeit_04.jpg&#8221; alt=&#8221;Otto Keller Andeo Spray&#8221; title_text=&#8221;Otto-Keller_Nachhaltigkeit_04&#8243; _builder_version=&#8221;4.10.7&#8243; _module_preset=&#8221;default&#8221; global_colors_info=&#8221;{}&#8221;][\/et_pb_image][\/et_pb_column_inner][\/et_pb_row_inner][\/et_pb_column][et_pb_column type=&#8221;1_2&#8243; _builder_version=&#8221;3.25&#8243; custom_padding=&#8221;|||&#8221; global_colors_info=&#8221;{}&#8221; custom_padding__hover=&#8221;|||&#8221;][et_pb_text module_id=&#8221;nachhaltigkeit_zwei&#8221; module_class=&#8221;ueberschrift&#8221; _builder_version=&#8221;4.10.7&#8243; _module_preset=&#8221;default&#8221; max_width=&#8221;434px&#8221; module_alignment=&#8221;center&#8221; custom_padding=&#8221;||||false|false&#8221; global_colors_info=&#8221;{}&#8221;]<\/p>\n<h2> Med produkterne <\/h2>\n<p>&nbsp;<\/p>\n<p>Vores senget\u00f8j er ren natur: Dunene og fjerene kommer fra \u00e6nder og g\u00e6s, der holdes efter de h\u00f8jeste dyrevelf\u00e6rdsstandarder &#8211; vi afviser kategorisk &#8220;levende plukning&#8221; og ulidelige masteformer.<\/p>\n<p>Betr\u00e6kkene til vores puder og t\u00e6pper er udelukkende lavet af det fornyelige r\u00e5materiale bomuld. Vi er i stigende grad afh\u00e6ngige af \u00f8kologisk bomuld og l\u00e6gger stor v\u00e6gt p\u00e5 de h\u00f8jeste kvalitetsstandarder: Vores betr\u00e6k er ekstremt dun- og fjerbestandige, farve-, sved- og vaske\u00e6gte samt lys- og friktionsbestandige. Det betyder, at alle etuier er meget holdbare.<\/p>\n<p>Til Andeo-kollektionen var vi den f\u00f8rste sengefjederfabrik, der blev tildelt Blue Angel, den f\u00f8derale regerings milj\u00f8m\u00e6rke for de h\u00f8jeste krav med hensyn til \u00f8kologisk balance. Alt vores senget\u00f8j har DOWNPASS og Downafresh greenLine t\u00e6tninger og svarer til OEKO-TEX standard 100.<\/p>\n<p>Hvor det er muligt, bruger vi materialer fra genbrugssl\u00f8jfer.[\/et_pb_text][\/et_pb_column][\/et_pb_section][et_pb_section fb_built=&#8221;1&#8243; module_class=&#8221;quali-mobile nachhaltig&#8221; _builder_version=&#8221;4.10.7&#8243; _module_preset=&#8221;default&#8221; global_colors_info=&#8221;{}&#8221;][et_pb_row module_id=&#8221;nachhaltigkeit_zwei&#8221; _builder_version=&#8221;4.10.7&#8243; _module_preset=&#8221;default&#8221; width=&#8221;100%&#8221; global_colors_info=&#8221;{}&#8221;][et_pb_column type=&#8221;4_4&#8243; _builder_version=&#8221;4.10.7&#8243; _module_preset=&#8221;default&#8221; global_colors_info=&#8221;{}&#8221;][et_pb_text module_id=&#8221;unternehmen_zwei&#8221; module_class=&#8221;ueberschrift&#8221; _builder_version=&#8221;4.10.7&#8243; _module_preset=&#8221;default&#8221; width=&#8221;90%&#8221; module_alignment=&#8221;center&#8221; global_colors_info=&#8221;{}&#8221;]<\/p>\n<h2 style = \"text-align: center;\"> For produkterne <\/h2>\n<p>&nbsp;<\/p>\n<p>Vores senget\u00f8j er ren natur: Dunene og fjerene kommer fra \u00e6nder og g\u00e6s, der holdes efter de h\u00f8jeste dyrevelf\u00e6rdsstandarder &#8211; vi afviser kategorisk &#8220;levende plukning&#8221; og ulidelige masteformer.<\/p>\n<p>Betr\u00e6kkene til vores puder og t\u00e6pper er udelukkende lavet af det fornyelige r\u00e5materiale bomuld. Vi er i stigende grad afh\u00e6ngige af \u00f8kologisk bomuld og l\u00e6gger stor v\u00e6gt p\u00e5 de h\u00f8jeste kvalitetsstandarder: Vores betr\u00e6k er ekstremt dun- og fjerfaste, farve-, sved- og vaske\u00e6gte samt lys- og friktionsbestandige. Det betyder, at alle etuier er meget holdbare.[\/et_pb_text][et_pb_image src=&#8221;https:\/\/www.otto-keller.de\/wp-content\/uploads\/2021\/10\/Otto-Keller_Nachhaltigkeit_04.jpg&#8221; _builder_version=&#8221;4.10.7&#8243; _module_preset=&#8221;default&#8221; width=&#8221;80%&#8221; global_colors_info=&#8221;{}&#8221;][\/et_pb_image][et_pb_text module_class=&#8221;text-kasten&#8221; _builder_version=&#8221;4.10.7&#8243; _module_preset=&#8221;default&#8221; text_orientation=&#8221;center&#8221; max_width=&#8221;434px&#8221; module_alignment=&#8221;center&#8221; global_colors_info=&#8221;{}&#8221;][\/et_pb_text][et_pb_text module_class=&#8221;ueberschrift&#8221; _builder_version=&#8221;4.10.7&#8243; _module_preset=&#8221;default&#8221; width=&#8221;90%&#8221; module_alignment=&#8221;center&#8221; global_colors_info=&#8221;{}&#8221;]&nbsp;<\/p>\n<p>Til Andeo-kollektionen var vi den f\u00f8rste sengefjederfabrik, der blev tildelt Blue Angel, den f\u00f8derale regerings milj\u00f8m\u00e6rke for de h\u00f8jeste krav med hensyn til \u00f8kologisk balance. Alt vores senget\u00f8j har DOWNPASS og Downafresh greenLine t\u00e6tninger og svarer til OEKO-TEX standard 100.<\/p>\n<p>Hvor det er muligt, bruger vi materialer fra genbrugssl\u00f8jfer.[\/et_pb_text][\/et_pb_column][\/et_pb_row][\/et_pb_section][et_pb_section fb_built=&#8221;1&#8243; fullwidth=&#8221;on&#8221; module_class=&#8221;marken nachhaltigkeit&#8221; _builder_version=&#8221;4.10.7&#8243; _module_preset=&#8221;default&#8221; global_colors_info=&#8221;{}&#8221;][et_pb_fullwidth_slider module_class=&#8221;slidermittext kissen_slider sort_hoehe&#8221; _builder_version=&#8221;4.10.7&#8243; _module_preset=&#8221;default&#8221; height=&#8221;100vh&#8221; auto=&#8221;on&#8221; auto_speed=&#8221;4000&#8243; global_colors_info=&#8221;{}&#8221;][et_pb_slide _builder_version=&#8221;4.10.7&#8243; _module_preset=&#8221;default&#8221; background_enable_color=&#8221;off&#8221; background_image=&#8221;https:\/\/www.otto-keller.de\/wp-content\/uploads\/2021\/10\/Otto-Keller_Nachhaltigkeit_05.jpg&#8221; background_enable_image=&#8221;on&#8221; global_colors_info=&#8221;{}&#8221; sticky_transition=&#8221;on&#8221;][\/et_pb_slide][\/et_pb_fullwidth_slider][\/et_pb_section][et_pb_section fb_built=&#8221;1&#8243; specialty=&#8221;on&#8221; module_class=&#8221;nachhaltigkeit bilder_desktop&#8221; _builder_version=&#8221;4.10.7&#8243; _module_preset=&#8221;default&#8221; global_colors_info=&#8221;{}&#8221;][et_pb_column type=&#8221;1_2&#8243; specialty_columns=&#8221;2&#8243; _builder_version=&#8221;3.25&#8243; custom_padding=&#8221;|||&#8221; global_colors_info=&#8221;{}&#8221; custom_padding__hover=&#8221;|||&#8221;][et_pb_row_inner _builder_version=&#8221;4.10.7&#8243; _module_preset=&#8221;default&#8221; global_colors_info=&#8221;{}&#8221;][et_pb_column_inner saved_specialty_column_type=&#8221;1_2&#8243; _builder_version=&#8221;4.10.7&#8243; _module_preset=&#8221;default&#8221; global_colors_info=&#8221;{}&#8221;][et_pb_image src=&#8221;https:\/\/www.otto-keller.de\/wp-content\/uploads\/2021\/10\/Otto-Keller_Nachhaltigkeit_06.jpg&#8221; alt=&#8221;Otto Keller Andeo Spray&#8221; title_text=&#8221;Otto-Keller_Nachhaltigkeit_06&#8243; _builder_version=&#8221;4.10.7&#8243; _module_preset=&#8221;default&#8221; global_colors_info=&#8221;{}&#8221;][\/et_pb_image][\/et_pb_column_inner][\/et_pb_row_inner][\/et_pb_column][et_pb_column type=&#8221;1_2&#8243; _builder_version=&#8221;3.25&#8243; custom_padding=&#8221;|||&#8221; global_colors_info=&#8221;{}&#8221; custom_padding__hover=&#8221;|||&#8221;][et_pb_text module_id=&#8221;nachhaltigkeit_drei&#8221; module_class=&#8221;ueberschrift&#8221; _builder_version=&#8221;4.10.7&#8243; _module_preset=&#8221;default&#8221; max_width=&#8221;434px&#8221; module_alignment=&#8221;center&#8221; custom_padding=&#8221;||||false|false&#8221; global_colors_info=&#8221;{}&#8221;]<\/p>\n<h2> Med hj\u00e6lpemidlerne <\/h2>\n<p>&nbsp;<\/p>\n<p>Vi vil minimere brugen af \u200b\u200bplastik. Derfor har vi udviklet forskellige alternative emballageserier, som fx best\u00e5r af b\u00e6redygtigt dyrket bomuld og ikke indeholder PE.<\/p>\n<p>Vores b\u00e6retasker er designet til at v\u00e6re multifunktionelle. S\u00e5 de kan bruges ud over deres egentlige form\u00e5l.<\/p>\n<p>Vi bruger kun certificeret og\/eller genbrugspapir.[\/et_pb_text][\/et_pb_column][\/et_pb_section][et_pb_section fb_built=&#8221;1&#8243; module_class=&#8221;quali-mobile nachhaltig&#8221; _builder_version=&#8221;4.10.7&#8243; _module_preset=&#8221;default&#8221; global_colors_info=&#8221;{}&#8221;][et_pb_row module_id=&#8221;nachhaltigkeit_drei&#8221; _builder_version=&#8221;4.10.7&#8243; _module_preset=&#8221;default&#8221; width=&#8221;100%&#8221; global_colors_info=&#8221;{}&#8221;][et_pb_column type=&#8221;4_4&#8243; _builder_version=&#8221;4.10.7&#8243; _module_preset=&#8221;default&#8221; global_colors_info=&#8221;{}&#8221;][et_pb_text module_id=&#8221;unternehmen_drei&#8221; module_class=&#8221;ueberschrift&#8221; _builder_version=&#8221;4.10.7&#8243; _module_preset=&#8221;default&#8221; width=&#8221;90%&#8221; module_alignment=&#8221;center&#8221; global_colors_info=&#8221;{}&#8221;]<\/p>\n<h2 style = \"text-align: center;\"> Med v\u00e6rkt\u00f8jerne <\/h2>\n<p>&nbsp;<\/p>\n<p>Vi vil minimere brugen af \u200b\u200bplastik. Derfor har vi udviklet forskellige alternative emballageserier, som fx best\u00e5r af b\u00e6redygtigt dyrket bomuld og ikke indeholder PE.[\/et_pb_text][et_pb_image src=&#8221;https:\/\/www.otto-keller.de\/wp-content\/uploads\/2021\/10\/Otto-Keller_Nachhaltigkeit_06.jpg&#8221; _builder_version=&#8221;4.10.7&#8243; _module_preset=&#8221;default&#8221; width=&#8221;80%&#8221; global_colors_info=&#8221;{}&#8221;][\/et_pb_image][et_pb_text module_class=&#8221;text-kasten&#8221; _builder_version=&#8221;4.10.7&#8243; _module_preset=&#8221;default&#8221; text_orientation=&#8221;center&#8221; max_width=&#8221;434px&#8221; module_alignment=&#8221;center&#8221; global_colors_info=&#8221;{}&#8221;][\/et_pb_text][et_pb_text module_class=&#8221;ueberschrift&#8221; _builder_version=&#8221;4.10.7&#8243; _module_preset=&#8221;default&#8221; width=&#8221;90%&#8221; module_alignment=&#8221;center&#8221; global_colors_info=&#8221;{}&#8221;]Vores b\u00e6retasker er designet til at v\u00e6re multifunktionelle. S\u00e5 de kan bruges ud over deres egentlige form\u00e5l.<\/p>\n<p>Vi bruger kun certificeret og\/eller genbrugspapir.[\/et_pb_text][\/et_pb_column][\/et_pb_row][\/et_pb_section][et_pb_section fb_built=&#8221;1&#8243; _builder_version=&#8221;4.6.6&#8243; _module_preset=&#8221;default&#8221; custom_padding=&#8221;0px|||||&#8221; global_colors_info=&#8221;{}&#8221;][et_pb_row column_structure=&#8221;1_5,3_5,1_5&#8243; module_class=&#8221;ansprechpartner&#8221; _builder_version=&#8221;4.6.6&#8243; _module_preset=&#8221;default&#8221; global_colors_info=&#8221;{}&#8221;][et_pb_column type=&#8221;1_5&#8243; _builder_version=&#8221;4.6.6&#8243; _module_preset=&#8221;default&#8221; global_colors_info=&#8221;{}&#8221;][\/et_pb_column][et_pb_column type=&#8221;3_5&#8243; _builder_version=&#8221;4.6.6&#8243; _module_preset=&#8221;default&#8221; global_colors_info=&#8221;{}&#8221;][et_pb_team_member name=&#8221;Din kontaktperson&#8221; image_url=&#8221;https:\/\/www.otto-keller.de\/wp-content\/uploads\/2020\/11\/Services_Pillows_OK_Mitarbeiter_Prtraits_Web_11.jpg&#8221; module_class=&#8221;kleinesbild&#8221; _builder_version=&#8221;4.10.7&#8243; _module_preset=&#8221;default&#8221; header_level=&#8221;h2&#8243; border_radii_image=&#8221;on|50%|50%|50%|50%&#8221; global_colors_info=&#8221;{}&#8221;]<\/p>\n<p style=\"text-align: left;\">Marco Br\u00fcning<\/p>\n<p style = \"text-align: left;\"> Vi er tilg\u00e6ngelige p\u00e5 telefon fra mandag til fredag \u200b\u200bfra 8:00 til 16:30 og vil med gl\u00e6de besvare dine sp\u00f8rgsm\u00e5l <\/p>\n<p>T:\u00a0+49 (0) 2505 9337-19<br \/>\nF: +49 (0) 2505 9337-77<br \/>\nM: <a href=\"mailto:m.bruening@otto-keller.de\">m.bruening@otto-keller.de<\/a>[\/et_pb_team_member][\/et_pb_column][et_pb_column type=&#8221;1_5&#8243; _builder_version=&#8221;4.6.6&#8243; _module_preset=&#8221;default&#8221; global_colors_info=&#8221;{}&#8221;][\/et_pb_column][\/et_pb_row][\/et_pb_section]<\/p>\n","protected":false},"excerpt":{"rendered":"<p>B\u00e6redygtighed B\u00e6redygtighed er et slagord, som mange virksomheder smykker sig med i dag. Vores familievirksomhed handlede p\u00e5 en milj\u00f8bevidst m\u00e5de, da b\u00e6redygtighed endnu ikke var &#8220;p\u00e5 mode&#8221;. Det opfatter vi som logisk p\u00e5 grund af vores produktsortiment: Dunsenget\u00f8j er et rent naturprodukt, der har en lang levetid, hvis du passer godt p\u00e5 det. Det betyder, [&hellip;]<\/p>\n","protected":false},"author":1,"featured_media":0,"parent":0,"menu_order":0,"comment_status":"closed","ping_status":"closed","template":"","meta":{"_et_pb_use_builder":"on","_et_pb_old_content":"","_et_gb_content_width":"","inline_featured_image":false,"footnotes":""},"class_list":["post-7349","page","type-page","status-publish","hentry"],"yoast_head":"<!-- This site is optimized with the Yoast SEO plugin v26.6 - https:\/\/yoast.com\/wordpress\/plugins\/seo\/ -->\n<title>B\u00e6redygtighed - otto-keller.de<\/title>\n<meta name=\"description\" content=\"B\u00e6redygtighed er meget vigtigt for Otto Keller. Derfor bruger vi naturlige produkter til et langt liv i vores dun senget\u00f8j\" \/>\n<meta name=\"robots\" content=\"index, follow, max-snippet:-1, max-image-preview:large, max-video-preview:-1\" \/>\n<link rel=\"canonical\" href=\"https:\/\/www.otto-keller.de\/da\/baeredygtighed\/\" \/>\n<meta property=\"og:locale\" content=\"da_DK\" \/>\n<meta property=\"og:type\" content=\"article\" \/>\n<meta property=\"og:title\" content=\"B\u00e6redygtighed - otto-keller.de\" \/>\n<meta property=\"og:description\" content=\"B\u00e6redygtighed er meget vigtigt for Otto Keller. Derfor bruger vi naturlige produkter til et langt liv i vores dun senget\u00f8j\" \/>\n<meta property=\"og:url\" content=\"https:\/\/www.otto-keller.de\/da\/baeredygtighed\/\" \/>\n<meta property=\"og:site_name\" content=\"otto-keller.de\" \/>\n<meta property=\"article:modified_time\" content=\"2021-11-02T08:49:36+00:00\" \/>\n<meta property=\"og:image\" content=\"https:\/\/www.otto-keller.de\/wp-content\/uploads\/2021\/01\/otto-keller-og-image.jpg\" \/>\n\t<meta property=\"og:image:width\" content=\"1200\" \/>\n\t<meta property=\"og:image:height\" content=\"1200\" \/>\n\t<meta property=\"og:image:type\" content=\"image\/jpeg\" \/>\n<meta name=\"twitter:card\" content=\"summary_large_image\" \/>\n<meta name=\"twitter:label1\" content=\"Estimeret l\u00e6setid\" \/>\n\t<meta name=\"twitter:data1\" content=\"11 minutter\" \/>\n<script type=\"application\/ld+json\" class=\"yoast-schema-graph\">{\"@context\":\"https:\/\/schema.org\",\"@graph\":[{\"@type\":\"WebPage\",\"@id\":\"https:\/\/www.otto-keller.de\/da\/baeredygtighed\/\",\"url\":\"https:\/\/www.otto-keller.de\/da\/baeredygtighed\/\",\"name\":\"B\u00e6redygtighed - otto-keller.de\",\"isPartOf\":{\"@id\":\"https:\/\/www.otto-keller.de\/da\/#website\"},\"datePublished\":\"2021-09-28T12:16:27+00:00\",\"dateModified\":\"2021-11-02T08:49:36+00:00\",\"description\":\"B\u00e6redygtighed er meget vigtigt for Otto Keller. Derfor bruger vi naturlige produkter til et langt liv i vores dun senget\u00f8j\",\"breadcrumb\":{\"@id\":\"https:\/\/www.otto-keller.de\/da\/baeredygtighed\/#breadcrumb\"},\"inLanguage\":\"da-DK\",\"potentialAction\":[{\"@type\":\"ReadAction\",\"target\":[\"https:\/\/www.otto-keller.de\/da\/baeredygtighed\/\"]}]},{\"@type\":\"BreadcrumbList\",\"@id\":\"https:\/\/www.otto-keller.de\/da\/baeredygtighed\/#breadcrumb\",\"itemListElement\":[{\"@type\":\"ListItem\",\"position\":1,\"name\":\"Startseite\",\"item\":\"https:\/\/www.otto-keller.de\/da\/\"},{\"@type\":\"ListItem\",\"position\":2,\"name\":\"B\u00e6redygtighed\"}]},{\"@type\":\"WebSite\",\"@id\":\"https:\/\/www.otto-keller.de\/da\/#website\",\"url\":\"https:\/\/www.otto-keller.de\/da\/\",\"name\":\"otto-keller.de\",\"description\":\"Hochwertige Feder- und Daunendecken\",\"publisher\":{\"@id\":\"https:\/\/www.otto-keller.de\/da\/#organization\"},\"potentialAction\":[{\"@type\":\"SearchAction\",\"target\":{\"@type\":\"EntryPoint\",\"urlTemplate\":\"https:\/\/www.otto-keller.de\/da\/?s={search_term_string}\"},\"query-input\":{\"@type\":\"PropertyValueSpecification\",\"valueRequired\":true,\"valueName\":\"search_term_string\"}}],\"inLanguage\":\"da-DK\"},{\"@type\":\"Organization\",\"@id\":\"https:\/\/www.otto-keller.de\/da\/#organization\",\"name\":\"Bettfedernfabrik Otto Keller GmbH & Co. KG\",\"url\":\"https:\/\/www.otto-keller.de\/da\/\",\"logo\":{\"@type\":\"ImageObject\",\"inLanguage\":\"da-DK\",\"@id\":\"https:\/\/www.otto-keller.de\/da\/#\/schema\/logo\/image\/\",\"url\":\"https:\/\/www.otto-keller.de\/wp-content\/uploads\/2021\/01\/otto_keller_logo_rgb_schwarz.svg\",\"contentUrl\":\"https:\/\/www.otto-keller.de\/wp-content\/uploads\/2021\/01\/otto_keller_logo_rgb_schwarz.svg\",\"width\":1,\"height\":1,\"caption\":\"Bettfedernfabrik Otto Keller GmbH & Co. KG\"},\"image\":{\"@id\":\"https:\/\/www.otto-keller.de\/da\/#\/schema\/logo\/image\/\"}}]}<\/script>\n<!-- \/ Yoast SEO plugin. -->","yoast_head_json":{"title":"B\u00e6redygtighed - otto-keller.de","description":"B\u00e6redygtighed er meget vigtigt for Otto Keller. Derfor bruger vi naturlige produkter til et langt liv i vores dun senget\u00f8j","robots":{"index":"index","follow":"follow","max-snippet":"max-snippet:-1","max-image-preview":"max-image-preview:large","max-video-preview":"max-video-preview:-1"},"canonical":"https:\/\/www.otto-keller.de\/da\/baeredygtighed\/","og_locale":"da_DK","og_type":"article","og_title":"B\u00e6redygtighed - otto-keller.de","og_description":"B\u00e6redygtighed er meget vigtigt for Otto Keller. Derfor bruger vi naturlige produkter til et langt liv i vores dun senget\u00f8j","og_url":"https:\/\/www.otto-keller.de\/da\/baeredygtighed\/","og_site_name":"otto-keller.de","article_modified_time":"2021-11-02T08:49:36+00:00","og_image":[{"width":1200,"height":1200,"url":"https:\/\/www.otto-keller.de\/wp-content\/uploads\/2021\/01\/otto-keller-og-image.jpg","type":"image\/jpeg"}],"twitter_card":"summary_large_image","twitter_misc":{"Estimeret l\u00e6setid":"11 minutter"},"schema":{"@context":"https:\/\/schema.org","@graph":[{"@type":"WebPage","@id":"https:\/\/www.otto-keller.de\/da\/baeredygtighed\/","url":"https:\/\/www.otto-keller.de\/da\/baeredygtighed\/","name":"B\u00e6redygtighed - otto-keller.de","isPartOf":{"@id":"https:\/\/www.otto-keller.de\/da\/#website"},"datePublished":"2021-09-28T12:16:27+00:00","dateModified":"2021-11-02T08:49:36+00:00","description":"B\u00e6redygtighed er meget vigtigt for Otto Keller. Derfor bruger vi naturlige produkter til et langt liv i vores dun senget\u00f8j","breadcrumb":{"@id":"https:\/\/www.otto-keller.de\/da\/baeredygtighed\/#breadcrumb"},"inLanguage":"da-DK","potentialAction":[{"@type":"ReadAction","target":["https:\/\/www.otto-keller.de\/da\/baeredygtighed\/"]}]},{"@type":"BreadcrumbList","@id":"https:\/\/www.otto-keller.de\/da\/baeredygtighed\/#breadcrumb","itemListElement":[{"@type":"ListItem","position":1,"name":"Startseite","item":"https:\/\/www.otto-keller.de\/da\/"},{"@type":"ListItem","position":2,"name":"B\u00e6redygtighed"}]},{"@type":"WebSite","@id":"https:\/\/www.otto-keller.de\/da\/#website","url":"https:\/\/www.otto-keller.de\/da\/","name":"otto-keller.de","description":"Hochwertige Feder- und Daunendecken","publisher":{"@id":"https:\/\/www.otto-keller.de\/da\/#organization"},"potentialAction":[{"@type":"SearchAction","target":{"@type":"EntryPoint","urlTemplate":"https:\/\/www.otto-keller.de\/da\/?s={search_term_string}"},"query-input":{"@type":"PropertyValueSpecification","valueRequired":true,"valueName":"search_term_string"}}],"inLanguage":"da-DK"},{"@type":"Organization","@id":"https:\/\/www.otto-keller.de\/da\/#organization","name":"Bettfedernfabrik Otto Keller GmbH & Co. KG","url":"https:\/\/www.otto-keller.de\/da\/","logo":{"@type":"ImageObject","inLanguage":"da-DK","@id":"https:\/\/www.otto-keller.de\/da\/#\/schema\/logo\/image\/","url":"https:\/\/www.otto-keller.de\/wp-content\/uploads\/2021\/01\/otto_keller_logo_rgb_schwarz.svg","contentUrl":"https:\/\/www.otto-keller.de\/wp-content\/uploads\/2021\/01\/otto_keller_logo_rgb_schwarz.svg","width":1,"height":1,"caption":"Bettfedernfabrik Otto Keller GmbH & Co. KG"},"image":{"@id":"https:\/\/www.otto-keller.de\/da\/#\/schema\/logo\/image\/"}}]}},"_links":{"self":[{"href":"https:\/\/www.otto-keller.de\/da\/wp-json\/wp\/v2\/pages\/7349","targetHints":{"allow":["GET"]}}],"collection":[{"href":"https:\/\/www.otto-keller.de\/da\/wp-json\/wp\/v2\/pages"}],"about":[{"href":"https:\/\/www.otto-keller.de\/da\/wp-json\/wp\/v2\/types\/page"}],"author":[{"embeddable":true,"href":"https:\/\/www.otto-keller.de\/da\/wp-json\/wp\/v2\/users\/1"}],"replies":[{"embeddable":true,"href":"https:\/\/www.otto-keller.de\/da\/wp-json\/wp\/v2\/comments?post=7349"}],"version-history":[{"count":0,"href":"https:\/\/www.otto-keller.de\/da\/wp-json\/wp\/v2\/pages\/7349\/revisions"}],"wp:attachment":[{"href":"https:\/\/www.otto-keller.de\/da\/wp-json\/wp\/v2\/media?parent=7349"}],"curies":[{"name":"wp","href":"https:\/\/api.w.org\/{rel}","templated":true}]}}