{"id":7359,"date":"2020-11-04T14:37:55","date_gmt":"2020-11-04T13:37:55","guid":{"rendered":"https:\/\/www.otto-keller.de\/produkte\/"},"modified":"2021-11-02T10:42:39","modified_gmt":"2021-11-02T09:42:39","slug":"produkter","status":"publish","type":"page","link":"https:\/\/www.otto-keller.de\/da\/produkter\/","title":{"rendered":"Produkter"},"content":{"rendered":"<p>[et_pb_section fb_built=&#8221;1&#8243; module_id=&#8221;produkt0&#8243; _builder_version=&#8221;4.10.7&#8243; _module_preset=&#8221;default&#8221; background_color=&#8221;#002658&#8243; custom_padding=&#8221;0px|||||&#8221; global_colors_info=&#8221;{}&#8221;][et_pb_row module_class=&#8221;text&#8221; _builder_version=&#8221;4.7.3&#8243; _module_preset=&#8221;default&#8221; custom_padding=&#8221;||100px|||&#8221; animation_style=&#8221;slide&#8221; animation_direction=&#8221;bottom&#8221; animation_duration=&#8221;1500ms&#8221; animation_intensity_slide=&#8221;15%&#8221; global_colors_info=&#8221;{}&#8221;][et_pb_column type=&#8221;4_4&#8243; _builder_version=&#8221;4.6.6&#8243; _module_preset=&#8221;default&#8221; global_colors_info=&#8221;{}&#8221;][et_pb_text admin_label=&#8221;Daunendecken und Daunenkissen&#8221; module_class=&#8221;ueberschrift&#8221; _builder_version=&#8221;4.10.7&#8243; _module_preset=&#8221;default&#8221; global_colors_info=&#8221;{}&#8221;]<\/p>\n<h1> Vores udvalg <\/h1>\n<p>[\/et_pb_text][et_pb_text _builder_version=&#8221;4.10.7&#8243; _module_preset=&#8221;default&#8221; global_colors_info=&#8221;{}&#8221;]<\/p>\n<p>Vores produktsortiment omfatter en bred vifte af senget\u00f8jsprodukter, herunder dundyner og dunpuder. Udover vores egne kollektioner udvikler vi ogs\u00e5 kundespecifikke brands inden for en lang r\u00e6kke omr\u00e5der. For at vores produkter lavet af andedun og fjer samt g\u00e5sedun og fjer ogs\u00e5 kan skinne med deres lange holdbarhed, tilbyder vi dig ogs\u00e5 de rigtige plejeprodukter. Lad dig inspirere af vores h\u00f8jkvalitets dyner og puder, som er fyldt med fjer eller dun.<\/p>\n<p>[\/et_pb_text][et_pb_code module_class=&#8221;produkt_navi&#8221; _builder_version=&#8221;4.10.7&#8243; _module_preset=&#8221;default&#8221; global_colors_info=&#8221;{}&#8221;]<!-- [et_pb_line_break_holder] --><pee><!-- [et_pb_line_break_holder] -->  <a href=\"#produkt_anker\" class=\"category-link\"> Vores produkter <\/a><!-- [et_pb_line_break_holder] -->  <a href=\"#marken_anker\" class=\"category-link\"> Vores varem\u00e6rker <\/a><!-- [et_pb_line_break_holder] -->  <a href=\"#nachhaltigkeit_anker\" class=\"category-link\"> b\u00e6redygtighed <\/a><!-- [et_pb_line_break_holder] -->  <a href=\"#rueckverfolgbarkeit_anker\" class=\"category-link\"> sporbarhed <\/a><!-- [et_pb_line_break_holder] -->  <a href=\"#wissenswertes_anker\" class=\"category-link\"> v\u00e6rd at vide <\/a><!-- [et_pb_line_break_holder] -->  <a href=\"#showroom_anker\" class=\"category-link\"> Showroom <\/a><!-- [et_pb_line_break_holder] --><\/pee>[\/et_pb_code][\/et_pb_column][\/et_pb_row][\/et_pb_section][et_pb_section fb_built=&#8221;1&#8243; module_id=&#8221;produkt1&#8243; _builder_version=&#8221;4.10.7&#8243; _module_preset=&#8221;default&#8221; background_enable_color=&#8221;off&#8221; custom_padding=&#8221;65px||65px||false|false&#8221; global_colors_info=&#8221;{}&#8221;][et_pb_row module_class=&#8221;text&#8221; _builder_version=&#8221;4.7.3&#8243; _module_preset=&#8221;default&#8221; background_enable_color=&#8221;off&#8221; custom_padding=&#8221;||||false|false&#8221; animation_style=&#8221;slide&#8221; animation_direction=&#8221;bottom&#8221; animation_duration=&#8221;1500ms&#8221; animation_intensity_slide=&#8221;15%&#8221; global_colors_info=&#8221;{}&#8221;][et_pb_column type=&#8221;4_4&#8243; _builder_version=&#8221;4.6.6&#8243; _module_preset=&#8221;default&#8221; global_colors_info=&#8221;{}&#8221;][et_pb_text admin_label=&#8221;Die Qualit\u00e4t unserer Daunendecken und Daunenkissen&#8221; module_class=&#8221;ueberschrift&#8221; _builder_version=&#8221;4.10.7&#8243; _module_preset=&#8221;default&#8221; header_2_font_size=&#8221;36px&#8221; header_2_line_height=&#8221;1.5em&#8221; text_orientation=&#8221;center&#8221; header_2_font_size_tablet=&#8221;30px&#8221; header_2_font_size_phone=&#8221;&#8221; header_2_font_size_last_edited=&#8221;on|tablet&#8221; global_colors_info=&#8221;{}&#8221;]<\/p>\n<h2> Kvaliteten af \u200b\u200bvores dundyner og dunpuder <\/h2>\n<p>[\/et_pb_text][et_pb_text module_class=&#8221;fliesstext_trenner&#8221; _builder_version=&#8221;4.10.7&#8243; _module_preset=&#8221;default&#8221; text_font=&#8221;|300|||||||&#8221; text_font_size=&#8221;28px&#8221; text_line_height=&#8221;36.4px&#8221; header_3_text_color=&#8221;#ffffff&#8221; header_3_font_size=&#8221;28px&#8221; header_3_line_height=&#8221;1.5em&#8221; text_orientation=&#8221;center&#8221; header_3_font_size_tablet=&#8221;20px&#8221; header_3_font_size_phone=&#8221;&#8221; header_3_font_size_last_edited=&#8221;on|tablet&#8221; global_colors_info=&#8221;{}&#8221;]Som en traditionel tysk virksomhed kombinerer vi de mest moderne produktionsstandarder med h\u00f8jt kvalificeret h\u00e5ndv\u00e6rk. Alt vores senget\u00f8j, dundyner og dunpuder opfylder strenge kvalitetsstandarder. Find ud af mere her.<\/p>\n<p><a class=\"mehr-erfahren\" href=\"\/da\/kvalitet\/\"> f\u00e5 flere oplysninger <\/a>[\/et_pb_text][\/et_pb_column][\/et_pb_row][\/et_pb_section][et_pb_section fb_built=&#8221;1&#8243; module_id=&#8221;produkt2&#8243; _builder_version=&#8221;4.10.7&#8243; _module_preset=&#8221;default&#8221; global_colors_info=&#8221;{}&#8221;][et_pb_row column_structure=&#8221;1_2,1_2&#8243; module_id=&#8221;produkt_anker&#8221; _builder_version=&#8221;4.10.7&#8243; _module_preset=&#8221;default&#8221; background_color=&#8221;#c6d8f0&#8243; width=&#8221;100%&#8221; max_width=&#8221;none&#8221; custom_padding=&#8221;0px||0px||false|false&#8221; global_colors_info=&#8221;{}&#8221;][et_pb_column type=&#8221;1_2&#8243; _builder_version=&#8221;4.10.7&#8243; _module_preset=&#8221;default&#8221; global_colors_info=&#8221;{}&#8221;][et_pb_image src=&#8221;https:\/\/www.otto-keller.de\/wp-content\/uploads\/2021\/10\/Otto-Keller_Sortiment_01.jpg&#8221; alt=&#8221;Otto Keller Daunendecken&#8221; title_text=&#8221;Otto-Keller_Sortiment_01&#8243; _builder_version=&#8221;4.10.7&#8243; _module_preset=&#8221;default&#8221; custom_margin=&#8221;||||false|false&#8221; custom_padding=&#8221;||||false|false&#8221; global_colors_info=&#8221;{}&#8221;][\/et_pb_image][\/et_pb_column][et_pb_column type=&#8221;1_2&#8243; _builder_version=&#8221;4.10.7&#8243; _module_preset=&#8221;default&#8221; global_colors_info=&#8221;{}&#8221;][et_pb_text admin_label=&#8221;Sondergr\u00f6\u00dfen&#8221; module_class=&#8221;text-kasten weiss&#8221; _builder_version=&#8221;4.10.7&#8243; _module_preset=&#8221;default&#8221; width=&#8221;60%&#8221; locked=&#8221;off&#8221; global_colors_info=&#8221;{}&#8221;]<\/p>\n<h2> Vores dundyner <\/h2>\n<p>Vi har dundyner i forskellige st\u00f8rrelser og v\u00e6gte. Enhver kunde vil altid finde det rigtige senget\u00f8j, der passer til deres egne \u00f8nsker og behov. F\u00e6lles for alle vores dundyner er deres varige kvalitet. Otto Keller st\u00e5r for hyggelige, bl\u00f8de sovestunder.<\/p>\n<ul>\n<li> Fyldningskvalitet <\/li>\n<li> St\u00f8rrelser <\/li>\n<li> Quiltning <\/li>\n<li> Grad af varme <\/li>\n<\/ul>\n<p><a class=\"mehr-erfahren white-border\" href=\"\/da\/vores-dyner\/\"> <span style = \"text-align: left;\"> f\u00e5 flere oplysninger <\/span> <\/a>[\/et_pb_text][\/et_pb_column][\/et_pb_row][et_pb_row column_structure=&#8221;1_2,1_2&#8243; _builder_version=&#8221;4.10.7&#8243; _module_preset=&#8221;default&#8221; background_color=&#8221;#c6d8f0&#8243; width=&#8221;100%&#8221; max_width=&#8221;none&#8221; custom_padding=&#8221;0px||0px||false|false&#8221; global_colors_info=&#8221;{}&#8221;][et_pb_column type=&#8221;1_2&#8243; module_class=&#8221; second-on-mobile&#8221; _builder_version=&#8221;4.10.7&#8243; _module_preset=&#8221;default&#8221; global_colors_info=&#8221;{}&#8221;][et_pb_text admin_label=&#8221;Sondergr\u00f6\u00dfen&#8221; module_class=&#8221;text-kasten weiss&#8221; _builder_version=&#8221;4.10.7&#8243; _module_preset=&#8221;default&#8221; width=&#8221;60%&#8221; locked=&#8221;off&#8221; global_colors_info=&#8221;{}&#8221;]<\/p>\n<h2> Vores dunpuder <\/h2>\n<p>Er du en sidesovende? Eller mavesovende? Har du brug for noget st\u00f8tte til din nakke, mens du ligger ned? Vores dunpuder har noget til ethvert hoved. Fra bl\u00f8d til st\u00f8ttende kan du altid lade dit hoved falde s\u00e6rligt behageligt ned i vores dunpuder.<\/p>\n<ul>\n<li> Fyldningskvalitet <\/li>\n<li> St\u00f8rrelser <\/li>\n<li> Passer til <\/li>\n<\/ul>\n<p><a class=\"mehr-erfahren white-border\" href=\"\/da\/vores-puder\/\"> <span style = \"text-align: left;\"> f\u00e5 flere oplysninger <\/span> <\/a>[\/et_pb_text][\/et_pb_column][et_pb_column type=&#8221;1_2&#8243; module_class=&#8221;first-on-mobile&#8221; _builder_version=&#8221;4.10.7&#8243; _module_preset=&#8221;default&#8221; global_colors_info=&#8221;{}&#8221;][et_pb_image src=&#8221;https:\/\/www.otto-keller.de\/wp-content\/uploads\/2021\/10\/Otto-Keller_Sortiment_02.jpg&#8221; alt=&#8221;Otto Keller Kissen&#8221; title_text=&#8221;Otto-Keller_Sortiment_02&#8243; module_class=&#8221;first-on-mobile&#8221; _builder_version=&#8221;4.10.7&#8243; _module_preset=&#8221;default&#8221; custom_margin=&#8221;||||false|false&#8221; custom_padding=&#8221;||||false|false&#8221; global_colors_info=&#8221;{}&#8221;][\/et_pb_image][\/et_pb_column][\/et_pb_row][et_pb_row column_structure=&#8221;1_2,1_2&#8243; _builder_version=&#8221;4.10.7&#8243; _module_preset=&#8221;default&#8221; background_color=&#8221;#c6d8f0&#8243; width=&#8221;100%&#8221; max_width=&#8221;none&#8221; custom_padding=&#8221;0px||0px||false|false&#8221; global_colors_info=&#8221;{}&#8221;][et_pb_column type=&#8221;1_2&#8243; _builder_version=&#8221;4.10.7&#8243; _module_preset=&#8221;default&#8221; global_colors_info=&#8221;{}&#8221;][et_pb_image src=&#8221;https:\/\/www.otto-keller.de\/wp-content\/uploads\/2021\/10\/Otto-Keller_Sortiment_03.jpg&#8221; alt=&#8221;Otto Keller Decken&#8221; title_text=&#8221;Otto-Keller_Sortiment_03&#8243; _builder_version=&#8221;4.10.7&#8243; _module_preset=&#8221;default&#8221; custom_margin=&#8221;||||false|false&#8221; custom_padding=&#8221;||||false|false&#8221; global_colors_info=&#8221;{}&#8221;][\/et_pb_image][\/et_pb_column][et_pb_column type=&#8221;1_2&#8243; _builder_version=&#8221;4.10.7&#8243; _module_preset=&#8221;default&#8221; global_colors_info=&#8221;{}&#8221;][et_pb_text admin_label=&#8221;Sondergr\u00f6\u00dfen&#8221; module_class=&#8221;text-kasten weiss&#8221; _builder_version=&#8221;4.10.7&#8243; _module_preset=&#8221;default&#8221; width=&#8221;60%&#8221; locked=&#8221;off&#8221; global_colors_info=&#8221;{}&#8221;]<\/p>\n<h2> Vores b\u00f8rneprodukter <\/h2>\n<p><span style = \"font-weight: 400;\"> I barndommen er afslappende s\u00f8vn s\u00e6rlig vigtig, n\u00e5r alt kommer til alt, danner den grundlaget for sund v\u00e6kst. Vores b\u00f8rneprogram byder p\u00e5 vidunderlige bl\u00f8de puder, t\u00e6pper og soveposer af den bedste kvalitet med en behagelig lav v\u00e6gt. <\/span><\/p>\n<p><a class=\"mehr-erfahren white-border\" href=\"\/da\/boerneprodukter\/\"> <span style = \"text-align: left;\"> f\u00e5 flere oplysninger <\/span> <\/a>[\/et_pb_text][\/et_pb_column][\/et_pb_row][et_pb_row column_structure=&#8221;1_2,1_2&#8243; _builder_version=&#8221;4.10.7&#8243; _module_preset=&#8221;default&#8221; background_color=&#8221;#c6d8f0&#8243; width=&#8221;100%&#8221; max_width=&#8221;none&#8221; custom_padding=&#8221;0px||0px||false|false&#8221; global_colors_info=&#8221;{}&#8221;][et_pb_column type=&#8221;1_2&#8243; module_class=&#8221;second-on-mobile&#8221; _builder_version=&#8221;4.10.7&#8243; _module_preset=&#8221;default&#8221; global_colors_info=&#8221;{}&#8221;][et_pb_text admin_label=&#8221;Sondergr\u00f6\u00dfen&#8221; module_class=&#8221;text-kasten weiss second-on-mobile&#8221; _builder_version=&#8221;4.10.7&#8243; _module_preset=&#8221;default&#8221; width=&#8221;60%&#8221; locked=&#8221;off&#8221; global_colors_info=&#8221;{}&#8221;]<\/p>\n<h2> Vores edderdun <\/h2>\n<p><span style = \"font-weight: 400;\"> Oplev produkter fyldt med edderdun, fyldt med vidunderlige originale arktiske edderdun, en naturlig soveoplevelse i topklasse. <\/span><\/p>\n<p><a class=\"mehr-erfahren white-border\" href=\"\/da\/edderdun\/\"> <span style = \"text-align: left;\"> f\u00e5 flere oplysninger <\/span> <\/a>[\/et_pb_text][\/et_pb_column][et_pb_column type=&#8221;1_2&#8243; module_class=&#8221;first-on-mobile&#8221; _builder_version=&#8221;4.10.7&#8243; _module_preset=&#8221;default&#8221; global_colors_info=&#8221;{}&#8221;][et_pb_image src=&#8221;https:\/\/www.otto-keller.de\/wp-content\/uploads\/2021\/10\/Otto-Keller_Sortiment_04.jpg&#8221; alt=&#8221;Otto Keller Kissen&#8221; title_text=&#8221;Otto-Keller_Sortiment_04&#8243; module_class=&#8221;first-on-mobile&#8221; _builder_version=&#8221;4.10.7&#8243; _module_preset=&#8221;default&#8221; custom_margin=&#8221;||||false|false&#8221; custom_padding=&#8221;||||false|false&#8221; global_colors_info=&#8221;{}&#8221;][\/et_pb_image][\/et_pb_column][\/et_pb_row][\/et_pb_section][et_pb_section fb_built=&#8221;1&#8243; admin_label=&#8221;Sektion&#8221; module_id=&#8221;produkt3&#8243; _builder_version=&#8221;4.10.7&#8243; _module_preset=&#8221;default&#8221; global_colors_info=&#8221;{}&#8221;][et_pb_row module_id=&#8221;marken_anker&#8221; module_class=&#8221;text&#8221; _builder_version=&#8221;4.10.7&#8243; _module_preset=&#8221;default&#8221; background_enable_color=&#8221;off&#8221; custom_padding=&#8221;||||false|false&#8221; animation_style=&#8221;slide&#8221; animation_direction=&#8221;bottom&#8221; animation_duration=&#8221;1500ms&#8221; animation_intensity_slide=&#8221;15%&#8221; global_colors_info=&#8221;{}&#8221;][et_pb_column type=&#8221;4_4&#8243; _builder_version=&#8221;4.6.6&#8243; _module_preset=&#8221;default&#8221; global_colors_info=&#8221;{}&#8221;][et_pb_text admin_label=&#8221;Die Qualit\u00e4t unserer Daunendecken und Daunenkissen&#8221; module_class=&#8221;ueberschrift&#8221; _builder_version=&#8221;4.10.7&#8243; _module_preset=&#8221;default&#8221; header_2_font_size=&#8221;36px&#8221; header_2_line_height=&#8221;1.5em&#8221; text_orientation=&#8221;center&#8221; header_2_font_size_tablet=&#8221;30px&#8221; header_2_font_size_phone=&#8221;&#8221; header_2_font_size_last_edited=&#8221;on|tablet&#8221; global_colors_info=&#8221;{}&#8221;]<\/p>\n<h2> Vores m\u00e6rker til hyggelige mennesker<br \/>\nDundyner og puder <\/h2>\n<p>[\/et_pb_text][et_pb_text module_class=&#8221;fliesstext_trenner&#8221; _builder_version=&#8221;4.10.7&#8243; _module_preset=&#8221;default&#8221; text_font=&#8221;|300|||||||&#8221; text_font_size=&#8221;28px&#8221; text_line_height=&#8221;36.4px&#8221; header_3_text_color=&#8221;#ffffff&#8221; header_3_font_size=&#8221;28px&#8221; header_3_line_height=&#8221;1.5em&#8221; text_orientation=&#8221;center&#8221; header_3_font_size_tablet=&#8221;20px&#8221; header_3_font_size_phone=&#8221;&#8221; header_3_font_size_last_edited=&#8221;on|tablet&#8221; global_colors_info=&#8221;{}&#8221;]Udover vores kunders specialfremstillede m\u00e6rker tilbyder vi en lang r\u00e6kke egne m\u00e6rker inden for dundyner og dunpuder. Hvert af disse m\u00e6rker er specielt.[\/et_pb_text][\/et_pb_column][\/et_pb_row][et_pb_row column_structure=&#8221;1_2,1_2&#8243; disabled_on=&#8221;on|on|off&#8221; admin_label=&#8221;Zeile Desktop Ansicht&#8221; _builder_version=&#8221;4.7.3&#8243; _module_preset=&#8221;default&#8221; custom_padding=&#8221;0px|200px||200px|false|false&#8221; animation_style=&#8221;slide&#8221; animation_direction=&#8221;bottom&#8221; animation_duration=&#8221;1500ms&#8221; animation_intensity_slide=&#8221;15%&#8221; global_colors_info=&#8221;{}&#8221;][et_pb_column type=&#8221;1_2&#8243; _builder_version=&#8221;4.7.3&#8243; _module_preset=&#8221;default&#8221; global_colors_info=&#8221;{}&#8221;][et_pb_image src=&#8221;https:\/\/www.otto-keller.de\/wp-content\/uploads\/2021\/10\/Otto-Keller_Sortiment_Fjoedur.jpg&#8221; alt=&#8221;Logo Fj\u00f6dur&#8221; title_text=&#8221;Otto-Keller_Sortiment_Fj\u00f6dur&#8221; _builder_version=&#8221;4.10.7&#8243; _module_preset=&#8221;default&#8221; global_colors_info=&#8221;{}&#8221;][\/et_pb_image][et_pb_text admin_label=&#8221;Fj\u00f6dur&#8221; _builder_version=&#8221;4.10.7&#8243; _module_preset=&#8221;default&#8221; text_font_size=&#8221;13px&#8221; header_4_font_size=&#8221;20px&#8221; global_colors_info=&#8221;{}&#8221;]<\/p>\n<h4><span>FJ\u00d6DUR<\/span><\/h4>\n<p><span> Fj\u00f6dur dyner er alle varmende, elastiske og behageligt lette. Som kollektionens kvalitetsm\u00e6rker beviser, udv\u00e6lger vi som ansvarlig producent de bedste naturlige materialer med den st\u00f8rste omhu. Du kan finde dit personlige yndlingst\u00e6ppe og -pude lavet af de fineste dun og fjer her: <\/span>[\/et_pb_text][et_pb_button button_url=&#8221;@ET-DC@eyJkeW5hbWljIjp0cnVlLCJjb250ZW50IjoicG9zdF9saW5rX3VybF9wYWdlIiwic2V0dGluZ3MiOnsicG9zdF9pZCI6IjYzMzEifX0=@&#8221; button_text=&#8221;L\u00e6r mere&#8221; module_class=&#8221;mehr-erfahren&#8221; _builder_version=&#8221;4.10.7&#8243; _dynamic_attributes=&#8221;button_url&#8221; _module_preset=&#8221;default&#8221; custom_button=&#8221;on&#8221; button_text_size=&#8221;13px&#8221; button_border_width=&#8221;1px&#8221; button_border_radius=&#8221;0px&#8221; button_use_icon=&#8221;off&#8221; global_colors_info=&#8221;{}&#8221; button_bg_color__hover_enabled=&#8221;on|hover&#8221; button_bg_color__hover=&#8221;#002658&#8243; button_bg_enable_color__hover=&#8221;on&#8221; button_text_color__hover_enabled=&#8221;on|hover&#8221; button_text_color__hover=&#8221;#ffffff&#8221;][\/et_pb_button][\/et_pb_column][et_pb_column type=&#8221;1_2&#8243; _builder_version=&#8221;4.7.3&#8243; _module_preset=&#8221;default&#8221; global_colors_info=&#8221;{}&#8221;][et_pb_image src=&#8221;https:\/\/www.otto-keller.de\/wp-content\/uploads\/2021\/10\/Otto-Keller_Sortiment_andeo.jpg&#8221; alt=&#8221;Logo andeo&#8221; title_text=&#8221;Otto-Keller_Sortiment_andeo&#8221; _builder_version=&#8221;4.10.7&#8243; _module_preset=&#8221;default&#8221; global_colors_info=&#8221;{}&#8221;][\/et_pb_image][et_pb_text admin_label=&#8221;andeo&#8221; _builder_version=&#8221;4.10.7&#8243; _module_preset=&#8221;default&#8221; text_font_size=&#8221;13px&#8221; header_4_font_size=&#8221;20px&#8221; global_colors_info=&#8221;{}&#8221;]<\/p>\n<h4><span>andeo<\/span><\/h4>\n<p><span> Vores andeo-sortiment er unikt med hensyn til milj\u00f8venlighed. Aldrig f\u00f8r er en senget\u00f8jskollektion blevet tildelt Blue Angel milj\u00f8m\u00e6rket. Kombinationen af \u200b\u200bh\u00f8jkvalitetsfyld fra sundt fjerkr\u00e6 og \u00f8kologiske bomulds\u00e6rmer resulterer i fjerlette, nuttede og varme dundyner og puder for enest\u00e5ende sovekomfort og god samvittighed. <\/span>[\/et_pb_text][et_pb_button button_url=&#8221;@ET-DC@eyJkeW5hbWljIjp0cnVlLCJjb250ZW50IjoicG9zdF9saW5rX3VybF9wYWdlIiwic2V0dGluZ3MiOnsicG9zdF9pZCI6IjYzMTUifX0=@&#8221; button_text=&#8221;L\u00e6r mere&#8221; module_class=&#8221;mehr-erfahren&#8221; _builder_version=&#8221;4.10.7&#8243; _dynamic_attributes=&#8221;button_url&#8221; _module_preset=&#8221;default&#8221; custom_button=&#8221;on&#8221; button_text_size=&#8221;13px&#8221; button_border_width=&#8221;1px&#8221; button_border_radius=&#8221;0px&#8221; button_use_icon=&#8221;off&#8221; global_colors_info=&#8221;{}&#8221; button_bg_color__hover_enabled=&#8221;on|hover&#8221; button_bg_color__hover=&#8221;#002658&#8243; button_bg_enable_color__hover=&#8221;on&#8221; button_text_color__hover_enabled=&#8221;on|hover&#8221; button_text_color__hover=&#8221;#ffffff&#8221;][\/et_pb_button][\/et_pb_column][\/et_pb_row][et_pb_row column_structure=&#8221;1_2,1_2&#8243; disabled_on=&#8221;on|on|off&#8221; admin_label=&#8221;Zeile Desktop Ansicht&#8221; _builder_version=&#8221;4.7.3&#8243; _module_preset=&#8221;default&#8221; custom_margin=&#8221;||||false|false&#8221; custom_padding=&#8221;|200px||200px|false|false&#8221; animation_style=&#8221;slide&#8221; animation_direction=&#8221;bottom&#8221; animation_duration=&#8221;1500ms&#8221; animation_intensity_slide=&#8221;15%&#8221; global_colors_info=&#8221;{}&#8221;][et_pb_column type=&#8221;1_2&#8243; _builder_version=&#8221;4.7.3&#8243; _module_preset=&#8221;default&#8221; global_colors_info=&#8221;{}&#8221;][et_pb_image src=&#8221;https:\/\/www.otto-keller.de\/wp-content\/uploads\/2021\/10\/Otto-Keller_Sortiment_Otto-Keller.jpg&#8221; alt=&#8221;Logo Prinzessin Lillifee&#8221; title_text=&#8221;Otto-Keller_Sortiment_Otto-Keller&#8221; _builder_version=&#8221;4.10.7&#8243; _module_preset=&#8221;default&#8221; global_colors_info=&#8221;{}&#8221;][\/et_pb_image][et_pb_text admin_label=&#8221;Prinzessin Lilifee&#8221; _builder_version=&#8221;4.10.7&#8243; _module_preset=&#8221;default&#8221; text_font_size=&#8221;13px&#8221; header_4_font_size=&#8221;20px&#8221; global_colors_info=&#8221;{}&#8221;]<\/p>\n<h4><span>Otto Keller<\/span><\/h4>\n<p><span style = \"font-weight: 400;\"> For\u00f8gelse af livskvaliteten er en vigtig model for vores familievirksomhed &#8211; i enhver henseende. Sammen med vores h\u00f8je kvalitetsstandarder og vores beliggenhed i Altenberge, Tyskland, danner denne v\u00e6rdi v\u00e6rdierne for vores nye produktlinje <\/span> <i> <span style = \"font-weight: 400;\"> Otto Keller-produkter. <\/span> <\/i><\/p>\n<p><span style = \"font-weight: 400;\"> Med disse vil vi gerne l\u00f8bende \u00f8ge trivslen for alle mennesker omkring os. <\/span>[\/et_pb_text][et_pb_button button_url=&#8221;@ET-DC@eyJkeW5hbWljIjp0cnVlLCJjb250ZW50IjoicG9zdF9saW5rX3VybF9wYWdlIiwic2V0dGluZ3MiOnsicG9zdF9pZCI6IjYzMjMifX0=@&#8221; button_text=&#8221;L\u00e6r mere&#8221; module_class=&#8221;mehr-erfahren&#8221; _builder_version=&#8221;4.10.7&#8243; _dynamic_attributes=&#8221;button_url&#8221; _module_preset=&#8221;default&#8221; custom_button=&#8221;on&#8221; button_text_size=&#8221;13px&#8221; button_border_width=&#8221;1px&#8221; button_border_radius=&#8221;0px&#8221; button_use_icon=&#8221;off&#8221; locked=&#8221;off&#8221; global_colors_info=&#8221;{}&#8221; button_bg_color__hover_enabled=&#8221;on|hover&#8221; button_bg_color__hover=&#8221;#002658&#8243; button_bg_enable_color__hover=&#8221;on&#8221; button_text_color__hover_enabled=&#8221;on|hover&#8221; button_text_color__hover=&#8221;#ffffff&#8221;][\/et_pb_button][\/et_pb_column][et_pb_column type=&#8221;1_2&#8243; _builder_version=&#8221;4.7.3&#8243; _module_preset=&#8221;default&#8221; global_colors_info=&#8221;{}&#8221;][et_pb_image src=&#8221;https:\/\/www.otto-keller.de\/wp-content\/uploads\/2021\/10\/Otto-Keller_Sortiment_Mollissima.jpg&#8221; alt=&#8221;Logo Mollissima&#8221; title_text=&#8221;Otto-Keller_Sortiment_Mollissima&#8221; _builder_version=&#8221;4.10.7&#8243; _module_preset=&#8221;default&#8221; global_colors_info=&#8221;{}&#8221;][\/et_pb_image][et_pb_text admin_label=&#8221;Mollissima&#8221; _builder_version=&#8221;4.10.7&#8243; _module_preset=&#8221;default&#8221; text_font_size=&#8221;13px&#8221; header_4_font_size=&#8221;20px&#8221; global_colors_info=&#8221;{}&#8221;]<\/p>\n<h4><span>MOLLISSIMA<\/span><span><\/span><\/h4>\n<p>Edderdun kaldes ogs\u00e5 dronningen af \u200b\u200bdun og fjer. Den er kendetegnet ved sin s\u00e6rlige lethed. Med h\u00e5ndplukket arktisk edderdun i den fineste schweiziske bomuldsbatist forvandler MOLLISSIMA dundynen sovekomfort til \u00e6gte soveluksus. Du k\u00f8ber et t\u00e6ppe fyldt med de fineste edderfugledun til dine senge, som du kan putte dig komfortabelt i. I kombination med puden fra MOLLISSIMA sover du som p\u00e5 skyer.[\/et_pb_text][et_pb_button button_url=&#8221;@ET-DC@eyJkeW5hbWljIjp0cnVlLCJjb250ZW50IjoicG9zdF9saW5rX3VybF9wYWdlIiwic2V0dGluZ3MiOnsicG9zdF9pZCI6IjYzMzUifX0=@&#8221; button_text=&#8221;L\u00e6r mere&#8221; module_class=&#8221;mehr-erfahren&#8221; _builder_version=&#8221;4.10.7&#8243; _dynamic_attributes=&#8221;button_url&#8221; _module_preset=&#8221;default&#8221; custom_button=&#8221;on&#8221; button_text_size=&#8221;13px&#8221; button_border_width=&#8221;1px&#8221; button_border_radius=&#8221;0px&#8221; button_use_icon=&#8221;off&#8221; locked=&#8221;off&#8221; global_colors_info=&#8221;{}&#8221; button_bg_color__hover_enabled=&#8221;on|hover&#8221; button_bg_color__hover=&#8221;#002658&#8243; button_bg_enable_color__hover=&#8221;on&#8221; button_text_color__hover_enabled=&#8221;on|hover&#8221; button_text_color__hover=&#8221;#ffffff&#8221;][\/et_pb_button][\/et_pb_column][\/et_pb_row][et_pb_row column_structure=&#8221;1_2,1_2&#8243; disabled_on=&#8221;on|on|off&#8221; admin_label=&#8221;Zeile Desktop Ansicht&#8221; _builder_version=&#8221;4.7.3&#8243; _module_preset=&#8221;default&#8221; custom_margin=&#8221;||||false|false&#8221; custom_padding=&#8221;|200px||200px|false|false&#8221; animation_style=&#8221;slide&#8221; animation_direction=&#8221;bottom&#8221; animation_duration=&#8221;1500ms&#8221; animation_intensity_slide=&#8221;15%&#8221; global_colors_info=&#8221;{}&#8221;][et_pb_column type=&#8221;1_2&#8243; _builder_version=&#8221;4.7.3&#8243; _module_preset=&#8221;default&#8221; global_colors_info=&#8221;{}&#8221;][et_pb_image src=&#8221;https:\/\/www.otto-keller.de\/wp-content\/uploads\/2020\/11\/Lilifee_web.jpg&#8221; alt=&#8221;Otto Keller bietet weitere hochwertige Produkte anderer Hersteller f\u00fcr Bettwaren an&#8221; title_text=&#8221;Lilifee_web&#8221; _builder_version=&#8221;4.10.7&#8243; _module_preset=&#8221;default&#8221; global_colors_info=&#8221;{}&#8221;][\/et_pb_image][et_pb_text admin_label=&#8221;Prinzessin Lilifee&#8221; _builder_version=&#8221;4.10.7&#8243; _module_preset=&#8221;default&#8221; text_font_size=&#8221;13px&#8221; header_4_font_size=&#8221;20px&#8221; global_colors_info=&#8221;{}&#8221;]<\/p>\n<h4><span>Prinzessin Lillifee und Capt&#8217;n Sharky<\/span><\/h4>\n<p><span style = \"font-weight: 400;\"> Med designerne Princess Lillifee og Capt&#8217;n Sharky er det sjovt at g\u00e5 i seng! De hyggelige dunsoveposer til f\u00f8rskoleb\u00f8rn kombinerer naturlig komfort med legende design. \u00c5bner du lynl\u00e5sen, kan du forvandle din sovepose til en dyne. Pleje er ogs\u00e5 meget nemt. Soveposerne kan nemt vaskes i din egen vaskemaskine.<\/span>[\/et_pb_text][\/et_pb_column][et_pb_column type=&#8221;1_2&#8243; _builder_version=&#8221;4.7.3&#8243; _module_preset=&#8221;default&#8221; global_colors_info=&#8221;{}&#8221;][\/et_pb_column][\/et_pb_row][et_pb_row disabled_on=&#8221;off|off|on&#8221; admin_label=&#8221;Zeile Mobile Ansicht&#8221; _builder_version=&#8221;4.7.3&#8243; _module_preset=&#8221;default&#8221; custom_margin=&#8221;||||false|false&#8221; custom_padding=&#8221;||||false|false&#8221; global_colors_info=&#8221;{}&#8221;][et_pb_column type=&#8221;4_4&#8243; _builder_version=&#8221;4.7.3&#8243; _module_preset=&#8221;default&#8221; global_colors_info=&#8221;{}&#8221;][et_pb_image src=&#8221;https:\/\/www.otto-keller.de\/wp-content\/uploads\/2021\/10\/Otto-Keller_Sortiment_Fjoedur.jpg&#8221; alt=&#8221;Logo Fj\u00f6dur&#8221; title_text=&#8221;Otto-Keller_Sortiment_Fj\u00f6dur&#8221; force_fullwidth=&#8221;on&#8221; _builder_version=&#8221;4.10.7&#8243; _module_preset=&#8221;default&#8221; global_colors_info=&#8221;{}&#8221;][\/et_pb_image][et_pb_text admin_label=&#8221;Fj\u00f6dur&#8221; _builder_version=&#8221;4.10.7&#8243; _module_preset=&#8221;default&#8221; header_4_font_size=&#8221;20px&#8221; global_colors_info=&#8221;{}&#8221;]<\/p>\n<h4><span>FJ\u00d6DUR<\/span><\/h4>\n<p><span> Fj\u00f6dur dyner er alle varmende, elastiske og behageligt lette. Som kollektionens kvalitetsm\u00e6rker beviser, udv\u00e6lger vi som ansvarlig producent de bedste naturlige materialer med den st\u00f8rste omhu. Du kan finde dit personlige yndlingst\u00e6ppe og -pude lavet af de fineste dun og fjer her: <\/span>[\/et_pb_text][et_pb_button button_url=&#8221;@ET-DC@eyJkeW5hbWljIjp0cnVlLCJjb250ZW50IjoicG9zdF9saW5rX3VybF9wYWdlIiwic2V0dGluZ3MiOnsicG9zdF9pZCI6IjYzMzEifX0=@&#8221; button_text=&#8221;L\u00e6r mere&#8221; module_class=&#8221;mehr-erfahren&#8221; _builder_version=&#8221;4.10.7&#8243; _dynamic_attributes=&#8221;button_url&#8221; _module_preset=&#8221;default&#8221; custom_button=&#8221;on&#8221; button_text_size=&#8221;13px&#8221; button_border_width=&#8221;1px&#8221; button_border_radius=&#8221;0px&#8221; button_use_icon=&#8221;off&#8221; global_colors_info=&#8221;{}&#8221; button_bg_color__hover_enabled=&#8221;on|hover&#8221; button_bg_color__hover=&#8221;#002658&#8243; button_bg_enable_color__hover=&#8221;on&#8221; button_text_color__hover_enabled=&#8221;on|hover&#8221; button_text_color__hover=&#8221;#ffffff&#8221;][\/et_pb_button][et_pb_image src=&#8221;https:\/\/www.otto-keller.de\/wp-content\/uploads\/2021\/10\/Otto-Keller_Sortiment_andeo.jpg&#8221; alt=&#8221;Logo andeo&#8221; title_text=&#8221;Otto-Keller_Sortiment_andeo&#8221; force_fullwidth=&#8221;on&#8221; _builder_version=&#8221;4.10.7&#8243; _module_preset=&#8221;default&#8221; global_colors_info=&#8221;{}&#8221;][\/et_pb_image][et_pb_text admin_label=&#8221;andeo&#8221; _builder_version=&#8221;4.10.7&#8243; _module_preset=&#8221;default&#8221; header_4_font_size=&#8221;20px&#8221; global_colors_info=&#8221;{}&#8221;]<\/p>\n<h4><span>andeo<\/span><\/h4>\n<p><span> Vores andeo-sortiment er unikt med hensyn til milj\u00f8venlighed. Aldrig f\u00f8r er en senget\u00f8jskollektion blevet tildelt Blue Angel milj\u00f8m\u00e6rket. Kombinationen af \u200b\u200bh\u00f8jkvalitets fyld fra sundt fjerkr\u00e6 og \u00f8kologiske bomulds\u00e6rmer resulterer i fjerlette, smidige, men alligevel varme dundyner og puder for enest\u00e5ende sovekomfort og god samvittighed. <\/span>[\/et_pb_text][et_pb_button button_url=&#8221;@ET-DC@eyJkeW5hbWljIjp0cnVlLCJjb250ZW50IjoicG9zdF9saW5rX3VybF9wYWdlIiwic2V0dGluZ3MiOnsicG9zdF9pZCI6IjYzMTUifX0=@&#8221; button_text=&#8221;L\u00e6r mere&#8221; module_class=&#8221;mehr-erfahren&#8221; _builder_version=&#8221;4.10.7&#8243; _dynamic_attributes=&#8221;button_url&#8221; _module_preset=&#8221;default&#8221; custom_button=&#8221;on&#8221; button_text_size=&#8221;13px&#8221; button_border_width=&#8221;1px&#8221; button_border_radius=&#8221;0px&#8221; button_use_icon=&#8221;off&#8221; global_colors_info=&#8221;{}&#8221; button_bg_color__hover_enabled=&#8221;on|hover&#8221; button_bg_color__hover=&#8221;#002658&#8243; button_bg_enable_color__hover=&#8221;on&#8221; button_text_color__hover_enabled=&#8221;on|hover&#8221; button_text_color__hover=&#8221;#ffffff&#8221;][\/et_pb_button][et_pb_image src=&#8221;https:\/\/www.otto-keller.de\/wp-content\/uploads\/2021\/10\/Otto-Keller_Sortiment_Otto-Keller.jpg&#8221; alt=&#8221;Logo Prinzessin Lillifee&#8221; title_text=&#8221;Otto-Keller_Sortiment_Otto-Keller&#8221; force_fullwidth=&#8221;on&#8221; _builder_version=&#8221;4.10.7&#8243; _module_preset=&#8221;default&#8221; global_colors_info=&#8221;{}&#8221;][\/et_pb_image][et_pb_text admin_label=&#8221;Prinzessin Lilifee&#8221; _builder_version=&#8221;4.10.7&#8243; _module_preset=&#8221;default&#8221; header_4_font_size=&#8221;20px&#8221; global_colors_info=&#8221;{}&#8221;]<\/p>\n<h4><span>Otto Keller<\/span><\/h4>\n<p><span style = \"font-weight: 400;\"> For\u00f8gelse af livskvaliteten er en vigtig model for vores familievirksomhed &#8211; i enhver henseende. Sammen med vores h\u00f8je kvalitetsstandarder og vores beliggenhed i Altenberge, Tyskland, danner denne v\u00e6rdi v\u00e6rdierne for vores nye produktlinje <\/span> <i> <span style = \"font-weight: 400;\"> Otto Keller-produkter. <\/span> <\/i><\/p>\n<p><span style = \"font-weight: 400;\"> Med disse \u00f8nsker vi l\u00f8bende at \u00f8ge trivslen for alle mennesker i vores milj\u00f8. <\/span>[\/et_pb_text][et_pb_button button_url=&#8221;@ET-DC@eyJkeW5hbWljIjp0cnVlLCJjb250ZW50IjoicG9zdF9saW5rX3VybF9wYWdlIiwic2V0dGluZ3MiOnsicG9zdF9pZCI6IjYzMjMifX0=@&#8221; button_text=&#8221;L\u00e6r mere&#8221; module_class=&#8221;mehr-erfahren&#8221; _builder_version=&#8221;4.10.7&#8243; _dynamic_attributes=&#8221;button_url&#8221; _module_preset=&#8221;default&#8221; custom_button=&#8221;on&#8221; button_text_size=&#8221;13px&#8221; button_border_width=&#8221;1px&#8221; button_border_radius=&#8221;0px&#8221; button_use_icon=&#8221;off&#8221; global_colors_info=&#8221;{}&#8221; button_bg_color__hover_enabled=&#8221;on|hover&#8221; button_bg_color__hover=&#8221;#002658&#8243; button_bg_enable_color__hover=&#8221;on&#8221; button_text_color__hover_enabled=&#8221;on|hover&#8221; button_text_color__hover=&#8221;#ffffff&#8221;][\/et_pb_button][et_pb_image src=&#8221;https:\/\/www.otto-keller.de\/wp-content\/uploads\/2021\/10\/Otto-Keller_Sortiment_Mollissima.jpg&#8221; alt=&#8221;Logo Mollissima&#8221; title_text=&#8221;Otto-Keller_Sortiment_Mollissima&#8221; force_fullwidth=&#8221;on&#8221; _builder_version=&#8221;4.10.7&#8243; _module_preset=&#8221;default&#8221; global_colors_info=&#8221;{}&#8221;][\/et_pb_image][et_pb_text admin_label=&#8221;Mollissima&#8221; _builder_version=&#8221;4.10.7&#8243; _module_preset=&#8221;default&#8221; header_4_font_size=&#8221;20px&#8221; global_colors_info=&#8221;{}&#8221;]<\/p>\n<h4><span>MOLLISSIMA<\/span><span><\/span><\/h4>\n<p>Edderdun kaldes ogs\u00e5 dronningen af \u200b\u200bdun og fjer. Den er kendetegnet ved sin s\u00e6rlige lethed. Med h\u00e5ndplukket arktisk edderdun i den fineste schweiziske bomuldsbatist forvandler MOLLISSIMA dundynen sovekomfort til \u00e6gte soveluksus. Du k\u00f8ber et t\u00e6ppe fyldt med de fineste edderfugledun til dine senge, som du kan putte dig komfortabelt i. I kombination med puden fra MOLLISSIMA sover du som p\u00e5 skyer.[\/et_pb_text][et_pb_button button_url=&#8221;@ET-DC@eyJkeW5hbWljIjp0cnVlLCJjb250ZW50IjoicG9zdF9saW5rX3VybF9wYWdlIiwic2V0dGluZ3MiOnsicG9zdF9pZCI6IjYzMzUifX0=@&#8221; button_text=&#8221;L\u00e6r mere&#8221; module_class=&#8221;mehr-erfahren&#8221; _builder_version=&#8221;4.10.7&#8243; _dynamic_attributes=&#8221;button_url&#8221; _module_preset=&#8221;default&#8221; custom_button=&#8221;on&#8221; button_text_size=&#8221;13px&#8221; button_border_width=&#8221;1px&#8221; button_border_radius=&#8221;0px&#8221; button_use_icon=&#8221;off&#8221; locked=&#8221;off&#8221; global_colors_info=&#8221;{}&#8221; button_bg_color__hover_enabled=&#8221;on|hover&#8221; button_bg_color__hover=&#8221;#002658&#8243; button_bg_enable_color__hover=&#8221;on&#8221; button_text_color__hover_enabled=&#8221;on|hover&#8221; button_text_color__hover=&#8221;#ffffff&#8221;][\/et_pb_button][et_pb_image src=&#8221;https:\/\/www.otto-keller.de\/wp-content\/uploads\/2020\/11\/Lilifee_web.jpg&#8221; alt=&#8221;Otto Keller bietet weitere hochwertige Produkte anderer Hersteller f\u00fcr Bettwaren an&#8221; title_text=&#8221;Lilifee_web&#8221; force_fullwidth=&#8221;on&#8221; _builder_version=&#8221;4.10.7&#8243; _module_preset=&#8221;default&#8221; global_colors_info=&#8221;{}&#8221;][\/et_pb_image][et_pb_text admin_label=&#8221;Mollissima&#8221; _builder_version=&#8221;4.10.7&#8243; _module_preset=&#8221;default&#8221; header_4_font_size=&#8221;20px&#8221; global_colors_info=&#8221;{}&#8221;]<\/p>\n<h4><span>Prinzessin Lillifee und Capt&#8217;n Sharky<\/span><span><\/span><\/h4>\n<p><span style = \"font-weight: 400;\"> Med designerne Princess Lillifee og Capt&#8217;n Sharky er det sjovt at g\u00e5 i seng! De hyggelige dunsoveposer til f\u00f8rskoleb\u00f8rn kombinerer naturlig komfort med legende design. \u00c5bner du lynl\u00e5sen, kan du forvandle din sovepose til en dyne. Pleje er ogs\u00e5 meget nemt. Soveposerne kan nemt vaskes i din egen vaskemaskine.<\/span>[\/et_pb_text][\/et_pb_column][\/et_pb_row][et_pb_row column_structure=&#8221;1_2,1_2&#8243; module_id=&#8221;produkt4&#8243; _builder_version=&#8221;4.10.7&#8243; _module_preset=&#8221;default&#8221; background_color=&#8221;#002658&#8243; width=&#8221;100%&#8221; max_width=&#8221;none&#8221; custom_margin=&#8221;65px||||false|false&#8221; custom_padding=&#8221;0px||0px||false|false&#8221; locked=&#8221;off&#8221; global_colors_info=&#8221;{}&#8221;][et_pb_column type=&#8221;1_2&#8243; _builder_version=&#8221;4.10.7&#8243; _module_preset=&#8221;default&#8221; global_colors_info=&#8221;{}&#8221;][et_pb_image src=&#8221;https:\/\/www.otto-keller.de\/wp-content\/uploads\/2021\/10\/Otto-Keller_Sortiment_05.jpg&#8221; alt=&#8221;Otto Keller Decken&#8221; title_text=&#8221;Otto-Keller_Sortiment_05&#8243; _builder_version=&#8221;4.10.7&#8243; _module_preset=&#8221;default&#8221; global_colors_info=&#8221;{}&#8221;][\/et_pb_image][\/et_pb_column][et_pb_column type=&#8221;1_2&#8243; module_id=&#8221;nachhaltigkeit_anker&#8221; _builder_version=&#8221;4.10.7&#8243; _module_preset=&#8221;default&#8221; global_colors_info=&#8221;{}&#8221;][et_pb_text admin_label=&#8221;Sondergr\u00f6\u00dfen&#8221; module_class=&#8221;text-kasten weiss&#8221; _builder_version=&#8221;4.10.7&#8243; _module_preset=&#8221;default&#8221; width=&#8221;60%&#8221; locked=&#8221;off&#8221; global_colors_info=&#8221;{}&#8221;]<\/p>\n<h2> B\u00e6redygtighed <\/h2>\n<p><span style = \"font-weight: 400;\"> B\u00e6redygtighed er et slagord, som mange virksomheder smykker sig med i dag. P\u00e5 dette tidspunkt vil vi gerne vise dig kort, hvordan vi implementerer disse hj\u00f8rnesten i en b\u00e6redygtig virksomhedspolitik: <\/span><\/p>\n<ul>\n<li> I virksomheden <\/li>\n<li> Med produkterne <\/li>\n<li> <span style = \"text-align: left;\"> Med v\u00e6rkt\u00f8jerne <\/span> <\/li>\n<\/ul>\n<p><a class=\"mehr-erfahren white-border\" href=\"\/da\/baeredygtighed\/\"> <span style = \"text-align: left;\"> f\u00e5 flere oplysninger <\/span> <\/a>[\/et_pb_text][\/et_pb_column][\/et_pb_row][et_pb_row module_id=&#8221;rueckverfolgbarkeit_anker&#8221; _builder_version=&#8221;4.10.7&#8243; _module_preset=&#8221;default&#8221; background_color=&#8221;#bad6ef&#8221; width=&#8221;100%&#8221; max_width=&#8221;none&#8221; custom_padding=&#8221;||||false|false&#8221; animation_style=&#8221;slide&#8221; animation_direction=&#8221;bottom&#8221; animation_duration=&#8221;1500ms&#8221; animation_intensity_slide=&#8221;15%&#8221; locked=&#8221;off&#8221; global_colors_info=&#8221;{}&#8221;][et_pb_column type=&#8221;4_4&#8243; _builder_version=&#8221;4.6.6&#8243; _module_preset=&#8221;default&#8221; global_colors_info=&#8221;{}&#8221;][et_pb_text admin_label=&#8221;Die Qualit\u00e4t unserer Daunendecken und Daunenkissen&#8221; module_class=&#8221;ueberschrift&#8221; _builder_version=&#8221;4.10.7&#8243; _module_preset=&#8221;default&#8221; header_2_font_size=&#8221;36px&#8221; header_2_line_height=&#8221;1.5em&#8221; text_orientation=&#8221;center&#8221; max_width=&#8221;660px&#8221; module_alignment=&#8221;center&#8221; header_2_font_size_tablet=&#8221;30px&#8221; header_2_font_size_phone=&#8221;&#8221; header_2_font_size_last_edited=&#8221;on|tablet&#8221; global_colors_info=&#8221;{}&#8221;]<\/p>\n<h2> Sporbarhed af vores dundyner og dunpuder <\/h2>\n<p>[\/et_pb_text][et_pb_text module_class=&#8221;fliesstext_trenner&#8221; _builder_version=&#8221;4.10.7&#8243; _module_preset=&#8221;default&#8221; text_font=&#8221;||||||||&#8221; text_font_size=&#8221;28px&#8221; text_line_height=&#8221;36.4px&#8221; header_3_text_color=&#8221;#ffffff&#8221; header_3_font_size=&#8221;28px&#8221; header_3_line_height=&#8221;1.5em&#8221; text_orientation=&#8221;center&#8221; max_width=&#8221;660px&#8221; module_alignment=&#8221;center&#8221; header_3_font_size_tablet=&#8221;20px&#8221; header_3_font_size_phone=&#8221;&#8221; header_3_font_size_last_edited=&#8221;on|tablet&#8221; global_colors_info=&#8221;{}&#8221;]Vi l\u00e6gger stor v\u00e6gt p\u00e5 velf\u00e6rden for de g\u00e6s og \u00e6nder, som vores r\u00e5materiale kommer fra, og sikrer, at sidstn\u00e6vntes fuldst\u00e6ndige sporbarhed altid er garanteret.<\/p>\n<p><a class=\"mehr-erfahren\" href=\"\/da\/kvalitet#rueckverfolgbar_anchor\/\"> <span style = \"text-align: left;\"> f\u00e5 flere oplysninger <\/span> <\/a>[\/et_pb_text][\/et_pb_column][\/et_pb_row][et_pb_row module_class=&#8221;ganz blau&#8221; _builder_version=&#8221;4.10.7&#8243; _module_preset=&#8221;default&#8221; width=&#8221;100%&#8221; max_width=&#8221;100%&#8221; custom_padding=&#8221;0px||0px||false|false&#8221; global_colors_info=&#8221;{}&#8221;][et_pb_column type=&#8221;4_4&#8243; _builder_version=&#8221;4.6.6&#8243; _module_preset=&#8221;default&#8221; global_colors_info=&#8221;{}&#8221;][et_pb_cta module_class=&#8221;bildmittext bild&#8221; _builder_version=&#8221;4.10.7&#8243; _module_preset=&#8221;default&#8221; background_enable_color=&#8221;off&#8221; background_image=&#8221;https:\/\/www.otto-keller.de\/wp-content\/uploads\/2020\/12\/06_Otto_Keller_brochure_QF.jpg&#8221; custom_padding=&#8221;||||false|false&#8221; global_colors_info=&#8221;{}&#8221; transform_styles__hover_enabled=&#8221;on|hover&#8221; transform_scale__hover_enabled=&#8221;on|hover&#8221; transform_translate__hover_enabled=&#8221;on|desktop&#8221; transform_rotate__hover_enabled=&#8221;on|desktop&#8221; transform_skew__hover_enabled=&#8221;on|desktop&#8221; transform_origin__hover_enabled=&#8221;on|desktop&#8221;]<\/p>\n<p style = \"text-align: left;\"> <span> Vores brochure: <\/span> <\/p>\n<p style = \"text-align: left;\"> Dundyner og -puder til en god nats s\u00f8vn <\/p>\n<p style = \"text-align: left;\"> <a class=\"mehr-erfahren\" href=\"\/da\/kontakt\/\"> <span> Kontakt os venligst! <\/span> <\/a> <\/p>\n<p>[\/et_pb_cta][\/et_pb_column][\/et_pb_row][et_pb_row module_id=&#8221;wissenswertes_anker&#8221; module_class=&#8221;text&#8221; _builder_version=&#8221;4.10.7&#8243; _module_preset=&#8221;default&#8221; animation_style=&#8221;slide&#8221; animation_direction=&#8221;bottom&#8221; animation_duration=&#8221;1500ms&#8221; animation_intensity_slide=&#8221;15%&#8221; global_colors_info=&#8221;{}&#8221;][et_pb_column type=&#8221;4_4&#8243; _builder_version=&#8221;4.7.3&#8243; _module_preset=&#8221;default&#8221; global_colors_info=&#8221;{}&#8221;][et_pb_text _builder_version=&#8221;4.10.7&#8243; _module_preset=&#8221;default&#8221; text_font=&#8221;||||||||&#8221; text_font_size=&#8221;28px&#8221; text_line_height=&#8221;36.4px&#8221; header_2_font_size=&#8221;40px&#8221; header_2_line_height=&#8221;1.2em&#8221; header_3_text_color=&#8221;#ffffff&#8221; header_3_font_size=&#8221;28px&#8221; header_3_line_height=&#8221;1.5em&#8221; text_orientation=&#8221;center&#8221; max_width=&#8221;660px&#8221; module_alignment=&#8221;center&#8221; header_3_font_size_tablet=&#8221;20px&#8221; header_3_font_size_phone=&#8221;&#8221; header_3_font_size_last_edited=&#8221;on|tablet&#8221; global_colors_info=&#8221;{}&#8221;]<\/p>\n<h2> Nyttig information om vores dundyner og dunpuder <\/h2>\n<p>&nbsp;[\/et_pb_text][et_pb_text module_class=&#8221;fliesstext_trenner&#8221; _builder_version=&#8221;4.10.7&#8243; _module_preset=&#8221;default&#8221; text_font=&#8221;|300|||||||&#8221; text_font_size=&#8221;28px&#8221; text_line_height=&#8221;36.4px&#8221; header_2_font_size=&#8221;40px&#8221; header_2_line_height=&#8221;1.2em&#8221; header_3_text_color=&#8221;#ffffff&#8221; header_3_font_size=&#8221;28px&#8221; header_3_line_height=&#8221;1.5em&#8221; text_orientation=&#8221;center&#8221; max_width=&#8221;660px&#8221; module_alignment=&#8221;center&#8221; header_3_font_size_tablet=&#8221;20px&#8221; header_3_font_size_phone=&#8221;&#8221; header_3_font_size_last_edited=&#8221;on|tablet&#8221; global_colors_info=&#8221;{}&#8221;]Naturen har givet g\u00e6ssene og \u00e6nderne dun og fjer som ideel beskyttelse mod kulden. Naturens mange gode egenskaber garanterer en sund, afslappende s\u00f8vn. Find ud af <a href=\"\/wissenswertes\/\"> mere <\/a> om det v\u00e6rdifulde naturprodukt, som vi fylder vores dunpuder og dyner med.<\/p>\n<p><a class=\"mehr-erfahren\" href=\"\/wissenswertes\/\"> <span style = \"text-align: left;\"> f\u00e5 flere oplysninger <\/span> <\/a>[\/et_pb_text][\/et_pb_column][\/et_pb_row][\/et_pb_section][et_pb_section fb_built=&#8221;1&#8243; _builder_version=&#8221;4.10.7&#8243; _module_preset=&#8221;default&#8221; global_colors_info=&#8221;{}&#8221;][et_pb_row module_id=&#8221;showroom_anker&#8221; module_class=&#8221;header ganz showroom&#8221; _builder_version=&#8221;4.10.7&#8243; _module_preset=&#8221;default&#8221; width=&#8221;100%&#8221; max_width=&#8221;none&#8221; custom_padding=&#8221;0px||0px||false|false&#8221; global_colors_info=&#8221;{}&#8221;][et_pb_column type=&#8221;4_4&#8243; _builder_version=&#8221;4.10.7&#8243; _module_preset=&#8221;default&#8221; global_colors_info=&#8221;{}&#8221;][et_pb_cta module_class=&#8221;bildmittext&#8221; _builder_version=&#8221;4.10.7&#8243; _module_preset=&#8221;default&#8221; body_text_color=&#8221;#ffffff&#8221; background_enable_color=&#8221;off&#8221; background_image=&#8221;https:\/\/www.otto-keller.de\/wp-content\/uploads\/2021\/10\/Otto-Keller_Sortiment_Showroom.jpg&#8221; background_position=&#8221;bottom_center&#8221; background_enable_video_mp4=&#8221;off&#8221; global_colors_info=&#8221;{}&#8221; transform_styles__hover_enabled=&#8221;on|hover&#8221; transform_scale__hover_enabled=&#8221;on|hover&#8221; transform_translate__hover_enabled=&#8221;on|desktop&#8221; transform_rotate__hover_enabled=&#8221;on|desktop&#8221; transform_skew__hover_enabled=&#8221;on|desktop&#8221; transform_origin__hover_enabled=&#8221;on|desktop&#8221;]<\/p>\n<p style = \"text-align: left;\"> <span> Bes\u00f8g vores<br \/>\nvirtuelt seminarrum <\/span><br \/>\n<a class=\"mehr-erfahren white-border\" href=\"\/da\/showroom\/\"> <span style = \"text-align: left; color: #fff;\"> f\u00e5 mere at vide <\/span> <\/a> <\/span> p>[\/et_pb_cta][\/et_pb_column][\/et_pb_row][\/et_pb_section][et_pb_section fb_built=&#8221;1&#8243; module_id=&#8221;produkt5&#8243; _builder_version=&#8221;4.9.5&#8243; _module_preset=&#8221;default&#8221; global_colors_info=&#8221;{}&#8221;][et_pb_row column_structure=&#8221;1_5,3_5,1_5&#8243; module_class=&#8221;ansprechpartner&#8221; _builder_version=&#8221;4.7.3&#8243; _module_preset=&#8221;default&#8221; global_colors_info=&#8221;{}&#8221;][et_pb_column type=&#8221;1_5&#8243; _builder_version=&#8221;4.6.6&#8243; _module_preset=&#8221;default&#8221; global_colors_info=&#8221;{}&#8221;][\/et_pb_column][et_pb_column type=&#8221;3_5&#8243; _builder_version=&#8221;4.6.6&#8243; _module_preset=&#8221;default&#8221; global_colors_info=&#8221;{}&#8221;][et_pb_team_member name=&#8221;Din kontaktperson&#8221; image_url=&#8221;https:\/\/www.otto-keller.de\/wp-content\/uploads\/2020\/11\/M2A7591-Bearbeitetneu-bearbeitet-august-19_web.jpg&#8221; _builder_version=&#8221;4.10.7&#8243; _module_preset=&#8221;default&#8221; header_level=&#8221;h2&#8243; border_radii_image=&#8221;on|50%|50%|50%|50%&#8221; global_colors_info=&#8221;{}&#8221;]Nils Wienker<\/p>\n<p>Vi er tilg\u00e6ngelige p\u00e5 telefon fra mandag til fredag \u200b\u200bfra 8:00 til 16:30 og svarer gerne p\u00e5 dine sp\u00f8rgsm\u00e5l<\/p>\n<p>T:\u00a0+49 (0) 2505 9337-44<br \/>\nF: +49 (0) 2505 9337-77<br \/>\nM:\u00a0<a href=\"mailto:n.wienker@otto-keller.de\">n.wienker@otto-keller.de<\/a>[\/et_pb_team_member][\/et_pb_column][et_pb_column type=&#8221;1_5&#8243; _builder_version=&#8221;4.6.6&#8243; _module_preset=&#8221;default&#8221; global_colors_info=&#8221;{}&#8221;][\/et_pb_column][\/et_pb_row][\/et_pb_section]<\/p>\n","protected":false},"excerpt":{"rendered":"<p>Vores udvalg Vores produktsortiment omfatter en bred vifte af senget\u00f8jsprodukter, herunder dundyner og dunpuder. Udover vores egne kollektioner udvikler vi ogs\u00e5 kundespecifikke brands inden for en lang r\u00e6kke omr\u00e5der. For at vores produkter lavet af andedun og fjer samt g\u00e5sedun og fjer ogs\u00e5 kan skinne med deres lange holdbarhed, tilbyder vi dig ogs\u00e5 de rigtige [&hellip;]<\/p>\n","protected":false},"author":1,"featured_media":0,"parent":0,"menu_order":0,"comment_status":"closed","ping_status":"closed","template":"","meta":{"_et_pb_use_builder":"on","_et_pb_old_content":"","_et_gb_content_width":"","inline_featured_image":false,"footnotes":""},"class_list":["post-7359","page","type-page","status-publish","hentry"],"yoast_head":"<!-- This site is optimized with the Yoast SEO plugin v26.6 - https:\/\/yoast.com\/wordpress\/plugins\/seo\/ -->\n<title>Sortiment | Du kan finde alle vores topprodukter her!<\/title>\n<meta name=\"description\" content=\"Her finder du en oversigt over vores produkter | Vi tilbyder et bredt udvalg af produkter af h\u00f8j kvalitet | Bes\u00f8g os og se selv!\" \/>\n<meta name=\"robots\" content=\"index, follow, max-snippet:-1, max-image-preview:large, max-video-preview:-1\" \/>\n<link rel=\"canonical\" href=\"https:\/\/www.otto-keller.de\/da\/produkter\/\" \/>\n<meta property=\"og:locale\" content=\"da_DK\" \/>\n<meta property=\"og:type\" content=\"article\" \/>\n<meta property=\"og:title\" content=\"Sortiment | Du kan finde alle vores topprodukter her!\" \/>\n<meta property=\"og:description\" content=\"Her finder du en oversigt over vores produkter | Vi tilbyder et bredt udvalg af produkter af h\u00f8j kvalitet | Bes\u00f8g os og se selv!\" \/>\n<meta property=\"og:url\" content=\"https:\/\/www.otto-keller.de\/da\/produkter\/\" \/>\n<meta property=\"og:site_name\" content=\"otto-keller.de\" \/>\n<meta property=\"article:modified_time\" content=\"2021-11-02T09:42:39+00:00\" \/>\n<meta property=\"og:image\" content=\"https:\/\/www.otto-keller.de\/wp-content\/uploads\/2021\/01\/otto-keller-og-image.jpg\" \/>\n\t<meta property=\"og:image:width\" content=\"1200\" \/>\n\t<meta property=\"og:image:height\" content=\"1200\" \/>\n\t<meta property=\"og:image:type\" content=\"image\/jpeg\" \/>\n<meta name=\"twitter:card\" content=\"summary_large_image\" \/>\n<meta name=\"twitter:label1\" content=\"Estimeret l\u00e6setid\" \/>\n\t<meta name=\"twitter:data1\" content=\"23 minutter\" \/>\n<script type=\"application\/ld+json\" class=\"yoast-schema-graph\">{\"@context\":\"https:\/\/schema.org\",\"@graph\":[{\"@type\":\"WebPage\",\"@id\":\"https:\/\/www.otto-keller.de\/da\/produkter\/\",\"url\":\"https:\/\/www.otto-keller.de\/da\/produkter\/\",\"name\":\"Sortiment | Du kan finde alle vores topprodukter her!\",\"isPartOf\":{\"@id\":\"https:\/\/www.otto-keller.de\/da\/#website\"},\"datePublished\":\"2020-11-04T13:37:55+00:00\",\"dateModified\":\"2021-11-02T09:42:39+00:00\",\"description\":\"Her finder du en oversigt over vores produkter | Vi tilbyder et bredt udvalg af produkter af h\u00f8j kvalitet | Bes\u00f8g os og se selv!\",\"breadcrumb\":{\"@id\":\"https:\/\/www.otto-keller.de\/da\/produkter\/#breadcrumb\"},\"inLanguage\":\"da-DK\",\"potentialAction\":[{\"@type\":\"ReadAction\",\"target\":[\"https:\/\/www.otto-keller.de\/da\/produkter\/\"]}]},{\"@type\":\"BreadcrumbList\",\"@id\":\"https:\/\/www.otto-keller.de\/da\/produkter\/#breadcrumb\",\"itemListElement\":[{\"@type\":\"ListItem\",\"position\":1,\"name\":\"Startseite\",\"item\":\"https:\/\/www.otto-keller.de\/da\/\"},{\"@type\":\"ListItem\",\"position\":2,\"name\":\"Produkter\"}]},{\"@type\":\"WebSite\",\"@id\":\"https:\/\/www.otto-keller.de\/da\/#website\",\"url\":\"https:\/\/www.otto-keller.de\/da\/\",\"name\":\"otto-keller.de\",\"description\":\"Hochwertige Feder- und Daunendecken\",\"publisher\":{\"@id\":\"https:\/\/www.otto-keller.de\/da\/#organization\"},\"potentialAction\":[{\"@type\":\"SearchAction\",\"target\":{\"@type\":\"EntryPoint\",\"urlTemplate\":\"https:\/\/www.otto-keller.de\/da\/?s={search_term_string}\"},\"query-input\":{\"@type\":\"PropertyValueSpecification\",\"valueRequired\":true,\"valueName\":\"search_term_string\"}}],\"inLanguage\":\"da-DK\"},{\"@type\":\"Organization\",\"@id\":\"https:\/\/www.otto-keller.de\/da\/#organization\",\"name\":\"Bettfedernfabrik Otto Keller GmbH & Co. KG\",\"url\":\"https:\/\/www.otto-keller.de\/da\/\",\"logo\":{\"@type\":\"ImageObject\",\"inLanguage\":\"da-DK\",\"@id\":\"https:\/\/www.otto-keller.de\/da\/#\/schema\/logo\/image\/\",\"url\":\"https:\/\/www.otto-keller.de\/wp-content\/uploads\/2021\/01\/otto_keller_logo_rgb_schwarz.svg\",\"contentUrl\":\"https:\/\/www.otto-keller.de\/wp-content\/uploads\/2021\/01\/otto_keller_logo_rgb_schwarz.svg\",\"width\":1,\"height\":1,\"caption\":\"Bettfedernfabrik Otto Keller GmbH & Co. KG\"},\"image\":{\"@id\":\"https:\/\/www.otto-keller.de\/da\/#\/schema\/logo\/image\/\"}}]}<\/script>\n<!-- \/ Yoast SEO plugin. -->","yoast_head_json":{"title":"Sortiment | Du kan finde alle vores topprodukter her!","description":"Her finder du en oversigt over vores produkter | Vi tilbyder et bredt udvalg af produkter af h\u00f8j kvalitet | Bes\u00f8g os og se selv!","robots":{"index":"index","follow":"follow","max-snippet":"max-snippet:-1","max-image-preview":"max-image-preview:large","max-video-preview":"max-video-preview:-1"},"canonical":"https:\/\/www.otto-keller.de\/da\/produkter\/","og_locale":"da_DK","og_type":"article","og_title":"Sortiment | Du kan finde alle vores topprodukter her!","og_description":"Her finder du en oversigt over vores produkter | Vi tilbyder et bredt udvalg af produkter af h\u00f8j kvalitet | Bes\u00f8g os og se selv!","og_url":"https:\/\/www.otto-keller.de\/da\/produkter\/","og_site_name":"otto-keller.de","article_modified_time":"2021-11-02T09:42:39+00:00","og_image":[{"width":1200,"height":1200,"url":"https:\/\/www.otto-keller.de\/wp-content\/uploads\/2021\/01\/otto-keller-og-image.jpg","type":"image\/jpeg"}],"twitter_card":"summary_large_image","twitter_misc":{"Estimeret l\u00e6setid":"23 minutter"},"schema":{"@context":"https:\/\/schema.org","@graph":[{"@type":"WebPage","@id":"https:\/\/www.otto-keller.de\/da\/produkter\/","url":"https:\/\/www.otto-keller.de\/da\/produkter\/","name":"Sortiment | Du kan finde alle vores topprodukter her!","isPartOf":{"@id":"https:\/\/www.otto-keller.de\/da\/#website"},"datePublished":"2020-11-04T13:37:55+00:00","dateModified":"2021-11-02T09:42:39+00:00","description":"Her finder du en oversigt over vores produkter | Vi tilbyder et bredt udvalg af produkter af h\u00f8j kvalitet | Bes\u00f8g os og se selv!","breadcrumb":{"@id":"https:\/\/www.otto-keller.de\/da\/produkter\/#breadcrumb"},"inLanguage":"da-DK","potentialAction":[{"@type":"ReadAction","target":["https:\/\/www.otto-keller.de\/da\/produkter\/"]}]},{"@type":"BreadcrumbList","@id":"https:\/\/www.otto-keller.de\/da\/produkter\/#breadcrumb","itemListElement":[{"@type":"ListItem","position":1,"name":"Startseite","item":"https:\/\/www.otto-keller.de\/da\/"},{"@type":"ListItem","position":2,"name":"Produkter"}]},{"@type":"WebSite","@id":"https:\/\/www.otto-keller.de\/da\/#website","url":"https:\/\/www.otto-keller.de\/da\/","name":"otto-keller.de","description":"Hochwertige Feder- und Daunendecken","publisher":{"@id":"https:\/\/www.otto-keller.de\/da\/#organization"},"potentialAction":[{"@type":"SearchAction","target":{"@type":"EntryPoint","urlTemplate":"https:\/\/www.otto-keller.de\/da\/?s={search_term_string}"},"query-input":{"@type":"PropertyValueSpecification","valueRequired":true,"valueName":"search_term_string"}}],"inLanguage":"da-DK"},{"@type":"Organization","@id":"https:\/\/www.otto-keller.de\/da\/#organization","name":"Bettfedernfabrik Otto Keller GmbH & Co. KG","url":"https:\/\/www.otto-keller.de\/da\/","logo":{"@type":"ImageObject","inLanguage":"da-DK","@id":"https:\/\/www.otto-keller.de\/da\/#\/schema\/logo\/image\/","url":"https:\/\/www.otto-keller.de\/wp-content\/uploads\/2021\/01\/otto_keller_logo_rgb_schwarz.svg","contentUrl":"https:\/\/www.otto-keller.de\/wp-content\/uploads\/2021\/01\/otto_keller_logo_rgb_schwarz.svg","width":1,"height":1,"caption":"Bettfedernfabrik Otto Keller GmbH & Co. KG"},"image":{"@id":"https:\/\/www.otto-keller.de\/da\/#\/schema\/logo\/image\/"}}]}},"_links":{"self":[{"href":"https:\/\/www.otto-keller.de\/da\/wp-json\/wp\/v2\/pages\/7359","targetHints":{"allow":["GET"]}}],"collection":[{"href":"https:\/\/www.otto-keller.de\/da\/wp-json\/wp\/v2\/pages"}],"about":[{"href":"https:\/\/www.otto-keller.de\/da\/wp-json\/wp\/v2\/types\/page"}],"author":[{"embeddable":true,"href":"https:\/\/www.otto-keller.de\/da\/wp-json\/wp\/v2\/users\/1"}],"replies":[{"embeddable":true,"href":"https:\/\/www.otto-keller.de\/da\/wp-json\/wp\/v2\/comments?post=7359"}],"version-history":[{"count":0,"href":"https:\/\/www.otto-keller.de\/da\/wp-json\/wp\/v2\/pages\/7359\/revisions"}],"wp:attachment":[{"href":"https:\/\/www.otto-keller.de\/da\/wp-json\/wp\/v2\/media?parent=7359"}],"curies":[{"name":"wp","href":"https:\/\/api.w.org\/{rel}","templated":true}]}}