{"id":5750,"date":"2020-11-19T17:47:19","date_gmt":"2020-11-19T16:47:19","guid":{"rendered":"https:\/\/www.otto-keller.de\/wissenswertes\/"},"modified":"2023-11-06T18:11:56","modified_gmt":"2023-11-06T17:11:56","slug":"a-savoir","status":"publish","type":"page","link":"https:\/\/www.otto-keller.de\/fr\/a-savoir\/","title":{"rendered":"A savoir"},"content":{"rendered":"<p>[et_pb_section fb_built=\u00a0\u00bb1&Prime; _builder_version=\u00a0\u00bb4.16&Prime; _module_preset=\u00a0\u00bbdefault\u00a0\u00bb custom_padding=\u00a0\u00bb0px|||||\u00a0\u00bb global_colors_info=\u00a0\u00bb{}\u00a0\u00bb][et_pb_row module_class=\u00a0\u00bbheader ganz weiss\u00a0\u00bb _builder_version=\u00a0\u00bb4.16&Prime; _module_preset=\u00a0\u00bbdefault\u00a0\u00bb width=\u00a0\u00bb100%\u00a0\u00bb max_width=\u00a0\u00bb100%\u00a0\u00bb custom_padding=\u00a0\u00bb0px||||false|false\u00a0\u00bb global_colors_info=\u00a0\u00bb{}\u00a0\u00bb][et_pb_column type=\u00a0\u00bb4_4&Prime; _builder_version=\u00a0\u00bb4.16&Prime; _module_preset=\u00a0\u00bbdefault\u00a0\u00bb global_colors_info=\u00a0\u00bb{}\u00a0\u00bb][et_pb_cta module_class=\u00a0\u00bbbildmittext\u00a0\u00bb _builder_version=\u00a0\u00bb4.16&Prime; _module_preset=\u00a0\u00bbdefault\u00a0\u00bb background_enable_color=\u00a0\u00bboff\u00a0\u00bb background_image=\u00a0\u00bbhttps:\/\/www.otto-keller.de\/wp-content\/uploads\/2020\/12\/01_Otto_Keller_daunen_federn.jpg\u00a0\u00bb background_enable_video_mp4=\u00a0\u00bboff\u00a0\u00bb global_colors_info=\u00a0\u00bb{}\u00a0\u00bb transform_styles__hover_enabled=\u00a0\u00bbon|hover\u00a0\u00bb transform_scale__hover_enabled=\u00a0\u00bbon|hover\u00a0\u00bb transform_translate__hover_enabled=\u00a0\u00bbon|desktop\u00a0\u00bb transform_rotate__hover_enabled=\u00a0\u00bbon|desktop\u00a0\u00bb transform_skew__hover_enabled=\u00a0\u00bbon|desktop\u00a0\u00bb transform_origin__hover_enabled=\u00a0\u00bbon|desktop\u00a0\u00bb]<\/p>\n<p style=\"text-align: left;\">Duvet et plumes<\/p>\n<p style=\"text-align: left;\"><span>Un produit<br \/>\nnaturel magique<\/p>\n<p>[\/et_pb_cta][et_pb_code _builder_version=\u00a0\u00bb4.23&Prime; _module_preset=\u00a0\u00bbdefault\u00a0\u00bb hover_enabled=\u00a0\u00bb0&Prime; global_colors_info=\u00a0\u00bb{}\u00a0\u00bb sticky_enabled=\u00a0\u00bb0&Prime;]\n    <div id=\"leftankermenu\" class='leftmenu'>\n        <ul>\n                            <li class=\"leftmenu_item active\" id=\"menuitem-daunenfedern\" data-id='daunenfedern'  onclick=\"setActive(this)\" >\n                    <a href='#daunenfedern' onclick=\"setActive(this)\">Duvet et plumes<\/a>\n                <\/li>\n                            <li class=\"leftmenu_item \" id=\"menuitem-inlett\" data-id='inlett'  onclick=\"setActive(this)\" >\n                    <a href='#inlett' onclick=\"setActive(this)\">Literie<\/a>\n                <\/li>\n                            <li class=\"leftmenu_item \" id=\"menuitem-allergiker\" data-id='allergiker'  onclick=\"setActive(this)\" >\n                    <a href='#allergiker' onclick=\"setActive(this)\">Personnes allergiques<\/a>\n                <\/li>\n                            <li class=\"leftmenu_item \" id=\"menuitem-waschmittel\" data-id='waschmittel'  onclick=\"setActive(this)\" >\n                    <a href='#waschmittel' onclick=\"setActive(this)\">D\u00e9tergent<\/a>\n                <\/li>\n                    <\/ul>\n    <\/div>\n\n    <script type=\"text\/javascript\">\n        var menupageids = [];\n\n        function op_sidebar_menu_script() {\n            menupageids.forEach(function(id){\n                try{\n                    if(document.getElementById(id).getBoundingClientRect().top < 1200){\n                        setActive(document.getElementById(\"menuitem-\"+id));\n                    }\n                }catch(e){}\n            });\n        }\n\n        function sidebarMenu_init(){\n            let menuli = document.getElementById(\"leftankermenu\").children[0].children;\n            for(let i = 0; i < menuli.length; i++){\n                menupageids.push(menuli[i].dataset.id);\n            }\n        }\n        sidebarMenu_init();\n\n        function setActive(element){\n\t\t\t\/*var menuitems = document.querySelectorAll(\".leftmenu_item\");\n\t\t\tconsole.log(menuitems);\n\t\t\tmenuitems.forEach((el, index entireList) => {\n\t\t\t\tel.classList.remove(\"active\");\n\t\t\t});*\/\n\t\t\tconsole.log(\"funktioniert\");\n\t\t\tArray.from(document.querySelectorAll(\".leftmenu_item\")).forEach(\n\t\t\t\t(el) => el.classList.remove(\"active\")\n\t\t\t);\n            \/*let menuli = document.getElementById(\"leftankermenu\").children[0].children;\n            for(let i = 0; i < menuli.length; i++){\n                menuli[i].classList.remove(\"active\");\n            }*\/\n\t\t\telement.parentNode.classList.add(\"active\");\n            \/*element.classList.add(\"active\");*\/\n        }\n    <\/script>\n\n    [\/et_pb_code][\/et_pb_column][\/et_pb_row][et_pb_row module_id=\u00a0\u00bbdaunenfedern\u00a0\u00bb module_class=\u00a0\u00bbtext\u00a0\u00bb _builder_version=\u00a0\u00bb4.16&Prime; _module_preset=\u00a0\u00bbdefault\u00a0\u00bb global_colors_info=\u00a0\u00bb{}\u00a0\u00bb][et_pb_column type=\u00a0\u00bb4_4&Prime; _builder_version=\u00a0\u00bb4.16&Prime; _module_preset=\u00a0\u00bbdefault\u00a0\u00bb global_colors_info=\u00a0\u00bb{}\u00a0\u00bb][et_pb_text module_id=\u00a0\u00bbdf\u00a0\u00bb module_class=\u00a0\u00bbueberschrift\u00a0\u00bb _builder_version=\u00a0\u00bb4.16&Prime; _module_preset=\u00a0\u00bbdefault\u00a0\u00bb global_colors_info=\u00a0\u00bb{}\u00a0\u00bb]<\/p>\n<h1>Duvet et plumes<\/h1>\n<p>[\/et_pb_text][et_pb_text _builder_version=\u00a0\u00bb4.16&Prime; _module_preset=\u00a0\u00bbdefault\u00a0\u00bb global_colors_info=\u00a0\u00bb{}\u00a0\u00bb]<\/p>\n<p>Le duvet est un produit naturel fabriqu\u00e9 \u00e0 partir du plumage chaud provenant d\u2019oiseaux aquatiques. Gr\u00e2ce \u00e0 sa structure \u00e9lastique en trois dimensions, le duvet peut emprisonner beaucoup d\u2019air, ce qui en fait un r\u00e9servoir de chaleur extr\u00eamement puissant. Le duvet ressemble \u00e0 un fin flocon de neige et est tout aussi l\u00e9ger avec ses 1 \u00e0 2 milligrammes. Il faut environ 1 million de duvet pour obtenir un kilo de mat\u00e9riau de remplissage. Plus le duvet est grossier, plus son encombrement est \u00e9lev\u00e9, c\u2019est-\u00e0-dire meilleure est son efficacit\u00e9 en termes d\u2019isolation thermique.<\/p>\n<p>Contrairement au duvet, les plumes ont une forme plate et bidimensionnelle. Les barbes, qui sont constitu\u00e9es de poils de plumes souples, s\u2019\u00e9tendent des deux c\u00f4t\u00e9s du rachis central creux, qui est compos\u00e9 de fibres souples. Les plumes sont extr\u00eamement \u00e9lastiques : m\u00eame apr\u00e8s avoir \u00e9t\u00e9 compress\u00e9es mille fois, elles reprennent toujours leur forme d\u2019origine. Cette \u00e9lasticit\u00e9 garantit alors le pouvoir de remplissage de la plume et que celles-ci puissent supporter des charges importantes. Pour cette raison, une proportion plus \u00e9lev\u00e9e de plumes est g\u00e9n\u00e9ralement utilis\u00e9e pour les oreillers que pour les couettes.<\/p>\n<p>Les plumages en duvet et en plumes offrent aux oies et aux canards une protection id\u00e9ale contre le froid. Bon nombre des propri\u00e9t\u00e9s du duvet et des plumes, qui sont importantes \u00e0 l\u2019ext\u00e9rieur dans la nature, peuvent \u00eatre transf\u00e9r\u00e9es et r\u00e9utilis\u00e9es \u00e0 l\u2019int\u00e9rieur, dans les chambres \u00e0 coucher. Par exemple, ils sont capables d\u2019absorber l\u2019humidit\u00e9 et de la rejeter dans l\u2019air comme aucun autre mat\u00e9riau. Leur \u00e9lasticit\u00e9 structurelle les rend extr\u00eamement r\u00e9sistants, avec la plus grande douceur et conformabilit\u00e9. Le duvet et les plumes sont \u00e9galement faciles d\u2019entretien et peuvent \u00eatre lav\u00e9s jusqu\u2019\u00e0 60 \u00b0C. Les n\u00f4tres sont \u00e9galement adapt\u00e9s aux personnes allergiques (NOMITE) et test\u00e9s \u00e9cologiquement (norme 100 by OEKO-TEX).<\/p>\n<p>[\/et_pb_text][\/et_pb_column][\/et_pb_row][et_pb_row module_class=\u00a0\u00bbtext\u00a0\u00bb _builder_version=\u00a0\u00bb4.16&Prime; _module_preset=\u00a0\u00bbdefault\u00a0\u00bb global_colors_info=\u00a0\u00bb{}\u00a0\u00bb][et_pb_column type=\u00a0\u00bb4_4&Prime; _builder_version=\u00a0\u00bb4.16&Prime; _module_preset=\u00a0\u00bbdefault\u00a0\u00bb global_colors_info=\u00a0\u00bb{}\u00a0\u00bb][et_pb_image src=\u00a0\u00bbhttps:\/\/www.otto-keller.de\/wp-content\/uploads\/2020\/12\/190620_OttoKeller_Header_Decken_0190_web.jpg\u00a0\u00bb align=\u00a0\u00bbcenter\u00a0\u00bb _builder_version=\u00a0\u00bb4.16&Prime; _module_preset=\u00a0\u00bbdefault\u00a0\u00bb global_colors_info=\u00a0\u00bb{}\u00a0\u00bb][\/et_pb_image][\/et_pb_column][\/et_pb_row][et_pb_row module_id=\u00a0\u00bbinlett\u00a0\u00bb module_class=\u00a0\u00bbtext\u00a0\u00bb _builder_version=\u00a0\u00bb4.16&Prime; _module_preset=\u00a0\u00bbdefault\u00a0\u00bb global_colors_info=\u00a0\u00bb{}\u00a0\u00bb][et_pb_column type=\u00a0\u00bb4_4&Prime; _builder_version=\u00a0\u00bb4.16&Prime; _module_preset=\u00a0\u00bbdefault\u00a0\u00bb global_colors_info=\u00a0\u00bb{}\u00a0\u00bb][et_pb_text module_id=\u00a0\u00bbinlett\u00a0\u00bb module_class=\u00a0\u00bbueberschrift\u00a0\u00bb _builder_version=\u00a0\u00bb4.16&Prime; _module_preset=\u00a0\u00bbdefault\u00a0\u00bb global_colors_info=\u00a0\u00bb{}\u00a0\u00bb]<\/p>\n<h2>Literie<\/h2>\n<p>[\/et_pb_text][et_pb_text _builder_version=\u00a0\u00bb4.16&Prime; _module_preset=\u00a0\u00bbdefault\u00a0\u00bb global_colors_info=\u00a0\u00bb{}\u00a0\u00bb]<\/p>\n<p>En plus de leurs garnitures de remplissage, la qualit\u00e9 de la literie d\u00e9pend largement de la valeur de leurs housses.<\/p>\n<p>Cette derni\u00e8re doit \u00eatre perm\u00e9able \u00e0 l\u2019air pour favoriser la circulation de l\u2019humidit\u00e9 et la respiration. M\u00eame les plumes les plus fines ne doivent jamais r\u00e9ussir \u00e0 percer la housse en coton tiss\u00e9e et trait\u00e9e \u00e0 cette fin (\u00ab \u00e9quip\u00e9e \u00bb).<\/p>\n<p>De plus, toutes les housses que nous fabriquons ont des couleurs tenaces et ont une r\u00e9sistance garantie aux lavages et \u00e0 la transpiration, aux frottements et \u00e0 la lumi\u00e8re. Celles-ci sont test\u00e9es pour obtenir la meilleure compatibilit\u00e9 dermique. Toutes nos housses de couettes et taies d\u2019oreiller sont constitu\u00e9es \u00e0 100 % de coton de haute qualit\u00e9, \u00e0 fibres longues et en fils fins et r\u00e9sistants.<\/p>\n<p>[\/et_pb_text][\/et_pb_column][\/et_pb_row][et_pb_row module_class=\u00a0\u00bbganz\u00a0\u00bb _builder_version=\u00a0\u00bb4.16&Prime; _module_preset=\u00a0\u00bbdefault\u00a0\u00bb width=\u00a0\u00bb100%\u00a0\u00bb max_width=\u00a0\u00bb100%\u00a0\u00bb global_colors_info=\u00a0\u00bb{}\u00a0\u00bb][et_pb_column type=\u00a0\u00bb4_4&Prime; _builder_version=\u00a0\u00bb4.16&Prime; _module_preset=\u00a0\u00bbdefault\u00a0\u00bb global_colors_info=\u00a0\u00bb{}\u00a0\u00bb][et_pb_cta module_class=\u00a0\u00bbbildmittext\u00a0\u00bb _builder_version=\u00a0\u00bb4.16&Prime; _module_preset=\u00a0\u00bbdefault\u00a0\u00bb background_enable_color=\u00a0\u00bboff\u00a0\u00bb background_image=\u00a0\u00bbhttps:\/\/www.otto-keller.de\/wp-content\/uploads\/2020\/12\/03_Otto_Keller_Allergy_QF.jpg\u00a0\u00bb global_colors_info=\u00a0\u00bb{}\u00a0\u00bb transform_styles__hover_enabled=\u00a0\u00bbon|hover\u00a0\u00bb transform_scale__hover_enabled=\u00a0\u00bbon|hover\u00a0\u00bb transform_translate__hover_enabled=\u00a0\u00bbon|desktop\u00a0\u00bb transform_rotate__hover_enabled=\u00a0\u00bbon|desktop\u00a0\u00bb transform_skew__hover_enabled=\u00a0\u00bbon|desktop\u00a0\u00bb transform_origin__hover_enabled=\u00a0\u00bbon|desktop\u00a0\u00bb][\/et_pb_cta][\/et_pb_column][\/et_pb_row][et_pb_row module_id=\u00a0\u00bballergiker\u00a0\u00bb module_class=\u00a0\u00bbtext\u00a0\u00bb _builder_version=\u00a0\u00bb4.16&Prime; _module_preset=\u00a0\u00bbdefault\u00a0\u00bb global_colors_info=\u00a0\u00bb{}\u00a0\u00bb][et_pb_column type=\u00a0\u00bb4_4&Prime; _builder_version=\u00a0\u00bb4.16&Prime; _module_preset=\u00a0\u00bbdefault\u00a0\u00bb global_colors_info=\u00a0\u00bb{}\u00a0\u00bb][et_pb_text module_id=\u00a0\u00bballergiker\u00a0\u00bb module_class=\u00a0\u00bbueberschrift\u00a0\u00bb _builder_version=\u00a0\u00bb4.16&Prime; _module_preset=\u00a0\u00bbdefault\u00a0\u00bb global_colors_info=\u00a0\u00bb{}\u00a0\u00bb]<\/p>\n<h2>Personnes allergiques<\/h2>\n<p>[\/et_pb_text][et_pb_text _builder_version=\u00a0\u00bb4.16&Prime; _module_preset=\u00a0\u00bbdefault\u00a0\u00bb global_colors_info=\u00a0\u00bb{}\u00a0\u00bb]<\/p>\n<p>Toute la literie que nous produisons convient aux personnes allergiques \u00e0 la poussi\u00e8re domestique.<\/p>\n<p>Une allergie \u00e0 la poussi\u00e8re domestique est d\u00e9clench\u00e9e par l\u2019inhalation d\u2019allerg\u00e8nes qui se trouvent dans les excr\u00e9tions des acariens. Des \u00e9tudes de l\u2019Universit\u00e9 de Kiel et de Francfort ainsi que de la Wellington School of Medicine en Nouvelle-Z\u00e9lande prouvent qu\u2019il n\u2019y a pratiquement pas d\u2019acariens dans la literie en duvet et en plumes. En raison de l\u2019accumulation de chaleur lors de l\u2019utilisation et de la r\u00e9duction rapide de l\u2019humidit\u00e9 lors de la ventilation, ils ne repr\u00e9sentent pas un habitat ad\u00e9quat pour les acariens d\u00e9pendant de l\u2019humidit\u00e9.<\/p>\n<p>Nos couettes et oreillers en duvet sont \u00e9galement fournis avec des housses tr\u00e8s dens\u00e9ment tiss\u00e9es, dont l\u2019efficacit\u00e9 est confirm\u00e9e par l\u2019organisme de test ind\u00e9pendant Wessling comme barri\u00e8re anti-acariens. Dans l\u2019ensemble, la literie en duvet et en plumes, contrairement \u00e0 la croyance populaire, est particuli\u00e8rement adapt\u00e9e aux personnes allergiques et assure un environnement de sommeil agr\u00e9able et absolument sans allerg\u00e8nes.<\/p>\n<p>[\/et_pb_text][\/et_pb_column][\/et_pb_row][et_pb_row module_id=\u00a0\u00bbwaschmittel\u00a0\u00bb module_class=\u00a0\u00bbganz\u00a0\u00bb _builder_version=\u00a0\u00bb4.16&Prime; _module_preset=\u00a0\u00bbdefault\u00a0\u00bb width=\u00a0\u00bb100%\u00a0\u00bb max_width=\u00a0\u00bb100%\u00a0\u00bb global_colors_info=\u00a0\u00bb{}\u00a0\u00bb][et_pb_column type=\u00a0\u00bb4_4&Prime; _builder_version=\u00a0\u00bb4.16&Prime; _module_preset=\u00a0\u00bbdefault\u00a0\u00bb global_colors_info=\u00a0\u00bb{}\u00a0\u00bb][et_pb_cta module_class=\u00a0\u00bbbildmittext\u00a0\u00bb _builder_version=\u00a0\u00bb4.16&Prime; _module_preset=\u00a0\u00bbdefault\u00a0\u00bb background_enable_color=\u00a0\u00bboff\u00a0\u00bb background_image=\u00a0\u00bbhttps:\/\/www.otto-keller.de\/wp-content\/uploads\/2020\/12\/05_Otto_Keller_laundry_detergent_QF.jpg\u00a0\u00bb global_colors_info=\u00a0\u00bb{}\u00a0\u00bb transform_styles__hover_enabled=\u00a0\u00bbon|hover\u00a0\u00bb transform_scale__hover_enabled=\u00a0\u00bbon|hover\u00a0\u00bb transform_translate__hover_enabled=\u00a0\u00bbon|desktop\u00a0\u00bb transform_rotate__hover_enabled=\u00a0\u00bbon|desktop\u00a0\u00bb transform_skew__hover_enabled=\u00a0\u00bbon|desktop\u00a0\u00bb transform_origin__hover_enabled=\u00a0\u00bbon|desktop\u00a0\u00bb][\/et_pb_cta][\/et_pb_column][\/et_pb_row][et_pb_row module_class=\u00a0\u00bbtext\u00a0\u00bb _builder_version=\u00a0\u00bb4.16&Prime; _module_preset=\u00a0\u00bbdefault\u00a0\u00bb global_colors_info=\u00a0\u00bb{}\u00a0\u00bb][et_pb_column type=\u00a0\u00bb4_4&Prime; _builder_version=\u00a0\u00bb4.16&Prime; _module_preset=\u00a0\u00bbdefault\u00a0\u00bb global_colors_info=\u00a0\u00bb{}\u00a0\u00bb][et_pb_text module_id=\u00a0\u00bbwaschmittel\u00a0\u00bb module_class=\u00a0\u00bbueberschrift\u00a0\u00bb _builder_version=\u00a0\u00bb4.16&Prime; _module_preset=\u00a0\u00bbdefault\u00a0\u00bb global_colors_info=\u00a0\u00bb{}\u00a0\u00bb]<\/p>\n<h2>D\u00e9tergent<\/h2>\n<p>[\/et_pb_text][et_pb_text _builder_version=\u00a0\u00bb4.16&Prime; _module_preset=\u00a0\u00bbdefault\u00a0\u00bb global_colors_info=\u00a0\u00bb{}\u00a0\u00bb]<\/p>\n<p>Nous avons d\u00e9velopp\u00e9 le d\u00e9tergent Dauni pour un confort durable, une propret\u00e9 jusque dans les pores tout en pensant \u00e0 la nature.<\/p>\n<p>Il est bas\u00e9 \u00e0 100 % sur des tensioactifs durables issus du bl\u00e9, du ma\u00efs et de la f\u00e9cule de pomme de terre. Dauni est sans phosphate, avec un pH neutre, sans danger pour l\u2019environnement et sans azurants optiques.<\/p>\n<p>[\/et_pb_text][\/et_pb_column][\/et_pb_row][et_pb_row column_structure=\u00a0\u00bb1_5,3_5,1_5&Prime; module_class=\u00a0\u00bbansprechpartner\u00a0\u00bb _builder_version=\u00a0\u00bb4.16&Prime; _module_preset=\u00a0\u00bbdefault\u00a0\u00bb global_colors_info=\u00a0\u00bb{}\u00a0\u00bb][et_pb_column type=\u00a0\u00bb1_5&Prime; _builder_version=\u00a0\u00bb4.16&Prime; _module_preset=\u00a0\u00bbdefault\u00a0\u00bb global_colors_info=\u00a0\u00bb{}\u00a0\u00bb][\/et_pb_column][et_pb_column type=\u00a0\u00bb3_5&Prime; _builder_version=\u00a0\u00bb4.16&Prime; _module_preset=\u00a0\u00bbdefault\u00a0\u00bb global_colors_info=\u00a0\u00bb{}\u00a0\u00bb][et_pb_team_member name=\u00a0\u00bbVotre interlocuteur\u00a0\u00bb image_url=\u00a0\u00bbhttps:\/\/www.otto-keller.de\/wp-content\/uploads\/2020\/12\/191029_OK_Mitarbeiter_Prtraits_Web_3.jpg\u00a0\u00bb module_class=\u00a0\u00bbkleinesbild\u00a0\u00bb _builder_version=\u00a0\u00bb4.16&Prime; _module_preset=\u00a0\u00bbdefault\u00a0\u00bb header_level=\u00a0\u00bbh2&Prime; border_radii_image=\u00a0\u00bbon|50%|50%|50%|50%\u00a0\u00bb global_colors_info=\u00a0\u00bb{}\u00a0\u00bb]<\/p>\n<p>Nous sommes disponibles par t\u00e9l\u00e9phone du lundi au vendredi de 8 h \u00e0 16 h 30 et nous serons heureux de r\u00e9pondre \u00e0 vos questions.<\/p>\n<p>T:\u00a0+49 (0) 2505 9337-0<br \/> F: +49 (0) 2505 9337-77<br \/> M: <a href=\"mailto:info@otto-keller.de\">info@otto-keller.de<\/a><\/p>\n<p>[\/et_pb_team_member][\/et_pb_column][et_pb_column type=\u00a0\u00bb1_5&Prime; _builder_version=\u00a0\u00bb4.16&Prime; _module_preset=\u00a0\u00bbdefault\u00a0\u00bb global_colors_info=\u00a0\u00bb{}\u00a0\u00bb][\/et_pb_column][\/et_pb_row][\/et_pb_section]<\/p>\n","protected":false},"excerpt":{"rendered":"<p>Duvet et plumes Un produit naturel magique\n    <div id=\"leftankermenu\" class='leftmenu'>\n        <ul>\n                            <li class=\"leftmenu_item active\" id=\"menuitem-daunenfedern\" data-id='daunenfedern'  onclick=\"setActive(this)\" >\n                    <a href='#daunenfedern' onclick=\"setActive(this)\">Duvet et plumes<\/a>\n                <\/li>\n                            <li class=\"leftmenu_item \" id=\"menuitem-inlett\" data-id='inlett'  onclick=\"setActive(this)\" >\n                    <a href='#inlett' onclick=\"setActive(this)\">Literie<\/a>\n                <\/li>\n                            <li class=\"leftmenu_item \" id=\"menuitem-allergiker\" data-id='allergiker'  onclick=\"setActive(this)\" >\n                    <a href='#allergiker' onclick=\"setActive(this)\">Personnes allergiques<\/a>\n                <\/li>\n                            <li class=\"leftmenu_item \" id=\"menuitem-waschmittel\" data-id='waschmittel'  onclick=\"setActive(this)\" >\n                    <a href='#waschmittel' onclick=\"setActive(this)\">D\u00e9tergent<\/a>\n                <\/li>\n                    <\/ul>\n    <\/div>\n\n    <script type=\"text\/javascript\">\n        var menupageids = [];\n\n        function op_sidebar_menu_script() {\n            menupageids.forEach(function(id){\n                try{\n                    if(document.getElementById(id).getBoundingClientRect().top < 1200){\n                        setActive(document.getElementById(\"menuitem-\"+id));\n                    }\n                }catch(e){}\n            });\n        }\n\n        function sidebarMenu_init(){\n            let menuli = document.getElementById(\"leftankermenu\").children[0].children;\n            for(let i = 0; i < menuli.length; i++){\n                menupageids.push(menuli[i].dataset.id);\n            }\n        }\n        sidebarMenu_init();\n\n        function setActive(element){\n\t\t\t\/*var menuitems = document.querySelectorAll(\".leftmenu_item\");\n\t\t\tconsole.log(menuitems);\n\t\t\tmenuitems.forEach((el, index entireList) => {\n\t\t\t\tel.classList.remove(\"active\");\n\t\t\t});*\/\n\t\t\tconsole.log(\"funktioniert\");\n\t\t\tArray.from(document.querySelectorAll(\".leftmenu_item\")).forEach(\n\t\t\t\t(el) => el.classList.remove(\"active\")\n\t\t\t);\n            \/*let menuli = document.getElementById(\"leftankermenu\").children[0].children;\n            for(let i = 0; i < menuli.length; i++){\n                menuli[i].classList.remove(\"active\");\n            }*\/\n\t\t\telement.parentNode.classList.add(\"active\");\n            \/*element.classList.add(\"active\");*\/\n        }\n    <\/script>\n\n    Duvet et plumesLe duvet est un produit naturel fabriqu\u00e9 \u00e0 partir du plumage chaud provenant d\u2019oiseaux aquatiques. Gr\u00e2ce \u00e0 sa structure \u00e9lastique en trois dimensions, le duvet peut emprisonner beaucoup d\u2019air, ce qui en fait un r\u00e9servoir de chaleur extr\u00eamement puissant. Le duvet ressemble \u00e0 [&hellip;]<\/p>\n","protected":false},"author":1,"featured_media":0,"parent":0,"menu_order":0,"comment_status":"closed","ping_status":"closed","template":"","meta":{"_et_pb_use_builder":"on","_et_pb_old_content":"","_et_gb_content_width":"","inline_featured_image":false,"footnotes":""},"class_list":["post-5750","page","type-page","status-publish","hentry"],"yoast_head":"<!-- This site is optimized with the Yoast SEO plugin v26.6 - https:\/\/yoast.com\/wordpress\/plugins\/seo\/ -->\n<title>D\u00e9couvrez notre literie en duvet !<\/title>\n<meta name=\"description\" content=\"Vous souhaitez en savoir plus sur la fabrication, le garnissage de nos oreillers ou le nettoyage de nos produits | Ici vous pouvez trouver plus d&#039;informations!\" \/>\n<meta name=\"robots\" content=\"index, follow, max-snippet:-1, max-image-preview:large, max-video-preview:-1\" \/>\n<link rel=\"canonical\" href=\"https:\/\/www.otto-keller.de\/fr\/a-savoir\/\" \/>\n<meta property=\"og:locale\" content=\"fr_FR\" \/>\n<meta property=\"og:type\" content=\"article\" \/>\n<meta property=\"og:title\" content=\"D\u00e9couvrez notre literie en duvet !\" \/>\n<meta property=\"og:description\" content=\"Vous souhaitez en savoir plus sur la fabrication, le garnissage de nos oreillers ou le nettoyage de nos produits | Ici vous pouvez trouver plus d&#039;informations!\" \/>\n<meta property=\"og:url\" content=\"https:\/\/www.otto-keller.de\/fr\/a-savoir\/\" \/>\n<meta property=\"og:site_name\" content=\"otto-keller.de\" \/>\n<meta property=\"article:modified_time\" content=\"2023-11-06T17:11:56+00:00\" \/>\n<meta property=\"og:image\" content=\"https:\/\/www.otto-keller.de\/wp-content\/uploads\/2021\/01\/otto-keller-og-image.jpg\" \/>\n\t<meta property=\"og:image:width\" content=\"1200\" \/>\n\t<meta property=\"og:image:height\" content=\"1200\" \/>\n\t<meta property=\"og:image:type\" content=\"image\/jpeg\" \/>\n<meta name=\"twitter:card\" content=\"summary_large_image\" \/>\n<meta name=\"twitter:label1\" content=\"Dur\u00e9e de lecture estim\u00e9e\" \/>\n\t<meta name=\"twitter:data1\" content=\"4 minutes\" \/>\n<script type=\"application\/ld+json\" class=\"yoast-schema-graph\">{\"@context\":\"https:\/\/schema.org\",\"@graph\":[{\"@type\":\"WebPage\",\"@id\":\"https:\/\/www.otto-keller.de\/fr\/a-savoir\/\",\"url\":\"https:\/\/www.otto-keller.de\/fr\/a-savoir\/\",\"name\":\"D\u00e9couvrez notre literie en duvet !\",\"isPartOf\":{\"@id\":\"https:\/\/www.otto-keller.de\/fr\/#website\"},\"datePublished\":\"2020-11-19T16:47:19+00:00\",\"dateModified\":\"2023-11-06T17:11:56+00:00\",\"description\":\"Vous souhaitez en savoir plus sur la fabrication, le garnissage de nos oreillers ou le nettoyage de nos produits | Ici vous pouvez trouver plus d'informations!\",\"breadcrumb\":{\"@id\":\"https:\/\/www.otto-keller.de\/fr\/a-savoir\/#breadcrumb\"},\"inLanguage\":\"fr-FR\",\"potentialAction\":[{\"@type\":\"ReadAction\",\"target\":[\"https:\/\/www.otto-keller.de\/fr\/a-savoir\/\"]}]},{\"@type\":\"BreadcrumbList\",\"@id\":\"https:\/\/www.otto-keller.de\/fr\/a-savoir\/#breadcrumb\",\"itemListElement\":[{\"@type\":\"ListItem\",\"position\":1,\"name\":\"Startseite\",\"item\":\"https:\/\/www.otto-keller.de\/fr\/\"},{\"@type\":\"ListItem\",\"position\":2,\"name\":\"A savoir\"}]},{\"@type\":\"WebSite\",\"@id\":\"https:\/\/www.otto-keller.de\/fr\/#website\",\"url\":\"https:\/\/www.otto-keller.de\/fr\/\",\"name\":\"otto-keller.de\",\"description\":\"Hochwertige Feder- und Daunendecken\",\"publisher\":{\"@id\":\"https:\/\/www.otto-keller.de\/fr\/#organization\"},\"potentialAction\":[{\"@type\":\"SearchAction\",\"target\":{\"@type\":\"EntryPoint\",\"urlTemplate\":\"https:\/\/www.otto-keller.de\/fr\/?s={search_term_string}\"},\"query-input\":{\"@type\":\"PropertyValueSpecification\",\"valueRequired\":true,\"valueName\":\"search_term_string\"}}],\"inLanguage\":\"fr-FR\"},{\"@type\":\"Organization\",\"@id\":\"https:\/\/www.otto-keller.de\/fr\/#organization\",\"name\":\"Bettfedernfabrik Otto Keller GmbH & Co. KG\",\"url\":\"https:\/\/www.otto-keller.de\/fr\/\",\"logo\":{\"@type\":\"ImageObject\",\"inLanguage\":\"fr-FR\",\"@id\":\"https:\/\/www.otto-keller.de\/fr\/#\/schema\/logo\/image\/\",\"url\":\"https:\/\/www.otto-keller.de\/wp-content\/uploads\/2021\/01\/otto_keller_logo_rgb_schwarz.svg\",\"contentUrl\":\"https:\/\/www.otto-keller.de\/wp-content\/uploads\/2021\/01\/otto_keller_logo_rgb_schwarz.svg\",\"width\":1,\"height\":1,\"caption\":\"Bettfedernfabrik Otto Keller GmbH & Co. KG\"},\"image\":{\"@id\":\"https:\/\/www.otto-keller.de\/fr\/#\/schema\/logo\/image\/\"}}]}<\/script>\n<!-- \/ Yoast SEO plugin. -->","yoast_head_json":{"title":"D\u00e9couvrez notre literie en duvet !","description":"Vous souhaitez en savoir plus sur la fabrication, le garnissage de nos oreillers ou le nettoyage de nos produits | Ici vous pouvez trouver plus d'informations!","robots":{"index":"index","follow":"follow","max-snippet":"max-snippet:-1","max-image-preview":"max-image-preview:large","max-video-preview":"max-video-preview:-1"},"canonical":"https:\/\/www.otto-keller.de\/fr\/a-savoir\/","og_locale":"fr_FR","og_type":"article","og_title":"D\u00e9couvrez notre literie en duvet !","og_description":"Vous souhaitez en savoir plus sur la fabrication, le garnissage de nos oreillers ou le nettoyage de nos produits | Ici vous pouvez trouver plus d'informations!","og_url":"https:\/\/www.otto-keller.de\/fr\/a-savoir\/","og_site_name":"otto-keller.de","article_modified_time":"2023-11-06T17:11:56+00:00","og_image":[{"width":1200,"height":1200,"url":"https:\/\/www.otto-keller.de\/wp-content\/uploads\/2021\/01\/otto-keller-og-image.jpg","type":"image\/jpeg"}],"twitter_card":"summary_large_image","twitter_misc":{"Dur\u00e9e de lecture estim\u00e9e":"4 minutes"},"schema":{"@context":"https:\/\/schema.org","@graph":[{"@type":"WebPage","@id":"https:\/\/www.otto-keller.de\/fr\/a-savoir\/","url":"https:\/\/www.otto-keller.de\/fr\/a-savoir\/","name":"D\u00e9couvrez notre literie en duvet !","isPartOf":{"@id":"https:\/\/www.otto-keller.de\/fr\/#website"},"datePublished":"2020-11-19T16:47:19+00:00","dateModified":"2023-11-06T17:11:56+00:00","description":"Vous souhaitez en savoir plus sur la fabrication, le garnissage de nos oreillers ou le nettoyage de nos produits | Ici vous pouvez trouver plus d'informations!","breadcrumb":{"@id":"https:\/\/www.otto-keller.de\/fr\/a-savoir\/#breadcrumb"},"inLanguage":"fr-FR","potentialAction":[{"@type":"ReadAction","target":["https:\/\/www.otto-keller.de\/fr\/a-savoir\/"]}]},{"@type":"BreadcrumbList","@id":"https:\/\/www.otto-keller.de\/fr\/a-savoir\/#breadcrumb","itemListElement":[{"@type":"ListItem","position":1,"name":"Startseite","item":"https:\/\/www.otto-keller.de\/fr\/"},{"@type":"ListItem","position":2,"name":"A savoir"}]},{"@type":"WebSite","@id":"https:\/\/www.otto-keller.de\/fr\/#website","url":"https:\/\/www.otto-keller.de\/fr\/","name":"otto-keller.de","description":"Hochwertige Feder- und Daunendecken","publisher":{"@id":"https:\/\/www.otto-keller.de\/fr\/#organization"},"potentialAction":[{"@type":"SearchAction","target":{"@type":"EntryPoint","urlTemplate":"https:\/\/www.otto-keller.de\/fr\/?s={search_term_string}"},"query-input":{"@type":"PropertyValueSpecification","valueRequired":true,"valueName":"search_term_string"}}],"inLanguage":"fr-FR"},{"@type":"Organization","@id":"https:\/\/www.otto-keller.de\/fr\/#organization","name":"Bettfedernfabrik Otto Keller GmbH & Co. KG","url":"https:\/\/www.otto-keller.de\/fr\/","logo":{"@type":"ImageObject","inLanguage":"fr-FR","@id":"https:\/\/www.otto-keller.de\/fr\/#\/schema\/logo\/image\/","url":"https:\/\/www.otto-keller.de\/wp-content\/uploads\/2021\/01\/otto_keller_logo_rgb_schwarz.svg","contentUrl":"https:\/\/www.otto-keller.de\/wp-content\/uploads\/2021\/01\/otto_keller_logo_rgb_schwarz.svg","width":1,"height":1,"caption":"Bettfedernfabrik Otto Keller GmbH & Co. KG"},"image":{"@id":"https:\/\/www.otto-keller.de\/fr\/#\/schema\/logo\/image\/"}}]}},"_links":{"self":[{"href":"https:\/\/www.otto-keller.de\/fr\/wp-json\/wp\/v2\/pages\/5750","targetHints":{"allow":["GET"]}}],"collection":[{"href":"https:\/\/www.otto-keller.de\/fr\/wp-json\/wp\/v2\/pages"}],"about":[{"href":"https:\/\/www.otto-keller.de\/fr\/wp-json\/wp\/v2\/types\/page"}],"author":[{"embeddable":true,"href":"https:\/\/www.otto-keller.de\/fr\/wp-json\/wp\/v2\/users\/1"}],"replies":[{"embeddable":true,"href":"https:\/\/www.otto-keller.de\/fr\/wp-json\/wp\/v2\/comments?post=5750"}],"version-history":[{"count":0,"href":"https:\/\/www.otto-keller.de\/fr\/wp-json\/wp\/v2\/pages\/5750\/revisions"}],"wp:attachment":[{"href":"https:\/\/www.otto-keller.de\/fr\/wp-json\/wp\/v2\/media?parent=5750"}],"curies":[{"name":"wp","href":"https:\/\/api.w.org\/{rel}","templated":true}]}}