{"id":5881,"date":"2020-11-19T17:48:31","date_gmt":"2020-11-19T16:48:31","guid":{"rendered":"https:\/\/www.otto-keller.de\/weitere-produkte\/"},"modified":"2021-10-27T13:55:32","modified_gmt":"2021-10-27T11:55:32","slug":"autres-produits","status":"publish","type":"page","link":"https:\/\/www.otto-keller.de\/fr\/produits\/autres-produits\/","title":{"rendered":"Autres Produits"},"content":{"rendered":"<p>[et_pb_section fb_built=\u00a0\u00bb1&Prime; _builder_version=\u00a0\u00bb4.7.3&Prime; _module_preset=\u00a0\u00bbdefault\u00a0\u00bb global_colors_info=\u00a0\u00bb{}\u00a0\u00bb][et_pb_row module_class=\u00a0\u00bbheader ganz\u00a0\u00bb _builder_version=\u00a0\u00bb4.6.6&Prime; _module_preset=\u00a0\u00bbdefault\u00a0\u00bb width=\u00a0\u00bb100%\u00a0\u00bb max_width=\u00a0\u00bb100%\u00a0\u00bb custom_padding=\u00a0\u00bb0px||||false|false\u00a0\u00bb global_colors_info=\u00a0\u00bb{}\u00a0\u00bb][et_pb_column type=\u00a0\u00bb4_4&Prime; _builder_version=\u00a0\u00bb4.6.6&Prime; _module_preset=\u00a0\u00bbdefault\u00a0\u00bb global_colors_info=\u00a0\u00bb{}\u00a0\u00bb][et_pb_slider module_class=\u00a0\u00bbslidermittext\u00a0\u00bb _builder_version=\u00a0\u00bb4.9.0&Prime; _module_preset=\u00a0\u00bbdefault\u00a0\u00bb height=\u00a0\u00bb100vh\u00a0\u00bb height_last_edited=\u00a0\u00bboff|desktop\u00a0\u00bb auto=\u00a0\u00bbon\u00a0\u00bb auto_speed=\u00a0\u00bb4000&Prime; global_colors_info=\u00a0\u00bb{}\u00a0\u00bb][et_pb_slide _builder_version=\u00a0\u00bb4.7.3&Prime; _module_preset=\u00a0\u00bbdefault\u00a0\u00bb background_image=\u00a0\u00bbhttps:\/\/www.otto-keller.de\/wp-content\/uploads\/2020\/12\/01_Otto_Keller_Kinderartikel_01_HF.jpg\u00a0\u00bb background_enable_image=\u00a0\u00bbon\u00a0\u00bb global_colors_info=\u00a0\u00bb{}\u00a0\u00bb sticky_transition=\u00a0\u00bbon\u00a0\u00bb][\/et_pb_slide][et_pb_slide _builder_version=\u00a0\u00bb4.7.3&Prime; _module_preset=\u00a0\u00bbdefault\u00a0\u00bb background_image=\u00a0\u00bbhttps:\/\/www.otto-keller.de\/wp-content\/uploads\/2020\/12\/04_Otto_Keller_Kinderartikel_04_QF.jpg\u00a0\u00bb background_enable_image=\u00a0\u00bbon\u00a0\u00bb global_colors_info=\u00a0\u00bb{}\u00a0\u00bb sticky_transition=\u00a0\u00bbon\u00a0\u00bb][\/et_pb_slide][et_pb_slide _builder_version=\u00a0\u00bb4.7.3&Prime; _module_preset=\u00a0\u00bbdefault\u00a0\u00bb background_image=\u00a0\u00bbhttps:\/\/www.otto-keller.de\/wp-content\/uploads\/2020\/12\/03_Otto_Keller_Kinderartikel_03_QF.jpg\u00a0\u00bb background_enable_image=\u00a0\u00bbon\u00a0\u00bb global_colors_info=\u00a0\u00bb{}\u00a0\u00bb sticky_transition=\u00a0\u00bbon\u00a0\u00bb][\/et_pb_slide][\/et_pb_slider][\/et_pb_column][\/et_pb_row][et_pb_row module_class=\u00a0\u00bbtext\u00a0\u00bb _builder_version=\u00a0\u00bb4.7.3&Prime; _module_preset=\u00a0\u00bbdefault\u00a0\u00bb global_colors_info=\u00a0\u00bb{}\u00a0\u00bb][et_pb_column type=\u00a0\u00bb4_4&Prime; _builder_version=\u00a0\u00bb4.6.6&Prime; _module_preset=\u00a0\u00bbdefault\u00a0\u00bb global_colors_info=\u00a0\u00bb{}\u00a0\u00bb][et_pb_text module_class=\u00a0\u00bbueberschrift\u00a0\u00bb _builder_version=\u00a0\u00bb4.7.3&Prime; _module_preset=\u00a0\u00bbdefault\u00a0\u00bb global_colors_info=\u00a0\u00bb{}\u00a0\u00bb]<\/p>\n<h1>Autres produits<\/h1>\n<p>[\/et_pb_text][et_pb_text _builder_version=\u00a0\u00bb4.7.3&Prime; _module_preset=\u00a0\u00bbdefault\u00a0\u00bb global_colors_info=\u00a0\u00bb{}\u00a0\u00bb]<\/p>\n<p><span>Nous prenons en compte le confort du sommeil dans son ensemble. C\u2019est pourquoi, nous avons ajout\u00e9 un certain nombre d\u2019articles s\u00e9lectionn\u00e9s \u00e0 notre vaste gamme de couettes et d\u2019oreillers. Dans les cat\u00e9gories de produits suivantes, les dormeurs exigeants trouveront tout ce dont ils ont besoin pour une nuit de sommeil compl\u00e8tement reposante pour toute la famille.<\/span><\/p>\n<p>[\/et_pb_text][\/et_pb_column][\/et_pb_row][et_pb_row module_class=\u00a0\u00bbtext\u00a0\u00bb _builder_version=\u00a0\u00bb4.7.3&Prime; _module_preset=\u00a0\u00bbdefault\u00a0\u00bb global_colors_info=\u00a0\u00bb{}\u00a0\u00bb][et_pb_column type=\u00a0\u00bb4_4&Prime; _builder_version=\u00a0\u00bb4.7.3&Prime; _module_preset=\u00a0\u00bbdefault\u00a0\u00bb global_colors_info=\u00a0\u00bb{}\u00a0\u00bb][et_pb_text _builder_version=\u00a0\u00bb4.7.3&Prime; _module_preset=\u00a0\u00bbdefault\u00a0\u00bb global_colors_info=\u00a0\u00bb{}\u00a0\u00bb]<\/p>\n<h2>Articles pour enfants<\/h2>\n<p>[\/et_pb_text][et_pb_text _builder_version=\u00a0\u00bb4.7.3&Prime; _module_preset=\u00a0\u00bbdefault\u00a0\u00bb global_colors_info=\u00a0\u00bb{}\u00a0\u00bb]<\/p>\n<p><span>Le sommeil r\u00e9parateur est particuli\u00e8rement important dans l\u2019enfance. Apr\u00e8s tout, il constitue la base d\u2019une croissance saine. Notre gamme pour enfants propose des oreillers, des couettes et des sacs de couchage merveilleusement doux et l\u00e9ger de la meilleure qualit\u00e9 qui soit. Les articles sont disponibles en diff\u00e9rentes tailles et couleurs pour les b\u00e9b\u00e9s et les tout-petits de tous \u00e2ges. Leurs dimensions et quantit\u00e9s de remplissage doivent toujours \u00eatre adapt\u00e9es \u00e0 la taille de l\u2019enfant.<\/span><\/p>\n<p>[\/et_pb_text][\/et_pb_column][\/et_pb_row][\/et_pb_section][et_pb_section fb_built=\u00a0\u00bb1&Prime; fullwidth=\u00a0\u00bbon\u00a0\u00bb _builder_version=\u00a0\u00bb4.7.3&Prime; _module_preset=\u00a0\u00bbdefault\u00a0\u00bb global_colors_info=\u00a0\u00bb{}\u00a0\u00bb][et_pb_fullwidth_slider module_class=\u00a0\u00bbslidermittext\u00a0\u00bb _builder_version=\u00a0\u00bb4.9.0&Prime; _module_preset=\u00a0\u00bbdefault\u00a0\u00bb height=\u00a0\u00bb100vh\u00a0\u00bb auto=\u00a0\u00bbon\u00a0\u00bb auto_speed=\u00a0\u00bb4000&Prime; global_colors_info=\u00a0\u00bb{}\u00a0\u00bb][et_pb_slide _builder_version=\u00a0\u00bb4.7.3&Prime; _module_preset=\u00a0\u00bbdefault\u00a0\u00bb background_enable_color=\u00a0\u00bboff\u00a0\u00bb background_image=\u00a0\u00bbhttps:\/\/www.otto-keller.de\/wp-content\/uploads\/2020\/12\/02_Otto_Keller_Lose_Ware_01_QF.jpg\u00a0\u00bb background_enable_image=\u00a0\u00bbon\u00a0\u00bb global_colors_info=\u00a0\u00bb{}\u00a0\u00bb sticky_transition=\u00a0\u00bbon\u00a0\u00bb][\/et_pb_slide][et_pb_slide _builder_version=\u00a0\u00bb4.7.3&Prime; _module_preset=\u00a0\u00bbdefault\u00a0\u00bb background_enable_color=\u00a0\u00bboff\u00a0\u00bb background_image=\u00a0\u00bbhttps:\/\/www.otto-keller.de\/wp-content\/uploads\/2020\/12\/03_Otto_Keller_Lose_Ware_03_QF.jpg\u00a0\u00bb background_enable_image=\u00a0\u00bbon\u00a0\u00bb global_colors_info=\u00a0\u00bb{}\u00a0\u00bb sticky_transition=\u00a0\u00bbon\u00a0\u00bb][\/et_pb_slide][et_pb_slide _builder_version=\u00a0\u00bb4.7.3&Prime; _module_preset=\u00a0\u00bbdefault\u00a0\u00bb background_enable_color=\u00a0\u00bboff\u00a0\u00bb background_image=\u00a0\u00bbhttps:\/\/www.otto-keller.de\/wp-content\/uploads\/2020\/12\/02_Otto_Keller_Lose_Ware_02_QF.jpg\u00a0\u00bb background_enable_image=\u00a0\u00bbon\u00a0\u00bb global_colors_info=\u00a0\u00bb{}\u00a0\u00bb sticky_transition=\u00a0\u00bbon\u00a0\u00bb][\/et_pb_slide][\/et_pb_fullwidth_slider][\/et_pb_section][et_pb_section fb_built=\u00a0\u00bb1&Prime; _builder_version=\u00a0\u00bb4.6.6&Prime; _module_preset=\u00a0\u00bbdefault\u00a0\u00bb custom_padding=\u00a0\u00bb0px|||||\u00a0\u00bb global_colors_info=\u00a0\u00bb{}\u00a0\u00bb][et_pb_row module_class=\u00a0\u00bbtext\u00a0\u00bb _builder_version=\u00a0\u00bb4.7.3&Prime; _module_preset=\u00a0\u00bbdefault\u00a0\u00bb global_colors_info=\u00a0\u00bb{}\u00a0\u00bb][et_pb_column type=\u00a0\u00bb4_4&Prime; _builder_version=\u00a0\u00bb4.6.6&Prime; _module_preset=\u00a0\u00bbdefault\u00a0\u00bb global_colors_info=\u00a0\u00bb{}\u00a0\u00bb][et_pb_text module_class=\u00a0\u00bbueberschrift\u00a0\u00bb _builder_version=\u00a0\u00bb4.7.3&Prime; _module_preset=\u00a0\u00bbdefault\u00a0\u00bb global_colors_info=\u00a0\u00bb{}\u00a0\u00bb]<\/p>\n<h2>Marchandises en vrac<\/h2>\n<p>[\/et_pb_text][et_pb_text _builder_version=\u00a0\u00bb4.7.3&Prime; _module_preset=\u00a0\u00bbdefault\u00a0\u00bb custom_margin=\u00a0\u00bb||90px|||\u00a0\u00bb global_colors_info=\u00a0\u00bb{}\u00a0\u00bb]<\/p>\n<p><span>En plus de la literie finie, nous proposons \u00e9galement nos garnitures de remplissage en vrac. Une large gamme de duvet et de plumes de haute qualit\u00e9 est disponible sur demande.<\/span><\/p>\n<p>[\/et_pb_text][\/et_pb_column][\/et_pb_row][et_pb_row module_class=\u00a0\u00bbtext\u00a0\u00bb _builder_version=\u00a0\u00bb4.7.3&Prime; _module_preset=\u00a0\u00bbdefault\u00a0\u00bb global_colors_info=\u00a0\u00bb{}\u00a0\u00bb][et_pb_column type=\u00a0\u00bb4_4&Prime; _builder_version=\u00a0\u00bb4.6.6&Prime; _module_preset=\u00a0\u00bbdefault\u00a0\u00bb global_colors_info=\u00a0\u00bb{}\u00a0\u00bb][et_pb_image src=\u00a0\u00bbhttps:\/\/www.otto-keller.de\/wp-content\/uploads\/2020\/12\/190620_OttoKeller_Waschmittel_0247_web.jpg\u00a0\u00bb alt=\u00a0\u00bbDauni das Daunenwaschmittel von Otto Keller\u00a0\u00bb align=\u00a0\u00bbcenter\u00a0\u00bb _builder_version=\u00a0\u00bb4.10.7&Prime; _module_preset=\u00a0\u00bbdefault\u00a0\u00bb global_colors_info=\u00a0\u00bb{}\u00a0\u00bb][\/et_pb_image][et_pb_text module_class=\u00a0\u00bbueberschrift\u00a0\u00bb _builder_version=\u00a0\u00bb4.7.3&Prime; _module_preset=\u00a0\u00bbdefault\u00a0\u00bb global_colors_info=\u00a0\u00bb{}\u00a0\u00bb]<\/p>\n<h2>D\u00e9tergent<\/h2>\n<p>[\/et_pb_text][et_pb_text _builder_version=\u00a0\u00bb4.7.3&Prime; _module_preset=\u00a0\u00bbdefault\u00a0\u00bb custom_margin=\u00a0\u00bb||23px|||\u00a0\u00bb global_colors_info=\u00a0\u00bb{}\u00a0\u00bb]<\/p>\n<p>Nous avons d\u00e9velopp\u00e9 le d\u00e9tergent Dauni pour un confort durable, une propret\u00e9 jusque dans les pores tout en pensant \u00e0 la nature. Il est bas\u00e9 \u00e0 100 % sur des tensioactifs durables issus du bl\u00e9, du ma\u00efs et de la f\u00e9cule de pomme de terre. Dauni est sans phosphate, avec un pH neutre, sans danger pour l\u2019environnement et sans azurants optiques.<\/p>\n<p>Une explication des ingr\u00e9dients peut \u00eatre trouv\u00e9e<span>\u00a0<\/span><a href=\"https:\/\/ec.europa.eu\/growth\/tools-databases\/cosing\/index.cfm?fuseaction=search.simple\" target=\"_blank\" rel=\"noopener noreferrer\"><u>ici<\/u><\/a><span>\u00a0<\/span>et les fiches techniques sont disponibles sur les liens suivants:<\/p>\n<p>[\/et_pb_text][et_pb_text _builder_version=\u00a0\u00bb4.9.0&Prime; _module_preset=\u00a0\u00bbdefault\u00a0\u00bb custom_margin=\u00a0\u00bb45px||75px|||\u00a0\u00bb custom_padding=\u00a0\u00bb|||40px||\u00a0\u00bb global_colors_info=\u00a0\u00bb{}\u00a0\u00bb]<\/p>\n<p>\u2192 <a href=\"https:\/\/www.otto-keller.de\/wp-content\/uploads\/2021\/03\/DSP_15_869_Aqua_Syn_DE.pdf\" target=\"_blank\" rel=\"noopener\">Aqua Syn<\/a><br \/>\u2192 <a href=\"https:\/\/www.otto-keller.de\/wp-content\/uploads\/2021\/03\/DSP_15_869_Aqua_Clean_DE.pdf\" target=\"_blank\" rel=\"noopener\">Aqua Clean<\/a><br \/>\u2192 <a href=\"https:\/\/www.otto-keller.de\/wp-content\/uploads\/2021\/03\/DSP_15_869_Dauni_DE.pdf\" target=\"_blank\" rel=\"noopener\">Dauni<\/a><\/p>\n<p>[\/et_pb_text][\/et_pb_column][\/et_pb_row][et_pb_row module_class=\u00a0\u00bbtext\u00a0\u00bb _builder_version=\u00a0\u00bb4.7.3&Prime; _module_preset=\u00a0\u00bbdefault\u00a0\u00bb global_colors_info=\u00a0\u00bb{}\u00a0\u00bb][et_pb_column type=\u00a0\u00bb4_4&Prime; _builder_version=\u00a0\u00bb4.6.6&Prime; _module_preset=\u00a0\u00bbdefault\u00a0\u00bb global_colors_info=\u00a0\u00bb{}\u00a0\u00bb][et_pb_image src=\u00a0\u00bbhttps:\/\/www.otto-keller.de\/wp-content\/uploads\/2020\/12\/04_Otto_Keller_Schlafsack_QF.jpg\u00a0\u00bb align=\u00a0\u00bbcenter\u00a0\u00bb _builder_version=\u00a0\u00bb4.10.7&Prime; _module_preset=\u00a0\u00bbdefault\u00a0\u00bb module_alignment=\u00a0\u00bbcenter\u00a0\u00bb hover_enabled=\u00a0\u00bb0&Prime; global_colors_info=\u00a0\u00bb{}\u00a0\u00bb alt=\u00a0\u00bbBabyschlafsack von Otto Keller mit der gewohnten Daunenqualit\u00e4t\u00a0\u00bb sticky_enabled=\u00a0\u00bb0&Prime;][\/et_pb_image][et_pb_text module_class=\u00a0\u00bbueberschrift\u00a0\u00bb _builder_version=\u00a0\u00bb4.7.3&Prime; _module_preset=\u00a0\u00bbdefault\u00a0\u00bb global_colors_info=\u00a0\u00bb{}\u00a0\u00bb]<\/p>\n<h2>Sacs de couchage<\/h2>\n<p>[\/et_pb_text][et_pb_text _builder_version=\u00a0\u00bb4.7.3&Prime; _module_preset=\u00a0\u00bbdefault\u00a0\u00bb custom_margin=\u00a0\u00bb||90px|||\u00a0\u00bb global_colors_info=\u00a0\u00bb{}\u00a0\u00bb]<\/p>\n<p><span>Nous recommandons les sacs de couchage pour b\u00e9b\u00e9 pour les premiers mois de leur vie. Ceux-ci sont disponibles en longueurs de 70 cm, 90 cm et 110 cm ainsi qu\u2019en diff\u00e9rentes variantes de couleur.<\/span><\/p>\n<p>[\/et_pb_text][\/et_pb_column][\/et_pb_row][et_pb_row module_class=\u00a0\u00bbtext\u00a0\u00bb _builder_version=\u00a0\u00bb4.7.3&Prime; _module_preset=\u00a0\u00bbdefault\u00a0\u00bb global_colors_info=\u00a0\u00bb{}\u00a0\u00bb][et_pb_column type=\u00a0\u00bb4_4&Prime; _builder_version=\u00a0\u00bb4.6.6&Prime; _module_preset=\u00a0\u00bbdefault\u00a0\u00bb global_colors_info=\u00a0\u00bb{}\u00a0\u00bb][et_pb_image src=\u00a0\u00bbhttps:\/\/www.otto-keller.de\/wp-content\/uploads\/2020\/12\/05_Otto_Keller_Stillkissen_QF.jpg\u00a0\u00bb align=\u00a0\u00bbcenter\u00a0\u00bb _builder_version=\u00a0\u00bb4.10.7&Prime; _module_preset=\u00a0\u00bbdefault\u00a0\u00bb hover_enabled=\u00a0\u00bb0&Prime; global_colors_info=\u00a0\u00bb{}\u00a0\u00bb alt=\u00a0\u00bbStillkissen von Otto Keller f\u00fcr perfekten Halt und kuschelige W\u00e4rme f\u00fcr die Kleinsten.\u00a0\u00bb sticky_enabled=\u00a0\u00bb0&Prime;][\/et_pb_image][et_pb_text module_class=\u00a0\u00bbueberschrift\u00a0\u00bb _builder_version=\u00a0\u00bb4.7.3&Prime; _module_preset=\u00a0\u00bbdefault\u00a0\u00bb global_colors_info=\u00a0\u00bb{}\u00a0\u00bb]<\/p>\n<h2>Oreiller d\u2019allaitement<\/h2>\n<p>[\/et_pb_text][et_pb_text _builder_version=\u00a0\u00bb4.7.3&Prime; _module_preset=\u00a0\u00bbdefault\u00a0\u00bb global_colors_info=\u00a0\u00bb{}\u00a0\u00bb]<\/p>\n<p><span>Ces oreillers semi-circulaires sont adapt\u00e9s aux besoins sp\u00e9cifiques de la grossesse et l\u2019allaitement. Ils permettent aux femmes enceintes d\u2019obtenir un sommeil plus r\u00e9parateur et facilitent diverses positions de couchage et d\u2019allaitement.<\/span><\/p>\n<p>[\/et_pb_text][\/et_pb_column][\/et_pb_row][et_pb_row _builder_version=\u00a0\u00bb4.9.11&Prime; _module_preset=\u00a0\u00bbdefault\u00a0\u00bb global_colors_info=\u00a0\u00bb{}\u00a0\u00bb][et_pb_column type=\u00a0\u00bb4_4&Prime; _builder_version=\u00a0\u00bb4.9.11&Prime; _module_preset=\u00a0\u00bbdefault\u00a0\u00bb global_colors_info=\u00a0\u00bb{}\u00a0\u00bb][et_pb_text _builder_version=\u00a0\u00bb4.9.11&Prime; _module_preset=\u00a0\u00bbdefault\u00a0\u00bb global_colors_info=\u00a0\u00bb{}\u00a0\u00bb]<\/p>\n<h2>Kostenloser Service<\/h2>\n<p>[\/et_pb_text][et_pb_text _builder_version=\u00a0\u00bb4.9.11&Prime; _module_preset=\u00a0\u00bbdefault\u00a0\u00bb global_colors_info=\u00a0\u00bb{}\u00a0\u00bb]F\u00fcr unsere Kunden haben wir auf den Informationsseiten hilfreiche Informationen zusammengestellt. Unter <a href=\"https:\/\/www.otto-keller.de\/daunenpflege\/\">Daunenpflege<\/a> finden Sie n\u00fctzliche Tipps wie Sie die Qualit\u00e4t Ihrer Bettwaren erhalten. Die Seite <a href=\"https:\/\/www.otto-keller.de\/wissenswertes\/\">Wissenswertes<\/a> liefert Ihnen viele Hintergrundinformationen zur Daune und auf der Seite <a href=\"https:\/\/www.otto-keller.de\/qualitaet\/\">Qualit\u00e4t<\/a> stellen wir Ihnen unsere Standards vor nach denen wir unsere Bettwaren produzieren.[\/et_pb_text][\/et_pb_column][\/et_pb_row][et_pb_row column_structure=\u00a0\u00bb1_5,3_5,1_5&Prime; module_class=\u00a0\u00bbansprechpartner\u00a0\u00bb _builder_version=\u00a0\u00bb4.6.6&Prime; _module_preset=\u00a0\u00bbdefault\u00a0\u00bb custom_padding=\u00a0\u00bb90px||90px|||\u00a0\u00bb global_colors_info=\u00a0\u00bb{}\u00a0\u00bb][et_pb_column type=\u00a0\u00bb1_5&Prime; _builder_version=\u00a0\u00bb4.6.6&Prime; _module_preset=\u00a0\u00bbdefault\u00a0\u00bb global_colors_info=\u00a0\u00bb{}\u00a0\u00bb][\/et_pb_column][et_pb_column type=\u00a0\u00bb3_5&Prime; _builder_version=\u00a0\u00bb4.6.6&Prime; _module_preset=\u00a0\u00bbdefault\u00a0\u00bb global_colors_info=\u00a0\u00bb{}\u00a0\u00bb][et_pb_team_member name=\u00a0\u00bbVotre interlocutrice\u00a0\u00bb image_url=\u00a0\u00bbhttps:\/\/www.otto-keller.de\/wp-content\/uploads\/2020\/11\/Covers_-furtherproducts_OK_Mitarbeiter_Prtraits_Web_7.jpg\u00a0\u00bb module_class=\u00a0\u00bbkleinesbild\u00a0\u00bb _builder_version=\u00a0\u00bb4.7.3&Prime; _module_preset=\u00a0\u00bbdefault\u00a0\u00bb header_level=\u00a0\u00bbh2&Prime; border_radii_image=\u00a0\u00bbon|50%|50%|50%|50%\u00a0\u00bb global_colors_info=\u00a0\u00bb{}\u00a0\u00bb]Thomas Reinermann<\/p>\n<p>Nous sommes disponibles par t\u00e9l\u00e9phone du lundi au vendredi de 8 h \u00e0 16 h 30 et serons heureux de r\u00e9pondre \u00e0 vos questions.<\/p>\n<p>T:\u00a0+49 (0) 2505 9337-16<br \/>\nF: +49 (0) 2505 9337-77<br \/>\nM:\u00a0<a href=\"mailto:info@otto-keller.de\">t.reinermann@otto-keller.de<\/a><\/p>\n<p>[\/et_pb_team_member][\/et_pb_column][et_pb_column type=\u00a0\u00bb1_5&Prime; _builder_version=\u00a0\u00bb4.6.6&Prime; _module_preset=\u00a0\u00bbdefault\u00a0\u00bb global_colors_info=\u00a0\u00bb{}\u00a0\u00bb][\/et_pb_column][\/et_pb_row][\/et_pb_section]<\/p>\n","protected":false},"excerpt":{"rendered":"<p>Autres produitsNous prenons en compte le confort du sommeil dans son ensemble. C\u2019est pourquoi, nous avons ajout\u00e9 un certain nombre d\u2019articles s\u00e9lectionn\u00e9s \u00e0 notre vaste gamme de couettes et d\u2019oreillers. Dans les cat\u00e9gories de produits suivantes, les dormeurs exigeants trouveront tout ce dont ils ont besoin pour une nuit de sommeil compl\u00e8tement reposante pour toute [&hellip;]<\/p>\n","protected":false},"author":1,"featured_media":0,"parent":5916,"menu_order":0,"comment_status":"closed","ping_status":"closed","template":"","meta":{"_et_pb_use_builder":"on","_et_pb_old_content":"","_et_gb_content_width":"","inline_featured_image":false,"footnotes":""},"class_list":["post-5881","page","type-page","status-publish","hentry"],"yoast_head":"<!-- This site is optimized with the Yoast SEO plugin v26.6 - https:\/\/yoast.com\/wordpress\/plugins\/seo\/ -->\n<title>Literie en duvet de haute qualit\u00e9 d&#039;Allemagne | Otto Keller<\/title>\n<meta name=\"description\" content=\"En plus de nos oreillers et couvertures, nous proposons de nombreux autres produits pour une bonne nuit de sommeil. Visitez-nous aujourd&#039;hui et voyez par vous-m\u00eame!\" \/>\n<meta name=\"robots\" content=\"index, follow, max-snippet:-1, max-image-preview:large, max-video-preview:-1\" \/>\n<link rel=\"canonical\" href=\"https:\/\/www.otto-keller.de\/fr\/produits\/autres-produits\/\" \/>\n<meta property=\"og:locale\" content=\"fr_FR\" \/>\n<meta property=\"og:type\" content=\"article\" \/>\n<meta property=\"og:title\" content=\"Literie en duvet de haute qualit\u00e9 d&#039;Allemagne | Otto Keller\" \/>\n<meta property=\"og:description\" content=\"En plus de nos oreillers et couvertures, nous proposons de nombreux autres produits pour une bonne nuit de sommeil. Visitez-nous aujourd&#039;hui et voyez par vous-m\u00eame!\" \/>\n<meta property=\"og:url\" content=\"https:\/\/www.otto-keller.de\/fr\/produits\/autres-produits\/\" \/>\n<meta property=\"og:site_name\" content=\"otto-keller.de\" \/>\n<meta property=\"article:modified_time\" content=\"2021-10-27T11:55:32+00:00\" \/>\n<meta property=\"og:image\" content=\"https:\/\/www.otto-keller.de\/wp-content\/uploads\/2021\/01\/otto-keller-og-image.jpg\" \/>\n\t<meta property=\"og:image:width\" content=\"1200\" \/>\n\t<meta property=\"og:image:height\" content=\"1200\" \/>\n\t<meta property=\"og:image:type\" content=\"image\/jpeg\" \/>\n<meta name=\"twitter:card\" content=\"summary_large_image\" \/>\n<meta name=\"twitter:label1\" content=\"Dur\u00e9e de lecture estim\u00e9e\" \/>\n\t<meta name=\"twitter:data1\" content=\"8 minutes\" \/>\n<script type=\"application\/ld+json\" class=\"yoast-schema-graph\">{\"@context\":\"https:\/\/schema.org\",\"@graph\":[{\"@type\":\"WebPage\",\"@id\":\"https:\/\/www.otto-keller.de\/fr\/produits\/autres-produits\/\",\"url\":\"https:\/\/www.otto-keller.de\/fr\/produits\/autres-produits\/\",\"name\":\"Literie en duvet de haute qualit\u00e9 d'Allemagne | Otto Keller\",\"isPartOf\":{\"@id\":\"https:\/\/www.otto-keller.de\/fr\/#website\"},\"datePublished\":\"2020-11-19T16:48:31+00:00\",\"dateModified\":\"2021-10-27T11:55:32+00:00\",\"description\":\"En plus de nos oreillers et couvertures, nous proposons de nombreux autres produits pour une bonne nuit de sommeil. Visitez-nous aujourd'hui et voyez par vous-m\u00eame!\",\"breadcrumb\":{\"@id\":\"https:\/\/www.otto-keller.de\/fr\/produits\/autres-produits\/#breadcrumb\"},\"inLanguage\":\"fr-FR\",\"potentialAction\":[{\"@type\":\"ReadAction\",\"target\":[\"https:\/\/www.otto-keller.de\/fr\/produits\/autres-produits\/\"]}]},{\"@type\":\"BreadcrumbList\",\"@id\":\"https:\/\/www.otto-keller.de\/fr\/produits\/autres-produits\/#breadcrumb\",\"itemListElement\":[{\"@type\":\"ListItem\",\"position\":1,\"name\":\"Startseite\",\"item\":\"https:\/\/www.otto-keller.de\/fr\/\"},{\"@type\":\"ListItem\",\"position\":2,\"name\":\"Produits\",\"item\":\"https:\/\/www.otto-keller.de\/fr\/produits\/\"},{\"@type\":\"ListItem\",\"position\":3,\"name\":\"Autres Produits\"}]},{\"@type\":\"WebSite\",\"@id\":\"https:\/\/www.otto-keller.de\/fr\/#website\",\"url\":\"https:\/\/www.otto-keller.de\/fr\/\",\"name\":\"otto-keller.de\",\"description\":\"Hochwertige Feder- und Daunendecken\",\"publisher\":{\"@id\":\"https:\/\/www.otto-keller.de\/fr\/#organization\"},\"potentialAction\":[{\"@type\":\"SearchAction\",\"target\":{\"@type\":\"EntryPoint\",\"urlTemplate\":\"https:\/\/www.otto-keller.de\/fr\/?s={search_term_string}\"},\"query-input\":{\"@type\":\"PropertyValueSpecification\",\"valueRequired\":true,\"valueName\":\"search_term_string\"}}],\"inLanguage\":\"fr-FR\"},{\"@type\":\"Organization\",\"@id\":\"https:\/\/www.otto-keller.de\/fr\/#organization\",\"name\":\"Bettfedernfabrik Otto Keller GmbH & Co. KG\",\"url\":\"https:\/\/www.otto-keller.de\/fr\/\",\"logo\":{\"@type\":\"ImageObject\",\"inLanguage\":\"fr-FR\",\"@id\":\"https:\/\/www.otto-keller.de\/fr\/#\/schema\/logo\/image\/\",\"url\":\"https:\/\/www.otto-keller.de\/wp-content\/uploads\/2021\/01\/otto_keller_logo_rgb_schwarz.svg\",\"contentUrl\":\"https:\/\/www.otto-keller.de\/wp-content\/uploads\/2021\/01\/otto_keller_logo_rgb_schwarz.svg\",\"width\":1,\"height\":1,\"caption\":\"Bettfedernfabrik Otto Keller GmbH & Co. KG\"},\"image\":{\"@id\":\"https:\/\/www.otto-keller.de\/fr\/#\/schema\/logo\/image\/\"}}]}<\/script>\n<!-- \/ Yoast SEO plugin. -->","yoast_head_json":{"title":"Literie en duvet de haute qualit\u00e9 d'Allemagne | Otto Keller","description":"En plus de nos oreillers et couvertures, nous proposons de nombreux autres produits pour une bonne nuit de sommeil. Visitez-nous aujourd'hui et voyez par vous-m\u00eame!","robots":{"index":"index","follow":"follow","max-snippet":"max-snippet:-1","max-image-preview":"max-image-preview:large","max-video-preview":"max-video-preview:-1"},"canonical":"https:\/\/www.otto-keller.de\/fr\/produits\/autres-produits\/","og_locale":"fr_FR","og_type":"article","og_title":"Literie en duvet de haute qualit\u00e9 d'Allemagne | Otto Keller","og_description":"En plus de nos oreillers et couvertures, nous proposons de nombreux autres produits pour une bonne nuit de sommeil. Visitez-nous aujourd'hui et voyez par vous-m\u00eame!","og_url":"https:\/\/www.otto-keller.de\/fr\/produits\/autres-produits\/","og_site_name":"otto-keller.de","article_modified_time":"2021-10-27T11:55:32+00:00","og_image":[{"width":1200,"height":1200,"url":"https:\/\/www.otto-keller.de\/wp-content\/uploads\/2021\/01\/otto-keller-og-image.jpg","type":"image\/jpeg"}],"twitter_card":"summary_large_image","twitter_misc":{"Dur\u00e9e de lecture estim\u00e9e":"8 minutes"},"schema":{"@context":"https:\/\/schema.org","@graph":[{"@type":"WebPage","@id":"https:\/\/www.otto-keller.de\/fr\/produits\/autres-produits\/","url":"https:\/\/www.otto-keller.de\/fr\/produits\/autres-produits\/","name":"Literie en duvet de haute qualit\u00e9 d'Allemagne | Otto Keller","isPartOf":{"@id":"https:\/\/www.otto-keller.de\/fr\/#website"},"datePublished":"2020-11-19T16:48:31+00:00","dateModified":"2021-10-27T11:55:32+00:00","description":"En plus de nos oreillers et couvertures, nous proposons de nombreux autres produits pour une bonne nuit de sommeil. Visitez-nous aujourd'hui et voyez par vous-m\u00eame!","breadcrumb":{"@id":"https:\/\/www.otto-keller.de\/fr\/produits\/autres-produits\/#breadcrumb"},"inLanguage":"fr-FR","potentialAction":[{"@type":"ReadAction","target":["https:\/\/www.otto-keller.de\/fr\/produits\/autres-produits\/"]}]},{"@type":"BreadcrumbList","@id":"https:\/\/www.otto-keller.de\/fr\/produits\/autres-produits\/#breadcrumb","itemListElement":[{"@type":"ListItem","position":1,"name":"Startseite","item":"https:\/\/www.otto-keller.de\/fr\/"},{"@type":"ListItem","position":2,"name":"Produits","item":"https:\/\/www.otto-keller.de\/fr\/produits\/"},{"@type":"ListItem","position":3,"name":"Autres Produits"}]},{"@type":"WebSite","@id":"https:\/\/www.otto-keller.de\/fr\/#website","url":"https:\/\/www.otto-keller.de\/fr\/","name":"otto-keller.de","description":"Hochwertige Feder- und Daunendecken","publisher":{"@id":"https:\/\/www.otto-keller.de\/fr\/#organization"},"potentialAction":[{"@type":"SearchAction","target":{"@type":"EntryPoint","urlTemplate":"https:\/\/www.otto-keller.de\/fr\/?s={search_term_string}"},"query-input":{"@type":"PropertyValueSpecification","valueRequired":true,"valueName":"search_term_string"}}],"inLanguage":"fr-FR"},{"@type":"Organization","@id":"https:\/\/www.otto-keller.de\/fr\/#organization","name":"Bettfedernfabrik Otto Keller GmbH & Co. KG","url":"https:\/\/www.otto-keller.de\/fr\/","logo":{"@type":"ImageObject","inLanguage":"fr-FR","@id":"https:\/\/www.otto-keller.de\/fr\/#\/schema\/logo\/image\/","url":"https:\/\/www.otto-keller.de\/wp-content\/uploads\/2021\/01\/otto_keller_logo_rgb_schwarz.svg","contentUrl":"https:\/\/www.otto-keller.de\/wp-content\/uploads\/2021\/01\/otto_keller_logo_rgb_schwarz.svg","width":1,"height":1,"caption":"Bettfedernfabrik Otto Keller GmbH & Co. KG"},"image":{"@id":"https:\/\/www.otto-keller.de\/fr\/#\/schema\/logo\/image\/"}}]}},"_links":{"self":[{"href":"https:\/\/www.otto-keller.de\/fr\/wp-json\/wp\/v2\/pages\/5881","targetHints":{"allow":["GET"]}}],"collection":[{"href":"https:\/\/www.otto-keller.de\/fr\/wp-json\/wp\/v2\/pages"}],"about":[{"href":"https:\/\/www.otto-keller.de\/fr\/wp-json\/wp\/v2\/types\/page"}],"author":[{"embeddable":true,"href":"https:\/\/www.otto-keller.de\/fr\/wp-json\/wp\/v2\/users\/1"}],"replies":[{"embeddable":true,"href":"https:\/\/www.otto-keller.de\/fr\/wp-json\/wp\/v2\/comments?post=5881"}],"version-history":[{"count":0,"href":"https:\/\/www.otto-keller.de\/fr\/wp-json\/wp\/v2\/pages\/5881\/revisions"}],"up":[{"embeddable":true,"href":"https:\/\/www.otto-keller.de\/fr\/wp-json\/wp\/v2\/pages\/5916"}],"wp:attachment":[{"href":"https:\/\/www.otto-keller.de\/fr\/wp-json\/wp\/v2\/media?parent=5881"}],"curies":[{"name":"wp","href":"https:\/\/api.w.org\/{rel}","templated":true}]}}