{"id":7409,"date":"2021-09-28T11:46:58","date_gmt":"2021-09-28T09:46:58","guid":{"rendered":"https:\/\/www.otto-keller.de\/andeo\/"},"modified":"2021-11-24T11:22:58","modified_gmt":"2021-11-24T10:22:58","slug":"andeo","status":"publish","type":"page","link":"https:\/\/www.otto-keller.de\/fr\/andeo\/","title":{"rendered":"Andeo"},"content":{"rendered":"<p>[et_pb_section fb_built=\u00a0\u00bb1&Prime; module_id=\u00a0\u00bbkissen\u00a0\u00bb module_class=\u00a0\u00bbmarken markenseite\u00a0\u00bb _builder_version=\u00a0\u00bb4.10.7&Prime; _module_preset=\u00a0\u00bbdefault\u00a0\u00bb global_colors_info=\u00a0\u00bb{}\u00a0\u00bb][et_pb_row module_class=\u00a0\u00bbheader ganz\u00a0\u00bb _builder_version=\u00a0\u00bb4.6.6&Prime; _module_preset=\u00a0\u00bbdefault\u00a0\u00bb width=\u00a0\u00bb100%\u00a0\u00bb max_width=\u00a0\u00bb100%\u00a0\u00bb custom_padding=\u00a0\u00bb0px||||false|false\u00a0\u00bb global_colors_info=\u00a0\u00bb{}\u00a0\u00bb][et_pb_column type=\u00a0\u00bb4_4&Prime; _builder_version=\u00a0\u00bb4.6.6&Prime; _module_preset=\u00a0\u00bbdefault\u00a0\u00bb global_colors_info=\u00a0\u00bb{}\u00a0\u00bb][et_pb_cta module_class=\u00a0\u00bbbildmittext sort_hoehe\u00a0\u00bb _builder_version=\u00a0\u00bb4.10.7&Prime; _module_preset=\u00a0\u00bbdefault\u00a0\u00bb background_enable_color=\u00a0\u00bboff\u00a0\u00bb background_image=\u00a0\u00bbhttps:\/\/www.otto-keller.de\/wp-content\/uploads\/2021\/10\/Otto-Keller_andeo_01.jpg\u00a0\u00bb background_enable_video_mp4=\u00a0\u00bboff\u00a0\u00bb global_colors_info=\u00a0\u00bb{}\u00a0\u00bb transform_styles__hover_enabled=\u00a0\u00bbon|hover\u00a0\u00bb transform_scale__hover_enabled=\u00a0\u00bbon|hover\u00a0\u00bb transform_translate__hover_enabled=\u00a0\u00bbon|desktop\u00a0\u00bb transform_rotate__hover_enabled=\u00a0\u00bbon|desktop\u00a0\u00bb transform_skew__hover_enabled=\u00a0\u00bbon|desktop\u00a0\u00bb transform_origin__hover_enabled=\u00a0\u00bbon|desktop\u00a0\u00bb][\/et_pb_cta][\/et_pb_column][\/et_pb_row][et_pb_row module_id=\u00a0\u00bbprodukt0&Prime; module_class=\u00a0\u00bbtext\u00a0\u00bb _builder_version=\u00a0\u00bb4.10.7&Prime; _module_preset=\u00a0\u00bbdefault\u00a0\u00bb global_colors_info=\u00a0\u00bb{}\u00a0\u00bb][et_pb_column type=\u00a0\u00bb4_4&Prime; _builder_version=\u00a0\u00bb4.6.6&Prime; _module_preset=\u00a0\u00bbdefault\u00a0\u00bb global_colors_info=\u00a0\u00bb{}\u00a0\u00bb][et_pb_text admin_label=\u00a0\u00bbKopfkissen von Otto Keller\u00a0\u00bb module_class=\u00a0\u00bbueberschrift\u00a0\u00bb _builder_version=\u00a0\u00bb4.13.1&Prime; _module_preset=\u00a0\u00bbdefault\u00a0\u00bb global_colors_info=\u00a0\u00bb{}\u00a0\u00bb]<\/p>\n<h1>La marque andeo &#8211; des couettes en duvet uniques et durables<\/h1>\n<p>[\/et_pb_text][et_pb_text _builder_version=\u00a0\u00bb4.13.1&Prime; _module_preset=\u00a0\u00bbdefault\u00a0\u00bb global_colors_info=\u00a0\u00bb{}\u00a0\u00bb]<\/p>\n<p><span>Un sommeil respectueux de l&rsquo;environnement peut \u00eatre si confortable. andeo est unique en termes de respect de l&rsquo;environnement : les couettes en duvet et les oreillers en plumes andeo sont les premiers articles de literie \u00e0 recevoir le label environnemental Blue Angel. andeo combine le confort de sommeil avec une production certifi\u00e9e durable \u00e0 partir de mat\u00e9riaux naturels de haute qualit\u00e9. L&rsquo;interaction du rembourrage en duvet et d&rsquo;une housse en coton biologique avec un matelassage fonctionnel donne des couettes et des oreillers en plumes extr\u00eamement l\u00e9gers et particuli\u00e8rement c\u00e2lins de la plus haute qualit\u00e9 &#8211; pour un confort de sommeil unique avec une bonne sensation pour l&rsquo;environnement.<\/span><\/p>\n<p>[\/et_pb_text][et_pb_code module_class=\u00a0\u00bbprodukt_navi\u00a0\u00bb _builder_version=\u00a0\u00bb4.13.1&Prime; _module_preset=\u00a0\u00bbdefault\u00a0\u00bb locked=\u00a0\u00bboff\u00a0\u00bb global_colors_info=\u00a0\u00bb{}\u00a0\u00bb]<!-- [et_pb_line_break_holder] --><pee><!-- [et_pb_line_break_holder] -->  <a href=\"#andeo_eins\" class=\"category-link\">L&rsquo;ange bleu<\/a><!-- [et_pb_line_break_holder] -->  <a href=\"#andeo_zwei\" class=\"category-link\">100% coton biologique<\/a><!-- [et_pb_line_break_holder] -->  <a href=\"#andeo_drei\" class=\"category-link\">Mes avantages<\/a><!-- [et_pb_line_break_holder] -->  <a href=\"#andeo_vier\" class=\"category-link\">Notre qualit\u00e9<\/a><!-- [et_pb_line_break_holder] --><\/pee>[\/et_pb_code][\/et_pb_column][\/et_pb_row][\/et_pb_section][et_pb_section fb_built=\u00a0\u00bb1&Prime; fullwidth=\u00a0\u00bbon\u00a0\u00bb module_class=\u00a0\u00bbmarken nachhaltigkeit\u00a0\u00bb _builder_version=\u00a0\u00bb4.10.7&Prime; _module_preset=\u00a0\u00bbdefault\u00a0\u00bb locked=\u00a0\u00bboff\u00a0\u00bb global_colors_info=\u00a0\u00bb{}\u00a0\u00bb][et_pb_fullwidth_slider module_class=\u00a0\u00bbslidermittext kissen_slider sort_hoehe\u00a0\u00bb _builder_version=\u00a0\u00bb4.10.7&Prime; _module_preset=\u00a0\u00bbdefault\u00a0\u00bb height=\u00a0\u00bb100vh\u00a0\u00bb auto=\u00a0\u00bbon\u00a0\u00bb auto_speed=\u00a0\u00bb4000&Prime; global_colors_info=\u00a0\u00bb{}\u00a0\u00bb][et_pb_slide _builder_version=\u00a0\u00bb4.10.7&Prime; _module_preset=\u00a0\u00bbdefault\u00a0\u00bb background_enable_color=\u00a0\u00bboff\u00a0\u00bb background_image=\u00a0\u00bbhttps:\/\/www.otto-keller.de\/wp-content\/uploads\/2021\/10\/Otto-Keller_andeo_02.jpg\u00a0\u00bb background_enable_image=\u00a0\u00bbon\u00a0\u00bb global_colors_info=\u00a0\u00bb{}\u00a0\u00bb sticky_transition=\u00a0\u00bbon\u00a0\u00bb][\/et_pb_slide][\/et_pb_fullwidth_slider][\/et_pb_section][et_pb_section fb_built=\u00a0\u00bb1&Prime; specialty=\u00a0\u00bbon\u00a0\u00bb module_class=\u00a0\u00bbnachhaltigkeit bilder_desktop\u00a0\u00bb _builder_version=\u00a0\u00bb4.10.7&Prime; _module_preset=\u00a0\u00bbdefault\u00a0\u00bb locked=\u00a0\u00bboff\u00a0\u00bb global_colors_info=\u00a0\u00bb{}\u00a0\u00bb][et_pb_column type=\u00a0\u00bb1_2&Prime; specialty_columns=\u00a0\u00bb2&Prime; _builder_version=\u00a0\u00bb3.25&Prime; custom_padding=\u00a0\u00bb|||\u00a0\u00bb global_colors_info=\u00a0\u00bb{}\u00a0\u00bb custom_padding__hover=\u00a0\u00bb|||\u00a0\u00bb][et_pb_row_inner _builder_version=\u00a0\u00bb4.10.7&Prime; _module_preset=\u00a0\u00bbdefault\u00a0\u00bb global_colors_info=\u00a0\u00bb{}\u00a0\u00bb][et_pb_column_inner saved_specialty_column_type=\u00a0\u00bb1_2&Prime; _builder_version=\u00a0\u00bb4.10.7&Prime; _module_preset=\u00a0\u00bbdefault\u00a0\u00bb global_colors_info=\u00a0\u00bb{}\u00a0\u00bb][et_pb_image src=\u00a0\u00bbhttps:\/\/www.otto-keller.de\/wp-content\/uploads\/\/2021\/10\/Otto-Keller_andeo_03.svg\u00a0\u00bb alt=\u00a0\u00bbOtto Keller Andeo Spray\u00a0\u00bb title_text=\u00a0\u00bbOtto-Keller_andeo_03&Prime; align=\u00a0\u00bbcenter\u00a0\u00bb _builder_version=\u00a0\u00bb4.10.7&Prime; _module_preset=\u00a0\u00bbdefault\u00a0\u00bb global_colors_info=\u00a0\u00bb{}\u00a0\u00bb][\/et_pb_image][et_pb_text module_class=\u00a0\u00bbtext-kasten\u00a0\u00bb _builder_version=\u00a0\u00bb4.10.7&Prime; _module_preset=\u00a0\u00bbdefault\u00a0\u00bb text_orientation=\u00a0\u00bbcenter\u00a0\u00bb max_width=\u00a0\u00bb434px\u00a0\u00bb module_alignment=\u00a0\u00bbcenter\u00a0\u00bb global_colors_info=\u00a0\u00bb{}\u00a0\u00bb][\/et_pb_text][\/et_pb_column_inner][\/et_pb_row_inner][et_pb_row_inner _builder_version=\u00a0\u00bb4.10.7&Prime; _module_preset=\u00a0\u00bbdefault\u00a0\u00bb global_colors_info=\u00a0\u00bb{}\u00a0\u00bb][et_pb_column_inner saved_specialty_column_type=\u00a0\u00bb1_2&Prime; _builder_version=\u00a0\u00bb4.10.7&Prime; _module_preset=\u00a0\u00bbdefault\u00a0\u00bb global_colors_info=\u00a0\u00bb{}\u00a0\u00bb][et_pb_image src=\u00a0\u00bbhttps:\/\/www.otto-keller.de\/wp-content\/uploads\/2021\/10\/Otto-Keller_andeo_04.jpg\u00a0\u00bb alt=\u00a0\u00bbOtto Keller Andeo Spray\u00a0\u00bb title_text=\u00a0\u00bbOtto-Keller_andeo_04&Prime; _builder_version=\u00a0\u00bb4.10.7&Prime; _module_preset=\u00a0\u00bbdefault\u00a0\u00bb global_colors_info=\u00a0\u00bb{}\u00a0\u00bb][\/et_pb_image][et_pb_text module_class=\u00a0\u00bbtext-kasten\u00a0\u00bb _builder_version=\u00a0\u00bb4.10.7&Prime; _module_preset=\u00a0\u00bbdefault\u00a0\u00bb text_orientation=\u00a0\u00bbcenter\u00a0\u00bb max_width=\u00a0\u00bb434px\u00a0\u00bb module_alignment=\u00a0\u00bbcenter\u00a0\u00bb global_colors_info=\u00a0\u00bb{}\u00a0\u00bb][\/et_pb_text][\/et_pb_column_inner][\/et_pb_row_inner][et_pb_row_inner _builder_version=\u00a0\u00bb4.10.7&Prime; _module_preset=\u00a0\u00bbdefault\u00a0\u00bb global_colors_info=\u00a0\u00bb{}\u00a0\u00bb][et_pb_column_inner saved_specialty_column_type=\u00a0\u00bb1_2&Prime; _builder_version=\u00a0\u00bb4.10.7&Prime; _module_preset=\u00a0\u00bbdefault\u00a0\u00bb global_colors_info=\u00a0\u00bb{}\u00a0\u00bb][et_pb_image src=\u00a0\u00bbhttps:\/\/www.otto-keller.de\/wp-content\/uploads\/2021\/10\/Otto-Keller_andeo_05.jpg\u00a0\u00bb alt=\u00a0\u00bbOtto Keller Andeo Spray\u00a0\u00bb title_text=\u00a0\u00bbOtto-Keller_andeo_05&Prime; _builder_version=\u00a0\u00bb4.10.7&Prime; _module_preset=\u00a0\u00bbdefault\u00a0\u00bb global_colors_info=\u00a0\u00bb{}\u00a0\u00bb][\/et_pb_image][et_pb_text module_class=\u00a0\u00bbtext-kasten\u00a0\u00bb _builder_version=\u00a0\u00bb4.10.7&Prime; _module_preset=\u00a0\u00bbdefault\u00a0\u00bb text_orientation=\u00a0\u00bbcenter\u00a0\u00bb max_width=\u00a0\u00bb434px\u00a0\u00bb module_alignment=\u00a0\u00bbcenter\u00a0\u00bb global_colors_info=\u00a0\u00bb{}\u00a0\u00bb][\/et_pb_text][\/et_pb_column_inner][\/et_pb_row_inner][et_pb_row_inner _builder_version=\u00a0\u00bb4.10.7&Prime; _module_preset=\u00a0\u00bbdefault\u00a0\u00bb global_colors_info=\u00a0\u00bb{}\u00a0\u00bb][et_pb_column_inner saved_specialty_column_type=\u00a0\u00bb1_2&Prime; _builder_version=\u00a0\u00bb4.10.7&Prime; _module_preset=\u00a0\u00bbdefault\u00a0\u00bb global_colors_info=\u00a0\u00bb{}\u00a0\u00bb][et_pb_image src=\u00a0\u00bbhttps:\/\/www.otto-keller.de\/wp-content\/uploads\/2021\/10\/Otto-Keller_andeo_06.jpg\u00a0\u00bb alt=\u00a0\u00bbOtto Keller Andeo Spray\u00a0\u00bb title_text=\u00a0\u00bbOtto-Keller_andeo_06&Prime; _builder_version=\u00a0\u00bb4.10.7&Prime; _module_preset=\u00a0\u00bbdefault\u00a0\u00bb global_colors_info=\u00a0\u00bb{}\u00a0\u00bb][\/et_pb_image][et_pb_text module_class=\u00a0\u00bbtext-kasten\u00a0\u00bb _builder_version=\u00a0\u00bb4.10.7&Prime; _module_preset=\u00a0\u00bbdefault\u00a0\u00bb text_orientation=\u00a0\u00bbcenter\u00a0\u00bb max_width=\u00a0\u00bb434px\u00a0\u00bb module_alignment=\u00a0\u00bbcenter\u00a0\u00bb global_colors_info=\u00a0\u00bb{}\u00a0\u00bb][\/et_pb_text][\/et_pb_column_inner][\/et_pb_row_inner][\/et_pb_column][et_pb_column type=\u00a0\u00bb1_2&Prime; _builder_version=\u00a0\u00bb3.25&Prime; custom_padding=\u00a0\u00bb|||\u00a0\u00bb global_colors_info=\u00a0\u00bb{}\u00a0\u00bb custom_padding__hover=\u00a0\u00bb|||\u00a0\u00bb][et_pb_text module_id=\u00a0\u00bbandeo_eins\u00a0\u00bb module_class=\u00a0\u00bbueberschrift\u00a0\u00bb _builder_version=\u00a0\u00bb4.13.1&Prime; _module_preset=\u00a0\u00bbdefault\u00a0\u00bb max_width=\u00a0\u00bb434px\u00a0\u00bb module_alignment=\u00a0\u00bbcenter\u00a0\u00bb global_colors_info=\u00a0\u00bb{}\u00a0\u00bb]<\/p>\n<h2>L&rsquo;ange bleu &#8211; le sceau d&rsquo;approbation pour le respect de l&rsquo;environnement test\u00e9<\/h2>\n<p>nbsp;<\/p>\n<p>Le label \u00e9cologique du gouvernement f\u00e9d\u00e9ral repr\u00e9sente les exigences les plus \u00e9lev\u00e9es en mati\u00e8re de compatibilit\u00e9 environnementale. andeo a re\u00e7u l&rsquo;Ange Bleu pour une production et une qualit\u00e9 des mat\u00e9riaux particuli\u00e8rement respectueuses de l&rsquo;environnement et de la sant\u00e9. Duvet certifi\u00e9, plumes et coton biologique combin\u00e9s pour cr\u00e9er des couvertures et des oreillers de haute qualit\u00e9 et respectueux de l&rsquo;environnement pour que vous vous sentiez bien. Bon pour la nature et tous ceux qui dorment sous une couverture andeo.<br \/>En savoir plus sur la qualit\u00e9 durable certifi\u00e9e d&rsquo;andeo &#8211; comme la certification par OEKO-TEX\u00ae selon la norme 100, Downpass ou Nomite!<\/p>\n<p>[\/et_pb_text][et_pb_text module_id=\u00a0\u00bbandeo_zwei\u00a0\u00bb module_class=\u00a0\u00bbueberschrift\u00a0\u00bb _builder_version=\u00a0\u00bb4.13.1&Prime; _module_preset=\u00a0\u00bbdefault\u00a0\u00bb max_width=\u00a0\u00bb434px\u00a0\u00bb module_alignment=\u00a0\u00bbcenter\u00a0\u00bb global_colors_info=\u00a0\u00bb{}\u00a0\u00bb]<\/p>\n<h2>100% coton biologique &#8211; durable et super souple <\/h2>\n<p>&nbsp;<\/p>\n<p>Les couvertures et oreillers andeo ont une housse en coton 100% biologique. Le coton biologique est cultiv\u00e9 sans produits chimiques ni pesticides nocifs. Cela prot\u00e8ge non seulement votre sant\u00e9, mais aussi l&rsquo;environnement et la sant\u00e9 des employ\u00e9s dans le processus de production. Soigneusement trait\u00e9s, les \u00e9tuis d&rsquo;andeo convainquent par leur sensation de c\u00e2lin unique. La qualit\u00e9 durable du coton biologique finement fil\u00e9 garantit \u00e9galement de nombreuses ann\u00e9es de confort de sommeil ininterrompu.<\/p>\n<p>[\/et_pb_text][et_pb_text module_id=\u00a0\u00bbandeo_drei\u00a0\u00bb module_class=\u00a0\u00bbueberschrift\u00a0\u00bb _builder_version=\u00a0\u00bb4.13.1&Prime; _module_preset=\u00a0\u00bbdefault\u00a0\u00bb max_width=\u00a0\u00bb434px\u00a0\u00bb module_alignment=\u00a0\u00bbcenter\u00a0\u00bb global_colors_info=\u00a0\u00bb{}\u00a0\u00bb]<\/p>\n<h2>Mes avantages<\/h2>\n<p>&nbsp;<\/p>\n<p>Uniquement du duvet, des plumes et du coton biologique le plus pur &#8211; les meilleurs ingr\u00e9dients pour une bonne nuit de sommeil.<br \/>Chaud, c\u00e2lin et agr\u00e9ablement l\u00e9ger : le duvet et les plumes issus de l&rsquo;agriculture durable certifi\u00e9e sont au c\u0153ur de chaque couette andeo. Nous s\u00e9lectionnons pour vous les meilleurs mat\u00e9riaux naturels avec le plus grand soin &#8211; cela est prouv\u00e9 par l&rsquo;ange bleu et de nombreux autres labels de qualit\u00e9. Et ce que cela signifie pour votre sommeil, vous pouvez le d\u00e9couvrir en vous blottissant dans votre andeo.<\/p>\n<p>[\/et_pb_text][et_pb_text module_id=\u00a0\u00bbandeo_vier\u00a0\u00bb module_class=\u00a0\u00bbueberschrift\u00a0\u00bb _builder_version=\u00a0\u00bb4.13.1&Prime; _module_preset=\u00a0\u00bbdefault\u00a0\u00bb max_width=\u00a0\u00bb434px\u00a0\u00bb module_alignment=\u00a0\u00bbcenter\u00a0\u00bb global_colors_info=\u00a0\u00bb{}\u00a0\u00bb]<\/p>\n<h2>Notre qualit\u00e9<\/h2>\n<p>&nbsp;<\/p>\n<p>Les meilleures housses de couette et duvet sont produites de mani\u00e8re durable et certifi\u00e9es selon les normes les plus \u00e9lev\u00e9es ! Ces promesses sont faites rapidement. Nous le rendons transparent et vous informons de tout ce que vous voulez savoir &#8211; de l&rsquo;origine du duvet au poids de remplissage de la couverture. Nos certificats prouvent la qualit\u00e9 des produits andeo avec un sceau.<\/p>\n<p>&nbsp;<\/p>\n<ul>\n<li>Ange bleu<\/li>\n<li>Oeko-Tex Standard 100<\/li>\n<li>Downpass<\/li>\n<li>Nomite<\/li>\n<li>DIN EN 12934<\/li>\n<li>Fabriqu\u00e9 en Allemagne<\/li>\n<\/ul>\n<p>[\/et_pb_text][\/et_pb_column][\/et_pb_section][et_pb_section fb_built=\u00a0\u00bb1&Prime; _builder_version=\u00a0\u00bb4.10.7&Prime; _module_preset=\u00a0\u00bbdefault\u00a0\u00bb locked=\u00a0\u00bboff\u00a0\u00bb global_colors_info=\u00a0\u00bb{}\u00a0\u00bb][et_pb_row module_class=\u00a0\u00bbquali-mobile nachhaltig\u00a0\u00bb _builder_version=\u00a0\u00bb4.10.7&Prime; _module_preset=\u00a0\u00bbdefault\u00a0\u00bb global_colors_info=\u00a0\u00bb{}\u00a0\u00bb][et_pb_column type=\u00a0\u00bb4_4&Prime; _builder_version=\u00a0\u00bb4.10.7&Prime; _module_preset=\u00a0\u00bbdefault\u00a0\u00bb global_colors_info=\u00a0\u00bb{}\u00a0\u00bb][et_pb_text module_id=\u00a0\u00bbandeo_eins\u00a0\u00bb module_class=\u00a0\u00bbueberschrift\u00a0\u00bb _builder_version=\u00a0\u00bb4.13.1&Prime; _module_preset=\u00a0\u00bbdefault\u00a0\u00bb max_width=\u00a0\u00bb90%\u00a0\u00bb module_alignment=\u00a0\u00bbcenter\u00a0\u00bb hover_enabled=\u00a0\u00bb0&Prime; locked=\u00a0\u00bboff\u00a0\u00bb global_colors_info=\u00a0\u00bb{}\u00a0\u00bb sticky_enabled=\u00a0\u00bb0&Prime;]<\/p>\n<h2 style=\"text-align: center;\"> L&rsquo;ange bleu &#8211; le sceau d&rsquo;approbation pour un respect de l&rsquo;environnement test\u00e9 <\/h2>\n<p> &nbsp; <\/p>\n<p> Le label \u00e9cologique du gouvernement f\u00e9d\u00e9ral repr\u00e9sente les exigences les plus \u00e9lev\u00e9es en mati\u00e8re de compatibilit\u00e9 environnementale. andeo a re\u00e7u l&rsquo;Ange Bleu pour une production et une qualit\u00e9 des mat\u00e9riaux particuli\u00e8rement respectueuses de l&rsquo;environnement et de la sant\u00e9. Duvet certifi\u00e9, plumes et coton biologique combin\u00e9s pour cr\u00e9er des couvertures et des oreillers de haute qualit\u00e9 et respectueux de l&rsquo;environnement pour que vous vous sentiez bien. Bon pour la nature et tous ceux qui dorment sous une couverture andeo. <br \/> En savoir plus sur la qualit\u00e9 durable certifi\u00e9e d&rsquo;andeo &#8211; comme la certification par OEKO-TEX\u00ae selon la norme 100, Downpass ou Nomite ! <\/p>\n<p>[\/et_pb_text][et_pb_image src=\u00a0\u00bbhttps:\/\/www.otto-keller.de\/wp-content\/uploads\/\/2021\/10\/Otto-Keller_andeo_03.svg\u00a0\u00bb alt=\u00a0\u00bbOtto Keller Andeo Spray\u00a0\u00bb title_text=\u00a0\u00bbOtto-Keller_Fjoedur_03&Prime; align=\u00a0\u00bbcenter\u00a0\u00bb _builder_version=\u00a0\u00bb4.10.7&Prime; _module_preset=\u00a0\u00bbdefault\u00a0\u00bb locked=\u00a0\u00bboff\u00a0\u00bb global_colors_info=\u00a0\u00bb{}\u00a0\u00bb][\/et_pb_image][et_pb_text module_class=\u00a0\u00bbtext-kasten\u00a0\u00bb _builder_version=\u00a0\u00bb4.10.7&Prime; _module_preset=\u00a0\u00bbdefault\u00a0\u00bb text_orientation=\u00a0\u00bbcenter\u00a0\u00bb max_width=\u00a0\u00bb434px\u00a0\u00bb module_alignment=\u00a0\u00bbcenter\u00a0\u00bb hover_enabled=\u00a0\u00bb0&Prime; global_colors_info=\u00a0\u00bb{}\u00a0\u00bb sticky_enabled=\u00a0\u00bb0&Prime;][\/et_pb_text][et_pb_text module_id=\u00a0\u00bbandeo_zwei\u00a0\u00bb module_class=\u00a0\u00bbueberschrift marken_text\u00a0\u00bb _builder_version=\u00a0\u00bb4.13.1&Prime; _module_preset=\u00a0\u00bbdefault\u00a0\u00bb max_width=\u00a0\u00bb90%\u00a0\u00bb module_alignment=\u00a0\u00bbcenter\u00a0\u00bb hover_enabled=\u00a0\u00bb0&Prime; global_colors_info=\u00a0\u00bb{}\u00a0\u00bb sticky_enabled=\u00a0\u00bb0&Prime;]<\/p>\n<h2 style=\"text-align: center;\"> 100% coton biologique &#8211; durable et super souple <\/h2>\n<p> &nbsp; <\/p>\n<p> Les couvertures et oreillers andeo ont une housse en coton 100% biologique. Le coton biologique est cultiv\u00e9 sans produits chimiques ni pesticides nocifs. Cela prot\u00e8ge non seulement votre sant\u00e9, mais aussi l&rsquo;environnement et la sant\u00e9 des employ\u00e9s dans le processus de production. Soigneusement trait\u00e9s, les \u00e9tuis d&rsquo;andeo convainquent par leur sensation de c\u00e2lin unique. La qualit\u00e9 durable du coton biologique finement fil\u00e9 garantit \u00e9galement de nombreuses ann\u00e9es de confort de sommeil ininterrompu. <\/p>\n<p>[\/et_pb_text][et_pb_image src=\u00a0\u00bbhttps:\/\/www.otto-keller.de\/wp-content\/uploads\/2021\/10\/Otto-Keller_andeo_04.jpg\u00a0\u00bb alt=\u00a0\u00bbOtto Keller Andeo Spray\u00a0\u00bb title_text=\u00a0\u00bbOtto-Keller_Fjoedur_04&Prime; _builder_version=\u00a0\u00bb4.10.7&Prime; _module_preset=\u00a0\u00bbdefault\u00a0\u00bb global_colors_info=\u00a0\u00bb{}\u00a0\u00bb][\/et_pb_image][et_pb_text module_class=\u00a0\u00bbtext-kasten\u00a0\u00bb _builder_version=\u00a0\u00bb4.10.7&Prime; _module_preset=\u00a0\u00bbdefault\u00a0\u00bb text_orientation=\u00a0\u00bbcenter\u00a0\u00bb max_width=\u00a0\u00bb434px\u00a0\u00bb module_alignment=\u00a0\u00bbcenter\u00a0\u00bb hover_enabled=\u00a0\u00bb0&Prime; global_colors_info=\u00a0\u00bb{}\u00a0\u00bb sticky_enabled=\u00a0\u00bb0&Prime;][\/et_pb_text][et_pb_text module_id=\u00a0\u00bbandeo_drei\u00a0\u00bb module_class=\u00a0\u00bbueberschrift marken_text\u00a0\u00bb _builder_version=\u00a0\u00bb4.13.1&Prime; _module_preset=\u00a0\u00bbdefault\u00a0\u00bb max_width=\u00a0\u00bb90%\u00a0\u00bb module_alignment=\u00a0\u00bbcenter\u00a0\u00bb hover_enabled=\u00a0\u00bb0&Prime; global_colors_info=\u00a0\u00bb{}\u00a0\u00bb sticky_enabled=\u00a0\u00bb0&Prime;]<\/p>\n<h2 style=\"text-align: center;\"> Mes avantages <\/h2>\n<p> &nbsp; <\/p>\n<p> Uniquement du duvet, des plumes et du coton biologique le plus pur &#8211; les meilleurs ingr\u00e9dients pour une bonne nuit de sommeil. <br \/> Chaud, c\u00e2lin et agr\u00e9ablement l\u00e9ger : le duvet et les plumes issus de l&rsquo;agriculture durable certifi\u00e9e sont au c\u0153ur de chaque couette andeo. Nous s\u00e9lectionnons pour vous les meilleurs mat\u00e9riaux naturels avec le plus grand soin &#8211; cela est prouv\u00e9 par l&rsquo;ange bleu et de nombreux autres labels de qualit\u00e9. Et ce que cela signifie pour votre sommeil, vous pouvez le d\u00e9couvrir en vous blottissant dans votre andeo. <\/p>\n<p>[\/et_pb_text][et_pb_image src=\u00a0\u00bbhttps:\/\/www.otto-keller.de\/wp-content\/uploads\/2021\/10\/Otto-Keller_andeo_05.jpg\u00a0\u00bb alt=\u00a0\u00bbOtto Keller Andeo Spray\u00a0\u00bb title_text=\u00a0\u00bbOtto-Keller_Fjoedur_05&Prime; _builder_version=\u00a0\u00bb4.10.7&Prime; _module_preset=\u00a0\u00bbdefault\u00a0\u00bb global_colors_info=\u00a0\u00bb{}\u00a0\u00bb][\/et_pb_image][et_pb_text module_class=\u00a0\u00bbtext-kasten\u00a0\u00bb _builder_version=\u00a0\u00bb4.13.1&Prime; _module_preset=\u00a0\u00bbdefault\u00a0\u00bb text_orientation=\u00a0\u00bbcenter\u00a0\u00bb max_width=\u00a0\u00bb434px\u00a0\u00bb module_alignment=\u00a0\u00bbcenter\u00a0\u00bb hover_enabled=\u00a0\u00bb0&Prime; global_colors_info=\u00a0\u00bb{}\u00a0\u00bb sticky_enabled=\u00a0\u00bb0&Prime;][\/et_pb_text][et_pb_text module_id=\u00a0\u00bbandeo_vier\u00a0\u00bb module_class=\u00a0\u00bbueberschrift marken_text\u00a0\u00bb _builder_version=\u00a0\u00bb4.13.1&Prime; _module_preset=\u00a0\u00bbdefault\u00a0\u00bb max_width=\u00a0\u00bb90%\u00a0\u00bb module_alignment=\u00a0\u00bbcenter\u00a0\u00bb hover_enabled=\u00a0\u00bb0&Prime; global_colors_info=\u00a0\u00bb{}\u00a0\u00bb sticky_enabled=\u00a0\u00bb0&Prime;]<\/p>\n<h2 style=\"text-align: center;\"> Notre qualit\u00e9 <\/h2>\n<p> &nbsp; <\/p>\n<p> Les meilleures housses de couette et duvet sont produites de mani\u00e8re durable et certifi\u00e9es selon les normes les plus \u00e9lev\u00e9es ! Ces promesses sont faites rapidement. Nous le rendons transparent et vous informons de tout ce que vous voulez savoir &#8211; de l&rsquo;origine du duvet au poids de remplissage de la couverture. Nos certificats prouvent la qualit\u00e9 des produits andeo avec un sceau. <\/p>\n<p> &nbsp; <\/p>\n<ul>\n<li> Ange bleu <\/li>\n<li> Oeko-Tex Standard 100 <\/li>\n<li> Descente <\/li>\n<li> Nomite <\/li>\n<li> DIN EN 12934 <\/li>\n<li> Fabriqu\u00e9 en Allemagne <\/li>\n<\/ul>\n<p>[\/et_pb_text][et_pb_image src=\u00a0\u00bbhttps:\/\/www.otto-keller.de\/wp-content\/uploads\/2021\/10\/Otto-Keller_andeo_06.jpg\u00a0\u00bb alt=\u00a0\u00bbOtto Keller Andeo Spray\u00a0\u00bb title_text=\u00a0\u00bbOtto-Keller_Fjoedur_06&Prime; _builder_version=\u00a0\u00bb4.10.7&Prime; _module_preset=\u00a0\u00bbdefault\u00a0\u00bb global_colors_info=\u00a0\u00bb{}\u00a0\u00bb][\/et_pb_image][et_pb_text module_class=\u00a0\u00bbtext-kasten\u00a0\u00bb _builder_version=\u00a0\u00bb4.13.1&Prime; _module_preset=\u00a0\u00bbdefault\u00a0\u00bb text_orientation=\u00a0\u00bbcenter\u00a0\u00bb max_width=\u00a0\u00bb434px\u00a0\u00bb module_alignment=\u00a0\u00bbcenter\u00a0\u00bb hover_enabled=\u00a0\u00bb0&Prime; global_colors_info=\u00a0\u00bb{}\u00a0\u00bb sticky_enabled=\u00a0\u00bb0&Prime;][\/et_pb_text][\/et_pb_column][\/et_pb_row][\/et_pb_section][et_pb_section fb_built=\u00a0\u00bb1&Prime; module_id=\u00a0\u00bbprodukt1&Prime; module_class=\u00a0\u00bbbanner\u00a0\u00bb _builder_version=\u00a0\u00bb4.10.7&Prime; _module_preset=\u00a0\u00bbdefault\u00a0\u00bb background_color=\u00a0\u00bb#dbd5cd\u00a0\u00bb custom_padding=\u00a0\u00bb65px||65px||false|false\u00a0\u00bb locked=\u00a0\u00bboff\u00a0\u00bb global_colors_info=\u00a0\u00bb{}\u00a0\u00bb][et_pb_row module_class=\u00a0\u00bbtext\u00a0\u00bb _builder_version=\u00a0\u00bb4.7.3&Prime; _module_preset=\u00a0\u00bbdefault\u00a0\u00bb background_enable_color=\u00a0\u00bboff\u00a0\u00bb custom_padding=\u00a0\u00bb||||false|false\u00a0\u00bb animation_style=\u00a0\u00bbslide\u00a0\u00bb animation_direction=\u00a0\u00bbbottom\u00a0\u00bb animation_duration=\u00a0\u00bb1500ms\u00a0\u00bb animation_intensity_slide=\u00a0\u00bb15%\u00a0\u00bb global_colors_info=\u00a0\u00bb{}\u00a0\u00bb][et_pb_column type=\u00a0\u00bb4_4&Prime; _builder_version=\u00a0\u00bb4.6.6&Prime; _module_preset=\u00a0\u00bbdefault\u00a0\u00bb global_colors_info=\u00a0\u00bb{}\u00a0\u00bb][et_pb_text _builder_version=\u00a0\u00bb4.13.1&Prime; _module_preset=\u00a0\u00bbdefault\u00a0\u00bb text_font=\u00a0\u00bb||||||||\u00a0\u00bb text_font_size=\u00a0\u00bb28px\u00a0\u00bb text_line_height=\u00a0\u00bb36.4px\u00a0\u00bb header_3_text_color=\u00a0\u00bb#ffffff\u00a0\u00bb header_3_font_size=\u00a0\u00bb28px\u00a0\u00bb header_3_line_height=\u00a0\u00bb1.5em\u00a0\u00bb text_orientation=\u00a0\u00bbcenter\u00a0\u00bb header_3_font_size_tablet=\u00a0\u00bb20px\u00a0\u00bb header_3_font_size_phone=\u00a0\u00bb\u00a0\u00bb header_3_font_size_last_edited=\u00a0\u00bbon|tablet\u00a0\u00bb global_colors_info=\u00a0\u00bb{}\u00a0\u00bb]<span style=\"font-weight: 400;\">Si vous \u00eates int\u00e9ress\u00e9 par <b> andeo <\/b>, n&rsquo;h\u00e9sitez pas \u00e0 nous contacter.<\/span><\/p>\n<p><a class=\"mehr-erfahren\" style=\"color: #4c564a; border-bottom: 1px solid #4C564A;\" href=\"\/fr\/contact\/\">Cr\u00e9er un contact<\/a>[\/et_pb_text][\/et_pb_column][\/et_pb_row][\/et_pb_section][et_pb_section fb_built=\u00a0\u00bb1&Prime; _builder_version=\u00a0\u00bb4.6.6&Prime; _module_preset=\u00a0\u00bbdefault\u00a0\u00bb custom_padding=\u00a0\u00bb0px|||||\u00a0\u00bb global_colors_info=\u00a0\u00bb{}\u00a0\u00bb][et_pb_row column_structure=\u00a0\u00bb1_5,3_5,1_5&Prime; module_class=\u00a0\u00bbansprechpartner\u00a0\u00bb _builder_version=\u00a0\u00bb4.6.6&Prime; _module_preset=\u00a0\u00bbdefault\u00a0\u00bb global_colors_info=\u00a0\u00bb{}\u00a0\u00bb][et_pb_column type=\u00a0\u00bb1_5&Prime; _builder_version=\u00a0\u00bb4.6.6&Prime; _module_preset=\u00a0\u00bbdefault\u00a0\u00bb global_colors_info=\u00a0\u00bb{}\u00a0\u00bb][\/et_pb_column][et_pb_column type=\u00a0\u00bb3_5&Prime; _builder_version=\u00a0\u00bb4.6.6&Prime; _module_preset=\u00a0\u00bbdefault\u00a0\u00bb global_colors_info=\u00a0\u00bb{}\u00a0\u00bb][et_pb_team_member name=\u00a0\u00bbVotre personne de contact\u00a0\u00bb image_url=\u00a0\u00bbhttps:\/\/www.otto-keller.de\/wp-content\/uploads\/2020\/11\/Services_Pillows_OK_Mitarbeiter_Prtraits_Web_11.jpg\u00a0\u00bb module_class=\u00a0\u00bbkleinesbild\u00a0\u00bb _builder_version=\u00a0\u00bb4.13.1&Prime; _module_preset=\u00a0\u00bbdefault\u00a0\u00bb header_level=\u00a0\u00bbh2&Prime; border_radii_image=\u00a0\u00bbon|50%|50%|50%|50%\u00a0\u00bb global_colors_info=\u00a0\u00bb{}\u00a0\u00bb]<\/p>\n<p style=\"text-align: left;\">Marco Br\u00fcning<\/p>\n<p style=\"text-align: left;\">Nous sommes disponibles par t\u00e9l\u00e9phone du lundi au vendredi de 8h00 \u00e0 16h30 et serons ravis de r\u00e9pondre \u00e0 vos questions<\/p>\n<p>T:\u00a0+49 (0) 2505 9337-19<br \/> F: +49 (0) 2505 9337-77<br \/> M: <a href=\"mailto:m.bruening@otto-keller.de\">m.bruening@otto-keller.de<\/a><\/p>\n<p>[\/et_pb_team_member][\/et_pb_column][et_pb_column type=\u00a0\u00bb1_5&Prime; _builder_version=\u00a0\u00bb4.6.6&Prime; _module_preset=\u00a0\u00bbdefault\u00a0\u00bb global_colors_info=\u00a0\u00bb{}\u00a0\u00bb][\/et_pb_column][\/et_pb_row][\/et_pb_section]<\/p>\n","protected":false},"excerpt":{"rendered":"<p>La marque andeo &#8211; des couettes en duvet uniques et durablesUn sommeil respectueux de l&rsquo;environnement peut \u00eatre si confortable. andeo est unique en termes de respect de l&rsquo;environnement : les couettes en duvet et les oreillers en plumes andeo sont les premiers articles de literie \u00e0 recevoir le label environnemental Blue Angel. andeo combine le [&hellip;]<\/p>\n","protected":false},"author":1,"featured_media":0,"parent":0,"menu_order":0,"comment_status":"closed","ping_status":"closed","template":"","meta":{"_et_pb_use_builder":"on","_et_pb_old_content":"","_et_gb_content_width":"","inline_featured_image":false,"footnotes":""},"class_list":["post-7409","page","type-page","status-publish","hentry"],"yoast_head":"<!-- This site is optimized with the Yoast SEO plugin v26.6 - https:\/\/yoast.com\/wordpress\/plugins\/seo\/ -->\n<title>Andeo - otto-keller.de<\/title>\n<meta name=\"description\" content=\"La marque andeo - des couettes en duvet uniques et durables - a test\u00e9 la qualit\u00e9 avec le sceau d&#039;approbation de l&#039;ange bleu.\" \/>\n<meta name=\"robots\" content=\"index, follow, max-snippet:-1, max-image-preview:large, max-video-preview:-1\" \/>\n<link rel=\"canonical\" href=\"https:\/\/www.otto-keller.de\/fr\/andeo\/\" \/>\n<meta property=\"og:locale\" content=\"fr_FR\" \/>\n<meta property=\"og:type\" content=\"article\" \/>\n<meta property=\"og:title\" content=\"Andeo - otto-keller.de\" \/>\n<meta property=\"og:description\" content=\"La marque andeo - des couettes en duvet uniques et durables - a test\u00e9 la qualit\u00e9 avec le sceau d&#039;approbation de l&#039;ange bleu.\" \/>\n<meta property=\"og:url\" content=\"https:\/\/www.otto-keller.de\/fr\/andeo\/\" \/>\n<meta property=\"og:site_name\" content=\"otto-keller.de\" \/>\n<meta property=\"article:modified_time\" content=\"2021-11-24T10:22:58+00:00\" \/>\n<meta property=\"og:image\" content=\"https:\/\/www.otto-keller.de\/wp-content\/uploads\/2021\/01\/otto-keller-og-image.jpg\" \/>\n\t<meta property=\"og:image:width\" content=\"1200\" \/>\n\t<meta property=\"og:image:height\" content=\"1200\" \/>\n\t<meta property=\"og:image:type\" content=\"image\/jpeg\" \/>\n<meta name=\"twitter:card\" content=\"summary_large_image\" \/>\n<meta name=\"twitter:label1\" content=\"Dur\u00e9e de lecture estim\u00e9e\" \/>\n\t<meta name=\"twitter:data1\" content=\"13 minutes\" \/>\n<script type=\"application\/ld+json\" class=\"yoast-schema-graph\">{\"@context\":\"https:\/\/schema.org\",\"@graph\":[{\"@type\":\"WebPage\",\"@id\":\"https:\/\/www.otto-keller.de\/fr\/andeo\/\",\"url\":\"https:\/\/www.otto-keller.de\/fr\/andeo\/\",\"name\":\"Andeo - otto-keller.de\",\"isPartOf\":{\"@id\":\"https:\/\/www.otto-keller.de\/fr\/#website\"},\"datePublished\":\"2021-09-28T09:46:58+00:00\",\"dateModified\":\"2021-11-24T10:22:58+00:00\",\"description\":\"La marque andeo - des couettes en duvet uniques et durables - a test\u00e9 la qualit\u00e9 avec le sceau d'approbation de l'ange bleu.\",\"breadcrumb\":{\"@id\":\"https:\/\/www.otto-keller.de\/fr\/andeo\/#breadcrumb\"},\"inLanguage\":\"fr-FR\",\"potentialAction\":[{\"@type\":\"ReadAction\",\"target\":[\"https:\/\/www.otto-keller.de\/fr\/andeo\/\"]}]},{\"@type\":\"BreadcrumbList\",\"@id\":\"https:\/\/www.otto-keller.de\/fr\/andeo\/#breadcrumb\",\"itemListElement\":[{\"@type\":\"ListItem\",\"position\":1,\"name\":\"Startseite\",\"item\":\"https:\/\/www.otto-keller.de\/fr\/\"},{\"@type\":\"ListItem\",\"position\":2,\"name\":\"Andeo\"}]},{\"@type\":\"WebSite\",\"@id\":\"https:\/\/www.otto-keller.de\/fr\/#website\",\"url\":\"https:\/\/www.otto-keller.de\/fr\/\",\"name\":\"otto-keller.de\",\"description\":\"Hochwertige Feder- und Daunendecken\",\"publisher\":{\"@id\":\"https:\/\/www.otto-keller.de\/fr\/#organization\"},\"potentialAction\":[{\"@type\":\"SearchAction\",\"target\":{\"@type\":\"EntryPoint\",\"urlTemplate\":\"https:\/\/www.otto-keller.de\/fr\/?s={search_term_string}\"},\"query-input\":{\"@type\":\"PropertyValueSpecification\",\"valueRequired\":true,\"valueName\":\"search_term_string\"}}],\"inLanguage\":\"fr-FR\"},{\"@type\":\"Organization\",\"@id\":\"https:\/\/www.otto-keller.de\/fr\/#organization\",\"name\":\"Bettfedernfabrik Otto Keller GmbH & Co. KG\",\"url\":\"https:\/\/www.otto-keller.de\/fr\/\",\"logo\":{\"@type\":\"ImageObject\",\"inLanguage\":\"fr-FR\",\"@id\":\"https:\/\/www.otto-keller.de\/fr\/#\/schema\/logo\/image\/\",\"url\":\"https:\/\/www.otto-keller.de\/wp-content\/uploads\/2021\/01\/otto_keller_logo_rgb_schwarz.svg\",\"contentUrl\":\"https:\/\/www.otto-keller.de\/wp-content\/uploads\/2021\/01\/otto_keller_logo_rgb_schwarz.svg\",\"width\":1,\"height\":1,\"caption\":\"Bettfedernfabrik Otto Keller GmbH & Co. KG\"},\"image\":{\"@id\":\"https:\/\/www.otto-keller.de\/fr\/#\/schema\/logo\/image\/\"}}]}<\/script>\n<!-- \/ Yoast SEO plugin. -->","yoast_head_json":{"title":"Andeo - otto-keller.de","description":"La marque andeo - des couettes en duvet uniques et durables - a test\u00e9 la qualit\u00e9 avec le sceau d'approbation de l'ange bleu.","robots":{"index":"index","follow":"follow","max-snippet":"max-snippet:-1","max-image-preview":"max-image-preview:large","max-video-preview":"max-video-preview:-1"},"canonical":"https:\/\/www.otto-keller.de\/fr\/andeo\/","og_locale":"fr_FR","og_type":"article","og_title":"Andeo - otto-keller.de","og_description":"La marque andeo - des couettes en duvet uniques et durables - a test\u00e9 la qualit\u00e9 avec le sceau d'approbation de l'ange bleu.","og_url":"https:\/\/www.otto-keller.de\/fr\/andeo\/","og_site_name":"otto-keller.de","article_modified_time":"2021-11-24T10:22:58+00:00","og_image":[{"width":1200,"height":1200,"url":"https:\/\/www.otto-keller.de\/wp-content\/uploads\/2021\/01\/otto-keller-og-image.jpg","type":"image\/jpeg"}],"twitter_card":"summary_large_image","twitter_misc":{"Dur\u00e9e de lecture estim\u00e9e":"13 minutes"},"schema":{"@context":"https:\/\/schema.org","@graph":[{"@type":"WebPage","@id":"https:\/\/www.otto-keller.de\/fr\/andeo\/","url":"https:\/\/www.otto-keller.de\/fr\/andeo\/","name":"Andeo - otto-keller.de","isPartOf":{"@id":"https:\/\/www.otto-keller.de\/fr\/#website"},"datePublished":"2021-09-28T09:46:58+00:00","dateModified":"2021-11-24T10:22:58+00:00","description":"La marque andeo - des couettes en duvet uniques et durables - a test\u00e9 la qualit\u00e9 avec le sceau d'approbation de l'ange bleu.","breadcrumb":{"@id":"https:\/\/www.otto-keller.de\/fr\/andeo\/#breadcrumb"},"inLanguage":"fr-FR","potentialAction":[{"@type":"ReadAction","target":["https:\/\/www.otto-keller.de\/fr\/andeo\/"]}]},{"@type":"BreadcrumbList","@id":"https:\/\/www.otto-keller.de\/fr\/andeo\/#breadcrumb","itemListElement":[{"@type":"ListItem","position":1,"name":"Startseite","item":"https:\/\/www.otto-keller.de\/fr\/"},{"@type":"ListItem","position":2,"name":"Andeo"}]},{"@type":"WebSite","@id":"https:\/\/www.otto-keller.de\/fr\/#website","url":"https:\/\/www.otto-keller.de\/fr\/","name":"otto-keller.de","description":"Hochwertige Feder- und Daunendecken","publisher":{"@id":"https:\/\/www.otto-keller.de\/fr\/#organization"},"potentialAction":[{"@type":"SearchAction","target":{"@type":"EntryPoint","urlTemplate":"https:\/\/www.otto-keller.de\/fr\/?s={search_term_string}"},"query-input":{"@type":"PropertyValueSpecification","valueRequired":true,"valueName":"search_term_string"}}],"inLanguage":"fr-FR"},{"@type":"Organization","@id":"https:\/\/www.otto-keller.de\/fr\/#organization","name":"Bettfedernfabrik Otto Keller GmbH & Co. KG","url":"https:\/\/www.otto-keller.de\/fr\/","logo":{"@type":"ImageObject","inLanguage":"fr-FR","@id":"https:\/\/www.otto-keller.de\/fr\/#\/schema\/logo\/image\/","url":"https:\/\/www.otto-keller.de\/wp-content\/uploads\/2021\/01\/otto_keller_logo_rgb_schwarz.svg","contentUrl":"https:\/\/www.otto-keller.de\/wp-content\/uploads\/2021\/01\/otto_keller_logo_rgb_schwarz.svg","width":1,"height":1,"caption":"Bettfedernfabrik Otto Keller GmbH & Co. KG"},"image":{"@id":"https:\/\/www.otto-keller.de\/fr\/#\/schema\/logo\/image\/"}}]}},"_links":{"self":[{"href":"https:\/\/www.otto-keller.de\/fr\/wp-json\/wp\/v2\/pages\/7409","targetHints":{"allow":["GET"]}}],"collection":[{"href":"https:\/\/www.otto-keller.de\/fr\/wp-json\/wp\/v2\/pages"}],"about":[{"href":"https:\/\/www.otto-keller.de\/fr\/wp-json\/wp\/v2\/types\/page"}],"author":[{"embeddable":true,"href":"https:\/\/www.otto-keller.de\/fr\/wp-json\/wp\/v2\/users\/1"}],"replies":[{"embeddable":true,"href":"https:\/\/www.otto-keller.de\/fr\/wp-json\/wp\/v2\/comments?post=7409"}],"version-history":[{"count":0,"href":"https:\/\/www.otto-keller.de\/fr\/wp-json\/wp\/v2\/pages\/7409\/revisions"}],"wp:attachment":[{"href":"https:\/\/www.otto-keller.de\/fr\/wp-json\/wp\/v2\/media?parent=7409"}],"curies":[{"name":"wp","href":"https:\/\/api.w.org\/{rel}","templated":true}]}}