{"id":7424,"date":"2021-09-28T11:09:57","date_gmt":"2021-09-28T09:09:57","guid":{"rendered":"https:\/\/www.otto-keller.de\/eiderdaunen\/"},"modified":"2021-11-24T11:05:48","modified_gmt":"2021-11-24T10:05:48","slug":"edredon","status":"publish","type":"page","link":"https:\/\/www.otto-keller.de\/fr\/edredon\/","title":{"rendered":"Edredon"},"content":{"rendered":"<p>[et_pb_section fb_built=\u00a0\u00bb1&Prime; module_id=\u00a0\u00bbkissen\u00a0\u00bb _builder_version=\u00a0\u00bb4.10.7&Prime; _module_preset=\u00a0\u00bbdefault\u00a0\u00bb global_colors_info=\u00a0\u00bb{}\u00a0\u00bb][et_pb_row module_class=\u00a0\u00bbheader ganz\u00a0\u00bb _builder_version=\u00a0\u00bb4.6.6&Prime; _module_preset=\u00a0\u00bbdefault\u00a0\u00bb width=\u00a0\u00bb100%\u00a0\u00bb max_width=\u00a0\u00bb100%\u00a0\u00bb custom_padding=\u00a0\u00bb0px||||false|false\u00a0\u00bb global_colors_info=\u00a0\u00bb{}\u00a0\u00bb][et_pb_column type=\u00a0\u00bb4_4&Prime; _builder_version=\u00a0\u00bb4.6.6&Prime; _module_preset=\u00a0\u00bbdefault\u00a0\u00bb global_colors_info=\u00a0\u00bb{}\u00a0\u00bb][et_pb_cta module_class=\u00a0\u00bbbildmittext sort_hoehe\u00a0\u00bb _builder_version=\u00a0\u00bb4.10.7&Prime; _module_preset=\u00a0\u00bbdefault\u00a0\u00bb background_enable_color=\u00a0\u00bboff\u00a0\u00bb background_enable_image=\u00a0\u00bboff\u00a0\u00bb background_video_mp4=\u00a0\u00bbhttps:\/\/www.otto-keller.de\/wp-content\/uploads\/2020\/11\/191014_Otto_Keller_Header_Pillow.mp4&Prime; global_colors_info=\u00a0\u00bb{}\u00a0\u00bb transform_styles__hover_enabled=\u00a0\u00bbon|hover\u00a0\u00bb transform_scale__hover_enabled=\u00a0\u00bbon|hover\u00a0\u00bb transform_translate__hover_enabled=\u00a0\u00bbon|desktop\u00a0\u00bb transform_rotate__hover_enabled=\u00a0\u00bbon|desktop\u00a0\u00bb transform_skew__hover_enabled=\u00a0\u00bbon|desktop\u00a0\u00bb transform_origin__hover_enabled=\u00a0\u00bbon|desktop\u00a0\u00bb][\/et_pb_cta][\/et_pb_column][\/et_pb_row][et_pb_row module_id=\u00a0\u00bbprodukt0&Prime; module_class=\u00a0\u00bbtext kissen_abstand\u00a0\u00bb _builder_version=\u00a0\u00bb4.10.7&Prime; _module_preset=\u00a0\u00bbdefault\u00a0\u00bb global_colors_info=\u00a0\u00bb{}\u00a0\u00bb][et_pb_column type=\u00a0\u00bb4_4&Prime; _builder_version=\u00a0\u00bb4.6.6&Prime; _module_preset=\u00a0\u00bbdefault\u00a0\u00bb global_colors_info=\u00a0\u00bb{}\u00a0\u00bb][et_pb_text admin_label=\u00a0\u00bbKopfkissen von Otto Keller\u00a0\u00bb module_class=\u00a0\u00bbueberschrift\u00a0\u00bb _builder_version=\u00a0\u00bb4.13.1&Prime; _module_preset=\u00a0\u00bbdefault\u00a0\u00bb global_colors_info=\u00a0\u00bb{}\u00a0\u00bb]<\/p>\n<h1>Eider par Otto Keller <\/h1>\n<p>[\/et_pb_text][et_pb_text _builder_version=\u00a0\u00bb4.13.1&Prime; _module_preset=\u00a0\u00bbdefault\u00a0\u00bb hover_enabled=\u00a0\u00bb0&Prime; global_colors_info=\u00a0\u00bb{}\u00a0\u00bb sticky_enabled=\u00a0\u00bb0&Prime;]<\/p>\n<p><span>Les produits en duvet d&rsquo;\u00e9dredon sont les rois et les reines de tous les lits. Faites l&rsquo;exp\u00e9rience de ce produit naturel exclusif, rempli de merveilleux \u00e9dredon arctique original, une exp\u00e9rience de sommeil naturelle et de premi\u00e8re classe.<\/span><\/p>\n<p>[\/et_pb_text][et_pb_code module_class=\u00a0\u00bbprodukt_navi\u00a0\u00bb _builder_version=\u00a0\u00bb4.13.1&Prime; _module_preset=\u00a0\u00bbdefault\u00a0\u00bb hover_enabled=\u00a0\u00bb0&Prime; locked=\u00a0\u00bboff\u00a0\u00bb global_colors_info=\u00a0\u00bb{}\u00a0\u00bb sticky_enabled=\u00a0\u00bb0&Prime;]<!-- [et_pb_line_break_holder] --><pee><!-- [et_pb_line_break_holder] -->  <a href=\"#eiderdaunen_eins\" class=\"category-link\">des garnitures exclusives<\/a><!-- [et_pb_line_break_holder] -->  <a href=\"#eiderdaunen_zwei\" class=\"category-link\">Propri\u00e9t\u00e9s id\u00e9ales<\/a><!-- [et_pb_line_break_holder] --><\/pee>[\/et_pb_code][\/et_pb_column][\/et_pb_row][\/et_pb_section][et_pb_section fb_built=\u00a0\u00bb1&Prime; fullwidth=\u00a0\u00bbon\u00a0\u00bb _builder_version=\u00a0\u00bb4.10.7&Prime; _module_preset=\u00a0\u00bbdefault\u00a0\u00bb global_colors_info=\u00a0\u00bb{}\u00a0\u00bb][et_pb_fullwidth_slider module_class=\u00a0\u00bbslidermittext kissen_slider sort_hoehe\u00a0\u00bb _builder_version=\u00a0\u00bb4.10.7&Prime; _module_preset=\u00a0\u00bbdefault\u00a0\u00bb height=\u00a0\u00bb100vh\u00a0\u00bb auto=\u00a0\u00bbon\u00a0\u00bb auto_speed=\u00a0\u00bb4000&Prime; global_colors_info=\u00a0\u00bb{}\u00a0\u00bb][et_pb_slide _builder_version=\u00a0\u00bb4.10.7&Prime; _module_preset=\u00a0\u00bbdefault\u00a0\u00bb background_enable_color=\u00a0\u00bboff\u00a0\u00bb background_image=\u00a0\u00bbhttps:\/\/www.otto-keller.de\/wp-content\/uploads\/2021\/10\/Otto-Keller_Eiderdaunen_01.jpg\u00a0\u00bb background_enable_image=\u00a0\u00bbon\u00a0\u00bb global_colors_info=\u00a0\u00bb{}\u00a0\u00bb sticky_transition=\u00a0\u00bbon\u00a0\u00bb][\/et_pb_slide][\/et_pb_fullwidth_slider][\/et_pb_section][et_pb_section fb_built=\u00a0\u00bb1&Prime; module_id=\u00a0\u00bbservice2&Prime; module_class=\u00a0\u00bblebensquali\u00a0\u00bb _builder_version=\u00a0\u00bb4.10.7&Prime; _module_preset=\u00a0\u00bbdefault\u00a0\u00bb global_colors_info=\u00a0\u00bb{}\u00a0\u00bb][et_pb_row column_structure=\u00a0\u00bb1_2,1_2&Prime; use_custom_gutter=\u00a0\u00bbon\u00a0\u00bb gutter_width=\u00a0\u00bb4&Prime; disabled_on=\u00a0\u00bbon|on|off\u00a0\u00bb module_id=\u00a0\u00bbeiderdaunen_eins\u00a0\u00bb module_class=\u00a0\u00bbcustom_row strich unternehmen\u00a0\u00bb _builder_version=\u00a0\u00bb4.10.7&Prime; _module_preset=\u00a0\u00bbdefault\u00a0\u00bb max_width=\u00a0\u00bb1100px\u00a0\u00bb custom_margin=\u00a0\u00bb||||false|false\u00a0\u00bb custom_padding=\u00a0\u00bb|||100px|false|false\u00a0\u00bb locked=\u00a0\u00bboff\u00a0\u00bb global_colors_info=\u00a0\u00bb{}\u00a0\u00bb][et_pb_column type=\u00a0\u00bb1_2&Prime; module_class=\u00a0\u00bbwenig\u00a0\u00bb _builder_version=\u00a0\u00bb4.7.3&Prime; _module_preset=\u00a0\u00bbdefault\u00a0\u00bb global_colors_info=\u00a0\u00bb{}\u00a0\u00bb][et_pb_image src=\u00a0\u00bbhttps:\/\/www.otto-keller.de\/wp-content\/uploads\/2021\/10\/Otto-Keller_Eiderdaunen_02.jpg\u00a0\u00bb alt=\u00a0\u00bbAutomatisierte Mehrrohr-F\u00fcllmaschine f\u00fcr Bettdecken\u00a0\u00bb title_text=\u00a0\u00bbOtto-Keller_Eiderdaunen_02&Prime; align=\u00a0\u00bbcenter\u00a0\u00bb _builder_version=\u00a0\u00bb4.10.7&Prime; _module_preset=\u00a0\u00bbdefault\u00a0\u00bb max_width=\u00a0\u00bb433px\u00a0\u00bb max_width_tablet=\u00a0\u00bb100%\u00a0\u00bb max_width_phone=\u00a0\u00bb\u00a0\u00bb max_width_last_edited=\u00a0\u00bbon|desktop\u00a0\u00bb module_alignment=\u00a0\u00bbcenter\u00a0\u00bb custom_margin=\u00a0\u00bb||0px||false|false\u00a0\u00bb global_colors_info=\u00a0\u00bb{}\u00a0\u00bb][\/et_pb_image][\/et_pb_column][et_pb_column type=\u00a0\u00bb1_2&Prime; _builder_version=\u00a0\u00bb4.10.7&Prime; _module_preset=\u00a0\u00bbdefault\u00a0\u00bb global_colors_info=\u00a0\u00bb{}\u00a0\u00bb][et_pb_text module_class=\u00a0\u00bbueberschrift\u00a0\u00bb _builder_version=\u00a0\u00bb4.13.1&Prime; _module_preset=\u00a0\u00bbdefault\u00a0\u00bb max_width=\u00a0\u00bb434px\u00a0\u00bb module_alignment=\u00a0\u00bbcenter\u00a0\u00bb hover_enabled=\u00a0\u00bb0&Prime; global_colors_info=\u00a0\u00bb{}\u00a0\u00bb sticky_enabled=\u00a0\u00bb0&Prime;]<\/p>\n<h2> Duvet d&rsquo;\u00e9dredon : Garnitures exclusives du Grand Nord <\/h2>\n<p> &nbsp; <\/p>\n<p> Le duvet d&rsquo;eider est l&rsquo;un des rembourrages de literie les plus luxueux et les plus chers. Le duvet d&rsquo;eider est le duvet de l&rsquo;eider. C&rsquo;est un grand canard de mer qui vit sur les c\u00f4tes arctiques de l&rsquo;Atlantique et du Pacifique. Il est pr\u00e9sent en Am\u00e9rique du Nord, en Sib\u00e9rie, en Scandinavie, en Islande et en \u00c9cosse. En raison de son habitat de pr\u00e9dilection, l&rsquo;eider est bien adapt\u00e9 aux temp\u00e9ratures tr\u00e8s froides.<\/p>\n<p>La sp\u00e9cialit\u00e9 du duvet d&rsquo;eider \u00e0 duvet est le petit hame\u00e7on barbel\u00e9 qui peut s&rsquo;accrocher les uns aux autres comme une toison. Cela cr\u00e9e de nombreuses petites chambres \u00e0 air. D&rsquo;une part, ce miracle de la nature isole parfaitement du froid et reste en m\u00eame temps respirant.<\/p>\n<p>L&rsquo;eider profite des propri\u00e9t\u00e9s \u00e9tonnantes de son duvet principalement lorsqu&rsquo;il s&rsquo;agit de prot\u00e9ger son nid. Il cr\u00e9e une couche d&rsquo;isolation r\u00e9sistante au vent et uniforme. Gr\u00e2ce aux crochets, le duvet tient bien et ne s&rsquo;envole pas au vent.<\/p>\n<p>Les eiders sont de purs animaux sauvages. Ils souffriraient beaucoup en captivit\u00e9. Afin d&rsquo;obtenir le duvet, les \u00e9leveurs d&rsquo;eiders \u00e0 duvet recherchent donc les nids des eiders apr\u00e8s la saison de reproduction et ramassent le reste du duvet. Les agriculteurs ne peuvent r\u00e9colter qu&rsquo;environ 20 grammes de duvet par nid ! Les objets de valeur sont nettoy\u00e9s particuli\u00e8rement doucement afin que les propri\u00e9t\u00e9s du duvet ne soient pas perdues. Chaque \u00e9tape de travail &#8211; effectu\u00e9e \u00e0 la main bien s\u00fbr &#8211; demande beaucoup d&rsquo;exp\u00e9rience. Cela explique aussi le prix \u00e9lev\u00e9 de la literie en duvet d&rsquo;\u00e9dredon.\n<\/p>\n<p>[\/et_pb_text][\/et_pb_column][\/et_pb_row][et_pb_row use_custom_gutter=\u00a0\u00bbon\u00a0\u00bb gutter_width=\u00a0\u00bb4&Prime; disabled_on=\u00a0\u00bboff|off|on\u00a0\u00bb module_id=\u00a0\u00bbeiderdaunen_eins\u00a0\u00bb module_class=\u00a0\u00bbcustom_row strich unternehmen\u00a0\u00bb _builder_version=\u00a0\u00bb4.10.7&Prime; _module_preset=\u00a0\u00bbdefault\u00a0\u00bb max_width=\u00a0\u00bb1100px\u00a0\u00bb custom_margin=\u00a0\u00bb||||false|false\u00a0\u00bb custom_padding=\u00a0\u00bb||||false|false\u00a0\u00bb locked=\u00a0\u00bboff\u00a0\u00bb global_colors_info=\u00a0\u00bb{}\u00a0\u00bb][et_pb_column type=\u00a0\u00bb4_4&Prime; module_class=\u00a0\u00bbwenig\u00a0\u00bb _builder_version=\u00a0\u00bb4.7.3&Prime; _module_preset=\u00a0\u00bbdefault\u00a0\u00bb global_colors_info=\u00a0\u00bb{}\u00a0\u00bb][et_pb_text module_class=\u00a0\u00bbueberschrift\u00a0\u00bb _builder_version=\u00a0\u00bb4.13.1&Prime; _module_preset=\u00a0\u00bbdefault\u00a0\u00bb max_width=\u00a0\u00bb434px\u00a0\u00bb module_alignment=\u00a0\u00bbcenter\u00a0\u00bb hover_enabled=\u00a0\u00bb0&Prime; global_colors_info=\u00a0\u00bb{}\u00a0\u00bb sticky_enabled=\u00a0\u00bb0&Prime;]<\/p>\n<h2 style=\"text-align: center;\">Duvet d&rsquo;eider : des garnitures exclusives du Grand Nord<\/h2>\n<p>[\/et_pb_text][et_pb_image src=\u00a0\u00bbhttps:\/\/www.otto-keller.de\/wp-content\/uploads\/2021\/10\/Otto-Keller_Eiderdaunen_02.jpg\u00a0\u00bb alt=\u00a0\u00bbAutomatisierte Mehrrohr-F\u00fcllmaschine f\u00fcr Bettdecken\u00a0\u00bb title_text=\u00a0\u00bbOtto-Keller_Eiderdaunen_02&Prime; align=\u00a0\u00bbcenter\u00a0\u00bb _builder_version=\u00a0\u00bb4.10.7&Prime; _module_preset=\u00a0\u00bbdefault\u00a0\u00bb max_width=\u00a0\u00bb433px\u00a0\u00bb max_width_tablet=\u00a0\u00bb100%\u00a0\u00bb max_width_phone=\u00a0\u00bb\u00a0\u00bb max_width_last_edited=\u00a0\u00bbon|desktop\u00a0\u00bb module_alignment=\u00a0\u00bbcenter\u00a0\u00bb custom_margin=\u00a0\u00bb||0px||false|false\u00a0\u00bb global_colors_info=\u00a0\u00bb{}\u00a0\u00bb][\/et_pb_image][et_pb_text module_class=\u00a0\u00bbtext-kasten\u00a0\u00bb _builder_version=\u00a0\u00bb4.13.1&Prime; _module_preset=\u00a0\u00bbdefault\u00a0\u00bb text_orientation=\u00a0\u00bbcenter\u00a0\u00bb max_width=\u00a0\u00bb434px\u00a0\u00bb module_alignment=\u00a0\u00bbcenter\u00a0\u00bb hover_enabled=\u00a0\u00bb0&Prime; global_colors_info=\u00a0\u00bb{}\u00a0\u00bb sticky_enabled=\u00a0\u00bb0&Prime;][\/et_pb_text][et_pb_text module_class=\u00a0\u00bbueberschrift\u00a0\u00bb _builder_version=\u00a0\u00bb4.13.1&Prime; _module_preset=\u00a0\u00bbdefault\u00a0\u00bb max_width=\u00a0\u00bb434px\u00a0\u00bb module_alignment=\u00a0\u00bbcenter\u00a0\u00bb hover_enabled=\u00a0\u00bb0&Prime; global_colors_info=\u00a0\u00bb{}\u00a0\u00bb sticky_enabled=\u00a0\u00bb0&Prime;]<\/p>\n<p> Le duvet d&rsquo;eider est l&rsquo;un des rembourrages de literie les plus luxueux et les plus chers. Le duvet d&rsquo;eider est le duvet de l&rsquo;eider. C&rsquo;est un grand canard de mer qui vit sur les c\u00f4tes arctiques de l&rsquo;Atlantique et du Pacifique. Il est pr\u00e9sent en Am\u00e9rique du Nord, en Sib\u00e9rie, en Scandinavie, en Islande et en \u00c9cosse. En raison de son habitat de pr\u00e9dilection, l&rsquo;eider est bien adapt\u00e9 aux temp\u00e9ratures tr\u00e8s froides.<\/p>\n<p>La sp\u00e9cialit\u00e9 du duvet d&rsquo;eider \u00e0 duvet est le petit hame\u00e7on barbel\u00e9 qui peut s&rsquo;accrocher les uns aux autres comme une toison. Cela cr\u00e9e de nombreuses petites chambres \u00e0 air. D&rsquo;une part, ce miracle de la nature isole parfaitement du froid et reste en m\u00eame temps respirant.<\/p>\n<p>L&rsquo;eider profite des propri\u00e9t\u00e9s \u00e9tonnantes de son duvet principalement lorsqu&rsquo;il s&rsquo;agit de prot\u00e9ger son nid. Il cr\u00e9e une couche d&rsquo;isolation r\u00e9sistante au vent et uniforme. Gr\u00e2ce aux crochets, le duvet tient bien et ne s&rsquo;envole pas au vent.<\/p>\n<p>Les eiders sont de purs animaux sauvages. Ils souffriraient beaucoup en captivit\u00e9. Afin d&rsquo;obtenir le duvet, les \u00e9leveurs d&rsquo;eiders \u00e0 duvet recherchent donc les nids des eiders apr\u00e8s la saison de reproduction et ramassent le reste du duvet. Les agriculteurs ne peuvent r\u00e9colter qu&rsquo;environ 20 grammes de duvet par nid ! Les objets de valeur sont nettoy\u00e9s particuli\u00e8rement doucement afin que les propri\u00e9t\u00e9s du duvet ne soient pas perdues. Chaque \u00e9tape de travail &#8211; effectu\u00e9e \u00e0 la main bien s\u00fbr &#8211; demande beaucoup d&rsquo;exp\u00e9rience. Cela explique aussi le prix \u00e9lev\u00e9 de la literie en duvet d&rsquo;\u00e9dredon. <\/p>\n<p>[\/et_pb_text][\/et_pb_column][\/et_pb_row][\/et_pb_section][et_pb_section fb_built=\u00a0\u00bb1&Prime; fullwidth=\u00a0\u00bbon\u00a0\u00bb _builder_version=\u00a0\u00bb4.7.3&Prime; _module_preset=\u00a0\u00bbdefault\u00a0\u00bb global_colors_info=\u00a0\u00bb{}\u00a0\u00bb][et_pb_fullwidth_slider module_class=\u00a0\u00bbslidermittext kissen_slider sort_hoehe\u00a0\u00bb _builder_version=\u00a0\u00bb4.10.7&Prime; _module_preset=\u00a0\u00bbdefault\u00a0\u00bb height=\u00a0\u00bb100vh\u00a0\u00bb auto=\u00a0\u00bbon\u00a0\u00bb auto_speed=\u00a0\u00bb4000&Prime; global_colors_info=\u00a0\u00bb{}\u00a0\u00bb][et_pb_slide _builder_version=\u00a0\u00bb4.10.7&Prime; _module_preset=\u00a0\u00bbdefault\u00a0\u00bb background_enable_color=\u00a0\u00bboff\u00a0\u00bb background_image=\u00a0\u00bbhttps:\/\/www.otto-keller.de\/wp-content\/uploads\/2021\/10\/Otto-Keller_Eiderdaunen_03-1.jpg\u00a0\u00bb background_enable_image=\u00a0\u00bbon\u00a0\u00bb global_colors_info=\u00a0\u00bb{}\u00a0\u00bb sticky_transition=\u00a0\u00bbon\u00a0\u00bb][\/et_pb_slide][\/et_pb_fullwidth_slider][\/et_pb_section][et_pb_section fb_built=\u00a0\u00bb1&Prime; module_id=\u00a0\u00bbservice2&Prime; module_class=\u00a0\u00bblebensquali\u00a0\u00bb _builder_version=\u00a0\u00bb4.10.7&Prime; _module_preset=\u00a0\u00bbdefault\u00a0\u00bb global_colors_info=\u00a0\u00bb{}\u00a0\u00bb][et_pb_row column_structure=\u00a0\u00bb1_2,1_2&Prime; use_custom_gutter=\u00a0\u00bbon\u00a0\u00bb gutter_width=\u00a0\u00bb4&Prime; disabled_on=\u00a0\u00bbon|on|off\u00a0\u00bb module_id=\u00a0\u00bbeiderdaunen_zwei\u00a0\u00bb module_class=\u00a0\u00bbcustom_row strich unternehmen\u00a0\u00bb _builder_version=\u00a0\u00bb4.10.7&Prime; _module_preset=\u00a0\u00bbdefault\u00a0\u00bb max_width=\u00a0\u00bb1100px\u00a0\u00bb custom_margin=\u00a0\u00bb||||false|false\u00a0\u00bb custom_padding=\u00a0\u00bb|||100px|false|false\u00a0\u00bb locked=\u00a0\u00bboff\u00a0\u00bb global_colors_info=\u00a0\u00bb{}\u00a0\u00bb][et_pb_column type=\u00a0\u00bb1_2&Prime; module_class=\u00a0\u00bbwenig\u00a0\u00bb _builder_version=\u00a0\u00bb4.7.3&Prime; _module_preset=\u00a0\u00bbdefault\u00a0\u00bb global_colors_info=\u00a0\u00bb{}\u00a0\u00bb][et_pb_text module_class=\u00a0\u00bbueberschrift\u00a0\u00bb _builder_version=\u00a0\u00bb4.13.1&Prime; _module_preset=\u00a0\u00bbdefault\u00a0\u00bb max_width=\u00a0\u00bb434px\u00a0\u00bb module_alignment=\u00a0\u00bbcenter\u00a0\u00bb hover_enabled=\u00a0\u00bb0&Prime; global_colors_info=\u00a0\u00bb{}\u00a0\u00bb sticky_enabled=\u00a0\u00bb0&Prime;]<\/p>\n<h2> Vers le bas avec des propri\u00e9t\u00e9s id\u00e9ales &#8211; aussi pour les humains <\/h2>\n<p>&nbsp;<\/p>\n<p> Comme pour les canards, le duvet d&rsquo;\u00e9dredon garde \u00e9galement tr\u00e8s bien la chaleur sur le corps chez l&rsquo;homme. En revanche, avec une couette en \u00e9dredon, vous ne courez pas le risque de surchauffe, ce qui est particuli\u00e8rement important pour les personnes qui ont tendance \u00e0 transpirer la nuit. Cela est d\u00fb au fait que le duvet s&rsquo;adapte automatiquement \u00e0 la temp\u00e9rature ambiante : lorsque la temp\u00e9rature augmente, les poils du duvet s&rsquo;aplatissent un peu. Cela r\u00e9duit le pouvoir de remplissage et la couette en duvet isole moins. En hiver, par contre, le processus inverse s&rsquo;op\u00e8re : les poils duvet se dressent un peu plus, la couverture garde mieux la chaleur.<\/p>\n<p>Le duvet d&rsquo;eider n&rsquo;a pas de quille ni d&rsquo;autres composants durs. Cela signifie que la literie en duvet d&rsquo;\u00e9dredon est extr\u00eamement douce, tr\u00e8s confortable et l\u00e9g\u00e8re. Comme tout produit naturel utilis\u00e9 pour garnir la literie, le duvet d&rsquo;\u00e9dredon est respirant et r\u00e9gule l&rsquo;humidit\u00e9. Cela cr\u00e9e un environnement de sommeil agr\u00e9able, bien temp\u00e9r\u00e9 et sec. Ces propri\u00e9t\u00e9s des produits naturels sont particuli\u00e8rement importantes pour les douleurs articulaires et les affections rhumatismales.<\/p>\n<p>Le prix \u00e9lev\u00e9 du duvet exclusif est compens\u00e9 par sa longue dur\u00e9e de vie : alors que le duvet ordinaire doit \u00eatre remplac\u00e9 apr\u00e8s environ huit \u00e0 dix ans, le duvet d&rsquo;eider peut \u00eatre utilis\u00e9 jusqu&rsquo;\u00e0 20 ans !\n<\/p>\n<p>[\/et_pb_text][\/et_pb_column][et_pb_column type=\u00a0\u00bb1_2&Prime; _builder_version=\u00a0\u00bb4.10.7&Prime; _module_preset=\u00a0\u00bbdefault\u00a0\u00bb global_colors_info=\u00a0\u00bb{}\u00a0\u00bb][et_pb_image src=\u00a0\u00bbhttps:\/\/www.otto-keller.de\/wp-content\/uploads\/2021\/10\/Otto-Keller_Eiderdaunen_04.jpg\u00a0\u00bb alt=\u00a0\u00bbAutomatisierte Mehrrohr-F\u00fcllmaschine f\u00fcr Bettdecken\u00a0\u00bb title_text=\u00a0\u00bbOtto-Keller_Eiderdaunen_04&Prime; align=\u00a0\u00bbcenter\u00a0\u00bb _builder_version=\u00a0\u00bb4.10.7&Prime; _module_preset=\u00a0\u00bbdefault\u00a0\u00bb max_width=\u00a0\u00bb433px\u00a0\u00bb max_width_tablet=\u00a0\u00bb100%\u00a0\u00bb max_width_phone=\u00a0\u00bb\u00a0\u00bb max_width_last_edited=\u00a0\u00bbon|desktop\u00a0\u00bb module_alignment=\u00a0\u00bbcenter\u00a0\u00bb custom_margin=\u00a0\u00bb||0px||false|false\u00a0\u00bb global_colors_info=\u00a0\u00bb{}\u00a0\u00bb][\/et_pb_image][\/et_pb_column][\/et_pb_row][et_pb_row use_custom_gutter=\u00a0\u00bbon\u00a0\u00bb gutter_width=\u00a0\u00bb4&Prime; disabled_on=\u00a0\u00bboff|off|on\u00a0\u00bb module_id=\u00a0\u00bbeiderdaunen_zwei\u00a0\u00bb module_class=\u00a0\u00bbcustom_row strich unternehmen\u00a0\u00bb _builder_version=\u00a0\u00bb4.10.7&Prime; _module_preset=\u00a0\u00bbdefault\u00a0\u00bb max_width=\u00a0\u00bb1100px\u00a0\u00bb custom_margin=\u00a0\u00bb||||false|false\u00a0\u00bb custom_padding=\u00a0\u00bb||||false|false\u00a0\u00bb locked=\u00a0\u00bboff\u00a0\u00bb global_colors_info=\u00a0\u00bb{}\u00a0\u00bb][et_pb_column type=\u00a0\u00bb4_4&Prime; module_class=\u00a0\u00bbwenig\u00a0\u00bb _builder_version=\u00a0\u00bb4.7.3&Prime; _module_preset=\u00a0\u00bbdefault\u00a0\u00bb global_colors_info=\u00a0\u00bb{}\u00a0\u00bb][et_pb_text module_class=\u00a0\u00bbueberschrift\u00a0\u00bb _builder_version=\u00a0\u00bb4.13.1&Prime; _module_preset=\u00a0\u00bbdefault\u00a0\u00bb max_width=\u00a0\u00bb434px\u00a0\u00bb module_alignment=\u00a0\u00bbcenter\u00a0\u00bb hover_enabled=\u00a0\u00bb0&Prime; global_colors_info=\u00a0\u00bb{}\u00a0\u00bb sticky_enabled=\u00a0\u00bb0&Prime;]<\/p>\n<h2 style=\"text-align: center;\">Duvet aux propri\u00e9t\u00e9s id\u00e9ales &#8211; aussi pour les humains<\/h2>\n<p>[\/et_pb_text][et_pb_image src=\u00a0\u00bbhttps:\/\/www.otto-keller.de\/wp-content\/uploads\/2021\/10\/Otto-Keller_Eiderdaunen_04.jpg\u00a0\u00bb alt=\u00a0\u00bbAutomatisierte Mehrrohr-F\u00fcllmaschine f\u00fcr Bettdecken\u00a0\u00bb title_text=\u00a0\u00bbOtto-Keller_Eiderdaunen_04&Prime; align=\u00a0\u00bbcenter\u00a0\u00bb _builder_version=\u00a0\u00bb4.10.7&Prime; _module_preset=\u00a0\u00bbdefault\u00a0\u00bb max_width=\u00a0\u00bb433px\u00a0\u00bb max_width_tablet=\u00a0\u00bb100%\u00a0\u00bb max_width_phone=\u00a0\u00bb\u00a0\u00bb max_width_last_edited=\u00a0\u00bbon|desktop\u00a0\u00bb module_alignment=\u00a0\u00bbcenter\u00a0\u00bb custom_margin=\u00a0\u00bb||0px||false|false\u00a0\u00bb global_colors_info=\u00a0\u00bb{}\u00a0\u00bb][\/et_pb_image][et_pb_text module_class=\u00a0\u00bbtext-kasten\u00a0\u00bb _builder_version=\u00a0\u00bb4.13.1&Prime; _module_preset=\u00a0\u00bbdefault\u00a0\u00bb text_orientation=\u00a0\u00bbcenter\u00a0\u00bb max_width=\u00a0\u00bb434px\u00a0\u00bb module_alignment=\u00a0\u00bbcenter\u00a0\u00bb hover_enabled=\u00a0\u00bb0&Prime; global_colors_info=\u00a0\u00bb{}\u00a0\u00bb sticky_enabled=\u00a0\u00bb0&Prime;][\/et_pb_text][et_pb_text module_class=\u00a0\u00bbueberschrift\u00a0\u00bb _builder_version=\u00a0\u00bb4.13.1&Prime; _module_preset=\u00a0\u00bbdefault\u00a0\u00bb max_width=\u00a0\u00bb434px\u00a0\u00bb module_alignment=\u00a0\u00bbcenter\u00a0\u00bb hover_enabled=\u00a0\u00bb0&Prime; global_colors_info=\u00a0\u00bb{}\u00a0\u00bb sticky_enabled=\u00a0\u00bb0&Prime;]<\/p>\n<p> Comme pour les canards, le duvet d&rsquo;\u00e9dredon garde \u00e9galement tr\u00e8s bien la chaleur sur le corps chez l&rsquo;homme. En revanche, avec une couette en \u00e9dredon, vous ne courez pas le risque de surchauffe, ce qui est particuli\u00e8rement important pour les personnes qui ont tendance \u00e0 transpirer la nuit. Cela est d\u00fb au fait que le duvet s&rsquo;adapte automatiquement \u00e0 la temp\u00e9rature ambiante : lorsque la temp\u00e9rature augmente, les poils du duvet s&rsquo;aplatissent un peu. Cela r\u00e9duit le pouvoir de remplissage et la couette en duvet isole moins. En hiver, par contre, le processus inverse s&rsquo;op\u00e8re : les poils duvet se dressent un peu plus, la couverture garde mieux la chaleur.<\/p>\n<p>Le duvet d&rsquo;eider n&rsquo;a pas de quille ni d&rsquo;autres composants durs. Cela signifie que la literie en duvet d&rsquo;\u00e9dredon est extr\u00eamement douce, tr\u00e8s confortable et l\u00e9g\u00e8re. Comme tout produit naturel utilis\u00e9 pour garnir la literie, le duvet d&rsquo;\u00e9dredon est respirant et r\u00e9gule l&rsquo;humidit\u00e9. Cela cr\u00e9e un environnement de sommeil agr\u00e9able, bien temp\u00e9r\u00e9 et sec. Ces propri\u00e9t\u00e9s des produits naturels sont particuli\u00e8rement importantes pour les douleurs articulaires et les affections rhumatismales.<\/p>\n<p>Le prix \u00e9lev\u00e9 du duvet exclusif est compens\u00e9 par la longue dur\u00e9e de vie : alors que le duvet ordinaire doit \u00eatre remplac\u00e9 apr\u00e8s environ huit \u00e0 dix ans, le duvet d&rsquo;\u00e9dredon peut \u00eatre utilis\u00e9 jusqu&rsquo;\u00e0 20 ans ! <\/p>\n<p>[\/et_pb_text][\/et_pb_column][\/et_pb_row][\/et_pb_section][et_pb_section fb_built=\u00a0\u00bb1&Prime; module_id=\u00a0\u00bbprodukt1&Prime; module_class=\u00a0\u00bbbanner\u00a0\u00bb _builder_version=\u00a0\u00bb4.10.7&Prime; _module_preset=\u00a0\u00bbdefault\u00a0\u00bb background_color=\u00a0\u00bb#dbd5cd\u00a0\u00bb custom_padding=\u00a0\u00bb65px||65px||false|false\u00a0\u00bb locked=\u00a0\u00bboff\u00a0\u00bb global_colors_info=\u00a0\u00bb{}\u00a0\u00bb][et_pb_row module_class=\u00a0\u00bbtext\u00a0\u00bb _builder_version=\u00a0\u00bb4.7.3&Prime; _module_preset=\u00a0\u00bbdefault\u00a0\u00bb background_enable_color=\u00a0\u00bboff\u00a0\u00bb custom_padding=\u00a0\u00bb||||false|false\u00a0\u00bb animation_style=\u00a0\u00bbslide\u00a0\u00bb animation_direction=\u00a0\u00bbbottom\u00a0\u00bb animation_duration=\u00a0\u00bb1500ms\u00a0\u00bb animation_intensity_slide=\u00a0\u00bb15%\u00a0\u00bb global_colors_info=\u00a0\u00bb{}\u00a0\u00bb][et_pb_column type=\u00a0\u00bb4_4&Prime; _builder_version=\u00a0\u00bb4.6.6&Prime; _module_preset=\u00a0\u00bbdefault\u00a0\u00bb global_colors_info=\u00a0\u00bb{}\u00a0\u00bb][et_pb_text _builder_version=\u00a0\u00bb4.13.1&Prime; _module_preset=\u00a0\u00bbdefault\u00a0\u00bb text_font=\u00a0\u00bb||||||||\u00a0\u00bb text_font_size=\u00a0\u00bb28px\u00a0\u00bb text_line_height=\u00a0\u00bb36.4px\u00a0\u00bb header_3_text_color=\u00a0\u00bb#ffffff\u00a0\u00bb header_3_font_size=\u00a0\u00bb28px\u00a0\u00bb header_3_line_height=\u00a0\u00bb1.5em\u00a0\u00bb text_orientation=\u00a0\u00bbcenter\u00a0\u00bb hover_enabled=\u00a0\u00bb0&Prime; header_3_font_size_tablet=\u00a0\u00bb20px\u00a0\u00bb header_3_font_size_phone=\u00a0\u00bb\u00a0\u00bb header_3_font_size_last_edited=\u00a0\u00bbon|tablet\u00a0\u00bb global_colors_info=\u00a0\u00bb{}\u00a0\u00bb sticky_enabled=\u00a0\u00bb0&Prime;]<span style=\"font-weight: 400;\">Si vous souhaitez en savoir plus sur nos marques de <b>\u00e9dredon<\/b>:<\/span><\/p>\n<p><a class=\"mehr-erfahren\" style=\"color: #4c564a; border-bottom: 1px solid #4C564A;\" href=\"\/fr\/produits\/#marken_anker\/\">\u00c0 nos marques<\/a>[\/et_pb_text][\/et_pb_column][\/et_pb_row][\/et_pb_section][et_pb_section fb_built=\u00a0\u00bb1&Prime; _builder_version=\u00a0\u00bb4.6.6&Prime; _module_preset=\u00a0\u00bbdefault\u00a0\u00bb custom_padding=\u00a0\u00bb0px|||||\u00a0\u00bb global_colors_info=\u00a0\u00bb{}\u00a0\u00bb][et_pb_row column_structure=\u00a0\u00bb1_5,3_5,1_5&Prime; module_class=\u00a0\u00bbansprechpartner\u00a0\u00bb _builder_version=\u00a0\u00bb4.6.6&Prime; _module_preset=\u00a0\u00bbdefault\u00a0\u00bb global_colors_info=\u00a0\u00bb{}\u00a0\u00bb][et_pb_column type=\u00a0\u00bb1_5&Prime; _builder_version=\u00a0\u00bb4.6.6&Prime; _module_preset=\u00a0\u00bbdefault\u00a0\u00bb global_colors_info=\u00a0\u00bb{}\u00a0\u00bb][\/et_pb_column][et_pb_column type=\u00a0\u00bb3_5&Prime; _builder_version=\u00a0\u00bb4.6.6&Prime; _module_preset=\u00a0\u00bbdefault\u00a0\u00bb global_colors_info=\u00a0\u00bb{}\u00a0\u00bb][et_pb_team_member name=\u00a0\u00bbVotre personne de contact\u00a0\u00bb image_url=\u00a0\u00bbhttps:\/\/www.otto-keller.de\/wp-content\/uploads\/2020\/11\/Services_Pillows_OK_Mitarbeiter_Prtraits_Web_11.jpg\u00a0\u00bb module_class=\u00a0\u00bbkleinesbild\u00a0\u00bb _builder_version=\u00a0\u00bb4.13.1&Prime; _module_preset=\u00a0\u00bbdefault\u00a0\u00bb header_level=\u00a0\u00bbh2&Prime; hover_enabled=\u00a0\u00bb0&Prime; border_radii_image=\u00a0\u00bbon|50%|50%|50%|50%\u00a0\u00bb global_colors_info=\u00a0\u00bb{}\u00a0\u00bb sticky_enabled=\u00a0\u00bb0&Prime;]<\/p>\n<p style=\"text-align: left;\">Marco Br\u00fcning<\/p>\n<p style=\"text-align: left;\">Nous sommes disponibles par t\u00e9l\u00e9phone du lundi au vendredi de 8h00 \u00e0 16h30 et serons ravis de r\u00e9pondre \u00e0 vos questions<\/p>\n<p>T:\u00a0+49 (0) 2505 9337-19<br \/> F: +49 (0) 2505 9337-77<br \/> M: <a href=\"mailto:m.bruening@otto-keller.de\">m.bruening@otto-keller.de<\/a><\/p>\n<p>[\/et_pb_team_member][\/et_pb_column][et_pb_column type=\u00a0\u00bb1_5&Prime; _builder_version=\u00a0\u00bb4.6.6&Prime; _module_preset=\u00a0\u00bbdefault\u00a0\u00bb global_colors_info=\u00a0\u00bb{}\u00a0\u00bb][\/et_pb_column][\/et_pb_row][\/et_pb_section]<\/p>\n","protected":false},"excerpt":{"rendered":"<p>Eider par Otto Keller Les produits en duvet d&rsquo;\u00e9dredon sont les rois et les reines de tous les lits. Faites l&rsquo;exp\u00e9rience de ce produit naturel exclusif, rempli de merveilleux \u00e9dredon arctique original, une exp\u00e9rience de sommeil naturelle et de premi\u00e8re classe. Duvet d&rsquo;\u00e9dredon : Garnitures exclusives du Grand Nord &nbsp; Le duvet d&rsquo;eider est l&rsquo;un [&hellip;]<\/p>\n","protected":false},"author":1,"featured_media":0,"parent":0,"menu_order":0,"comment_status":"closed","ping_status":"closed","template":"","meta":{"_et_pb_use_builder":"on","_et_pb_old_content":"","_et_gb_content_width":"","inline_featured_image":false,"footnotes":""},"class_list":["post-7424","page","type-page","status-publish","hentry"],"yoast_head":"<!-- This site is optimized with the Yoast SEO plugin v26.6 - https:\/\/yoast.com\/wordpress\/plugins\/seo\/ -->\n<title>Edredon - otto-keller.de<\/title>\n<meta name=\"description\" content=\"L&#039;\u00e9dredon est le roi de tous les lits. L&#039;\u00e9dredon arctique original cr\u00e9e une exp\u00e9rience de sommeil naturelle et de premi\u00e8re classe.\" \/>\n<meta name=\"robots\" content=\"index, follow, max-snippet:-1, max-image-preview:large, max-video-preview:-1\" \/>\n<link rel=\"canonical\" href=\"https:\/\/www.otto-keller.de\/fr\/edredon\/\" \/>\n<meta property=\"og:locale\" content=\"fr_FR\" \/>\n<meta property=\"og:type\" content=\"article\" \/>\n<meta property=\"og:title\" content=\"Edredon - otto-keller.de\" \/>\n<meta property=\"og:description\" content=\"L&#039;\u00e9dredon est le roi de tous les lits. L&#039;\u00e9dredon arctique original cr\u00e9e une exp\u00e9rience de sommeil naturelle et de premi\u00e8re classe.\" \/>\n<meta property=\"og:url\" content=\"https:\/\/www.otto-keller.de\/fr\/edredon\/\" \/>\n<meta property=\"og:site_name\" content=\"otto-keller.de\" \/>\n<meta property=\"article:modified_time\" content=\"2021-11-24T10:05:48+00:00\" \/>\n<meta property=\"og:image\" content=\"https:\/\/www.otto-keller.de\/wp-content\/uploads\/2021\/01\/otto-keller-og-image.jpg\" \/>\n\t<meta property=\"og:image:width\" content=\"1200\" \/>\n\t<meta property=\"og:image:height\" content=\"1200\" \/>\n\t<meta property=\"og:image:type\" content=\"image\/jpeg\" \/>\n<meta name=\"twitter:card\" content=\"summary_large_image\" \/>\n<meta name=\"twitter:label1\" content=\"Dur\u00e9e de lecture estim\u00e9e\" \/>\n\t<meta name=\"twitter:data1\" content=\"13 minutes\" \/>\n<script type=\"application\/ld+json\" class=\"yoast-schema-graph\">{\"@context\":\"https:\/\/schema.org\",\"@graph\":[{\"@type\":\"WebPage\",\"@id\":\"https:\/\/www.otto-keller.de\/fr\/edredon\/\",\"url\":\"https:\/\/www.otto-keller.de\/fr\/edredon\/\",\"name\":\"Edredon - otto-keller.de\",\"isPartOf\":{\"@id\":\"https:\/\/www.otto-keller.de\/fr\/#website\"},\"datePublished\":\"2021-09-28T09:09:57+00:00\",\"dateModified\":\"2021-11-24T10:05:48+00:00\",\"description\":\"L'\u00e9dredon est le roi de tous les lits. L'\u00e9dredon arctique original cr\u00e9e une exp\u00e9rience de sommeil naturelle et de premi\u00e8re classe.\",\"breadcrumb\":{\"@id\":\"https:\/\/www.otto-keller.de\/fr\/edredon\/#breadcrumb\"},\"inLanguage\":\"fr-FR\",\"potentialAction\":[{\"@type\":\"ReadAction\",\"target\":[\"https:\/\/www.otto-keller.de\/fr\/edredon\/\"]}]},{\"@type\":\"BreadcrumbList\",\"@id\":\"https:\/\/www.otto-keller.de\/fr\/edredon\/#breadcrumb\",\"itemListElement\":[{\"@type\":\"ListItem\",\"position\":1,\"name\":\"Startseite\",\"item\":\"https:\/\/www.otto-keller.de\/fr\/\"},{\"@type\":\"ListItem\",\"position\":2,\"name\":\"Edredon\"}]},{\"@type\":\"WebSite\",\"@id\":\"https:\/\/www.otto-keller.de\/fr\/#website\",\"url\":\"https:\/\/www.otto-keller.de\/fr\/\",\"name\":\"otto-keller.de\",\"description\":\"Hochwertige Feder- und Daunendecken\",\"publisher\":{\"@id\":\"https:\/\/www.otto-keller.de\/fr\/#organization\"},\"potentialAction\":[{\"@type\":\"SearchAction\",\"target\":{\"@type\":\"EntryPoint\",\"urlTemplate\":\"https:\/\/www.otto-keller.de\/fr\/?s={search_term_string}\"},\"query-input\":{\"@type\":\"PropertyValueSpecification\",\"valueRequired\":true,\"valueName\":\"search_term_string\"}}],\"inLanguage\":\"fr-FR\"},{\"@type\":\"Organization\",\"@id\":\"https:\/\/www.otto-keller.de\/fr\/#organization\",\"name\":\"Bettfedernfabrik Otto Keller GmbH & Co. KG\",\"url\":\"https:\/\/www.otto-keller.de\/fr\/\",\"logo\":{\"@type\":\"ImageObject\",\"inLanguage\":\"fr-FR\",\"@id\":\"https:\/\/www.otto-keller.de\/fr\/#\/schema\/logo\/image\/\",\"url\":\"https:\/\/www.otto-keller.de\/wp-content\/uploads\/2021\/01\/otto_keller_logo_rgb_schwarz.svg\",\"contentUrl\":\"https:\/\/www.otto-keller.de\/wp-content\/uploads\/2021\/01\/otto_keller_logo_rgb_schwarz.svg\",\"width\":1,\"height\":1,\"caption\":\"Bettfedernfabrik Otto Keller GmbH & Co. KG\"},\"image\":{\"@id\":\"https:\/\/www.otto-keller.de\/fr\/#\/schema\/logo\/image\/\"}}]}<\/script>\n<!-- \/ Yoast SEO plugin. -->","yoast_head_json":{"title":"Edredon - otto-keller.de","description":"L'\u00e9dredon est le roi de tous les lits. L'\u00e9dredon arctique original cr\u00e9e une exp\u00e9rience de sommeil naturelle et de premi\u00e8re classe.","robots":{"index":"index","follow":"follow","max-snippet":"max-snippet:-1","max-image-preview":"max-image-preview:large","max-video-preview":"max-video-preview:-1"},"canonical":"https:\/\/www.otto-keller.de\/fr\/edredon\/","og_locale":"fr_FR","og_type":"article","og_title":"Edredon - otto-keller.de","og_description":"L'\u00e9dredon est le roi de tous les lits. L'\u00e9dredon arctique original cr\u00e9e une exp\u00e9rience de sommeil naturelle et de premi\u00e8re classe.","og_url":"https:\/\/www.otto-keller.de\/fr\/edredon\/","og_site_name":"otto-keller.de","article_modified_time":"2021-11-24T10:05:48+00:00","og_image":[{"width":1200,"height":1200,"url":"https:\/\/www.otto-keller.de\/wp-content\/uploads\/2021\/01\/otto-keller-og-image.jpg","type":"image\/jpeg"}],"twitter_card":"summary_large_image","twitter_misc":{"Dur\u00e9e de lecture estim\u00e9e":"13 minutes"},"schema":{"@context":"https:\/\/schema.org","@graph":[{"@type":"WebPage","@id":"https:\/\/www.otto-keller.de\/fr\/edredon\/","url":"https:\/\/www.otto-keller.de\/fr\/edredon\/","name":"Edredon - otto-keller.de","isPartOf":{"@id":"https:\/\/www.otto-keller.de\/fr\/#website"},"datePublished":"2021-09-28T09:09:57+00:00","dateModified":"2021-11-24T10:05:48+00:00","description":"L'\u00e9dredon est le roi de tous les lits. L'\u00e9dredon arctique original cr\u00e9e une exp\u00e9rience de sommeil naturelle et de premi\u00e8re classe.","breadcrumb":{"@id":"https:\/\/www.otto-keller.de\/fr\/edredon\/#breadcrumb"},"inLanguage":"fr-FR","potentialAction":[{"@type":"ReadAction","target":["https:\/\/www.otto-keller.de\/fr\/edredon\/"]}]},{"@type":"BreadcrumbList","@id":"https:\/\/www.otto-keller.de\/fr\/edredon\/#breadcrumb","itemListElement":[{"@type":"ListItem","position":1,"name":"Startseite","item":"https:\/\/www.otto-keller.de\/fr\/"},{"@type":"ListItem","position":2,"name":"Edredon"}]},{"@type":"WebSite","@id":"https:\/\/www.otto-keller.de\/fr\/#website","url":"https:\/\/www.otto-keller.de\/fr\/","name":"otto-keller.de","description":"Hochwertige Feder- und Daunendecken","publisher":{"@id":"https:\/\/www.otto-keller.de\/fr\/#organization"},"potentialAction":[{"@type":"SearchAction","target":{"@type":"EntryPoint","urlTemplate":"https:\/\/www.otto-keller.de\/fr\/?s={search_term_string}"},"query-input":{"@type":"PropertyValueSpecification","valueRequired":true,"valueName":"search_term_string"}}],"inLanguage":"fr-FR"},{"@type":"Organization","@id":"https:\/\/www.otto-keller.de\/fr\/#organization","name":"Bettfedernfabrik Otto Keller GmbH & Co. KG","url":"https:\/\/www.otto-keller.de\/fr\/","logo":{"@type":"ImageObject","inLanguage":"fr-FR","@id":"https:\/\/www.otto-keller.de\/fr\/#\/schema\/logo\/image\/","url":"https:\/\/www.otto-keller.de\/wp-content\/uploads\/2021\/01\/otto_keller_logo_rgb_schwarz.svg","contentUrl":"https:\/\/www.otto-keller.de\/wp-content\/uploads\/2021\/01\/otto_keller_logo_rgb_schwarz.svg","width":1,"height":1,"caption":"Bettfedernfabrik Otto Keller GmbH & Co. KG"},"image":{"@id":"https:\/\/www.otto-keller.de\/fr\/#\/schema\/logo\/image\/"}}]}},"_links":{"self":[{"href":"https:\/\/www.otto-keller.de\/fr\/wp-json\/wp\/v2\/pages\/7424","targetHints":{"allow":["GET"]}}],"collection":[{"href":"https:\/\/www.otto-keller.de\/fr\/wp-json\/wp\/v2\/pages"}],"about":[{"href":"https:\/\/www.otto-keller.de\/fr\/wp-json\/wp\/v2\/types\/page"}],"author":[{"embeddable":true,"href":"https:\/\/www.otto-keller.de\/fr\/wp-json\/wp\/v2\/users\/1"}],"replies":[{"embeddable":true,"href":"https:\/\/www.otto-keller.de\/fr\/wp-json\/wp\/v2\/comments?post=7424"}],"version-history":[{"count":0,"href":"https:\/\/www.otto-keller.de\/fr\/wp-json\/wp\/v2\/pages\/7424\/revisions"}],"wp:attachment":[{"href":"https:\/\/www.otto-keller.de\/fr\/wp-json\/wp\/v2\/media?parent=7424"}],"curies":[{"name":"wp","href":"https:\/\/api.w.org\/{rel}","templated":true}]}}